{"id":239321,"date":"2020-04-02T09:46:06","date_gmt":"2020-04-02T07:46:06","guid":{"rendered":"https:\/\/www.lourdes-france.org\/une-flamme-une-presence\/"},"modified":"2021-03-02T16:05:22","modified_gmt":"2021-03-02T15:05:22","slug":"une-flamme-une-presence","status":"publish","type":"page","link":"https:\/\/www.lourdes-france.org\/de\/une-flamme-une-presence\/","title":{"rendered":"\u00abEine Flamme, eine Gegenwart\u00bb"},"content":{"rendered":"\t\t<div data-elementor-type=\"wp-page\" data-elementor-id=\"239321\" class=\"elementor elementor-239321 elementor-237903\" data-elementor-post-type=\"page\">\n\t\t\t\t\t\t<section class=\"elementor-section elementor-top-section elementor-element elementor-element-0561690 elementor-section-boxed elementor-section-height-default elementor-section-height-default\" data-id=\"0561690\" data-element_type=\"section\">\n\t\t\t\t\t\t<div class=\"elementor-container elementor-column-gap-no\">\n\t\t\t\t\t<div class=\"elementor-column elementor-col-100 elementor-top-column elementor-element elementor-element-9469c02\" data-id=\"9469c02\" data-element_type=\"column\">\n\t\t\t<div class=\"elementor-widget-wrap elementor-element-populated\">\n\t\t\t\t\t\t<div class=\"elementor-element elementor-element-a841514 elementor-widget elementor-widget-text-editor\" data-id=\"a841514\" data-element_type=\"widget\" data-widget_type=\"text-editor.default\">\n\t\t\t\t<div class=\"elementor-widget-container\">\n\t\t\t\t\t\t\t\t\t<p class=\"MsoNormal\" style=\"margin: 0cm 0cm 0.0001pt; font-size: 12pt; font-family: Calibri, sans-serif; color: #000000; font-weight: 400;\"><b><span lang=\"DE\" style=\"font-size: 19.5pt; font-family: DinPro-Bold, sans-serif; color: #676767;\">Ich f\u00fcge meine Flamme hinzu<\/span><\/b><\/p>\t\t\t\t\t\t\t\t<\/div>\n\t\t\t\t<\/div>\n\t\t\t\t<div class=\"elementor-element elementor-element-593bba0 elementor-widget elementor-widget-text-editor\" data-id=\"593bba0\" data-element_type=\"widget\" data-widget_type=\"text-editor.default\">\n\t\t\t\t<div class=\"elementor-widget-container\">\n\t\t\t\t\t\t\t\t\t<p>In Lourdes brennen seit dem 18. Februar 1858 ohne Unterbrechung Millionen von Kerzen. an diesem Tagen kam Bernadette mit einer Kerze zur Grotte, die sie bis zum Ende der Erscheinung der Jungfrau Maria in ihren H\u00e4nden hielt. Vor ihrer R\u00fcckkehr bat die Jungfrau, diese in der Grotte abbrennen zu lassen. Am selben Tag stellten einige Leute weitere entz\u00fcndete Kerzen an der angegebenen Stelle auf. Man hat nie aufgeh\u00f6rt, sie zu erneuern.<\/p><p class=\"MsoNormal\" style=\"margin: 0cm 0cm 33.75pt; font-size: 12pt; font-family: Calibri, sans-serif; color: #000000;\"><span lang=\"de\" style=\"color: #404040;\">Indem Sie darum bitten, in Lourdes ein Lichtchen anzuz\u00fcnden, nehmen Sie an diesem gro\u00dfartigen Ausdruck des Glaubens teil.<\/span><\/p><p class=\"MsoNormal\" style=\"margin: 0cm 0cm 33.75pt; font-size: 12pt; font-family: Calibri, sans-serif; color: #000000;\"><span lang=\"de\" style=\"color: #e8a702;\">Lassen Sie f\u00fcr sich und f\u00fcr diejenigen, die nicht pers\u00f6nlich nach Lourdes kommen k\u00f6nnen, ein Lichtchen in der Wallfahrtsst\u00e4tte entz\u00fcnden!<\/span><\/p><p class=\"MsoNormal\" style=\"margin: 0cm 0cm 33.75pt; font-size: 12pt; font-family: Calibri, sans-serif; color: #000000;\"><span lang=\"de\" style=\"color: #404040;\">Jeden Tag werden diese Lichter f\u00fcr Sie in der Basilika Unserer Lieben Frau vom Rosenkranz, direkt neben der Grotte von Lourdes, platziert und entz\u00fcndet. Die Rauchschwaden tragen Millionen von Gebetsanliegen zum Himmel. <b>Jede Flamme ist Zeichen einer Gegenwart, Ihrer Gegenwart. Jede Flamme l\u00e4sst die Hoffnung aufleuchten!<\/b><\/span><\/p><p class=\"MsoNormal\" style=\"margin: 0cm 0cm 33.75pt; font-size: 12pt; font-family: Calibri, sans-serif; color: #000000;\"><span lang=\"de\" style=\"color: #404040;\">Wenn die Bibel den Zustand in dem sich die Menschheit befindet beschreibt, benutzt sie oft das Bild der Finsternis. Im Gegensatz dazu wird die von Jesus Christus vollbrachte Erl\u00f6sung als Befreiung und Erleuchtung bezeichnet. Um das Zeichen wirksam werden zu lassen, segnet der Priester das Feuer und das Licht der Kerzen w\u00e4hrend der Osterfeier, bevor er das Wasser f\u00fcr die Taufe segnet.<\/span><\/p>\t\t\t\t\t\t\t\t<\/div>\n\t\t\t\t<\/div>\n\t\t\t\t\t<\/div>\n\t\t<\/div>\n\t\t\t\t\t<\/div>\n\t\t<\/section>\n\t\t\t\t<section class=\"elementor-section elementor-top-section elementor-element elementor-element-52c6afe elementor-section-boxed elementor-section-height-default elementor-section-height-default\" data-id=\"52c6afe\" data-element_type=\"section\">\n\t\t\t\t\t\t<div class=\"elementor-container elementor-column-gap-default\">\n\t\t\t\t\t<div class=\"elementor-column elementor-col-50 elementor-top-column elementor-element elementor-element-24f7911\" data-id=\"24f7911\" data-element_type=\"column\">\n\t\t\t<div class=\"elementor-widget-wrap elementor-element-populated\">\n\t\t\t\t\t\t<div class=\"elementor-element elementor-element-8c06eb2 elementor-widget elementor-widget-spacer\" data-id=\"8c06eb2\" data-element_type=\"widget\" data-widget_type=\"spacer.default\">\n\t\t\t\t<div class=\"elementor-widget-container\">\n\t\t\t\t\t\t\t<div class=\"elementor-spacer\">\n\t\t\t<div class=\"elementor-spacer-inner\"><\/div>\n\t\t<\/div>\n\t\t\t\t\t\t<\/div>\n\t\t\t\t<\/div>\n\t\t\t\t<div class=\"elementor-element elementor-element-8d760e3 elementor-widget elementor-widget-image\" data-id=\"8d760e3\" data-element_type=\"widget\" data-widget_type=\"image.default\">\n\t\t\t\t<div class=\"elementor-widget-container\">\n\t\t\t\t\t\t\t\t\t\t\t\t\t\t\t<img fetchpriority=\"high\" decoding=\"async\" width=\"271\" height=\"200\" src=\"https:\/\/www.lourdes-france.org\/wp-content\/uploads\/2020\/03\/vierge-grotte-380.jpg\" class=\"attachment-large size-large wp-image-227825\" alt=\"\" \/>\t\t\t\t\t\t\t\t\t\t\t\t\t\t\t<\/div>\n\t\t\t\t<\/div>\n\t\t\t\t\t<\/div>\n\t\t<\/div>\n\t\t\t\t<div class=\"elementor-column elementor-col-50 elementor-top-column elementor-element elementor-element-fe4c1a0\" data-id=\"fe4c1a0\" data-element_type=\"column\">\n\t\t\t<div class=\"elementor-widget-wrap elementor-element-populated\">\n\t\t\t\t\t\t<div class=\"elementor-element elementor-element-9d43793 elementor-widget elementor-widget-spacer\" data-id=\"9d43793\" data-element_type=\"widget\" data-widget_type=\"spacer.default\">\n\t\t\t\t<div class=\"elementor-widget-container\">\n\t\t\t\t\t\t\t<div class=\"elementor-spacer\">\n\t\t\t<div class=\"elementor-spacer-inner\"><\/div>\n\t\t<\/div>\n\t\t\t\t\t\t<\/div>\n\t\t\t\t<\/div>\n\t\t\t\t<div class=\"elementor-element elementor-element-b394238 elementor-widget elementor-widget-text-editor\" data-id=\"b394238\" data-element_type=\"widget\" data-widget_type=\"text-editor.default\">\n\t\t\t\t<div class=\"elementor-widget-container\">\n\t\t\t\t\t\t\t\t\t<p class=\"MsoNoSpacing\" style=\"margin: 0cm 0cm 0.0001pt; font-size: 12pt; font-family: Calibri, sans-serif; color: #000000; text-align: center;\"><em><span lang=\"de\">Herr unser Gott,<br \/>m\u00f6ge dieses Licht f\u00fcr mich Zeichen deiner Gegenwart sein.<\/span><span lang=\"de\"><br \/>M\u00f6ge es mein Leben erleuchten und Zeichen meines Glaubens sein.<br \/>M\u00f6ge es mein Herz in meinen Sorgen und Schwierigkeiten erw\u00e4rmen.<br \/>Diese Flamme ist mein Gebetsanliegen, das f\u00fcr diejenigen, die ich liebe und die ich dir anvertraue.<br \/><\/span><span lang=\"de\">Hilf mir, dass ich f\u00fcr Menschen meiner Umgebung zum Licht werde.\u00a0<\/span><span lang=\"de\"><br \/>Danke, o Herr.<br \/><br \/><\/span><\/em><\/p><p class=\"MsoNoSpacing\" style=\"margin: 0cm 0cm 0.0001pt; font-size: 12pt; font-family: Calibri, sans-serif; color: #000000; text-align: center;\"><em><span lang=\"de\">Unsere Liebe Frau von Lourdes, bitte f\u00fcr uns!<\/span><\/em><\/p><p class=\"MsoNoSpacing\" style=\"margin: 0cm 0cm 0.0001pt; font-size: 12pt; font-family: Calibri, sans-serif; color: #000000; text-align: center;\"><em><span lang=\"de\">Heilige Bernadette, bitte f\u00fcr uns!<\/span><\/em><\/p>\t\t\t\t\t\t\t\t<\/div>\n\t\t\t\t<\/div>\n\t\t\t\t\t<\/div>\n\t\t<\/div>\n\t\t\t\t\t<\/div>\n\t\t<\/section>\n\t\t\t\t<section class=\"elementor-section elementor-top-section elementor-element elementor-element-1ca4f8a elementor-section-boxed elementor-section-height-default elementor-section-height-default\" data-id=\"1ca4f8a\" data-element_type=\"section\">\n\t\t\t\t\t\t<div class=\"elementor-container elementor-column-gap-default\">\n\t\t\t\t\t<div class=\"elementor-column elementor-col-100 elementor-top-column elementor-element elementor-element-45995d5\" data-id=\"45995d5\" data-element_type=\"column\">\n\t\t\t<div class=\"elementor-widget-wrap elementor-element-populated\">\n\t\t\t\t\t\t<div class=\"elementor-element elementor-element-5ccb6eb7 elementor-align-center elementor-invisible elementor-widget elementor-widget-button\" data-id=\"5ccb6eb7\" data-element_type=\"widget\" data-settings=\"{&quot;_animation&quot;:&quot;zoomIn&quot;}\" data-widget_type=\"button.default\">\n\t\t\t\t<div class=\"elementor-widget-container\">\n\t\t\t\t\t\t\t\t\t<div class=\"elementor-button-wrapper\">\n\t\t\t\t\t<a class=\"elementor-button elementor-button-link elementor-size-md\" href=\"\/de\/eine-flamme-eine-gegenwart\/?p=W\">\n\t\t\t\t\t\t<span class=\"elementor-button-content-wrapper\">\n\t\t\t\t\t\t<span class=\"elementor-button-icon\">\n\t\t\t\t<i aria-hidden=\"true\" class=\"far fa-arrow-alt-circle-right\"><\/i>\t\t\t<\/span>\n\t\t\t\t\t\t\t\t\t<span class=\"elementor-button-text\">Ich f\u00fcge meine Flamme hinzu<\/span>\n\t\t\t\t\t<\/span>\n\t\t\t\t\t<\/a>\n\t\t\t\t<\/div>\n\t\t\t\t\t\t\t\t<\/div>\n\t\t\t\t<\/div>\n\t\t\t\t\t<\/div>\n\t\t<\/div>\n\t\t\t\t\t<\/div>\n\t\t<\/section>\n\t\t\t\t<\/div>\n\t\t","protected":false},"excerpt":{"rendered":"<p>Ich f\u00fcge meine Flamme hinzu In Lourdes brennen seit dem 18. Februar 1858 ohne Unterbrechung Millionen von Kerzen. an diesem Tagen kam Bernadette mit einer Kerze zur Grotte, die sie bis zum Ende der Erscheinung der Jungfrau Maria in ihren &hellip; <a href=\"https:\/\/www.lourdes-france.org\/de\/une-flamme-une-presence\/\">Weiter<\/a><\/p>\n","protected":false},"author":7,"featured_media":239337,"parent":0,"menu_order":0,"comment_status":"closed","ping_status":"closed","template":"","meta":{"_acf_changed":false,"footnotes":""},"class_list":["post-239321","page","type-page","status-publish","has-post-thumbnail","hentry"],"acf":[],"yoast_head":"<!-- This site is optimized with the Yoast SEO plugin v24.7 - https:\/\/yoast.com\/wordpress\/plugins\/seo\/ -->\n<title>\u00abEine Flamme, eine Gegenwart\u00bb<\/title>\n<meta name=\"robots\" content=\"index, follow, max-snippet:-1, max-image-preview:large, max-video-preview:-1\" \/>\n<link rel=\"canonical\" href=\"https:\/\/preprod-lourdes.cawita.com\/de\/une-flamme-une-presence\/\" \/>\n<meta name=\"twitter:label1\" content=\"Gesch\u00e4tzte Lesezeit\" \/>\n\t<meta name=\"twitter:data1\" content=\"2\u00a0Minuten\" \/>\n<script type=\"application\/ld+json\" class=\"yoast-schema-graph\">{\"@context\":\"https:\/\/schema.org\",\"@graph\":[{\"@type\":\"WebPage\",\"@id\":\"https:\/\/preprod-lourdes.cawita.com\/de\/une-flamme-une-presence\/\",\"url\":\"https:\/\/preprod-lourdes.cawita.com\/de\/une-flamme-une-presence\/\",\"name\":\"\u00abEine Flamme, eine Gegenwart\u00bb\",\"isPartOf\":{\"@id\":\"https:\/\/preprod-lourdes.cawita.com\/#website\"},\"primaryImageOfPage\":{\"@id\":\"https:\/\/preprod-lourdes.cawita.com\/de\/une-flamme-une-presence\/#primaryimage\"},\"image\":{\"@id\":\"https:\/\/preprod-lourdes.cawita.com\/de\/une-flamme-une-presence\/#primaryimage\"},\"thumbnailUrl\":\"https:\/\/www.lourdes-france.org\/wp-content\/uploads\/2020\/04\/bloc-flamme-DE.jpg\",\"datePublished\":\"2020-04-02T07:46:06+00:00\",\"dateModified\":\"2021-03-02T15:05:22+00:00\",\"breadcrumb\":{\"@id\":\"https:\/\/preprod-lourdes.cawita.com\/de\/une-flamme-une-presence\/#breadcrumb\"},\"inLanguage\":\"de\",\"potentialAction\":[{\"@type\":\"ReadAction\",\"target\":[\"https:\/\/preprod-lourdes.cawita.com\/de\/une-flamme-une-presence\/\"]}]},{\"@type\":\"ImageObject\",\"inLanguage\":\"de\",\"@id\":\"https:\/\/preprod-lourdes.cawita.com\/de\/une-flamme-une-presence\/#primaryimage\",\"url\":\"https:\/\/www.lourdes-france.org\/wp-content\/uploads\/2020\/04\/bloc-flamme-DE.jpg\",\"contentUrl\":\"https:\/\/www.lourdes-france.org\/wp-content\/uploads\/2020\/04\/bloc-flamme-DE.jpg\",\"width\":760,\"height\":560},{\"@type\":\"BreadcrumbList\",\"@id\":\"https:\/\/preprod-lourdes.cawita.com\/de\/une-flamme-une-presence\/#breadcrumb\",\"itemListElement\":[{\"@type\":\"ListItem\",\"position\":1,\"name\":\"Accueil\",\"item\":\"https:\/\/www.lourdes-france.org\/\"},{\"@type\":\"ListItem\",\"position\":2,\"name\":\"\u00abEine Flamme, eine Gegenwart\u00bb\"}]},{\"@type\":\"WebSite\",\"@id\":\"https:\/\/preprod-lourdes.cawita.com\/#website\",\"url\":\"https:\/\/preprod-lourdes.cawita.com\/\",\"name\":\"Soutenir le Sanctuaire Notre-Dame de Lourdes\",\"description\":\"\",\"potentialAction\":[{\"@type\":\"SearchAction\",\"target\":{\"@type\":\"EntryPoint\",\"urlTemplate\":\"https:\/\/preprod-lourdes.cawita.com\/?s={search_term_string}\"},\"query-input\":{\"@type\":\"PropertyValueSpecification\",\"valueRequired\":true,\"valueName\":\"search_term_string\"}}],\"inLanguage\":\"de\"}]}<\/script>\n<!-- \/ Yoast SEO plugin. -->","yoast_head_json":{"title":"\u00abEine Flamme, eine Gegenwart\u00bb","robots":{"index":"index","follow":"follow","max-snippet":"max-snippet:-1","max-image-preview":"max-image-preview:large","max-video-preview":"max-video-preview:-1"},"canonical":"https:\/\/preprod-lourdes.cawita.com\/de\/une-flamme-une-presence\/","twitter_misc":{"Gesch\u00e4tzte Lesezeit":"2\u00a0Minuten"},"schema":{"@context":"https:\/\/schema.org","@graph":[{"@type":"WebPage","@id":"https:\/\/preprod-lourdes.cawita.com\/de\/une-flamme-une-presence\/","url":"https:\/\/preprod-lourdes.cawita.com\/de\/une-flamme-une-presence\/","name":"\u00abEine Flamme, eine Gegenwart\u00bb","isPartOf":{"@id":"https:\/\/preprod-lourdes.cawita.com\/#website"},"primaryImageOfPage":{"@id":"https:\/\/preprod-lourdes.cawita.com\/de\/une-flamme-une-presence\/#primaryimage"},"image":{"@id":"https:\/\/preprod-lourdes.cawita.com\/de\/une-flamme-une-presence\/#primaryimage"},"thumbnailUrl":"https:\/\/www.lourdes-france.org\/wp-content\/uploads\/2020\/04\/bloc-flamme-DE.jpg","datePublished":"2020-04-02T07:46:06+00:00","dateModified":"2021-03-02T15:05:22+00:00","breadcrumb":{"@id":"https:\/\/preprod-lourdes.cawita.com\/de\/une-flamme-une-presence\/#breadcrumb"},"inLanguage":"de","potentialAction":[{"@type":"ReadAction","target":["https:\/\/preprod-lourdes.cawita.com\/de\/une-flamme-une-presence\/"]}]},{"@type":"ImageObject","inLanguage":"de","@id":"https:\/\/preprod-lourdes.cawita.com\/de\/une-flamme-une-presence\/#primaryimage","url":"https:\/\/www.lourdes-france.org\/wp-content\/uploads\/2020\/04\/bloc-flamme-DE.jpg","contentUrl":"https:\/\/www.lourdes-france.org\/wp-content\/uploads\/2020\/04\/bloc-flamme-DE.jpg","width":760,"height":560},{"@type":"BreadcrumbList","@id":"https:\/\/preprod-lourdes.cawita.com\/de\/une-flamme-une-presence\/#breadcrumb","itemListElement":[{"@type":"ListItem","position":1,"name":"Accueil","item":"https:\/\/www.lourdes-france.org\/"},{"@type":"ListItem","position":2,"name":"\u00abEine Flamme, eine Gegenwart\u00bb"}]},{"@type":"WebSite","@id":"https:\/\/preprod-lourdes.cawita.com\/#website","url":"https:\/\/preprod-lourdes.cawita.com\/","name":"Soutenir le Sanctuaire Notre-Dame de Lourdes","description":"","potentialAction":[{"@type":"SearchAction","target":{"@type":"EntryPoint","urlTemplate":"https:\/\/preprod-lourdes.cawita.com\/?s={search_term_string}"},"query-input":{"@type":"PropertyValueSpecification","valueRequired":true,"valueName":"search_term_string"}}],"inLanguage":"de"}]}},"_links":{"self":[{"href":"https:\/\/www.lourdes-france.org\/de\/wp-json\/wp\/v2\/pages\/239321","targetHints":{"allow":["GET"]}}],"collection":[{"href":"https:\/\/www.lourdes-france.org\/de\/wp-json\/wp\/v2\/pages"}],"about":[{"href":"https:\/\/www.lourdes-france.org\/de\/wp-json\/wp\/v2\/types\/page"}],"author":[{"embeddable":true,"href":"https:\/\/www.lourdes-france.org\/de\/wp-json\/wp\/v2\/users\/7"}],"replies":[{"embeddable":true,"href":"https:\/\/www.lourdes-france.org\/de\/wp-json\/wp\/v2\/comments?post=239321"}],"version-history":[{"count":6,"href":"https:\/\/www.lourdes-france.org\/de\/wp-json\/wp\/v2\/pages\/239321\/revisions"}],"predecessor-version":[{"id":302066,"href":"https:\/\/www.lourdes-france.org\/de\/wp-json\/wp\/v2\/pages\/239321\/revisions\/302066"}],"wp:featuredmedia":[{"embeddable":true,"href":"https:\/\/www.lourdes-france.org\/de\/wp-json\/wp\/v2\/media\/239337"}],"wp:attachment":[{"href":"https:\/\/www.lourdes-france.org\/de\/wp-json\/wp\/v2\/media?parent=239321"}],"curies":[{"name":"wp","href":"https:\/\/api.w.org\/{rel}","templated":true}]}}