{"id":41029,"date":"2018-08-02T11:39:30","date_gmt":"2018-08-02T09:39:30","guid":{"rendered":"https:\/\/www.lourdes-france.org\/hebergements-sanctuaire\/"},"modified":"2025-09-29T09:56:09","modified_gmt":"2025-09-29T07:56:09","slug":"unterkuenfte-der-wallfahrtsstaette","status":"publish","type":"page","link":"https:\/\/www.lourdes-france.org\/de\/unterkuenfte-der-wallfahrtsstaette\/","title":{"rendered":"Unterk\u00fcnfte der Wallfahrtsst\u00e4tte"},"content":{"rendered":"\t\t<div data-elementor-type=\"wp-post\" data-elementor-id=\"41029\" class=\"elementor elementor-41029 elementor-3697\" data-elementor-post-type=\"page\">\n\t\t\t\t\t\t<section class=\"elementor-section elementor-top-section elementor-element elementor-element-d7b456d elementor-section-full_width elementor-section-stretched elementor-section-height-default elementor-section-height-default\" data-id=\"d7b456d\" data-element_type=\"section\" data-settings=\"{&quot;stretch_section&quot;:&quot;section-stretched&quot;,&quot;background_background&quot;:&quot;classic&quot;}\">\n\t\t\t\t\t\t<div class=\"elementor-container elementor-column-gap-default\">\n\t\t\t\t\t<div class=\"elementor-column elementor-col-100 elementor-top-column elementor-element elementor-element-ff2ba2b\" data-id=\"ff2ba2b\" data-element_type=\"column\">\n\t\t\t<div class=\"elementor-widget-wrap elementor-element-populated\">\n\t\t\t\t\t\t<div class=\"elementor-element elementor-element-bd45d98 elementor-widget elementor-widget-spacer\" data-id=\"bd45d98\" data-element_type=\"widget\" data-widget_type=\"spacer.default\">\n\t\t\t\t<div class=\"elementor-widget-container\">\n\t\t\t\t\t\t\t<div class=\"elementor-spacer\">\n\t\t\t<div class=\"elementor-spacer-inner\"><\/div>\n\t\t<\/div>\n\t\t\t\t\t\t<\/div>\n\t\t\t\t<\/div>\n\t\t\t\t\t<\/div>\n\t\t<\/div>\n\t\t\t\t\t<\/div>\n\t\t<\/section>\n\t\t\t\t<section class=\"elementor-section elementor-top-section elementor-element elementor-element-d3955b2 elementor-section-full_width elementor-section-height-default elementor-section-height-default\" data-id=\"d3955b2\" data-element_type=\"section\" data-settings=\"{&quot;background_background&quot;:&quot;classic&quot;}\">\n\t\t\t\t\t\t<div class=\"elementor-container elementor-column-gap-default\">\n\t\t\t\t\t<div class=\"elementor-column elementor-col-100 elementor-top-column elementor-element elementor-element-ff3911c\" data-id=\"ff3911c\" data-element_type=\"column\">\n\t\t\t<div class=\"elementor-widget-wrap elementor-element-populated\">\n\t\t\t\t\t\t<div class=\"elementor-element elementor-element-c3dcfba elementor-widget elementor-widget-spacer\" data-id=\"c3dcfba\" data-element_type=\"widget\" data-widget_type=\"spacer.default\">\n\t\t\t\t<div class=\"elementor-widget-container\">\n\t\t\t\t\t\t\t<div class=\"elementor-spacer\">\n\t\t\t<div class=\"elementor-spacer-inner\"><\/div>\n\t\t<\/div>\n\t\t\t\t\t\t<\/div>\n\t\t\t\t<\/div>\n\t\t\t\t<div class=\"elementor-element elementor-element-217c0bb elementor-widget elementor-widget-heading\" data-id=\"217c0bb\" data-element_type=\"widget\" data-widget_type=\"heading.default\">\n\t\t\t\t<div class=\"elementor-widget-container\">\n\t\t\t\t\t<h2 class=\"elementor-heading-title elementor-size-default\">Die Unterk\u00fcnfte der Wallfahrtsst\u00e4tte\n<\/h2>\t\t\t\t<\/div>\n\t\t\t\t<\/div>\n\t\t\t\t<div class=\"elementor-element elementor-element-f61e8db elementor-widget elementor-widget-heading\" data-id=\"f61e8db\" data-element_type=\"widget\" data-widget_type=\"heading.default\">\n\t\t\t\t<div class=\"elementor-widget-container\">\n\t\t\t\t\t<h2 class=\"elementor-heading-title elementor-size-default\">_________________<\/h2>\t\t\t\t<\/div>\n\t\t\t\t<\/div>\n\t\t\t\t<div class=\"elementor-element elementor-element-b4c9761 elementor-widget elementor-widget-text-editor\" data-id=\"b4c9761\" data-element_type=\"widget\" data-widget_type=\"text-editor.default\">\n\t\t\t\t<div class=\"elementor-widget-container\">\n\t\t\t\t\t\t\t\t\t<p style=\"text-align: center;\"><strong><span class=\"s4\">Die\u00a0<\/span><span class=\"s5\">Wallfahrtsst\u00e4tte von Lourdes<\/span><span class=\"s4\">\u00a0verf\u00fcgt \u00fcber mehrere Unterk\u00fcnfte, die insbesondere f\u00fcr\u00a0<\/span><span class=\"s5\">Kranke<\/span><span class=\"s4\">\u00a0und Menschen mit Behinderungen, Jugendliche und diejenigen, die sich in den Dienst der Pilger stellen, bestimmt sind.<\/span><\/strong><\/p>\t\t\t\t\t\t\t\t<\/div>\n\t\t\t\t<\/div>\n\t\t\t\t<div class=\"elementor-element elementor-element-acfe2a8 elementor-widget elementor-widget-text-editor\" data-id=\"acfe2a8\" data-element_type=\"widget\" data-widget_type=\"text-editor.default\">\n\t\t\t\t<div class=\"elementor-widget-container\">\n\t\t\t\t\t\t\t\t\t<h2 class=\"s3\"><span class=\"s6\">Die Krankenherberge \u201eAccueil Notre-Dame<\/span><\/h2><p class=\"s3\"><span class=\"s4\">Einzigartige Unterkunft speziell f\u00fcr kranke <a href=\"https:\/\/www.lourdes-france.org\/les-pelerinages\/\">Pilger<\/a>, die in Begleitung im Rahmen von Wallfahrten oder <a href=\"https:\/\/www.lourdes-france.org\/pelerinages-organises-de-lourdes\/\">organisierten Gruppen<\/a> nach Lourdes kommen.<\/span><\/p><p><strong><a href=\"https:\/\/www.lourdes-france.org\/accueil-notre-dame\/\">&gt; L\u2019Accueil Notre-Dame<\/a><\/strong><\/p>\t\t\t\t\t\t\t\t<\/div>\n\t\t\t\t<\/div>\n\t\t\t\t<div class=\"elementor-element elementor-element-8d3f3e9 elementor-widget elementor-widget-image\" data-id=\"8d3f3e9\" data-element_type=\"widget\" data-widget_type=\"image.default\">\n\t\t\t\t<div class=\"elementor-widget-container\">\n\t\t\t\t\t\t\t\t\t\t\t\t\t\t\t<img fetchpriority=\"high\" decoding=\"async\" width=\"768\" height=\"512\" src=\"https:\/\/www.lourdes-france.org\/wp-content\/uploads\/2025\/08\/ACCUEIL-NOTRE-DAME_mise_en_avant-1-768x512.jpg\" class=\"attachment-medium_large size-medium_large wp-image-1058651\" alt=\"\" srcset=\"https:\/\/www.lourdes-france.org\/wp-content\/uploads\/2025\/08\/ACCUEIL-NOTRE-DAME_mise_en_avant-1-768x512.jpg 768w, https:\/\/www.lourdes-france.org\/wp-content\/uploads\/2025\/08\/ACCUEIL-NOTRE-DAME_mise_en_avant-1-300x200.jpg 300w, https:\/\/www.lourdes-france.org\/wp-content\/uploads\/2025\/08\/ACCUEIL-NOTRE-DAME_mise_en_avant-1.jpg 800w\" sizes=\"(max-width: 768px) 100vw, 768px\" \/>\t\t\t\t\t\t\t\t\t\t\t\t\t\t\t<\/div>\n\t\t\t\t<\/div>\n\t\t\t\t<div class=\"elementor-element elementor-element-eeb0766 elementor-widget elementor-widget-text-editor\" data-id=\"eeb0766\" data-element_type=\"widget\" data-widget_type=\"text-editor.default\">\n\t\t\t\t<div class=\"elementor-widget-container\">\n\t\t\t\t\t\t\t\t\t<h2 class=\"s3\"><span class=\"s6\">Das Hospitalet<\/span><\/h2><p class=\"s3\"><span class=\"s4\">Haus f\u00fcr Pflegekr\u00e4fte, das von der N\u00e4he zum\u00a0<\/span><span class=\"s5\">Accueil Notre-Dame<\/span><span class=\"s4\">\u00a0profitiert, um den <a href=\"https:\/\/www.lourdes-france.org\/?page_id=1033085&amp;preview=true\">kranken Pilgern<\/a> eine noch bessere Betreuung durch die Hospitaliers zu gew\u00e4hrleisten.<\/span><\/p>\t\t\t\t\t\t\t\t<\/div>\n\t\t\t\t<\/div>\n\t\t\t\t<div class=\"elementor-element elementor-element-5d78aa9 elementor-widget elementor-widget-image\" data-id=\"5d78aa9\" data-element_type=\"widget\" data-widget_type=\"image.default\">\n\t\t\t\t<div class=\"elementor-widget-container\">\n\t\t\t\t\t\t\t\t\t\t\t\t\t\t\t<img decoding=\"async\" width=\"768\" height=\"512\" src=\"https:\/\/www.lourdes-france.org\/wp-content\/uploads\/2025\/08\/Hospitalet-scaled-1-768x512.jpg\" class=\"attachment-medium_large size-medium_large wp-image-1058659\" alt=\"\" srcset=\"https:\/\/www.lourdes-france.org\/wp-content\/uploads\/2025\/08\/Hospitalet-scaled-1-768x512.jpg 768w, https:\/\/www.lourdes-france.org\/wp-content\/uploads\/2025\/08\/Hospitalet-scaled-1-300x200.jpg 300w, https:\/\/www.lourdes-france.org\/wp-content\/uploads\/2025\/08\/Hospitalet-scaled-1-1024x683.jpg 1024w, https:\/\/www.lourdes-france.org\/wp-content\/uploads\/2025\/08\/Hospitalet-scaled-1-1536x1024.jpg 1536w, https:\/\/www.lourdes-france.org\/wp-content\/uploads\/2025\/08\/Hospitalet-scaled-1-2048x1366.jpg 2048w\" sizes=\"(max-width: 768px) 100vw, 768px\" \/>\t\t\t\t\t\t\t\t\t\t\t\t\t\t\t<\/div>\n\t\t\t\t<\/div>\n\t\t\t\t<div class=\"elementor-element elementor-element-470352e elementor-widget elementor-widget-text-editor\" data-id=\"470352e\" data-element_type=\"widget\" data-widget_type=\"text-editor.default\">\n\t\t\t\t<div class=\"elementor-widget-container\">\n\t\t\t\t\t\t\t\t\t<h2 class=\"s3\"><span class=\"s6\">La Maison Abb\u00e9 Pomian<\/span><\/h2><p class=\"s3\"><span class=\"s4\">Unterkunft f\u00fcr <a href=\"https:\/\/www.lourdes-france.com\/la-communaute-des-chapelains-de-lourdes\/\">Priester<\/a> aus aller Welt, die sich f\u00fcr eine bestimmte Zeit in den Dienst der Wallfahrtsst\u00e4tte stellen, <a href=\"https:\/\/www.lourdes-france.com\/pelerin-dun-jour\/les-confessions-a-lourdes\/\">beispielsweise<\/a> um in der Beichtkapelle die Beichte zu\u00a0<\/span><span class=\"s5\">h\u00f6ren<\/span><span class=\"s4\">.<\/span><\/p>\t\t\t\t\t\t\t\t<\/div>\n\t\t\t\t<\/div>\n\t\t\t\t<div class=\"elementor-element elementor-element-2c0d7b1 elementor-widget elementor-widget-image\" data-id=\"2c0d7b1\" data-element_type=\"widget\" data-widget_type=\"image.default\">\n\t\t\t\t<div class=\"elementor-widget-container\">\n\t\t\t\t\t\t\t\t\t\t\t\t\t\t\t<img decoding=\"async\" width=\"640\" height=\"480\" src=\"https:\/\/www.lourdes-france.org\/wp-content\/uploads\/2025\/08\/Abbe_pomian-1.jpeg\" class=\"attachment-large size-large wp-image-1058667\" alt=\"\" srcset=\"https:\/\/www.lourdes-france.org\/wp-content\/uploads\/2025\/08\/Abbe_pomian-1.jpeg 640w, https:\/\/www.lourdes-france.org\/wp-content\/uploads\/2025\/08\/Abbe_pomian-1-300x225.jpeg 300w\" sizes=\"(max-width: 640px) 100vw, 640px\" \/>\t\t\t\t\t\t\t\t\t\t\t\t\t\t\t<\/div>\n\t\t\t\t<\/div>\n\t\t\t\t<div class=\"elementor-element elementor-element-5251d19 elementor-widget elementor-widget-text-editor\" data-id=\"5251d19\" data-element_type=\"widget\" data-widget_type=\"text-editor.default\">\n\t\t\t\t<div class=\"elementor-widget-container\">\n\t\t\t\t\t\t\t\t\t<h2 class=\"s3\"><span class=\"s6\">Das Haus Louise und Fran\u00e7ois Soubirous<\/span><\/h2><p class=\"s3\"><span class=\"s4\">Haus zur Unterbringung von <a href=\"https:\/\/www.lourdes-france.com\/seminaristes-en-service-pastoral-lourdes\/\">Seminaristen<\/a>, die das ganze Jahr \u00fcber, insbesondere im Sommer, in der Wallfahrtsst\u00e4tte t\u00e4tig sind.<\/span><\/p>\t\t\t\t\t\t\t\t<\/div>\n\t\t\t\t<\/div>\n\t\t\t\t<div class=\"elementor-element elementor-element-be70cec elementor-widget elementor-widget-image\" data-id=\"be70cec\" data-element_type=\"widget\" data-widget_type=\"image.default\">\n\t\t\t\t<div class=\"elementor-widget-container\">\n\t\t\t\t\t\t\t\t\t\t\t\t\t\t\t<img loading=\"lazy\" decoding=\"async\" width=\"768\" height=\"1024\" src=\"https:\/\/www.lourdes-france.org\/wp-content\/uploads\/2025\/08\/Maison-Louise-et-Francois-1-768x1024.jpg\" class=\"attachment-medium_large size-medium_large wp-image-1058675\" alt=\"\" srcset=\"https:\/\/www.lourdes-france.org\/wp-content\/uploads\/2025\/08\/Maison-Louise-et-Francois-1-768x1024.jpg 768w, https:\/\/www.lourdes-france.org\/wp-content\/uploads\/2025\/08\/Maison-Louise-et-Francois-1-225x300.jpg 225w, https:\/\/www.lourdes-france.org\/wp-content\/uploads\/2025\/08\/Maison-Louise-et-Francois-1-1152x1536.jpg 1152w, https:\/\/www.lourdes-france.org\/wp-content\/uploads\/2025\/08\/Maison-Louise-et-Francois-1.jpg 1200w\" sizes=\"(max-width: 768px) 100vw, 768px\" \/>\t\t\t\t\t\t\t\t\t\t\t\t\t\t\t<\/div>\n\t\t\t\t<\/div>\n\t\t\t\t<div class=\"elementor-element elementor-element-52c4bea elementor-widget elementor-widget-text-editor\" data-id=\"52c4bea\" data-element_type=\"widget\" data-widget_type=\"text-editor.default\">\n\t\t\t\t<div class=\"elementor-widget-container\">\n\t\t\t\t\t\t\t\t\t<h2 class=\"s3\"><span class=\"s6\">Das Foyer Ave Maria<\/span><\/h2><p class=\"s3\"><span class=\"s4\">Ein Vereinshaus f\u00fcr Helfer und Hospitaliers, die im Rahmen organisierter Wallfahrten kommen.<\/span><\/p><h2 class=\"s3\"><span class=\"s6\">Das Haus Marthe und Marie<\/span><\/h2><p class=\"s3\"><span class=\"s4\">Ein Haus f\u00fcr die Hunderte von <a href=\"https:\/\/www.lourdes-france.com\/benevole\/\">Freiwilligen<\/a> der Wallfahrtsst\u00e4tte, die sich das ganze Jahr \u00fcber abwechseln, um in Lourdes G\u00e4ste zu empfangen, zu begleiten und zu betreuen.<\/span><\/p><p class=\"s3\"><span class=\"s4\">Sie werden vom\u00a0<\/span><span class=\"s5\">internationalen Freiwilligendienst<\/span><span class=\"s4\">\u00a0empfangen.<\/span><\/p>\t\t\t\t\t\t\t\t<\/div>\n\t\t\t\t<\/div>\n\t\t\t\t<div class=\"elementor-element elementor-element-136d8af elementor-widget elementor-widget-image\" data-id=\"136d8af\" data-element_type=\"widget\" data-widget_type=\"image.default\">\n\t\t\t\t<div class=\"elementor-widget-container\">\n\t\t\t\t\t\t\t\t\t\t\t\t\t\t\t<img loading=\"lazy\" decoding=\"async\" width=\"768\" height=\"512\" src=\"https:\/\/www.lourdes-france.org\/wp-content\/uploads\/2025\/08\/Maison-Marthe-et-Marie-scaled-1-768x512.jpg\" class=\"attachment-medium_large size-medium_large wp-image-1058683\" alt=\"\" srcset=\"https:\/\/www.lourdes-france.org\/wp-content\/uploads\/2025\/08\/Maison-Marthe-et-Marie-scaled-1-768x512.jpg 768w, https:\/\/www.lourdes-france.org\/wp-content\/uploads\/2025\/08\/Maison-Marthe-et-Marie-scaled-1-300x200.jpg 300w, https:\/\/www.lourdes-france.org\/wp-content\/uploads\/2025\/08\/Maison-Marthe-et-Marie-scaled-1-1024x683.jpg 1024w, https:\/\/www.lourdes-france.org\/wp-content\/uploads\/2025\/08\/Maison-Marthe-et-Marie-scaled-1-1536x1024.jpg 1536w, https:\/\/www.lourdes-france.org\/wp-content\/uploads\/2025\/08\/Maison-Marthe-et-Marie-scaled-1-2048x1366.jpg 2048w\" sizes=\"(max-width: 768px) 100vw, 768px\" \/>\t\t\t\t\t\t\t\t\t\t\t\t\t\t\t<\/div>\n\t\t\t\t<\/div>\n\t\t\t\t<div class=\"elementor-element elementor-element-5c847fe elementor-widget elementor-widget-text-editor\" data-id=\"5c847fe\" data-element_type=\"widget\" data-widget_type=\"text-editor.default\">\n\t\t\t\t<div class=\"elementor-widget-container\">\n\t\t\t\t\t\t\t\t\t<h2 class=\"s3\"><span class=\"s6\">Das Jugenddorf<\/span><\/h2><p class=\"s3\"><span class=\"s4\">Spezielle Unterkunft f\u00fcr Jugendgruppen auf Wallfahrt und Pfadfindergruppen, die in der Wallfahrtsst\u00e4tte im Einsatz sind.<\/span><\/p>\t\t\t\t\t\t\t\t<\/div>\n\t\t\t\t<\/div>\n\t\t\t\t<div class=\"elementor-element elementor-element-6393424 elementor-widget elementor-widget-image\" data-id=\"6393424\" data-element_type=\"widget\" data-widget_type=\"image.default\">\n\t\t\t\t<div class=\"elementor-widget-container\">\n\t\t\t\t\t\t\t\t\t\t\t\t\t\t\t<img loading=\"lazy\" decoding=\"async\" width=\"768\" height=\"512\" src=\"https:\/\/www.lourdes-france.org\/wp-content\/uploads\/2025\/08\/VILLAGE-DES-JEUNES-scaled-1-768x512.jpg\" class=\"attachment-medium_large size-medium_large wp-image-1058691\" alt=\"\" srcset=\"https:\/\/www.lourdes-france.org\/wp-content\/uploads\/2025\/08\/VILLAGE-DES-JEUNES-scaled-1-768x512.jpg 768w, https:\/\/www.lourdes-france.org\/wp-content\/uploads\/2025\/08\/VILLAGE-DES-JEUNES-scaled-1-300x200.jpg 300w, https:\/\/www.lourdes-france.org\/wp-content\/uploads\/2025\/08\/VILLAGE-DES-JEUNES-scaled-1-1024x683.jpg 1024w, https:\/\/www.lourdes-france.org\/wp-content\/uploads\/2025\/08\/VILLAGE-DES-JEUNES-scaled-1-1536x1024.jpg 1536w, https:\/\/www.lourdes-france.org\/wp-content\/uploads\/2025\/08\/VILLAGE-DES-JEUNES-scaled-1-2048x1366.jpg 2048w\" sizes=\"(max-width: 768px) 100vw, 768px\" \/>\t\t\t\t\t\t\t\t\t\t\t\t\t\t\t<\/div>\n\t\t\t\t<\/div>\n\t\t\t\t<div class=\"elementor-element elementor-element-cf2d213 elementor-widget elementor-widget-text-editor\" data-id=\"cf2d213\" data-element_type=\"widget\" data-widget_type=\"text-editor.default\">\n\t\t\t\t<div class=\"elementor-widget-container\">\n\t\t\t\t\t\t\t\t\t<p class=\"s3\"><span class=\"s4\">F\u00fcr Pilger, die alleine oder mit der Familie anreisen: Auf einer speziellen <a href=\"https:\/\/www.lourdes-france.com\/hotels\">Plattform<\/a> k\u00f6nnen Sie Ihren Aufenthalt mit unseren Partnerhotels vorbereiten.<\/span><\/p>\t\t\t\t\t\t\t\t<\/div>\n\t\t\t\t<\/div>\n\t\t\t\t<div class=\"elementor-element elementor-element-07d4b14 elementor-widget elementor-widget-image\" data-id=\"07d4b14\" data-element_type=\"widget\" data-widget_type=\"image.default\">\n\t\t\t\t<div class=\"elementor-widget-container\">\n\t\t\t\t\t\t\t\t\t\t\t\t\t\t\t\t<a href=\"https:\/\/www.lourdes-france.com\/hotels\">\n\t\t\t\t\t\t\t<img loading=\"lazy\" decoding=\"async\" width=\"549\" height=\"364\" src=\"https:\/\/www.lourdes-france.org\/wp-content\/uploads\/2025\/08\/sticky-phone_nl-1.png\" class=\"attachment-large size-large wp-image-1056326\" alt=\"\" srcset=\"https:\/\/www.lourdes-france.org\/wp-content\/uploads\/2025\/08\/sticky-phone_nl-1.png 549w, https:\/\/www.lourdes-france.org\/wp-content\/uploads\/2025\/08\/sticky-phone_nl-1-300x199.png 300w\" sizes=\"(max-width: 549px) 100vw, 549px\" \/>\t\t\t\t\t\t\t\t<\/a>\n\t\t\t\t\t\t\t\t\t\t\t\t\t\t\t<\/div>\n\t\t\t\t<\/div>\n\t\t\t\t<div class=\"elementor-element elementor-element-30bebd4 elementor-widget elementor-widget-text-editor\" data-id=\"30bebd4\" data-element_type=\"widget\" data-widget_type=\"text-editor.default\">\n\t\t\t\t<div class=\"elementor-widget-container\">\n\t\t\t\t\t\t\t\t\t<h2 class=\"s3\"><span class=\"s6\">Die Cit\u00e9 Saint-Pierre in Lourdes (Secours Catholique \/Caritas)<\/span><\/h2><p class=\"s3\"><span class=\"s4\">F\u00fcr\u00a0<\/span><span class=\"s6\">Pilger in prek\u00e4ren Lebenssituationen<\/span><span class=\"s4\">, die sich keinen Hotelaufenthalt leisten k\u00f6nnen: Die<\/span><span class=\"s6\">\u00a0Cit\u00e9 Saint-Pierre<\/span><span class=\"s4\">\u00a0ist eine Unterkunft und\u00a0<\/span><span class=\"s6\">ein Ort der Begegnung und des Austauschs<\/span><span class=\"s4\">.<\/span><\/p><p class=\"s3\"><span class=\"s4\">Jeder Besucher wird mit W\u00fcrde und Respekt empfangen, in einer Umgebung,\u00a0<\/span><span class=\"s6\">in der christliche N\u00e4chstenliebe t\u00e4glich gelebt wird<\/span><span class=\"s4\">.<br \/><\/span><br \/><strong><a href=\"https:\/\/www.citesaintpierre.org\/sejourner\/\">&gt; Die Cit\u00e9 Saint-Pierre<\/a><\/strong><\/p>\t\t\t\t\t\t\t\t<\/div>\n\t\t\t\t<\/div>\n\t\t\t\t<div class=\"elementor-element elementor-element-2df5f4d elementor-widget elementor-widget-image\" data-id=\"2df5f4d\" data-element_type=\"widget\" data-widget_type=\"image.default\">\n\t\t\t\t<div class=\"elementor-widget-container\">\n\t\t\t\t\t\t\t\t\t\t\t\t\t\t\t<img loading=\"lazy\" decoding=\"async\" width=\"768\" height=\"393\" src=\"https:\/\/www.lourdes-france.org\/wp-content\/uploads\/2025\/08\/Cite-Saint-Pierre-1-768x393.jpg\" class=\"attachment-medium_large size-medium_large wp-image-1058707\" alt=\"\" srcset=\"https:\/\/www.lourdes-france.org\/wp-content\/uploads\/2025\/08\/Cite-Saint-Pierre-1-768x393.jpg 768w, https:\/\/www.lourdes-france.org\/wp-content\/uploads\/2025\/08\/Cite-Saint-Pierre-1-300x154.jpg 300w, https:\/\/www.lourdes-france.org\/wp-content\/uploads\/2025\/08\/Cite-Saint-Pierre-1-1024x524.jpg 1024w, https:\/\/www.lourdes-france.org\/wp-content\/uploads\/2025\/08\/Cite-Saint-Pierre-1-1536x786.jpg 1536w, https:\/\/www.lourdes-france.org\/wp-content\/uploads\/2025\/08\/Cite-Saint-Pierre-1.jpg 1581w\" sizes=\"(max-width: 768px) 100vw, 768px\" \/>\t\t\t\t\t\t\t\t\t\t\t\t\t\t\t<\/div>\n\t\t\t\t<\/div>\n\t\t\t\t<div class=\"elementor-element elementor-element-02b0ad5 elementor-view-default elementor-widget elementor-widget-icon\" data-id=\"02b0ad5\" data-element_type=\"widget\" data-widget_type=\"icon.default\">\n\t\t\t\t<div class=\"elementor-widget-container\">\n\t\t\t\t\t\t\t<div class=\"elementor-icon-wrapper\">\n\t\t\t<div class=\"elementor-icon\">\n\t\t\t<i aria-hidden=\"true\" class=\"fas fa-church\"><\/i>\t\t\t<\/div>\n\t\t<\/div>\n\t\t\t\t\t\t<\/div>\n\t\t\t\t<\/div>\n\t\t\t\t\t<\/div>\n\t\t<\/div>\n\t\t\t\t\t<\/div>\n\t\t<\/section>\n\t\t\t\t<\/div>\n\t\t","protected":false},"excerpt":{"rendered":"<p>Die Unterk\u00fcnfte der Wallfahrtsst\u00e4tte _________________ Die\u00a0Wallfahrtsst\u00e4tte von Lourdes\u00a0verf\u00fcgt \u00fcber mehrere Unterk\u00fcnfte, die insbesondere f\u00fcr\u00a0Kranke\u00a0und Menschen mit Behinderungen, Jugendliche und diejenigen, die sich in den Dienst der Pilger stellen, bestimmt sind. Die Krankenherberge \u201eAccueil Notre-Dame Einzigartige Unterkunft speziell f\u00fcr kranke Pilger, &hellip; <a href=\"https:\/\/www.lourdes-france.org\/de\/unterkuenfte-der-wallfahrtsstaette\/\">Weiter<\/a><\/p>\n","protected":false},"author":7,"featured_media":1057849,"parent":0,"menu_order":0,"comment_status":"closed","ping_status":"closed","template":"","meta":{"_acf_changed":false,"footnotes":""},"class_list":["post-41029","page","type-page","status-publish","has-post-thumbnail","hentry"],"acf":[],"yoast_head":"<!-- This site is optimized with the Yoast SEO plugin v24.7 - https:\/\/yoast.com\/wordpress\/plugins\/seo\/ -->\n<title>Unterk\u00fcnfte der Wallfahrtsst\u00e4tte<\/title>\n<meta name=\"robots\" content=\"index, follow, max-snippet:-1, max-image-preview:large, max-video-preview:-1\" \/>\n<link rel=\"canonical\" href=\"https:\/\/www.lourdes-france.org\/de\/unterkuenfte-der-wallfahrtsstaette\/\" \/>\n<meta name=\"twitter:label1\" content=\"Gesch\u00e4tzte Lesezeit\" \/>\n\t<meta name=\"twitter:data1\" content=\"4\u00a0Minuten\" \/>\n<script type=\"application\/ld+json\" class=\"yoast-schema-graph\">{\"@context\":\"https:\/\/schema.org\",\"@graph\":[{\"@type\":\"WebPage\",\"@id\":\"https:\/\/www.lourdes-france.org\/de\/unterkuenfte-der-wallfahrtsstaette\/\",\"url\":\"https:\/\/www.lourdes-france.org\/de\/unterkuenfte-der-wallfahrtsstaette\/\",\"name\":\"Unterk\u00fcnfte der Wallfahrtsst\u00e4tte\",\"isPartOf\":{\"@id\":\"https:\/\/preprod-lourdes.cawita.com\/#website\"},\"primaryImageOfPage\":{\"@id\":\"https:\/\/www.lourdes-france.org\/de\/unterkuenfte-der-wallfahrtsstaette\/#primaryimage\"},\"image\":{\"@id\":\"https:\/\/www.lourdes-france.org\/de\/unterkuenfte-der-wallfahrtsstaette\/#primaryimage\"},\"thumbnailUrl\":\"https:\/\/www.lourdes-france.org\/wp-content\/uploads\/2025\/08\/ACCUEIL-NOTRE-DAME_mise_en_avant.jpg\",\"datePublished\":\"2018-08-02T09:39:30+00:00\",\"dateModified\":\"2025-09-29T07:56:09+00:00\",\"breadcrumb\":{\"@id\":\"https:\/\/www.lourdes-france.org\/de\/unterkuenfte-der-wallfahrtsstaette\/#breadcrumb\"},\"inLanguage\":\"de\",\"potentialAction\":[{\"@type\":\"ReadAction\",\"target\":[\"https:\/\/www.lourdes-france.org\/de\/unterkuenfte-der-wallfahrtsstaette\/\"]}]},{\"@type\":\"ImageObject\",\"inLanguage\":\"de\",\"@id\":\"https:\/\/www.lourdes-france.org\/de\/unterkuenfte-der-wallfahrtsstaette\/#primaryimage\",\"url\":\"https:\/\/www.lourdes-france.org\/wp-content\/uploads\/2025\/08\/ACCUEIL-NOTRE-DAME_mise_en_avant.jpg\",\"contentUrl\":\"https:\/\/www.lourdes-france.org\/wp-content\/uploads\/2025\/08\/ACCUEIL-NOTRE-DAME_mise_en_avant.jpg\",\"width\":800,\"height\":533,\"caption\":\"Les h\u00e9bergements du Sanctuaire : L'Accueil Notre-Dame\"},{\"@type\":\"BreadcrumbList\",\"@id\":\"https:\/\/www.lourdes-france.org\/de\/unterkuenfte-der-wallfahrtsstaette\/#breadcrumb\",\"itemListElement\":[{\"@type\":\"ListItem\",\"position\":1,\"name\":\"Accueil\",\"item\":\"https:\/\/www.lourdes-france.org\/\"},{\"@type\":\"ListItem\",\"position\":2,\"name\":\"Unterk\u00fcnfte der Wallfahrtsst\u00e4tte\"}]},{\"@type\":\"WebSite\",\"@id\":\"https:\/\/preprod-lourdes.cawita.com\/#website\",\"url\":\"https:\/\/preprod-lourdes.cawita.com\/\",\"name\":\"Soutenir le Sanctuaire Notre-Dame de Lourdes\",\"description\":\"\",\"potentialAction\":[{\"@type\":\"SearchAction\",\"target\":{\"@type\":\"EntryPoint\",\"urlTemplate\":\"https:\/\/preprod-lourdes.cawita.com\/?s={search_term_string}\"},\"query-input\":{\"@type\":\"PropertyValueSpecification\",\"valueRequired\":true,\"valueName\":\"search_term_string\"}}],\"inLanguage\":\"de\"}]}<\/script>\n<!-- \/ Yoast SEO plugin. -->","yoast_head_json":{"title":"Unterk\u00fcnfte der Wallfahrtsst\u00e4tte","robots":{"index":"index","follow":"follow","max-snippet":"max-snippet:-1","max-image-preview":"max-image-preview:large","max-video-preview":"max-video-preview:-1"},"canonical":"https:\/\/www.lourdes-france.org\/de\/unterkuenfte-der-wallfahrtsstaette\/","twitter_misc":{"Gesch\u00e4tzte Lesezeit":"4\u00a0Minuten"},"schema":{"@context":"https:\/\/schema.org","@graph":[{"@type":"WebPage","@id":"https:\/\/www.lourdes-france.org\/de\/unterkuenfte-der-wallfahrtsstaette\/","url":"https:\/\/www.lourdes-france.org\/de\/unterkuenfte-der-wallfahrtsstaette\/","name":"Unterk\u00fcnfte der Wallfahrtsst\u00e4tte","isPartOf":{"@id":"https:\/\/preprod-lourdes.cawita.com\/#website"},"primaryImageOfPage":{"@id":"https:\/\/www.lourdes-france.org\/de\/unterkuenfte-der-wallfahrtsstaette\/#primaryimage"},"image":{"@id":"https:\/\/www.lourdes-france.org\/de\/unterkuenfte-der-wallfahrtsstaette\/#primaryimage"},"thumbnailUrl":"https:\/\/www.lourdes-france.org\/wp-content\/uploads\/2025\/08\/ACCUEIL-NOTRE-DAME_mise_en_avant.jpg","datePublished":"2018-08-02T09:39:30+00:00","dateModified":"2025-09-29T07:56:09+00:00","breadcrumb":{"@id":"https:\/\/www.lourdes-france.org\/de\/unterkuenfte-der-wallfahrtsstaette\/#breadcrumb"},"inLanguage":"de","potentialAction":[{"@type":"ReadAction","target":["https:\/\/www.lourdes-france.org\/de\/unterkuenfte-der-wallfahrtsstaette\/"]}]},{"@type":"ImageObject","inLanguage":"de","@id":"https:\/\/www.lourdes-france.org\/de\/unterkuenfte-der-wallfahrtsstaette\/#primaryimage","url":"https:\/\/www.lourdes-france.org\/wp-content\/uploads\/2025\/08\/ACCUEIL-NOTRE-DAME_mise_en_avant.jpg","contentUrl":"https:\/\/www.lourdes-france.org\/wp-content\/uploads\/2025\/08\/ACCUEIL-NOTRE-DAME_mise_en_avant.jpg","width":800,"height":533,"caption":"Les h\u00e9bergements du Sanctuaire : L'Accueil Notre-Dame"},{"@type":"BreadcrumbList","@id":"https:\/\/www.lourdes-france.org\/de\/unterkuenfte-der-wallfahrtsstaette\/#breadcrumb","itemListElement":[{"@type":"ListItem","position":1,"name":"Accueil","item":"https:\/\/www.lourdes-france.org\/"},{"@type":"ListItem","position":2,"name":"Unterk\u00fcnfte der Wallfahrtsst\u00e4tte"}]},{"@type":"WebSite","@id":"https:\/\/preprod-lourdes.cawita.com\/#website","url":"https:\/\/preprod-lourdes.cawita.com\/","name":"Soutenir le Sanctuaire Notre-Dame de Lourdes","description":"","potentialAction":[{"@type":"SearchAction","target":{"@type":"EntryPoint","urlTemplate":"https:\/\/preprod-lourdes.cawita.com\/?s={search_term_string}"},"query-input":{"@type":"PropertyValueSpecification","valueRequired":true,"valueName":"search_term_string"}}],"inLanguage":"de"}]}},"_links":{"self":[{"href":"https:\/\/www.lourdes-france.org\/de\/wp-json\/wp\/v2\/pages\/41029","targetHints":{"allow":["GET"]}}],"collection":[{"href":"https:\/\/www.lourdes-france.org\/de\/wp-json\/wp\/v2\/pages"}],"about":[{"href":"https:\/\/www.lourdes-france.org\/de\/wp-json\/wp\/v2\/types\/page"}],"author":[{"embeddable":true,"href":"https:\/\/www.lourdes-france.org\/de\/wp-json\/wp\/v2\/users\/7"}],"replies":[{"embeddable":true,"href":"https:\/\/www.lourdes-france.org\/de\/wp-json\/wp\/v2\/comments?post=41029"}],"version-history":[{"count":3,"href":"https:\/\/www.lourdes-france.org\/de\/wp-json\/wp\/v2\/pages\/41029\/revisions"}],"predecessor-version":[{"id":1073144,"href":"https:\/\/www.lourdes-france.org\/de\/wp-json\/wp\/v2\/pages\/41029\/revisions\/1073144"}],"wp:featuredmedia":[{"embeddable":true,"href":"https:\/\/www.lourdes-france.org\/de\/wp-json\/wp\/v2\/media\/1057849"}],"wp:attachment":[{"href":"https:\/\/www.lourdes-france.org\/de\/wp-json\/wp\/v2\/media?parent=41029"}],"curies":[{"name":"wp","href":"https:\/\/api.w.org\/{rel}","templated":true}]}}