{"id":459392,"date":"2020-12-29T11:02:16","date_gmt":"2020-12-29T10:02:16","guid":{"rendered":"https:\/\/www.lourdes-france.org\/programme-journees-de-lourdes-2021\/"},"modified":"2021-02-16T11:53:13","modified_gmt":"2021-02-16T10:53:13","slug":"programme-journees-de-lourdes-2021","status":"publish","type":"page","link":"https:\/\/www.lourdes-france.org\/de\/programme-journees-de-lourdes-2021\/","title":{"rendered":"Programme Journ\u00e9es de Lourdes 2021"},"content":{"rendered":"\t\t<div data-elementor-type=\"wp-page\" data-elementor-id=\"459392\" class=\"elementor elementor-459392 elementor-429658\" data-elementor-post-type=\"page\">\n\t\t\t\t\t\t<section class=\"elementor-section elementor-top-section elementor-element elementor-element-39280c1 elementor-section-stretched elementor-section-boxed elementor-section-height-default elementor-section-height-default\" data-id=\"39280c1\" data-element_type=\"section\" data-settings=\"{&quot;stretch_section&quot;:&quot;section-stretched&quot;,&quot;background_background&quot;:&quot;classic&quot;}\">\n\t\t\t\t\t\t<div class=\"elementor-container elementor-column-gap-default\">\n\t\t\t\t\t<div class=\"elementor-column elementor-col-100 elementor-top-column elementor-element elementor-element-aed447d\" data-id=\"aed447d\" data-element_type=\"column\">\n\t\t\t<div class=\"elementor-widget-wrap elementor-element-populated\">\n\t\t\t\t\t\t<div class=\"elementor-element elementor-element-21abb96 elementor-widget elementor-widget-heading\" data-id=\"21abb96\" data-element_type=\"widget\" data-widget_type=\"heading.default\">\n\t\t\t\t<div class=\"elementor-widget-container\">\n\t\t\t\t\t<h1 class=\"elementor-heading-title elementor-size-xl\">Die Lourdes-Tage 2021<\/BR><\/BR><\/BR><\/h1>\t\t\t\t<\/div>\n\t\t\t\t<\/div>\n\t\t\t\t\t<\/div>\n\t\t<\/div>\n\t\t\t\t\t<\/div>\n\t\t<\/section>\n\t\t\t\t<section class=\"elementor-section elementor-top-section elementor-element elementor-element-3479fb9 elementor-section-stretched elementor-section-boxed elementor-section-height-default elementor-section-height-default\" data-id=\"3479fb9\" data-element_type=\"section\" data-settings=\"{&quot;stretch_section&quot;:&quot;section-stretched&quot;,&quot;background_background&quot;:&quot;classic&quot;}\">\n\t\t\t\t\t\t<div class=\"elementor-container elementor-column-gap-default\">\n\t\t\t\t\t<div class=\"elementor-column elementor-col-100 elementor-top-column elementor-element elementor-element-c700a24\" data-id=\"c700a24\" data-element_type=\"column\">\n\t\t\t<div class=\"elementor-widget-wrap elementor-element-populated\">\n\t\t\t\t\t\t\t<\/div>\n\t\t<\/div>\n\t\t\t\t\t<\/div>\n\t\t<\/section>\n\t\t\t\t<section class=\"elementor-section elementor-top-section elementor-element elementor-element-85d2b0a elementor-section-stretched elementor-section-boxed elementor-section-height-default elementor-section-height-default\" data-id=\"85d2b0a\" data-element_type=\"section\" data-settings=\"{&quot;stretch_section&quot;:&quot;section-stretched&quot;,&quot;background_background&quot;:&quot;classic&quot;}\">\n\t\t\t\t\t\t<div class=\"elementor-container elementor-column-gap-default\">\n\t\t\t\t\t<div class=\"elementor-column elementor-col-100 elementor-top-column elementor-element elementor-element-4b6d83f\" data-id=\"4b6d83f\" data-element_type=\"column\">\n\t\t\t<div class=\"elementor-widget-wrap elementor-element-populated\">\n\t\t\t\t\t\t<div class=\"elementor-element elementor-element-6dc83a2 elementor-widget elementor-widget-text-editor\" data-id=\"6dc83a2\" data-element_type=\"widget\" data-widget_type=\"text-editor.default\">\n\t\t\t\t<div class=\"elementor-widget-container\">\n\t\t\t\t\t\t\t\t\t<h2 style=\"text-align: center;\"><span style=\"color: #ffffff;\">PROGRAMM Live<\/span><br \/>\n<span style=\"color: #ffffff;\"> <img decoding=\"async\" class=\"alignnone wp-image-441008\" src=\"https:\/\/www.lourdes-france.org\/wp-content\/uploads\/2021\/01\/2a05800e17d2487edbd5710a63f9261b-300x137.png\" alt=\"\" width=\"163\" height=\"74\" srcset=\"https:\/\/www.lourdes-france.org\/wp-content\/uploads\/2021\/01\/2a05800e17d2487edbd5710a63f9261b-300x137.png 300w, https:\/\/www.lourdes-france.org\/wp-content\/uploads\/2021\/01\/2a05800e17d2487edbd5710a63f9261b-768x352.png 768w, https:\/\/www.lourdes-france.org\/wp-content\/uploads\/2021\/01\/2a05800e17d2487edbd5710a63f9261b-380x174.png 380w, https:\/\/www.lourdes-france.org\/wp-content\/uploads\/2021\/01\/2a05800e17d2487edbd5710a63f9261b.png 1000w\" sizes=\"(max-width: 163px) 100vw, 163px\" \/><\/span><\/h2>\n<h2 style=\"text-align: center;\"><span style=\"color: #ffffff;\">Donnerstag, 11. Februar &#8211; Kirche St-BERNADETTE<\/span><\/h2>\n\t\t\t\t\t\t\t\t<\/div>\n\t\t\t\t<\/div>\n\t\t\t\t<div class=\"elementor-element elementor-element-9b5664c elementor-widget elementor-widget-text-editor\" data-id=\"9b5664c\" data-element_type=\"widget\" data-widget_type=\"text-editor.default\">\n\t\t\t\t<div class=\"elementor-widget-container\">\n\t\t\t\t\t\t\t\t\t<h3><span style=\"color: #333333;\">08:45: Er\u00f6ffnungsgebet<\/span><\/h3>\n\t\t\t\t\t\t\t\t<\/div>\n\t\t\t\t<\/div>\n\t\t\t\t<div class=\"elementor-element elementor-element-d2af944 elementor-widget elementor-widget-text-editor\" data-id=\"d2af944\" data-element_type=\"widget\" data-widget_type=\"text-editor.default\">\n\t\t\t\t<div class=\"elementor-widget-container\">\n\t\t\t\t\t\t\t\t\t<h3>9:00 : <span style=\"color: #ffcc00;\">Plenum \/<\/span> Pastoral-Leitlinien f\u00fcr die Wallfahrtsst\u00e4tte von Lourdes<\/h3>\n<p class=\"p2\">Video Jahresr\u00fcckblick 2020<br \/>\nDie neuen Statuten der Wallfahrtsst\u00e4tte<\/p>\n<p class=\"p2\"><strong><span style=\"color: #ffcc00;\"><img decoding=\"async\" class=\"alignleft wp-image-429673\" src=\"https:\/\/www.lourdes-france.org\/wp-content\/uploads\/2020\/12\/JDL_Vignette_Mgr_Herouard-300x300.png\" alt=\"\" width=\"88\" height=\"88\" srcset=\"https:\/\/www.lourdes-france.org\/wp-content\/uploads\/2020\/12\/JDL_Vignette_Mgr_Herouard.png 300w, https:\/\/www.lourdes-france.org\/wp-content\/uploads\/2020\/12\/JDL_Vignette_Mgr_Herouard-150x150.png 150w, https:\/\/www.lourdes-france.org\/wp-content\/uploads\/2020\/12\/JDL_Vignette_Mgr_Herouard-280x280.png 280w\" sizes=\"(max-width: 88px) 100vw, 88px\" \/>Weihbischof A. He\u0301rouard<br \/>\nApostolischer Delegat f\u00fcr die Wallfahrtsst\u00e4tte von Lourdes<\/span><\/strong><\/p>\n<p>&nbsp;<\/p>\n<p><a href=\"https:\/\/youtu.be\/5RBbaIYh_DE\" target=\"_blank\" rel=\"noopener\"><img decoding=\"async\" class=\"alignleft wp-image-494458\" src=\"https:\/\/www.lourdes-france.org\/wp-content\/uploads\/2021\/02\/JDL_Replay_btn.png\" alt=\"\" width=\"101\" height=\"27\" \/><\/a><\/p>\n\t\t\t\t\t\t\t\t<\/div>\n\t\t\t\t<\/div>\n\t\t\t\t<div class=\"elementor-element elementor-element-609558a elementor-widget elementor-widget-text-editor\" data-id=\"609558a\" data-element_type=\"widget\" data-widget_type=\"text-editor.default\">\n\t\t\t\t<div class=\"elementor-widget-container\">\n\t\t\t\t\t\t\t\t\t<h3>10:00: Internationale Messe, Vorsitz Weihbischof A. He\u0301rouard<\/h3>\n<p><a href=\"https:\/\/www.youtube.com\/watch?list=PL2fBaIU3WZ2147TywB04IeyjmcPT5hyAi&amp;v=kxuWC7mXybk&amp;feature=emb_title\" target=\"_blank\" rel=\"noopener\"><img decoding=\"async\" class=\"alignleft wp-image-494458\" src=\"https:\/\/www.lourdes-france.org\/wp-content\/uploads\/2021\/02\/JDL_Replay_btn.png\" alt=\"\" width=\"101\" height=\"27\" \/><\/a><\/p>\n\t\t\t\t\t\t\t\t<\/div>\n\t\t\t\t<\/div>\n\t\t\t\t<div class=\"elementor-element elementor-element-949751a elementor-widget elementor-widget-text-editor\" data-id=\"949751a\" data-element_type=\"widget\" data-widget_type=\"text-editor.default\">\n\t\t\t\t<div class=\"elementor-widget-container\">\n\t\t\t\t\t\t\t\t\t<h3>14:00 : <span style=\"color: #ffcc00;\">Plenum \/<\/span> Der Platz von Lourdes in meinem Leben<\/h3>\n<p class=\"p1\">Reden und Zeugnisse<\/p>\n<p><a href=\"https:\/\/youtu.be\/1tIVZ_pUxMM\" target=\"_blank\" rel=\"noopener\"><img decoding=\"async\" class=\"alignleft wp-image-494458\" src=\"https:\/\/www.lourdes-france.org\/wp-content\/uploads\/2021\/02\/JDL_Replay_btn.png\" alt=\"\" width=\"101\" height=\"27\" \/><\/a><\/p>\n\t\t\t\t\t\t\t\t<\/div>\n\t\t\t\t<\/div>\n\t\t\t\t<div class=\"elementor-element elementor-element-2b8679a elementor-widget elementor-widget-text-editor\" data-id=\"2b8679a\" data-element_type=\"widget\" data-widget_type=\"text-editor.default\">\n\t\t\t\t<div class=\"elementor-widget-container\">\n\t\t\t\t\t\t\t\t\t<h3>14:30 : <span style=\"color: #ffcc00;\">Plenum \/<\/span> Pilgerfahrt nach Lourdes: Hoffnung und Beharrlichkeit Teil 1<\/h3>\n<p class=\"p2\"><strong><span style=\"color: #ffcc00;\"><img loading=\"lazy\" decoding=\"async\" class=\"alignleft wp-image-440770\" src=\"https:\/\/www.lourdes-france.org\/wp-content\/uploads\/2021\/01\/JDL_Vignette_Mgr_Ribadeau-Dumas-300x300.png\" alt=\"\" width=\"88\" height=\"88\" srcset=\"https:\/\/www.lourdes-france.org\/wp-content\/uploads\/2021\/01\/JDL_Vignette_Mgr_Ribadeau-Dumas.png 300w, https:\/\/www.lourdes-france.org\/wp-content\/uploads\/2021\/01\/JDL_Vignette_Mgr_Ribadeau-Dumas-150x150.png 150w, https:\/\/www.lourdes-france.org\/wp-content\/uploads\/2021\/01\/JDL_Vignette_Mgr_Ribadeau-Dumas-280x280.png 280w\" sizes=\"(max-width: 88px) 100vw, 88px\" \/>Msgr. O. Ribadeau Dumas<br \/>\nRektor der Wallfahrtst\u00e4tte von Lourdes<\/span><\/strong><\/p>\n<p>&nbsp;<\/p>\n<p><a href=\"https:\/\/youtu.be\/Zl763du8ZZ8\" target=\"_blank\" rel=\"noopener\"><img decoding=\"async\" class=\"alignleft wp-image-494458\" src=\"https:\/\/www.lourdes-france.org\/wp-content\/uploads\/2021\/02\/JDL_Replay_btn.png\" alt=\"\" width=\"101\" height=\"27\" \/><\/a><\/p>\n\t\t\t\t\t\t\t\t<\/div>\n\t\t\t\t<\/div>\n\t\t\t\t<div class=\"elementor-element elementor-element-5703729 elementor-widget elementor-widget-text-editor\" data-id=\"5703729\" data-element_type=\"widget\" data-widget_type=\"text-editor.default\">\n\t\t\t\t<div class=\"elementor-widget-container\">\n\t\t\t\t\t\t\t\t\t<h3>15:00 : <span style=\"color: #ffcc00;\">Plenum \/<\/span> Pilgerfahrt nach Lourdes: Hoffnung und Beharrlichkeit Teil 2<\/h3>\n<p class=\"p2\"><strong><span style=\"color: #ffcc00;\">Msgr. O. Ribadeau Dumas<br \/>\nRektor der Wallfahrtst\u00e4tte von Lourdes<\/span><\/strong><\/p>\n<p><a href=\"https:\/\/youtu.be\/jpmBsZQgQ1A\" target=\"_blank\" rel=\"noopener\"><img decoding=\"async\" class=\"alignleft wp-image-494458\" src=\"https:\/\/www.lourdes-france.org\/wp-content\/uploads\/2021\/02\/JDL_Replay_btn.png\" alt=\"\" width=\"101\" height=\"27\" \/><\/a><\/p>\n<p>&nbsp;<\/p>\n\t\t\t\t\t\t\t\t<\/div>\n\t\t\t\t<\/div>\n\t\t\t\t<div class=\"elementor-element elementor-element-3daf395 elementor-widget elementor-widget-text-editor\" data-id=\"3daf395\" data-element_type=\"widget\" data-widget_type=\"text-editor.default\">\n\t\t\t\t<div class=\"elementor-widget-container\">\n\t\t\t\t\t\t\t\t\t<h3>15:30 : Rosenkranz an der Grotte mit Weihbischof Antoine H\u00e9rouard<\/h3>\n<p><a href=\"https:\/\/www.youtube.com\/watch?v=3vvNREL_0us&amp;list=PL2fBaIU3WZ21qnMRaNWj4OqvAO4KNBGu6&amp;index=8\" target=\"_blank\" rel=\"noopener\"><img decoding=\"async\" class=\"alignleft wp-image-494458\" src=\"https:\/\/www.lourdes-france.org\/wp-content\/uploads\/2021\/02\/JDL_Replay_btn.png\" alt=\"\" width=\"101\" height=\"27\" \/><\/a><\/p>\n\t\t\t\t\t\t\t\t<\/div>\n\t\t\t\t<\/div>\n\t\t\t\t<div class=\"elementor-element elementor-element-fc6c1b7 elementor-widget elementor-widget-text-editor\" data-id=\"fc6c1b7\" data-element_type=\"widget\" data-widget_type=\"text-editor.default\">\n\t\t\t\t<div class=\"elementor-widget-container\">\n\t\t\t\t\t\t\t\t\t<h3>15:45 : <span style=\"color: #ffcc00;\">Plenum \/<\/span> Ein vorsorgender Wallfahrtsort, um sicher in Empfang zu nehmen<\/h3>\n<p>Die vom Heiligtum festgelegten sanit\u00e4ren Ma\u00dfnahmen<\/p>\n<p class=\"p2\"><strong><span style=\"color: #ffcc00;\"><img loading=\"lazy\" decoding=\"async\" class=\"alignleft wp-image-440770\" src=\"https:\/\/www.lourdes-france.org\/wp-content\/uploads\/2021\/01\/JDL_Vignette_Mgr_Ribadeau-Dumas-300x300.png\" alt=\"\" width=\"88\" height=\"88\" srcset=\"https:\/\/www.lourdes-france.org\/wp-content\/uploads\/2021\/01\/JDL_Vignette_Mgr_Ribadeau-Dumas.png 300w, https:\/\/www.lourdes-france.org\/wp-content\/uploads\/2021\/01\/JDL_Vignette_Mgr_Ribadeau-Dumas-150x150.png 150w, https:\/\/www.lourdes-france.org\/wp-content\/uploads\/2021\/01\/JDL_Vignette_Mgr_Ribadeau-Dumas-280x280.png 280w\" sizes=\"(max-width: 88px) 100vw, 88px\" \/>Msgr. O. Ribadeau Dumas<br \/>\nRektor der Wallfahrtst\u00e4tte von Lourdes<\/span><\/strong><\/p>\n<p>&nbsp;<\/p>\n<p><img loading=\"lazy\" decoding=\"async\" class=\"wp-image-440852 alignleft\" src=\"https:\/\/www.lourdes-france.org\/wp-content\/uploads\/2021\/01\/JDL_Vignette_Sebastien_Maysounave-300x300.png\" alt=\"\" width=\"88\" height=\"88\" srcset=\"https:\/\/www.lourdes-france.org\/wp-content\/uploads\/2021\/01\/JDL_Vignette_Sebastien_Maysounave.png 300w, https:\/\/www.lourdes-france.org\/wp-content\/uploads\/2021\/01\/JDL_Vignette_Sebastien_Maysounave-150x150.png 150w, https:\/\/www.lourdes-france.org\/wp-content\/uploads\/2021\/01\/JDL_Vignette_Sebastien_Maysounave-280x280.png 280w\" sizes=\"(max-width: 88px) 100vw, 88px\" \/><strong><span style=\"color: #ffcc00;\">S\u00e9bastien Maysounave<\/span><\/strong><br \/>\n<strong><span style=\"color: #ffcc00;\">Verantwortlicher f\u00fcr den Bereich Technik, Pr\u00e4vention und Sicherheit<\/span><\/strong><\/p>\n<p>&nbsp;<\/p>\n<p><img loading=\"lazy\" decoding=\"async\" class=\"alignleft wp-image-440846\" src=\"https:\/\/www.lourdes-france.org\/wp-content\/uploads\/2021\/01\/JDL_Vignette_Alessandro-de-Franciscis-300x300.png\" alt=\"\" width=\"88\" height=\"88\" srcset=\"https:\/\/www.lourdes-france.org\/wp-content\/uploads\/2021\/01\/JDL_Vignette_Alessandro-de-Franciscis.png 300w, https:\/\/www.lourdes-france.org\/wp-content\/uploads\/2021\/01\/JDL_Vignette_Alessandro-de-Franciscis-150x150.png 150w, https:\/\/www.lourdes-france.org\/wp-content\/uploads\/2021\/01\/JDL_Vignette_Alessandro-de-Franciscis-280x280.png 280w\" sizes=\"(max-width: 88px) 100vw, 88px\" \/><strong><span style=\"color: #ffcc00;\">Dr Alessandro<br \/>\nde Franciscis<br \/>\nSt\u00e4ndiger Arzt des B\u00fcros zur medizinischen Beurteilung<\/span><\/strong><\/p>\n<p>&nbsp;<\/p>\n<p><img loading=\"lazy\" decoding=\"async\" class=\"alignleft wp-image-470309\" src=\"https:\/\/www.lourdes-france.org\/wp-content\/uploads\/2021\/01\/JDL_Vignette_Marie_Etcheverry-300x300.png\" alt=\"\" width=\"88\" height=\"88\" srcset=\"https:\/\/www.lourdes-france.org\/wp-content\/uploads\/2021\/01\/JDL_Vignette_Marie_Etcheverry.png 300w, https:\/\/www.lourdes-france.org\/wp-content\/uploads\/2021\/01\/JDL_Vignette_Marie_Etcheverry-150x150.png 150w, https:\/\/www.lourdes-france.org\/wp-content\/uploads\/2021\/01\/JDL_Vignette_Marie_Etcheverry-280x280.png 280w\" sizes=\"(max-width: 88px) 100vw, 88px\" \/><strong><span style=\"color: #ffcc00;\">Marie Etcheverry Vizepr\u00e4sidentin des EPIC Fremdenverkehrsb\u00fcros in Lourdes <\/span><\/strong><\/p>\n<p>&nbsp;<\/p>\n<p>&nbsp;<\/p>\n<p><a href=\"https:\/\/youtu.be\/G8f2JZsOVCM\" target=\"_blank\" rel=\"noopener\"><img decoding=\"async\" class=\"alignleft wp-image-494458\" src=\"https:\/\/www.lourdes-france.org\/wp-content\/uploads\/2021\/02\/JDL_Replay_btn.png\" alt=\"\" width=\"101\" height=\"27\" \/><\/a><\/p>\n\t\t\t\t\t\t\t\t<\/div>\n\t\t\t\t<\/div>\n\t\t\t\t<div class=\"elementor-element elementor-element-595e931 elementor-widget elementor-widget-text-editor\" data-id=\"595e931\" data-element_type=\"widget\" data-widget_type=\"text-editor.default\">\n\t\t\t\t<div class=\"elementor-widget-container\">\n\t\t\t\t\t\t\t\t\t<h3>16:30 : <span style=\"color: #00ccff;\">Aussprache &#8211; Dauer 30 Min<\/span><\/h3>\n<h4 class=\"p2\"><span style=\"color: #0881c2;\"><br \/>\n<span style=\"color: #00ccff;\">Gesundheitscharta und Zertifizierung: Die Verpflichtungen des Heiligtums und der Wallfahrten<br \/>\n<\/span><\/span><b>Pfarrer Klaus Holzamer &#8211; Delphine Guecaimburu<\/b><\/h4>\n\t\t\t\t\t\t\t\t<\/div>\n\t\t\t\t<\/div>\n\t\t\t\t<div class=\"elementor-element elementor-element-9fcea94 elementor-widget elementor-widget-text-editor\" data-id=\"9fcea94\" data-element_type=\"widget\" data-widget_type=\"text-editor.default\">\n\t\t\t\t<div class=\"elementor-widget-container\">\n\t\t\t\t\t\t\t\t\t<h3>17:15 : <span style=\"color: #993300;\">Meditation zum Jahresthema. \u201eIch bin Unbefleckte Empf\u00e4ngnis\u201c 1\/3<\/span><\/h3>\n<p>Maria \u201evoll der Gnade&#8220;<\/p>\n<p class=\"p2\"><strong><span style=\"color: #993300;\"><img loading=\"lazy\" decoding=\"async\" class=\"alignleft wp-image-470315\" src=\"https:\/\/www.lourdes-france.org\/wp-content\/uploads\/2021\/01\/JDL_Vignette_Horacio-Brito-300x300.png\" alt=\"\" width=\"88\" height=\"88\" srcset=\"https:\/\/www.lourdes-france.org\/wp-content\/uploads\/2021\/01\/JDL_Vignette_Horacio-Brito.png 300w, https:\/\/www.lourdes-france.org\/wp-content\/uploads\/2021\/01\/JDL_Vignette_Horacio-Brito-150x150.png 150w, https:\/\/www.lourdes-france.org\/wp-content\/uploads\/2021\/01\/JDL_Vignette_Horacio-Brito-280x280.png 280w\" sizes=\"(max-width: 88px) 100vw, 88px\" \/>Pater Horacio Brito<br \/>\nWallfahrtsgeistlicher des Heiligtums von Lourdes<br \/>\nGeistlicher Leiter der Hospitalite Notre-Dame de Lourdes<\/span><\/strong><\/p>\n<p>&nbsp;<\/p>\n<p><a href=\"https:\/\/youtu.be\/SGu4SZMSRO4\" target=\"_blank\" rel=\"noopener\"><img decoding=\"async\" class=\"alignleft wp-image-494458\" src=\"https:\/\/www.lourdes-france.org\/wp-content\/uploads\/2021\/02\/JDL_Replay_btn.png\" alt=\"\" width=\"101\" height=\"27\" \/><\/a><\/p>\n\t\t\t\t\t\t\t\t<\/div>\n\t\t\t\t<\/div>\n\t\t\t\t<div class=\"elementor-element elementor-element-5385b52 elementor-widget elementor-widget-text-editor\" data-id=\"5385b52\" data-element_type=\"widget\" data-widget_type=\"text-editor.default\">\n\t\t\t\t<div class=\"elementor-widget-container\">\n\t\t\t\t\t\t\t\t\t<h3>17:30 : <span style=\"color: #ffcc00;\">Plenum \/<\/span> Eine Wallfahrtsst\u00e4tte erneuert sich<\/h3>\n<p class=\"p2\"><strong><span style=\"color: #ffcc00;\"><img loading=\"lazy\" decoding=\"async\" class=\"alignleft wp-image-440900\" src=\"https:\/\/www.lourdes-france.org\/wp-content\/uploads\/2021\/01\/JDL_Vignette_Anne-Guillaume-Vernaeckt-300x300.png\" alt=\"\" width=\"88\" height=\"88\" srcset=\"https:\/\/www.lourdes-france.org\/wp-content\/uploads\/2021\/01\/JDL_Vignette_Anne-Guillaume-Vernaeckt.png 300w, https:\/\/www.lourdes-france.org\/wp-content\/uploads\/2021\/01\/JDL_Vignette_Anne-Guillaume-Vernaeckt-150x150.png 150w, https:\/\/www.lourdes-france.org\/wp-content\/uploads\/2021\/01\/JDL_Vignette_Anne-Guillaume-Vernaeckt-280x280.png 280w\" sizes=\"(max-width: 88px) 100vw, 88px\" \/>Don Anne-Guillaume Vernaeckt Wallfahrtsgeistlicher, Bereich Pilgerempfang<\/span><\/strong><\/p>\n<p>&nbsp;<\/p>\n<p>&nbsp;<\/p>\n<p><img loading=\"lazy\" decoding=\"async\" class=\"alignleft wp-image-440918\" src=\"https:\/\/www.lourdes-france.org\/wp-content\/uploads\/2021\/01\/JDL_Vignette_Pascal-Boulic-300x300.png\" alt=\"\" width=\"88\" height=\"88\" srcset=\"https:\/\/www.lourdes-france.org\/wp-content\/uploads\/2021\/01\/JDL_Vignette_Pascal-Boulic.png 300w, https:\/\/www.lourdes-france.org\/wp-content\/uploads\/2021\/01\/JDL_Vignette_Pascal-Boulic-150x150.png 150w, https:\/\/www.lourdes-france.org\/wp-content\/uploads\/2021\/01\/JDL_Vignette_Pascal-Boulic-280x280.png 280w\" sizes=\"(max-width: 88px) 100vw, 88px\" \/><strong><span style=\"color: #ffcc00;\">Don Pascal Boulic Wallfahrtsgeistlicher, Bereich Pilgerempfang<\/span><\/strong><\/p>\n<p>&nbsp;<\/p>\n<p>&nbsp;<\/p>\n<p><img loading=\"lazy\" decoding=\"async\" class=\"alignleft wp-image-440906\" src=\"https:\/\/www.lourdes-france.org\/wp-content\/uploads\/2021\/01\/JDL_Vignette_Krzysztof-Zielenda-300x300.png\" alt=\"\" width=\"88\" height=\"88\" srcset=\"https:\/\/www.lourdes-france.org\/wp-content\/uploads\/2021\/01\/JDL_Vignette_Krzysztof-Zielenda.png 300w, https:\/\/www.lourdes-france.org\/wp-content\/uploads\/2021\/01\/JDL_Vignette_Krzysztof-Zielenda-150x150.png 150w, https:\/\/www.lourdes-france.org\/wp-content\/uploads\/2021\/01\/JDL_Vignette_Krzysztof-Zielenda-280x280.png 280w\" sizes=\"(max-width: 88px) 100vw, 88px\" \/><strong><span style=\"color: #ffcc00;\">Pater Krzysztof Zielenda Wallfahrtsgeistlicher, Bereich Pilgerempfang<\/span><\/strong><\/p>\n<p>&nbsp;<\/p>\n<p>&nbsp;<\/p>\n<p><strong><span style=\"color: #ffcc00;\">Pater Maxime Kouassi<br \/>\nWallfahrtsgeistlicher des Heiligtums von Lourdes<\/span><\/strong><\/p>\n<p><img loading=\"lazy\" decoding=\"async\" class=\"alignleft wp-image-470321\" src=\"https:\/\/www.lourdes-france.org\/wp-content\/uploads\/2021\/01\/JDL_Vignette_Daniel-pezet-300x300.png\" alt=\"\" width=\"88\" height=\"88\" srcset=\"https:\/\/www.lourdes-france.org\/wp-content\/uploads\/2021\/01\/JDL_Vignette_Daniel-pezet.png 300w, https:\/\/www.lourdes-france.org\/wp-content\/uploads\/2021\/01\/JDL_Vignette_Daniel-pezet-150x150.png 150w, https:\/\/www.lourdes-france.org\/wp-content\/uploads\/2021\/01\/JDL_Vignette_Daniel-pezet-280x280.png 280w\" sizes=\"(max-width: 88px) 100vw, 88px\" \/><strong><span style=\"color: #ffcc00;\">Daniel Pezet<br \/>\nPresident der Hospitalite Notre-Dame de Lourdes<\/span><\/strong><\/p>\n<p>&nbsp;<\/p>\n<p>&nbsp;<\/p>\n<p><a href=\"https:\/\/youtu.be\/ksYANBqHInE\" target=\"_blank\" rel=\"noopener\"><img decoding=\"async\" class=\"alignleft wp-image-494458\" src=\"https:\/\/www.lourdes-france.org\/wp-content\/uploads\/2021\/02\/JDL_Replay_btn.png\" alt=\"\" width=\"101\" height=\"27\" \/><\/a><\/p>\n\t\t\t\t\t\t\t\t<\/div>\n\t\t\t\t<\/div>\n\t\t\t\t<div class=\"elementor-element elementor-element-17f25d3 elementor-widget elementor-widget-text-editor\" data-id=\"17f25d3\" data-element_type=\"widget\" data-widget_type=\"text-editor.default\">\n\t\t\t\t<div class=\"elementor-widget-container\">\n\t\t\t\t\t\t\t\t\t<h3>18:15 : <span style=\"color: #00ccff;\">Aussprache &#8211; Dauer 30 Min<\/span><\/h3>\n<h4 class=\"p2\"><span style=\"color: #0881c2;\"><span style=\"color: #00ccff;\">Die gro\u00dfen spirituellen Abl\u00e4ufe von Lourdes miterleben (Zeichen, Sakramente, Prozessionen)<br \/>\n<\/span><\/span><b>P\u00e8re Klaus Holzamer<\/b><\/h4>\n\t\t\t\t\t\t\t\t<\/div>\n\t\t\t\t<\/div>\n\t\t\t\t<div class=\"elementor-element elementor-element-270c76a elementor-widget elementor-widget-text-editor\" data-id=\"270c76a\" data-element_type=\"widget\" data-widget_type=\"text-editor.default\">\n\t\t\t\t<div class=\"elementor-widget-container\">\n\t\t\t\t\t\t\t\t\t<p><span style=\"color: #ffffff;\">&#8211;<\/span><\/p>\n\t\t\t\t\t\t\t\t<\/div>\n\t\t\t\t<\/div>\n\t\t\t\t<div class=\"elementor-element elementor-element-4e72389 elementor-widget elementor-widget-text-editor\" data-id=\"4e72389\" data-element_type=\"widget\" data-widget_type=\"text-editor.default\">\n\t\t\t\t<div class=\"elementor-widget-container\">\n\t\t\t\t\t\t\t\t\t<h3>20:30 : Lichter-Rosenkranz an der Grotte und Wassergeste,<br \/>\ngeleitet von Msgr. Olivier Ribadeau Dumas (noch zu best\u00e4tigen)<\/h3>\n\t\t\t\t\t\t\t\t<\/div>\n\t\t\t\t<\/div>\n\t\t\t\t\t<\/div>\n\t\t<\/div>\n\t\t\t\t\t<\/div>\n\t\t<\/section>\n\t\t\t\t<section class=\"elementor-section elementor-top-section elementor-element elementor-element-61a173e elementor-section-boxed elementor-section-height-default elementor-section-height-default\" data-id=\"61a173e\" data-element_type=\"section\" data-settings=\"{&quot;background_background&quot;:&quot;classic&quot;}\">\n\t\t\t\t\t\t<div class=\"elementor-container elementor-column-gap-default\">\n\t\t\t\t\t<div class=\"elementor-column elementor-col-100 elementor-top-column elementor-element elementor-element-00c8466\" data-id=\"00c8466\" data-element_type=\"column\">\n\t\t\t<div class=\"elementor-widget-wrap elementor-element-populated\">\n\t\t\t\t\t\t<div class=\"elementor-element elementor-element-b2632a1 elementor-widget elementor-widget-text-editor\" data-id=\"b2632a1\" data-element_type=\"widget\" data-widget_type=\"text-editor.default\">\n\t\t\t\t<div class=\"elementor-widget-container\">\n\t\t\t\t\t\t\t\t\t<h2 style=\"text-align: center;\"><span style=\"color: #ffffff;\">PROGRAMM Live<\/span><br \/>\n<span style=\"color: #ffffff;\"> <img decoding=\"async\" class=\"alignnone wp-image-441008\" src=\"https:\/\/www.lourdes-france.org\/wp-content\/uploads\/2021\/01\/2a05800e17d2487edbd5710a63f9261b-300x137.png\" alt=\"\" width=\"163\" height=\"74\" srcset=\"https:\/\/www.lourdes-france.org\/wp-content\/uploads\/2021\/01\/2a05800e17d2487edbd5710a63f9261b-300x137.png 300w, https:\/\/www.lourdes-france.org\/wp-content\/uploads\/2021\/01\/2a05800e17d2487edbd5710a63f9261b-768x352.png 768w, https:\/\/www.lourdes-france.org\/wp-content\/uploads\/2021\/01\/2a05800e17d2487edbd5710a63f9261b-380x174.png 380w, https:\/\/www.lourdes-france.org\/wp-content\/uploads\/2021\/01\/2a05800e17d2487edbd5710a63f9261b.png 1000w\" sizes=\"(max-width: 163px) 100vw, 163px\" \/><\/span><\/h2>\n<h2 style=\"text-align: center;\"><span style=\"color: #ffffff;\">Freitag, 12. Februar &#8211; Kirche St-BERNADETTE<\/span><\/h2>\n\t\t\t\t\t\t\t\t<\/div>\n\t\t\t\t<\/div>\n\t\t\t\t<div class=\"elementor-element elementor-element-ff62d65 elementor-widget elementor-widget-text-editor\" data-id=\"ff62d65\" data-element_type=\"widget\" data-widget_type=\"text-editor.default\">\n\t\t\t\t<div class=\"elementor-widget-container\">\n\t\t\t\t\t\t\t\t\t<h3><span style=\"color: #333333;\">08:00: Hl. Messe in der Grotte, unter Vorsitz von Weihbischof Antoine H\u00e9rouard<br \/>\n<\/span><\/h3>\n<p><a href=\"https:\/\/www.youtube.com\/watch?v=q3MMWc311xo\" target=\"_blank\" rel=\"noopener\"><img decoding=\"async\" class=\"alignleft wp-image-494458\" src=\"https:\/\/www.lourdes-france.org\/wp-content\/uploads\/2021\/02\/JDL_Replay_btn.png\" alt=\"\" width=\"101\" height=\"27\" \/><\/a><\/p>\n\t\t\t\t\t\t\t\t<\/div>\n\t\t\t\t<\/div>\n\t\t\t\t<div class=\"elementor-element elementor-element-4f8bf70 elementor-widget elementor-widget-text-editor\" data-id=\"4f8bf70\" data-element_type=\"widget\" data-widget_type=\"text-editor.default\">\n\t\t\t\t<div class=\"elementor-widget-container\">\n\t\t\t\t\t\t\t\t\t<h3>9h30 : <span style=\"color: #993300;\">Meditation zum Jahresthema. \u201eIch bin Unbefleckte Empf\u00e4ngnis\u201c 2\/3 <\/span><\/h3>\n<p>\u201cMir geschehe nach deinem Wort\u201d<\/p>\n<p class=\"p2\"><strong><span style=\"color: #993300;\"><img loading=\"lazy\" decoding=\"async\" class=\"alignleft wp-image-470315\" src=\"https:\/\/www.lourdes-france.org\/wp-content\/uploads\/2021\/01\/JDL_Vignette_Horacio-Brito-300x300.png\" alt=\"\" width=\"88\" height=\"88\" srcset=\"https:\/\/www.lourdes-france.org\/wp-content\/uploads\/2021\/01\/JDL_Vignette_Horacio-Brito.png 300w, https:\/\/www.lourdes-france.org\/wp-content\/uploads\/2021\/01\/JDL_Vignette_Horacio-Brito-150x150.png 150w, https:\/\/www.lourdes-france.org\/wp-content\/uploads\/2021\/01\/JDL_Vignette_Horacio-Brito-280x280.png 280w\" sizes=\"(max-width: 88px) 100vw, 88px\" \/>Pater Horacio Brito<br \/>\nWallfahrtsgeistlicher des Heiligtums von Lourdes<br \/>\nGeistlicher Leiter der Hospitalite Notre-Dame de Lourdes<\/span><\/strong><\/p>\n<p>&nbsp;<\/p>\n<p><a href=\"https:\/\/youtu.be\/MvFP4fI01Gw\" target=\"_blank\" rel=\"noopener\"><img decoding=\"async\" class=\"alignleft wp-image-494458\" src=\"https:\/\/www.lourdes-france.org\/wp-content\/uploads\/2021\/02\/JDL_Replay_btn.png\" alt=\"\" width=\"101\" height=\"27\" \/><\/a><\/p>\n\t\t\t\t\t\t\t\t<\/div>\n\t\t\t\t<\/div>\n\t\t\t\t<div class=\"elementor-element elementor-element-8daab07 elementor-widget elementor-widget-text-editor\" data-id=\"8daab07\" data-element_type=\"widget\" data-widget_type=\"text-editor.default\">\n\t\t\t\t<div class=\"elementor-widget-container\">\n\t\t\t\t\t\t\t\t\t<h3>9:45 : <span style=\"color: #ffcc00;\">Plenum \/<\/span> Mit kranken Menschen nach Lourdes pilgern<\/h3>\n<p class=\"p2\"><strong><span style=\"color: #ffcc00;\"><img loading=\"lazy\" decoding=\"async\" class=\"alignleft wp-image-440846\" src=\"https:\/\/www.lourdes-france.org\/wp-content\/uploads\/2021\/01\/JDL_Vignette_Alessandro-de-Franciscis-300x300.png\" alt=\"\" width=\"88\" height=\"88\" srcset=\"https:\/\/www.lourdes-france.org\/wp-content\/uploads\/2021\/01\/JDL_Vignette_Alessandro-de-Franciscis.png 300w, https:\/\/www.lourdes-france.org\/wp-content\/uploads\/2021\/01\/JDL_Vignette_Alessandro-de-Franciscis-150x150.png 150w, https:\/\/www.lourdes-france.org\/wp-content\/uploads\/2021\/01\/JDL_Vignette_Alessandro-de-Franciscis-280x280.png 280w\" sizes=\"(max-width: 88px) 100vw, 88px\" \/>Dr Alessandro<br \/>\nde Franciscis<br \/>\nSt\u00e4ndiger Arzt des B\u00fcros zur medizinischen Beurteilung<\/span><\/strong><\/p>\n<p>&nbsp;<\/p>\n<p><img loading=\"lazy\" decoding=\"async\" class=\"alignleft wp-image-470338\" src=\"https:\/\/www.lourdes-france.org\/wp-content\/uploads\/2021\/01\/JDL-Vignette-Gilles-Berrut-300x300.png\" alt=\"\" width=\"88\" height=\"88\" srcset=\"https:\/\/www.lourdes-france.org\/wp-content\/uploads\/2021\/01\/JDL-Vignette-Gilles-Berrut.png 300w, https:\/\/www.lourdes-france.org\/wp-content\/uploads\/2021\/01\/JDL-Vignette-Gilles-Berrut-150x150.png 150w, https:\/\/www.lourdes-france.org\/wp-content\/uploads\/2021\/01\/JDL-Vignette-Gilles-Berrut-280x280.png 280w\" sizes=\"(max-width: 88px) 100vw, 88px\" \/><strong><span style=\"color: #ffcc00;\">Prof. Gilles Berrut<br \/>\nGeriater,<br \/>\nverantwortlicher Arzt f\u00fcr die Rosaire-Wallfahrt <\/span><\/strong><\/p>\n<p>&nbsp;<\/p>\n<p><img loading=\"lazy\" decoding=\"async\" class=\"alignleft wp-image-471997\" src=\"https:\/\/www.lourdes-france.org\/wp-content\/uploads\/2021\/01\/JDL_Vignette_Dr-Jean-Louis-DALLEINNE-300x300.png\" alt=\"\" width=\"88\" height=\"88\" srcset=\"https:\/\/www.lourdes-france.org\/wp-content\/uploads\/2021\/01\/JDL_Vignette_Dr-Jean-Louis-DALLEINNE.png 300w, https:\/\/www.lourdes-france.org\/wp-content\/uploads\/2021\/01\/JDL_Vignette_Dr-Jean-Louis-DALLEINNE-150x150.png 150w, https:\/\/www.lourdes-france.org\/wp-content\/uploads\/2021\/01\/JDL_Vignette_Dr-Jean-Louis-DALLEINNE-280x280.png 280w\" sizes=\"(max-width: 88px) 100vw, 88px\" \/><strong><span style=\"color: #ffcc00;\">Dr Jean-Louis Dalleinne<\/span><\/strong><br \/>\n<strong><span style=\"color: #ffcc00;\">Responsable de la pastorale de la Sant\u00e9 du dioc\u00e8se d\u2019Evreux<\/span><\/strong><\/p>\n<p>&nbsp;<\/p>\n<p><img loading=\"lazy\" decoding=\"async\" class=\"alignleft wp-image-470351\" src=\"https:\/\/www.lourdes-france.org\/wp-content\/uploads\/2021\/01\/JDL_Vignette_Alain-Baty-300x300.png\" alt=\"\" width=\"88\" height=\"88\" srcset=\"https:\/\/www.lourdes-france.org\/wp-content\/uploads\/2021\/01\/JDL_Vignette_Alain-Baty.png 300w, https:\/\/www.lourdes-france.org\/wp-content\/uploads\/2021\/01\/JDL_Vignette_Alain-Baty-150x150.png 150w, https:\/\/www.lourdes-france.org\/wp-content\/uploads\/2021\/01\/JDL_Vignette_Alain-Baty-280x280.png 280w\" sizes=\"(max-width: 88px) 100vw, 88px\" \/><strong><span style=\"color: #ffcc00;\">Dr Alain Baty<br \/>\nAllgemeinmediziner<br \/>\nPr\u00e4sident der APHF<\/span><\/strong><\/p>\n<p>&nbsp;<\/p>\n<p><img loading=\"lazy\" decoding=\"async\" class=\"alignleft wp-image-470357\" src=\"https:\/\/www.lourdes-france.org\/wp-content\/uploads\/2021\/01\/JDL_Vignette_Francois-labadie-300x300.png\" alt=\"\" width=\"88\" height=\"88\" srcset=\"https:\/\/www.lourdes-france.org\/wp-content\/uploads\/2021\/01\/JDL_Vignette_Francois-labadie.png 300w, https:\/\/www.lourdes-france.org\/wp-content\/uploads\/2021\/01\/JDL_Vignette_Francois-labadie-150x150.png 150w, https:\/\/www.lourdes-france.org\/wp-content\/uploads\/2021\/01\/JDL_Vignette_Francois-labadie-280x280.png 280w\" sizes=\"(max-width: 88px) 100vw, 88px\" \/><strong><span style=\"color: #ffcc00;\">Franc\u0327ois Labadie<br \/>\nLeitender Direktor<br \/>\ndes Accueil Notre-Dame<\/span><\/strong><\/p>\n<p>&nbsp;<\/p>\n<p><a href=\"https:\/\/youtu.be\/eAzpKN_e_uU\" target=\"_blank\" rel=\"noopener\"><img decoding=\"async\" class=\"alignleft wp-image-494458\" src=\"https:\/\/www.lourdes-france.org\/wp-content\/uploads\/2021\/02\/JDL_Replay_btn.png\" alt=\"\" width=\"101\" height=\"27\" \/><\/a><\/p>\n\t\t\t\t\t\t\t\t<\/div>\n\t\t\t\t<\/div>\n\t\t\t\t<div class=\"elementor-element elementor-element-60503d1 elementor-widget elementor-widget-text-editor\" data-id=\"60503d1\" data-element_type=\"widget\" data-widget_type=\"text-editor.default\">\n\t\t\t\t<div class=\"elementor-widget-container\">\n\t\t\t\t\t\t\t\t\t<h3>11:00 : <span style=\"color: #ffcc00;\">Plenum \/<\/span> Die Ausstrahlung von Lourdes<\/h3>\n<p class=\"p2\">Der Rosenkranz von Lourdes auf katholischen Fernsehsendern<\/p>\n<p class=\"p2\"><strong><span style=\"color: #ffcc00;\"><img loading=\"lazy\" decoding=\"async\" class=\"alignleft wp-image-470363\" src=\"https:\/\/www.lourdes-france.org\/wp-content\/uploads\/2021\/01\/JDL_Vignette_Philippine-de-Saint-Pierre-300x300.png\" alt=\"\" width=\"88\" height=\"88\" srcset=\"https:\/\/www.lourdes-france.org\/wp-content\/uploads\/2021\/01\/JDL_Vignette_Philippine-de-Saint-Pierre.png 300w, https:\/\/www.lourdes-france.org\/wp-content\/uploads\/2021\/01\/JDL_Vignette_Philippine-de-Saint-Pierre-150x150.png 150w, https:\/\/www.lourdes-france.org\/wp-content\/uploads\/2021\/01\/JDL_Vignette_Philippine-de-Saint-Pierre-280x280.png 280w\" sizes=\"(max-width: 88px) 100vw, 88px\" \/>Philippine de Saint-Pierre<br \/>\nGeneraldirektorin<br \/>\nKTO TV &#8211; Frankreich<\/span><\/strong><\/p>\n<p>&nbsp;<\/p>\n<p><img loading=\"lazy\" decoding=\"async\" class=\"alignleft wp-image-470369\" src=\"https:\/\/www.lourdes-france.org\/wp-content\/uploads\/2021\/01\/JDL_Vignette_Fabio-Bolzetta-300x300.png\" alt=\"\" width=\"88\" height=\"88\" srcset=\"https:\/\/www.lourdes-france.org\/wp-content\/uploads\/2021\/01\/JDL_Vignette_Fabio-Bolzetta.png 300w, https:\/\/www.lourdes-france.org\/wp-content\/uploads\/2021\/01\/JDL_Vignette_Fabio-Bolzetta-150x150.png 150w, https:\/\/www.lourdes-france.org\/wp-content\/uploads\/2021\/01\/JDL_Vignette_Fabio-Bolzetta-280x280.png 280w\" sizes=\"(max-width: 88px) 100vw, 88px\" \/><strong><span style=\"color: #ffcc00;\">Fabio Bolzetta<br \/>\nModerator<br \/>\nTV2000 &#8211; Italien<\/span><\/strong><\/p>\n<p>&nbsp;<\/p>\n<p><img loading=\"lazy\" decoding=\"async\" class=\"alignleft wp-image-470375\" src=\"https:\/\/www.lourdes-france.org\/wp-content\/uploads\/2021\/01\/JDL_Vignette_Pere-Michel-Baute-300x300.png\" alt=\"\" width=\"88\" height=\"88\" srcset=\"https:\/\/www.lourdes-france.org\/wp-content\/uploads\/2021\/01\/JDL_Vignette_Pere-Michel-Baute.png 300w, https:\/\/www.lourdes-france.org\/wp-content\/uploads\/2021\/01\/JDL_Vignette_Pere-Michel-Baute-150x150.png 150w, https:\/\/www.lourdes-france.org\/wp-content\/uploads\/2021\/01\/JDL_Vignette_Pere-Michel-Baute-280x280.png 280w\" sizes=\"(max-width: 88px) 100vw, 88px\" \/><strong><span style=\"color: #ffcc00;\">Pfarrer Michel Baute<br \/>\nWallfahrtsgeistlicher des Heiligtums von Lourdes<\/span><\/strong><\/p>\n<p>&nbsp;<\/p>\n<p><img loading=\"lazy\" decoding=\"async\" class=\"alignleft wp-image-470381\" src=\"https:\/\/www.lourdes-france.org\/wp-content\/uploads\/2021\/01\/JDL_Vignette_Peter-Gagnon-300x300.png\" alt=\"\" width=\"88\" height=\"88\" srcset=\"https:\/\/www.lourdes-france.org\/wp-content\/uploads\/2021\/01\/JDL_Vignette_Peter-Gagnon.png 300w, https:\/\/www.lourdes-france.org\/wp-content\/uploads\/2021\/01\/JDL_Vignette_Peter-Gagnon-150x150.png 150w, https:\/\/www.lourdes-france.org\/wp-content\/uploads\/2021\/01\/JDL_Vignette_Peter-Gagnon-280x280.png 280w\" sizes=\"(max-width: 88px) 100vw, 88px\" \/><strong><span style=\"color: #ffcc00;\">Peter Gagnon<br \/>\nProgrammdirektor<br \/>\nEWTN &#8211; USA<\/span><\/strong><\/p>\n<p>&nbsp;<\/p>\n<p><img loading=\"lazy\" decoding=\"async\" class=\"alignleft wp-image-476682\" src=\"https:\/\/www.lourdes-france.org\/wp-content\/uploads\/2021\/02\/JDL_Vignette_Femin-Jacob_V2-1.png\" alt=\"\" width=\"88\" height=\"88\" \/><strong><span style=\"color: #ffcc00;\">Femin Jacob<br \/>\nDirector of programming Atmadarshan TV (India)<\/span><\/strong><\/p>\n<p>&nbsp;<\/p>\n<p><a href=\"https:\/\/youtu.be\/TnsAdVjnXCo\" target=\"_blank\" rel=\"noopener\"><img decoding=\"async\" class=\"alignleft wp-image-494458\" src=\"https:\/\/www.lourdes-france.org\/wp-content\/uploads\/2021\/02\/JDL_Replay_btn.png\" alt=\"\" width=\"101\" height=\"27\" \/><\/a><\/p>\n\t\t\t\t\t\t\t\t<\/div>\n\t\t\t\t<\/div>\n\t\t\t\t<div class=\"elementor-element elementor-element-cfff7c6 elementor-widget elementor-widget-text-editor\" data-id=\"cfff7c6\" data-element_type=\"widget\" data-widget_type=\"text-editor.default\">\n\t\t\t\t<div class=\"elementor-widget-container\">\n\t\t\t\t\t\t\t\t\t<h3>11:30 : <span style=\"color: #00ccff;\">Aussprache<\/span><\/h3>\n<h4 class=\"p2\"><span style=\"color: #0881c2;\"><span style=\"color: #00ccff;\">Wie \u00fcbertrage ich meine Wallfahrt?<br \/>\n<\/span><\/span><b>P\u00e8re Klaus Hozalmer<\/b><\/h4>\n\t\t\t\t\t\t\t\t<\/div>\n\t\t\t\t<\/div>\n\t\t\t\t<div class=\"elementor-element elementor-element-f7cee57 elementor-widget elementor-widget-text-editor\" data-id=\"f7cee57\" data-element_type=\"widget\" data-widget_type=\"text-editor.default\">\n\t\t\t\t<div class=\"elementor-widget-container\">\n\t\t\t\t\t\t\t\t\t<h3>14:00 : <span style=\"color: #993300;\">Meditation zum Jahresthema. \u201eIch bin Unbefleckte Empf\u00e4ngnis\u201c 3\/3<\/span><\/h3>\n<p>\u201eIch verspreche dir nicht das Gl\u00fcck dieser Welt, aber das der anderen\u201c<\/p>\n<p class=\"p2\"><strong><span style=\"color: #993300;\"><img loading=\"lazy\" decoding=\"async\" class=\"alignleft wp-image-470315\" src=\"https:\/\/www.lourdes-france.org\/wp-content\/uploads\/2021\/01\/JDL_Vignette_Horacio-Brito-300x300.png\" alt=\"\" width=\"88\" height=\"88\" srcset=\"https:\/\/www.lourdes-france.org\/wp-content\/uploads\/2021\/01\/JDL_Vignette_Horacio-Brito.png 300w, https:\/\/www.lourdes-france.org\/wp-content\/uploads\/2021\/01\/JDL_Vignette_Horacio-Brito-150x150.png 150w, https:\/\/www.lourdes-france.org\/wp-content\/uploads\/2021\/01\/JDL_Vignette_Horacio-Brito-280x280.png 280w\" sizes=\"(max-width: 88px) 100vw, 88px\" \/>Pater Horacio Brito<br \/>\nWallfahrtsgeistlicher des Heiligtums von Lourdes<br \/>\nGeistlicher Leiter der Hospitalite Notre-Dame de Lourdes<\/span><\/strong><\/p>\n<p><a href=\"https:\/\/youtu.be\/3_deC4lho9w\" target=\"_blank\" rel=\"noopener\"><img decoding=\"async\" class=\"alignleft wp-image-494458\" src=\"https:\/\/www.lourdes-france.org\/wp-content\/uploads\/2021\/02\/JDL_Replay_btn.png\" alt=\"\" width=\"101\" height=\"27\" \/><\/a><\/p>\n\t\t\t\t\t\t\t\t<\/div>\n\t\t\t\t<\/div>\n\t\t\t\t<div class=\"elementor-element elementor-element-befff24 elementor-widget elementor-widget-text-editor\" data-id=\"befff24\" data-element_type=\"widget\" data-widget_type=\"text-editor.default\">\n\t\t\t\t<div class=\"elementor-widget-container\">\n\t\t\t\t\t\t\t\t\t<h3>14:15 : <span style=\"color: #ffcc00;\">Pl\u00e9ni\u00e8re \/<\/span> Lourdes au\u00dferhalb von Lourdes miterleben<\/h3>\n<p class=\"p2\"><strong><span style=\"color: #ffcc00;\"><img loading=\"lazy\" decoding=\"async\" class=\"alignleft wp-image-470393\" src=\"https:\/\/www.lourdes-france.org\/wp-content\/uploads\/2021\/01\/JDL_Vignette_Mgr-Xavier-d-arodes-300x300.png\" alt=\"\" width=\"88\" height=\"88\" srcset=\"https:\/\/www.lourdes-france.org\/wp-content\/uploads\/2021\/01\/JDL_Vignette_Mgr-Xavier-d-arodes.png 300w, https:\/\/www.lourdes-france.org\/wp-content\/uploads\/2021\/01\/JDL_Vignette_Mgr-Xavier-d-arodes-150x150.png 150w, https:\/\/www.lourdes-france.org\/wp-content\/uploads\/2021\/01\/JDL_Vignette_Mgr-Xavier-d-arodes-280x280.png 280w\" sizes=\"(max-width: 88px) 100vw, 88px\" \/>Msgr. Xavier d\u2019Arodes<br \/>\nVice-recteur des Heiligtums, die Missionen Notre-Dame de Lourdes<\/span><\/strong><\/p>\n<p>&nbsp;<\/p>\n<p><img loading=\"lazy\" decoding=\"async\" class=\"alignleft wp-image-470399\" src=\"https:\/\/www.lourdes-france.org\/wp-content\/uploads\/2021\/01\/JDL_Vignette_Pere-regis-marie-de-la-Teyssonniere-300x300.png\" alt=\"\" width=\"88\" height=\"88\" srcset=\"https:\/\/www.lourdes-france.org\/wp-content\/uploads\/2021\/01\/JDL_Vignette_Pere-regis-marie-de-la-Teyssonniere.png 300w, https:\/\/www.lourdes-france.org\/wp-content\/uploads\/2021\/01\/JDL_Vignette_Pere-regis-marie-de-la-Teyssonniere-150x150.png 150w, https:\/\/www.lourdes-france.org\/wp-content\/uploads\/2021\/01\/JDL_Vignette_Pere-regis-marie-de-la-Teyssonniere-280x280.png 280w\" sizes=\"(max-width: 88px) 100vw, 88px\" \/><strong><span style=\"color: #ffcc00;\">Pe\u0300re Re\u0301gis-Marie de la Teyssonnie\u0300re<br \/>\nWallfahrtsgeistlicher des Heiligtums Die Lourdes-Grotten in der Welt<\/span><\/strong><\/p>\n<p>&nbsp;<\/p>\n<p><img loading=\"lazy\" decoding=\"async\" class=\"alignleft wp-image-440830\" src=\"https:\/\/www.lourdes-france.org\/wp-content\/uploads\/2021\/01\/JDL_Vignette_Vincent-Cabanac-300x300.png\" alt=\"\" width=\"88\" height=\"88\" srcset=\"https:\/\/www.lourdes-france.org\/wp-content\/uploads\/2021\/01\/JDL_Vignette_Vincent-Cabanac.png 300w, https:\/\/www.lourdes-france.org\/wp-content\/uploads\/2021\/01\/JDL_Vignette_Vincent-Cabanac-150x150.png 150w, https:\/\/www.lourdes-france.org\/wp-content\/uploads\/2021\/01\/JDL_Vignette_Vincent-Cabanac-280x280.png 280w\" sizes=\"(max-width: 88px) 100vw, 88px\" \/><strong><span style=\"color: #ffcc00;\">Pater Vincent Cabanac<br \/>\nDirektor der Nationalwallfahrt,<br \/>\nIn der N\u00e4he der Kranken: die \u201eSchutzengel\u201c erfahren<\/span><\/strong><\/p>\n<p>&nbsp;<\/p>\n<p><img loading=\"lazy\" decoding=\"async\" class=\"alignleft wp-image-470405\" src=\"https:\/\/www.lourdes-france.org\/wp-content\/uploads\/2021\/01\/JDL_Vignette_Pere-Georges-Nicoli-300x300.png\" alt=\"\" width=\"88\" height=\"88\" srcset=\"https:\/\/www.lourdes-france.org\/wp-content\/uploads\/2021\/01\/JDL_Vignette_Pere-Georges-Nicoli.png 300w, https:\/\/www.lourdes-france.org\/wp-content\/uploads\/2021\/01\/JDL_Vignette_Pere-Georges-Nicoli-150x150.png 150w, https:\/\/www.lourdes-france.org\/wp-content\/uploads\/2021\/01\/JDL_Vignette_Pere-Georges-Nicoli-280x280.png 280w\" sizes=\"(max-width: 88px) 100vw, 88px\" \/><strong><span style=\"color: #ffcc00;\">Pfarrer Georges Nicoli<br \/>\nPfarrer der Pfarrei ND Lourdes von Bastia<br \/>\nAuf einer Mission mit Bernadette, die Reise der Reliquien<\/span><\/strong><\/p>\n<p><strong><span style=\"color: #ffcc00;\"><img loading=\"lazy\" decoding=\"async\" class=\"alignleft wp-image-476787\" src=\"https:\/\/www.lourdes-france.org\/wp-content\/uploads\/2021\/02\/JDL_Vignette_Mgr-Pascal-Gollnisch-300x300.png\" alt=\"\" width=\"88\" height=\"88\" srcset=\"https:\/\/www.lourdes-france.org\/wp-content\/uploads\/2021\/02\/JDL_Vignette_Mgr-Pascal-Gollnisch.png 300w, https:\/\/www.lourdes-france.org\/wp-content\/uploads\/2021\/02\/JDL_Vignette_Mgr-Pascal-Gollnisch-150x150.png 150w, https:\/\/www.lourdes-france.org\/wp-content\/uploads\/2021\/02\/JDL_Vignette_Mgr-Pascal-Gollnisch-280x280.png 280w\" sizes=\"(max-width: 88px) 100vw, 88px\" \/>Mgr Pascal-Gollnisch<br \/>\nDirecteur g\u00e9n\u00e9ral de l\u2019Oeuvre d\u2019Orient<br \/>\nLes statues de Notre-Dame de Lourdes en Irak<\/span><\/strong><\/p>\n<p>&nbsp;<\/p>\n<p><a href=\"https:\/\/youtu.be\/i0g0MOcinUQ\" target=\"_blank\" rel=\"noopener\"><img decoding=\"async\" class=\"alignleft wp-image-494458\" src=\"https:\/\/www.lourdes-france.org\/wp-content\/uploads\/2021\/02\/JDL_Replay_btn.png\" alt=\"\" width=\"101\" height=\"27\" \/><\/a><\/p>\n\t\t\t\t\t\t\t\t<\/div>\n\t\t\t\t<\/div>\n\t\t\t\t<div class=\"elementor-element elementor-element-f0b0c65 elementor-widget elementor-widget-text-editor\" data-id=\"f0b0c65\" data-element_type=\"widget\" data-widget_type=\"text-editor.default\">\n\t\t\t\t<div class=\"elementor-widget-container\">\n\t\t\t\t\t\t\t\t\t<p><span style=\"color: #ffffff;\">&#8212;<\/span><\/p>\n\t\t\t\t\t\t\t\t<\/div>\n\t\t\t\t<\/div>\n\t\t\t\t<div class=\"elementor-element elementor-element-134ebad elementor-widget elementor-widget-text-editor\" data-id=\"134ebad\" data-element_type=\"widget\" data-widget_type=\"text-editor.default\">\n\t\t\t\t<div class=\"elementor-widget-container\">\n\t\t\t\t\t\t\t\t\t<h3>15:45 : <span style=\"color: #ffcc00;\">Plenum \/<\/span> Fragen \/ Antworten<\/h3>\n<p class=\"p2\"><strong><span style=\"color: #ffcc00;\"><img decoding=\"async\" class=\"alignleft wp-image-429673\" src=\"https:\/\/www.lourdes-france.org\/wp-content\/uploads\/2020\/12\/JDL_Vignette_Mgr_Herouard-300x300.png\" alt=\"\" width=\"88\" height=\"88\" srcset=\"https:\/\/www.lourdes-france.org\/wp-content\/uploads\/2020\/12\/JDL_Vignette_Mgr_Herouard.png 300w, https:\/\/www.lourdes-france.org\/wp-content\/uploads\/2020\/12\/JDL_Vignette_Mgr_Herouard-150x150.png 150w, https:\/\/www.lourdes-france.org\/wp-content\/uploads\/2020\/12\/JDL_Vignette_Mgr_Herouard-280x280.png 280w\" sizes=\"(max-width: 88px) 100vw, 88px\" \/>Weihbischof Antoine He\u0301rouard<br \/>\nApostolischer Delegat f\u00fcr die Wallfahrtsst\u00e4tte von Lourdes<\/span><\/strong><\/p>\n<p><strong><span style=\"color: #ffcc00;\"><br \/>\n<img loading=\"lazy\" decoding=\"async\" class=\"alignleft wp-image-470411\" src=\"https:\/\/www.lourdes-france.org\/wp-content\/uploads\/2021\/01\/JDL_Vignette_Guillaume_de_vulpian-300x300.png\" alt=\"\" width=\"88\" height=\"88\" srcset=\"https:\/\/www.lourdes-france.org\/wp-content\/uploads\/2021\/01\/JDL_Vignette_Guillaume_de_vulpian.png 300w, https:\/\/www.lourdes-france.org\/wp-content\/uploads\/2021\/01\/JDL_Vignette_Guillaume_de_vulpian-150x150.png 150w, https:\/\/www.lourdes-france.org\/wp-content\/uploads\/2021\/01\/JDL_Vignette_Guillaume_de_vulpian-280x280.png 280w\" sizes=\"(max-width: 88px) 100vw, 88px\" \/>Guillaume de Vulpian<br \/>\nGeneraldirektor<br \/>\ndes Heiligtums von Lourdes<\/span><\/strong><\/p>\n<p>&nbsp;<\/p>\n<p><a href=\"https:\/\/youtu.be\/ch154M_H7Sg\" target=\"_blank\" rel=\"noopener\"><img decoding=\"async\" class=\"alignleft wp-image-494458\" src=\"https:\/\/www.lourdes-france.org\/wp-content\/uploads\/2021\/02\/JDL_Replay_btn.png\" alt=\"\" width=\"101\" height=\"27\" \/><\/a><\/p>\n\t\t\t\t\t\t\t\t<\/div>\n\t\t\t\t<\/div>\n\t\t\t\t<div class=\"elementor-element elementor-element-6f70426 elementor-widget elementor-widget-text-editor\" data-id=\"6f70426\" data-element_type=\"widget\" data-widget_type=\"text-editor.default\">\n\t\t\t\t<div class=\"elementor-widget-container\">\n\t\t\t\t\t\t\t\t\t<h3>15:45 : <span style=\"color: #ff6600;\">Zusammenkunft mit der Belegschaft<\/span><\/h3>\n<p class=\"p2\"><strong><span style=\"color: #ffcc00;\"><img loading=\"lazy\" decoding=\"async\" class=\"alignleft wp-image-440770\" src=\"https:\/\/www.lourdes-france.org\/wp-content\/uploads\/2021\/01\/JDL_Vignette_Mgr_Ribadeau-Dumas-300x300.png\" alt=\"\" width=\"88\" height=\"88\" srcset=\"https:\/\/www.lourdes-france.org\/wp-content\/uploads\/2021\/01\/JDL_Vignette_Mgr_Ribadeau-Dumas.png 300w, https:\/\/www.lourdes-france.org\/wp-content\/uploads\/2021\/01\/JDL_Vignette_Mgr_Ribadeau-Dumas-150x150.png 150w, https:\/\/www.lourdes-france.org\/wp-content\/uploads\/2021\/01\/JDL_Vignette_Mgr_Ribadeau-Dumas-280x280.png 280w\" sizes=\"(max-width: 88px) 100vw, 88px\" \/>Msgr. Olivier Ribadeau Dumas<br \/>\nRektor der Wallfahrtst\u00e4tte von Lourdes<\/span><\/strong><\/p>\n<p>&nbsp;<\/p>\n<p>&nbsp;<\/p>\n\t\t\t\t\t\t\t\t<\/div>\n\t\t\t\t<\/div>\n\t\t\t\t<div class=\"elementor-element elementor-element-3ae38cb elementor-widget elementor-widget-text-editor\" data-id=\"3ae38cb\" data-element_type=\"widget\" data-widget_type=\"text-editor.default\">\n\t\t\t\t<div class=\"elementor-widget-container\">\n\t\t\t\t\t\t\t\t\t<h3>16:45 : <span style=\"color: #ffcc00;\">Plenum \/<\/span> Zum Abschluss<\/h3>\n<p class=\"p2\"><strong><span style=\"color: #ffcc00;\"><img decoding=\"async\" class=\"alignleft wp-image-429673\" src=\"https:\/\/www.lourdes-france.org\/wp-content\/uploads\/2020\/12\/JDL_Vignette_Mgr_Herouard-300x300.png\" alt=\"\" width=\"88\" height=\"88\" srcset=\"https:\/\/www.lourdes-france.org\/wp-content\/uploads\/2020\/12\/JDL_Vignette_Mgr_Herouard.png 300w, https:\/\/www.lourdes-france.org\/wp-content\/uploads\/2020\/12\/JDL_Vignette_Mgr_Herouard-150x150.png 150w, https:\/\/www.lourdes-france.org\/wp-content\/uploads\/2020\/12\/JDL_Vignette_Mgr_Herouard-280x280.png 280w\" sizes=\"(max-width: 88px) 100vw, 88px\" \/>Weihbischof Antoine He\u0301rouard<br \/>\nApostolischer Delegat f\u00fcr die Wallfahrtsst\u00e4tte von Lourdes <\/span><\/strong><\/p>\n<p>&nbsp;<\/p>\n<p><a href=\"https:\/\/youtu.be\/HcXyPWtGpTg\" target=\"_blank\" rel=\"noopener\"><img decoding=\"async\" class=\"alignleft wp-image-494458\" src=\"https:\/\/www.lourdes-france.org\/wp-content\/uploads\/2021\/02\/JDL_Replay_btn.png\" alt=\"\" width=\"101\" height=\"27\" \/><\/a><\/p>\n\t\t\t\t\t\t\t\t<\/div>\n\t\t\t\t<\/div>\n\t\t\t\t\t<\/div>\n\t\t<\/div>\n\t\t\t\t\t<\/div>\n\t\t<\/section>\n\t\t\t\t<section class=\"elementor-section elementor-top-section elementor-element elementor-element-b385d45 elementor-section-boxed elementor-section-height-default elementor-section-height-default\" data-id=\"b385d45\" data-element_type=\"section\" data-settings=\"{&quot;background_background&quot;:&quot;classic&quot;}\">\n\t\t\t\t\t\t<div class=\"elementor-container elementor-column-gap-default\">\n\t\t\t\t\t<div class=\"elementor-column elementor-col-100 elementor-top-column elementor-element elementor-element-302a48e\" data-id=\"302a48e\" data-element_type=\"column\">\n\t\t\t<div class=\"elementor-widget-wrap elementor-element-populated\">\n\t\t\t\t\t\t<div class=\"elementor-element elementor-element-90dc842 elementor-widget elementor-widget-text-editor\" data-id=\"90dc842\" data-element_type=\"widget\" data-widget_type=\"text-editor.default\">\n\t\t\t\t<div class=\"elementor-widget-container\">\n\t\t\t\t\t\t\t\t\t<h2 style=\"text-align: center;\"><span style=\"color: #ffffff;\">Samstag, 13. Februar<\/span><\/h2>\n<h3 style=\"text-align: center;\"><\/h3>\n\t\t\t\t\t\t\t\t<\/div>\n\t\t\t\t<\/div>\n\t\t\t\t<div class=\"elementor-element elementor-element-5f72023 elementor-widget elementor-widget-text-editor\" data-id=\"5f72023\" data-element_type=\"widget\" data-widget_type=\"text-editor.default\">\n\t\t\t\t<div class=\"elementor-widget-container\">\n\t\t\t\t\t\t\t\t\t<h3>15:00 : Zusammenkunft von Wallfahrts\u00e4rzten und Mitarbeitern im Gesundheitswesen<\/h3>\n<p class=\"p2\"><strong><span style=\"color: #ffcc00;\"><img loading=\"lazy\" decoding=\"async\" class=\"alignleft wp-image-440770\" src=\"https:\/\/www.lourdes-france.org\/wp-content\/uploads\/2021\/01\/JDL_Vignette_Mgr_Ribadeau-Dumas-300x300.png\" alt=\"\" width=\"88\" height=\"88\" srcset=\"https:\/\/www.lourdes-france.org\/wp-content\/uploads\/2021\/01\/JDL_Vignette_Mgr_Ribadeau-Dumas.png 300w, https:\/\/www.lourdes-france.org\/wp-content\/uploads\/2021\/01\/JDL_Vignette_Mgr_Ribadeau-Dumas-150x150.png 150w, https:\/\/www.lourdes-france.org\/wp-content\/uploads\/2021\/01\/JDL_Vignette_Mgr_Ribadeau-Dumas-280x280.png 280w\" sizes=\"(max-width: 88px) 100vw, 88px\" \/>Msgr. Olivier Ribadeau Dumas<br \/>\nRektor der Wallfahrtst\u00e4tte von Lourdes<\/span><\/strong><\/p>\n<p>&nbsp;<\/p>\n<p><img loading=\"lazy\" decoding=\"async\" class=\"alignleft wp-image-440846\" src=\"https:\/\/www.lourdes-france.org\/wp-content\/uploads\/2021\/01\/JDL_Vignette_Alessandro-de-Franciscis-300x300.png\" alt=\"\" width=\"88\" height=\"88\" srcset=\"https:\/\/www.lourdes-france.org\/wp-content\/uploads\/2021\/01\/JDL_Vignette_Alessandro-de-Franciscis.png 300w, https:\/\/www.lourdes-france.org\/wp-content\/uploads\/2021\/01\/JDL_Vignette_Alessandro-de-Franciscis-150x150.png 150w, https:\/\/www.lourdes-france.org\/wp-content\/uploads\/2021\/01\/JDL_Vignette_Alessandro-de-Franciscis-280x280.png 280w\" sizes=\"(max-width: 88px) 100vw, 88px\" \/><strong><span style=\"color: #ffcc00;\">Dr Alessandro de Franciscis<br \/>\nSt\u00e4ndiger Arzt des B\u00fcros zur medizinischen Beurteilung<\/span><\/strong><\/p>\n<p>&nbsp;<\/p>\n<p><img loading=\"lazy\" decoding=\"async\" class=\"alignleft wp-image-470417\" src=\"https:\/\/www.lourdes-france.org\/wp-content\/uploads\/2021\/01\/JDL_Vignette_Olivier-Jonquet-300x300.png\" alt=\"\" width=\"88\" height=\"88\" srcset=\"https:\/\/www.lourdes-france.org\/wp-content\/uploads\/2021\/01\/JDL_Vignette_Olivier-Jonquet.png 300w, https:\/\/www.lourdes-france.org\/wp-content\/uploads\/2021\/01\/JDL_Vignette_Olivier-Jonquet-150x150.png 150w, https:\/\/www.lourdes-france.org\/wp-content\/uploads\/2021\/01\/JDL_Vignette_Olivier-Jonquet-280x280.png 280w\" sizes=\"(max-width: 88px) 100vw, 88px\" \/><strong><span style=\"color: #ffcc00;\">Prof. Olivier Jonquet Pr\u00e4sident des Internationalen Medizinischen Komitees von Lourdes (C.M.I.L.)<\/span><\/strong><\/p>\n<p>&nbsp;<\/p>\n<p>&nbsp;<\/p>\n<p><img loading=\"lazy\" decoding=\"async\" class=\"alignleft wp-image-470423\" src=\"https:\/\/www.lourdes-france.org\/wp-content\/uploads\/2021\/01\/JDL_Vignette_Dr-Jean-Eudes-Bourcier-300x300.png\" alt=\"\" width=\"88\" height=\"88\" srcset=\"https:\/\/www.lourdes-france.org\/wp-content\/uploads\/2021\/01\/JDL_Vignette_Dr-Jean-Eudes-Bourcier.png 300w, https:\/\/www.lourdes-france.org\/wp-content\/uploads\/2021\/01\/JDL_Vignette_Dr-Jean-Eudes-Bourcier-150x150.png 150w, https:\/\/www.lourdes-france.org\/wp-content\/uploads\/2021\/01\/JDL_Vignette_Dr-Jean-Eudes-Bourcier-280x280.png 280w\" sizes=\"(max-width: 88px) 100vw, 88px\" \/><strong><span style=\"color: #ffcc00;\">Dr Jean-Eudes Bourcier<br \/>\nLeiter der Notaufnahme des Krankenzentrums von Lourdes <\/span><\/strong><\/p>\n<p>&nbsp;<\/p>\n<p><img loading=\"lazy\" decoding=\"async\" class=\"alignleft wp-image-470429\" src=\"https:\/\/www.lourdes-france.org\/wp-content\/uploads\/2021\/01\/JDL_Vignette_Dr-Joe-O-Dywer-300x300.png\" alt=\"\" width=\"88\" height=\"88\" srcset=\"https:\/\/www.lourdes-france.org\/wp-content\/uploads\/2021\/01\/JDL_Vignette_Dr-Joe-O-Dywer.png 300w, https:\/\/www.lourdes-france.org\/wp-content\/uploads\/2021\/01\/JDL_Vignette_Dr-Joe-O-Dywer-150x150.png 150w, https:\/\/www.lourdes-france.org\/wp-content\/uploads\/2021\/01\/JDL_Vignette_Dr-Joe-O-Dywer-280x280.png 280w\" sizes=\"(max-width: 88px) 100vw, 88px\" \/><strong><span style=\"color: #ffcc00;\">Dr Joe O\u2019 Dwyer Facharzt f\u00fcr An\u00e4sthesie der Wallfahrt von Arundel &amp; Brighton &amp; (BLMA British Lourdes Association)<\/span><\/strong><\/p>\n<p>&nbsp;<\/p>\n<p>&nbsp;<\/p>\n<p><img loading=\"lazy\" decoding=\"async\" class=\"wp-image-470351 alignleft\" src=\"https:\/\/www.lourdes-france.org\/wp-content\/uploads\/2021\/01\/JDL_Vignette_Alain-Baty-300x300.png\" alt=\"\" width=\"88\" height=\"88\" srcset=\"https:\/\/www.lourdes-france.org\/wp-content\/uploads\/2021\/01\/JDL_Vignette_Alain-Baty.png 300w, https:\/\/www.lourdes-france.org\/wp-content\/uploads\/2021\/01\/JDL_Vignette_Alain-Baty-150x150.png 150w, https:\/\/www.lourdes-france.org\/wp-content\/uploads\/2021\/01\/JDL_Vignette_Alain-Baty-280x280.png 280w\" sizes=\"(max-width: 88px) 100vw, 88px\" \/><strong><span style=\"color: #ffcc00;\">Dr Alain Baty<br \/>\nAllgemeinmediziner<br \/>\nPr\u00e4sident der APHF<\/span><\/strong><\/p>\n<p>&nbsp;<\/p>\n<p><img loading=\"lazy\" decoding=\"async\" class=\"alignleft wp-image-470435\" src=\"https:\/\/www.lourdes-france.org\/wp-content\/uploads\/2021\/01\/JDL_Vignette_Dr-Xavier-Santos-Heredero-300x300.png\" alt=\"\" width=\"88\" height=\"88\" srcset=\"https:\/\/www.lourdes-france.org\/wp-content\/uploads\/2021\/01\/JDL_Vignette_Dr-Xavier-Santos-Heredero.png 300w, https:\/\/www.lourdes-france.org\/wp-content\/uploads\/2021\/01\/JDL_Vignette_Dr-Xavier-Santos-Heredero-150x150.png 150w, https:\/\/www.lourdes-france.org\/wp-content\/uploads\/2021\/01\/JDL_Vignette_Dr-Xavier-Santos-Heredero-280x280.png 280w\" sizes=\"(max-width: 88px) 100vw, 88px\" \/><strong><span style=\"color: #ffcc00;\">Dr Xavier Santos Heredero<br \/>\nChirurg und verantwortlicher Arzt des Hospitals von Madrid. (Spanien) <\/span><\/strong><\/p>\n<p>&nbsp;<\/p>\n<p><img loading=\"lazy\" decoding=\"async\" class=\"alignleft wp-image-470441\" src=\"https:\/\/www.lourdes-france.org\/wp-content\/uploads\/2021\/01\/JDL_Vignette_Dr-Federico-Baiocco-300x300.png\" alt=\"\" width=\"88\" height=\"88\" srcset=\"https:\/\/www.lourdes-france.org\/wp-content\/uploads\/2021\/01\/JDL_Vignette_Dr-Federico-Baiocco.png 300w, https:\/\/www.lourdes-france.org\/wp-content\/uploads\/2021\/01\/JDL_Vignette_Dr-Federico-Baiocco-150x150.png 150w, https:\/\/www.lourdes-france.org\/wp-content\/uploads\/2021\/01\/JDL_Vignette_Dr-Federico-Baiocco-280x280.png 280w\" sizes=\"(max-width: 88px) 100vw, 88px\" \/><strong><span style=\"color: #ffcc00;\">Dr Federico Baiocco<br \/>\nVerantwortlicher Arzt der Pilgerorganisation UNITALSI (Italie) <\/span><\/strong><\/p>\n<p>&nbsp;<\/p>\n<p><img loading=\"lazy\" decoding=\"async\" class=\"alignleft wp-image-472009\" src=\"https:\/\/www.lourdes-france.org\/wp-content\/uploads\/2021\/01\/JDL_Vignette_Dr-Dan-FIELD-300x300.png\" alt=\"\" width=\"88\" height=\"88\" srcset=\"https:\/\/www.lourdes-france.org\/wp-content\/uploads\/2021\/01\/JDL_Vignette_Dr-Dan-FIELD.png 300w, https:\/\/www.lourdes-france.org\/wp-content\/uploads\/2021\/01\/JDL_Vignette_Dr-Dan-FIELD-150x150.png 150w, https:\/\/www.lourdes-france.org\/wp-content\/uploads\/2021\/01\/JDL_Vignette_Dr-Dan-FIELD-280x280.png 280w\" sizes=\"(max-width: 88px) 100vw, 88px\" \/><strong><span style=\"color: #ffcc00;\">Dr Dan Field<br \/>\nVerantwortlicher Wallfahrtsarzt<br \/>\n(Malteserorden USA)<\/span><\/strong><\/p>\n<p>&nbsp;<\/p>\n<p><img loading=\"lazy\" decoding=\"async\" class=\"alignleft wp-image-472015\" src=\"https:\/\/www.lourdes-france.org\/wp-content\/uploads\/2021\/01\/JDL_Vignette_Dr-Janine-MAGG-300x300.png\" alt=\"\" width=\"88\" height=\"88\" srcset=\"https:\/\/www.lourdes-france.org\/wp-content\/uploads\/2021\/01\/JDL_Vignette_Dr-Janine-MAGG.png 300w, https:\/\/www.lourdes-france.org\/wp-content\/uploads\/2021\/01\/JDL_Vignette_Dr-Janine-MAGG-150x150.png 150w, https:\/\/www.lourdes-france.org\/wp-content\/uploads\/2021\/01\/JDL_Vignette_Dr-Janine-MAGG-280x280.png 280w\" sizes=\"(max-width: 88px) 100vw, 88px\" \/><strong><span style=\"color: #ffcc00;\">Dr Janine Magg<br \/>\nVerantwortlicher Kinderarzt der Wallfahrt f\u00fcr kranke Kinder \u201eKinderzug\u201c (Deutschland)<\/span><\/strong><\/p>\n<p>&nbsp;<\/p>\n\t\t\t\t\t\t\t\t<\/div>\n\t\t\t\t<\/div>\n\t\t\t\t\t<\/div>\n\t\t<\/div>\n\t\t\t\t\t<\/div>\n\t\t<\/section>\n\t\t\t\t<\/div>\n\t\t","protected":false},"excerpt":{"rendered":"<p>Die Lourdes-Tage 2021 PROGRAMM Live Donnerstag, 11. Februar &#8211; Kirche St-BERNADETTE 08:45: Er\u00f6ffnungsgebet 9:00 : Plenum \/ Pastoral-Leitlinien f\u00fcr die Wallfahrtsst\u00e4tte von Lourdes Video Jahresr\u00fcckblick 2020 Die neuen Statuten der Wallfahrtsst\u00e4tte Weihbischof A. He\u0301rouard Apostolischer Delegat f\u00fcr die Wallfahrtsst\u00e4tte von &hellip; <a href=\"https:\/\/www.lourdes-france.org\/de\/programme-journees-de-lourdes-2021\/\">Weiter<\/a><\/p>\n","protected":false},"author":7,"featured_media":0,"parent":0,"menu_order":0,"comment_status":"closed","ping_status":"closed","template":"modele-jdl.php","meta":{"_acf_changed":false,"footnotes":""},"class_list":["post-459392","page","type-page","status-publish","hentry"],"acf":[],"yoast_head":"<!-- This site is optimized with the Yoast SEO plugin v24.7 - https:\/\/yoast.com\/wordpress\/plugins\/seo\/ -->\n<title>Programme Journ\u00e9es de Lourdes 2021<\/title>\n<meta name=\"robots\" content=\"index, follow, max-snippet:-1, max-image-preview:large, max-video-preview:-1\" \/>\n<link rel=\"canonical\" href=\"https:\/\/www.lourdes-france.org\/de\/programme-journees-de-lourdes-2021\/\" \/>\n<meta name=\"twitter:label1\" content=\"Gesch\u00e4tzte Lesezeit\" \/>\n\t<meta name=\"twitter:data1\" content=\"4\u00a0Minuten\" \/>\n<script type=\"application\/ld+json\" class=\"yoast-schema-graph\">{\"@context\":\"https:\/\/schema.org\",\"@graph\":[{\"@type\":\"WebPage\",\"@id\":\"https:\/\/www.lourdes-france.org\/de\/programme-journees-de-lourdes-2021\/\",\"url\":\"https:\/\/www.lourdes-france.org\/de\/programme-journees-de-lourdes-2021\/\",\"name\":\"Programme Journ\u00e9es de Lourdes 2021\",\"isPartOf\":{\"@id\":\"https:\/\/preprod-lourdes.cawita.com\/#website\"},\"primaryImageOfPage\":{\"@id\":\"https:\/\/www.lourdes-france.org\/de\/programme-journees-de-lourdes-2021\/#primaryimage\"},\"image\":{\"@id\":\"https:\/\/www.lourdes-france.org\/de\/programme-journees-de-lourdes-2021\/#primaryimage\"},\"thumbnailUrl\":\"https:\/\/www.lourdes-france.org\/wp-content\/uploads\/2021\/01\/2a05800e17d2487edbd5710a63f9261b-300x137.png\",\"datePublished\":\"2020-12-29T10:02:16+00:00\",\"dateModified\":\"2021-02-16T10:53:13+00:00\",\"breadcrumb\":{\"@id\":\"https:\/\/www.lourdes-france.org\/de\/programme-journees-de-lourdes-2021\/#breadcrumb\"},\"inLanguage\":\"de\",\"potentialAction\":[{\"@type\":\"ReadAction\",\"target\":[\"https:\/\/www.lourdes-france.org\/de\/programme-journees-de-lourdes-2021\/\"]}]},{\"@type\":\"ImageObject\",\"inLanguage\":\"de\",\"@id\":\"https:\/\/www.lourdes-france.org\/de\/programme-journees-de-lourdes-2021\/#primaryimage\",\"url\":\"https:\/\/www.lourdes-france.org\/wp-content\/uploads\/2021\/01\/2a05800e17d2487edbd5710a63f9261b-300x137.png\",\"contentUrl\":\"https:\/\/www.lourdes-france.org\/wp-content\/uploads\/2021\/01\/2a05800e17d2487edbd5710a63f9261b-300x137.png\"},{\"@type\":\"BreadcrumbList\",\"@id\":\"https:\/\/www.lourdes-france.org\/de\/programme-journees-de-lourdes-2021\/#breadcrumb\",\"itemListElement\":[{\"@type\":\"ListItem\",\"position\":1,\"name\":\"Accueil\",\"item\":\"https:\/\/www.lourdes-france.org\/\"},{\"@type\":\"ListItem\",\"position\":2,\"name\":\"Programme Journ\u00e9es de Lourdes 2021\"}]},{\"@type\":\"WebSite\",\"@id\":\"https:\/\/preprod-lourdes.cawita.com\/#website\",\"url\":\"https:\/\/preprod-lourdes.cawita.com\/\",\"name\":\"Soutenir le Sanctuaire Notre-Dame de Lourdes\",\"description\":\"\",\"potentialAction\":[{\"@type\":\"SearchAction\",\"target\":{\"@type\":\"EntryPoint\",\"urlTemplate\":\"https:\/\/preprod-lourdes.cawita.com\/?s={search_term_string}\"},\"query-input\":{\"@type\":\"PropertyValueSpecification\",\"valueRequired\":true,\"valueName\":\"search_term_string\"}}],\"inLanguage\":\"de\"}]}<\/script>\n<!-- \/ Yoast SEO plugin. -->","yoast_head_json":{"title":"Programme Journ\u00e9es de Lourdes 2021","robots":{"index":"index","follow":"follow","max-snippet":"max-snippet:-1","max-image-preview":"max-image-preview:large","max-video-preview":"max-video-preview:-1"},"canonical":"https:\/\/www.lourdes-france.org\/de\/programme-journees-de-lourdes-2021\/","twitter_misc":{"Gesch\u00e4tzte Lesezeit":"4\u00a0Minuten"},"schema":{"@context":"https:\/\/schema.org","@graph":[{"@type":"WebPage","@id":"https:\/\/www.lourdes-france.org\/de\/programme-journees-de-lourdes-2021\/","url":"https:\/\/www.lourdes-france.org\/de\/programme-journees-de-lourdes-2021\/","name":"Programme Journ\u00e9es de Lourdes 2021","isPartOf":{"@id":"https:\/\/preprod-lourdes.cawita.com\/#website"},"primaryImageOfPage":{"@id":"https:\/\/www.lourdes-france.org\/de\/programme-journees-de-lourdes-2021\/#primaryimage"},"image":{"@id":"https:\/\/www.lourdes-france.org\/de\/programme-journees-de-lourdes-2021\/#primaryimage"},"thumbnailUrl":"https:\/\/www.lourdes-france.org\/wp-content\/uploads\/2021\/01\/2a05800e17d2487edbd5710a63f9261b-300x137.png","datePublished":"2020-12-29T10:02:16+00:00","dateModified":"2021-02-16T10:53:13+00:00","breadcrumb":{"@id":"https:\/\/www.lourdes-france.org\/de\/programme-journees-de-lourdes-2021\/#breadcrumb"},"inLanguage":"de","potentialAction":[{"@type":"ReadAction","target":["https:\/\/www.lourdes-france.org\/de\/programme-journees-de-lourdes-2021\/"]}]},{"@type":"ImageObject","inLanguage":"de","@id":"https:\/\/www.lourdes-france.org\/de\/programme-journees-de-lourdes-2021\/#primaryimage","url":"https:\/\/www.lourdes-france.org\/wp-content\/uploads\/2021\/01\/2a05800e17d2487edbd5710a63f9261b-300x137.png","contentUrl":"https:\/\/www.lourdes-france.org\/wp-content\/uploads\/2021\/01\/2a05800e17d2487edbd5710a63f9261b-300x137.png"},{"@type":"BreadcrumbList","@id":"https:\/\/www.lourdes-france.org\/de\/programme-journees-de-lourdes-2021\/#breadcrumb","itemListElement":[{"@type":"ListItem","position":1,"name":"Accueil","item":"https:\/\/www.lourdes-france.org\/"},{"@type":"ListItem","position":2,"name":"Programme Journ\u00e9es de Lourdes 2021"}]},{"@type":"WebSite","@id":"https:\/\/preprod-lourdes.cawita.com\/#website","url":"https:\/\/preprod-lourdes.cawita.com\/","name":"Soutenir le Sanctuaire Notre-Dame de Lourdes","description":"","potentialAction":[{"@type":"SearchAction","target":{"@type":"EntryPoint","urlTemplate":"https:\/\/preprod-lourdes.cawita.com\/?s={search_term_string}"},"query-input":{"@type":"PropertyValueSpecification","valueRequired":true,"valueName":"search_term_string"}}],"inLanguage":"de"}]}},"_links":{"self":[{"href":"https:\/\/www.lourdes-france.org\/de\/wp-json\/wp\/v2\/pages\/459392","targetHints":{"allow":["GET"]}}],"collection":[{"href":"https:\/\/www.lourdes-france.org\/de\/wp-json\/wp\/v2\/pages"}],"about":[{"href":"https:\/\/www.lourdes-france.org\/de\/wp-json\/wp\/v2\/types\/page"}],"author":[{"embeddable":true,"href":"https:\/\/www.lourdes-france.org\/de\/wp-json\/wp\/v2\/users\/7"}],"replies":[{"embeddable":true,"href":"https:\/\/www.lourdes-france.org\/de\/wp-json\/wp\/v2\/comments?post=459392"}],"version-history":[{"count":159,"href":"https:\/\/www.lourdes-france.org\/de\/wp-json\/wp\/v2\/pages\/459392\/revisions"}],"predecessor-version":[{"id":500302,"href":"https:\/\/www.lourdes-france.org\/de\/wp-json\/wp\/v2\/pages\/459392\/revisions\/500302"}],"wp:attachment":[{"href":"https:\/\/www.lourdes-france.org\/de\/wp-json\/wp\/v2\/media?parent=459392"}],"curies":[{"name":"wp","href":"https:\/\/api.w.org\/{rel}","templated":true}]}}