{"id":15839,"date":"2018-09-19T11:45:12","date_gmt":"2018-09-19T09:45:12","guid":{"rendered":"https:\/\/www.lourdes-france.org\/celebrations\/"},"modified":"2021-03-02T16:05:57","modified_gmt":"2021-03-02T15:05:57","slug":"celebraciones","status":"publish","type":"page","link":"https:\/\/www.lourdes-france.org\/es\/celebraciones\/","title":{"rendered":"Celebraciones"},"content":{"rendered":"\t\t<div data-elementor-type=\"wp-post\" data-elementor-id=\"15839\" class=\"elementor elementor-15839 elementor-15233 elementor-bc-flex-widget\" data-elementor-post-type=\"page\">\n\t\t\t\t\t\t<section class=\"elementor-section elementor-top-section elementor-element elementor-element-61459d37 elementor-section-boxed elementor-section-height-default elementor-section-height-default\" data-id=\"61459d37\" data-element_type=\"section\">\n\t\t\t\t\t\t<div class=\"elementor-container elementor-column-gap-no\">\n\t\t\t\t\t<div class=\"elementor-column elementor-col-100 elementor-top-column elementor-element elementor-element-694ea747\" data-id=\"694ea747\" data-element_type=\"column\">\n\t\t\t<div class=\"elementor-widget-wrap elementor-element-populated\">\n\t\t\t\t\t\t<div class=\"elementor-element elementor-element-1240670 liste-horizontale elementor-widget elementor-widget-wp-widget-nav_menu\" data-id=\"1240670\" data-element_type=\"widget\" data-widget_type=\"wp-widget-nav_menu.default\">\n\t\t\t\t<div class=\"elementor-widget-container\">\n\t\t\t\t\t<ul id=\"menu-es-menu-sousnav-themeannee\" class=\"menu\"><li  class=\" menu-item-31373\"><a href=\"https:\/\/www.lourdes-france.org\/es\/preparemos-nuestra-peregrinacion-a-lourdes\/\"><span>Preparemos nuestra peregrinaci\u00f3n a Lourdes<\/span><\/a><\/li>\n<li  class=\" menu-item-33377\"><a href=\"https:\/\/www.lourdes-france.org\/es\/25-de-marzo-la-senora-dijo-su-nombre-yo-soy-la-inmaculada-concepcion\/\"><span>Indulgencia<\/span><\/a><\/li>\n<li  class=\" menu-item-31371\"><a href=\"https:\/\/www.lourdes-france.org\/es\/tema-2019\/\"><span>Tema 2019<\/span><\/a><\/li>\n<li  class=\" menu-item-15857\"><a href=\"https:\/\/www.lourdes-france.org\/es\/celebraciones\/\"><span>Celebraciones<\/span><\/a><\/li>\n<\/ul>\t\t\t\t<\/div>\n\t\t\t\t<\/div>\n\t\t\t\t\t<\/div>\n\t\t<\/div>\n\t\t\t\t\t<\/div>\n\t\t<\/section>\n\t\t\t\t<section class=\"elementor-section elementor-top-section elementor-element elementor-element-3d2ff466 elementor-section-boxed elementor-section-height-default elementor-section-height-default\" data-id=\"3d2ff466\" data-element_type=\"section\">\n\t\t\t\t\t\t<div class=\"elementor-container elementor-column-gap-no\">\n\t\t\t\t\t<div class=\"elementor-column elementor-col-100 elementor-top-column elementor-element elementor-element-11d3e4b3\" data-id=\"11d3e4b3\" data-element_type=\"column\">\n\t\t\t<div class=\"elementor-widget-wrap elementor-element-populated\">\n\t\t\t\t\t\t<div class=\"elementor-element elementor-element-25827cf2 elementor-widget elementor-widget-text-editor\" data-id=\"25827cf2\" data-element_type=\"widget\" data-widget_type=\"text-editor.default\">\n\t\t\t\t<div class=\"elementor-widget-container\">\n\t\t\t\t\t\t\t\t\t<p><strong>R\/ Bernadita, contigo vamos ya hacia el fulgor de Dios !<br \/><\/strong><br \/>C.3- Contigo, vamos a beber al manatial<br \/>que brota siempre del costado del Se\u00f1or ! <strong>R\/<br \/><\/strong><br \/>C.4- Contigo vamos al banquete del Se\u00f1or<br \/>en el que el pan del cielo a todos se nos da ! <strong>R\/<br \/><\/strong><br \/>(Evocaci\u00f3n de la primera aparici\u00f3n.)<\/p>\t\t\t\t\t\t\t\t<\/div>\n\t\t\t\t<\/div>\n\t\t\t\t<div class=\"elementor-element elementor-element-5a812281 elementor-widget elementor-widget-text-editor\" data-id=\"5a812281\" data-element_type=\"widget\" data-widget_type=\"text-editor.default\">\n\t\t\t\t<div class=\"elementor-widget-container\">\n\t\t\t\t\t\t\t\t\t<p>11 de febrero de 1858. Bernardita, hija de pobres, no lo sabe todav\u00eda, pero la est\u00e1n esperando.<br \/>Mientras que llega delante del agujero negro de la roca, obligada a pararse porque no puede entrar<br \/>con los pies descalzos en el agua helada del canal, oye \u00abun ruido como una r\u00e1faga de viento\u00bb,<br \/>despu\u00e9s ve una luz que toma forma: una joven se\u00f1ora, \u00abtan joven y tan peque\u00f1a como yo\u00bb, dir\u00e1 ella.<br \/><br \/>Es el inicio de una serie de encuentros, colocadas bajo la se\u00f1al de la cruz, una bella se\u00f1al de la cruz<br \/>que hizo la Se\u00f1ora, <i>\u00aben el nombre del Padre, del Hijo y del Esp\u00edritu Santo\u00bb<\/i>: misterio de un Dios loco de<br \/>amor que se revela por la muerte en una Cruz, misterio de un amor que triunfa de la muerte.<br \/><br \/>Dios abre su coraz\u00f3n y nos invita, aqu\u00ed a trav\u00e9s de Mar\u00eda, para un nuevo brote de ese r\u00edo de amor y<br \/>vida, que fluye del costado abierto de Jes\u00fas en la cruz.<\/p>\t\t\t\t\t\t\t\t<\/div>\n\t\t\t\t<\/div>\n\t\t\t\t<div class=\"elementor-element elementor-element-4ac2f554 elementor-widget elementor-widget-text-editor\" data-id=\"4ac2f554\" data-element_type=\"widget\" data-widget_type=\"text-editor.default\">\n\t\t\t\t<div class=\"elementor-widget-container\">\n\t\t\t\t\t\t\t\t\t<h2><span style=\"color: #e8a700;\">En el nombre del Padre, del Hijo y del Esp\u00edritu Santo. AM\u00c9N.<\/span><\/h2>\t\t\t\t\t\t\t\t<\/div>\n\t\t\t\t<\/div>\n\t\t\t\t<div class=\"elementor-element elementor-element-4bbc46a3 elementor-widget elementor-widget-text-editor\" data-id=\"4bbc46a3\" data-element_type=\"widget\" data-widget_type=\"text-editor.default\">\n\t\t\t\t<div class=\"elementor-widget-container\">\n\t\t\t\t\t\t\t\t\t<p>(<strong>Primera etapa<\/strong>. La alegr\u00eda del Encuentro.)<br \/><br \/>Nuestro Dios es familia y quiere hacer de los hombres dispersados por el pecado, una familia reunida<br \/>por el amor. No nos conocemos, no tenemos la misma edad, la misma raza, la misma clase,&#8230;<br \/>Nuestras diferencias se convierten en riqueza compartida.<br \/><br \/><i>\u00ab\u00bfQuiere hacerme el favor de venir aqu\u00ed durante quince d\u00edas?\u00bb<\/i> Fue la primera persona que le trat\u00f3 de<br \/>usted, la primera sin dudas en pedirle un favor (Bernardita ten\u00eda que pedir siempre, y ahora ella<br \/>puede dar.) <i>\u00abMe miraba como una persona que habla con otra persona.\u00bb<\/i> Es tan sencillo, \u00a1y tan poco<br \/>com\u00fan!<br \/><br \/>Bernardita promete venir y la joven Se\u00f1ora hace al mismo tiempo una promesa: \u00abNo le prometo la<br \/>felicidad en este mundo sino en el otro\u00bb. Bernardita descubrir\u00e1 el mundo del amor, donde incluso el<br \/>sufrimiento no impide la felicidad. Una vida dif\u00edcil donde las heridas del cuerpo, del alma o del<br \/>coraz\u00f3n o incluso el mismo pecado, pueden permitir incorporarnos al Coraz\u00f3n de Jes\u00fas herido por el<br \/>amor.<\/p>\t\t\t\t\t\t\t\t<\/div>\n\t\t\t\t<\/div>\n\t\t\t\t<div class=\"elementor-element elementor-element-6abff6a elementor-widget elementor-widget-text-editor\" data-id=\"6abff6a\" data-element_type=\"widget\" data-widget_type=\"text-editor.default\">\n\t\t\t\t<div class=\"elementor-widget-container\">\n\t\t\t\t\t\t\t\t\t<p><em>Estamos invitados a compartir un gesto de saludo fraterno, en la gracia del encuentro de<\/em><br \/><em>Mar\u00eda con Bernardita: \u00abMe miraba como una persona que habla a otra persona\u00bb.<\/em><\/p>\t\t\t\t\t\t\t\t<\/div>\n\t\t\t\t<\/div>\n\t\t\t\t<div class=\"elementor-element elementor-element-26b5732 elementor-widget elementor-widget-text-editor\" data-id=\"26b5732\" data-element_type=\"widget\" data-widget_type=\"text-editor.default\">\n\t\t\t\t<div class=\"elementor-widget-container\">\n\t\t\t\t\t\t\t\t\t<h2 style=\"font-variant-ligatures: normal; font-variant-caps: normal; font-style: normal; text-align: start;\"><span style=\"font-size: 26px; color: #e8a700;\">CANCI\u00d3N del tema de Lourdes 2019<\/span><\/h2>\t\t\t\t\t\t\t\t<\/div>\n\t\t\t\t<\/div>\n\t\t\t\t<div class=\"elementor-element elementor-element-e7e8c03 elementor-widget elementor-widget-text-editor\" data-id=\"e7e8c03\" data-element_type=\"widget\" data-widget_type=\"text-editor.default\">\n\t\t\t\t<div class=\"elementor-widget-container\">\n\t\t\t\t\t\t\t\t\t<p>1- Dichosos los pobres<br \/>si el Amor abre su coraz\u00f3n,<br \/>ya que Dios se despoj\u00f3 ,<br \/>para as\u00ed su esperanza colmar.<br \/><br \/><strong>R\/ Alegres estad, de gozo exultad pues en el cielo Dios os recompensar\u00e1! (bis)<br \/><\/strong><br \/>2- Dichosos los pobres<br \/>Pues el hambre movi\u00f3 su af\u00e1n,<br \/>Jes\u00fas una mesa os prepar\u00f3,<br \/>Y tambi\u00e9n invit\u00f3.<\/p>\t\t\t\t\t\t\t\t<\/div>\n\t\t\t\t<\/div>\n\t\t\t\t<div class=\"elementor-element elementor-element-10fcd38 elementor-widget elementor-widget-text-editor\" data-id=\"10fcd38\" data-element_type=\"widget\" data-widget_type=\"text-editor.default\">\n\t\t\t\t<div class=\"elementor-widget-container\">\n\t\t\t\t\t\t\t\t\t<p>(<strong>Segunda etapa<\/strong>. Operaci\u00f3n verdad.)<br \/><br \/>El amor no puede encerrarse en s\u00ed mismo. Enseguida se invita a Bernardita a beber y lavarse en la<br \/>fuente. Para ello tiene que escarbar en el barro acumulado en el fondo de la gruta, hasta encontrar<br \/>un charco de agua sucia que lleva con dificultad a la boca, y con el que se ensucia la cara. Besa el<br \/>suelo y come algunas matas de berros salvajes. \u00a1Todos piensan que se ha vuelto loca!<br \/><br \/>Pero ella va a explicarse. \u00a1La Se\u00f1ora estaba tan triste! Parec\u00eda que llevaba sobre los hombros toda la<br \/>miseria del mundo. Me dijo: <i>\u00ab\u00a1Penitencia! \u00a1Penitencia! \u00a1Penitencia!&#8230; \u00a1Por los pecadores!\u00bb<\/i> \u00a1Los<br \/>pecadores! \u00a1Esos hombres que han cortado los lazos que los manten\u00edan de pie, y que caen a cuatro<br \/>patas como los animales, que comen hierba y se revuelcan en el barro!<br \/><br \/>Sentimos tanto sufrimiento en nuestra propia vida, en la vida de nuestros semejantes, en la vida de la<br \/>Iglesia y del mundo. La peor de las miserias es la que nos ahoga el coraz\u00f3n y le vuelve incapaz de<br \/>amar: es la miseria del pecado que Dios quiere curar d\u00e1ndonos la ternura de Mar\u00eda.<br \/><br \/>Ya no tenemos miedo del barro, porque en el fondo del barro ya no hay barro, se encuentra la fuente.<br \/>En el fondo del pecado ya no hay pecado sino misericordia y perd\u00f3n. Dios Amor no ha olvidado que<br \/>nos dijo: <i>Yo te bautizo<\/i>. Viene para decirnos de nuevo: <i>Yo te perdono<\/i>. En la gracia de nuestra<br \/>peregrinaci\u00f3n el Se\u00f1or quiere ampliar el espacio de nuestro coraz\u00f3n, quiere que por nosotros,<br \/>pecadores perdonados, se reconcilie una familia en el amor.<\/p>\t\t\t\t\t\t\t\t<\/div>\n\t\t\t\t<\/div>\n\t\t\t\t<div class=\"elementor-element elementor-element-a9e8665 elementor-widget elementor-widget-text-editor\" data-id=\"a9e8665\" data-element_type=\"widget\" data-widget_type=\"text-editor.default\">\n\t\t\t\t<div class=\"elementor-widget-container\">\n\t\t\t\t\t\t\t\t\t<p><em>Nos van a invitar a hacer un gesto un poco singular: el que Mar\u00eda pidi\u00f3 a Bernardita y que<\/em><br \/><em>escandaliz\u00f3 a los primeros testigos; meter las manos en el barro, incluso ensuciarnos la cara,<\/em><br \/><em>beber\u2026<br \/><\/em><br \/><em>A continuaci\u00f3n nos dejaremos lavar por uno de nuestros hermanos. Seremos purificados,<\/em><br \/><em>curados unos por otros. Efectivamente, es por el coraz\u00f3n del otro que el Coraz\u00f3n de Dios<\/em><br \/><em>llega a nosotros. Y pasando por el abandono amoroso en el Coraz\u00f3n del Se\u00f1or llegaremos al<\/em><br \/><em>coraz\u00f3n de nuestros hermanos.<br \/><\/em><br \/><em>Los gestos de Bernardita no son verdaderamente nuevos. El Evangelio de Jes\u00fas nos precede<\/em><br \/><em>en el camino de la conversi\u00f3n, para hacernos pasar de la miseria del pecado a una vida<\/em><br \/><em>reconciliada en la riqueza de su amor.<\/em><\/p>\t\t\t\t\t\t\t\t<\/div>\n\t\t\t\t<\/div>\n\t\t\t\t<div class=\"elementor-element elementor-element-1ea002d elementor-widget elementor-widget-text-editor\" data-id=\"1ea002d\" data-element_type=\"widget\" data-widget_type=\"text-editor.default\">\n\t\t\t\t<div class=\"elementor-widget-container\">\n\t\t\t\t\t\t\t\t\t<h2 style=\"font-variant-ligatures: normal; font-variant-caps: normal; font-style: normal; text-align: start;\"><span style=\"font-size: 26px; color: #e8a700;\">Aleluya irland\u00e9s<\/span><\/h2>\t\t\t\t\t\t\t\t<\/div>\n\t\t\t\t<\/div>\n\t\t\t\t<div class=\"elementor-element elementor-element-8fbbd73 elementor-widget elementor-widget-testimonial\" data-id=\"8fbbd73\" data-element_type=\"widget\" data-widget_type=\"testimonial.default\">\n\t\t\t\t<div class=\"elementor-widget-container\">\n\t\t\t\t\t\t\t<div class=\"elementor-testimonial-wrapper\">\n\t\t\t\n\t\t\t\t\t\t<div class=\"elementor-testimonial-meta elementor-has-image elementor-testimonial-image-position-aside\">\n\t\t\t\t<div class=\"elementor-testimonial-meta-inner\">\n\t\t\t\t\t\t\t\t\t\t\t<div class=\"elementor-testimonial-image\">\n\t\t\t\t\t\t\t<img decoding=\"async\" width=\"150\" height=\"150\" src=\"https:\/\/www.lourdes-france.org\/wp-content\/uploads\/2018\/09\/JN_DL_C_003_L-e0937-150x150.jpg\" class=\"attachment-thumbnail size-thumbnail wp-image-15377\" alt=\"\" srcset=\"https:\/\/www.lourdes-france.org\/wp-content\/uploads\/2018\/09\/JN_DL_C_003_L-e0937-150x150.jpg 150w, https:\/\/www.lourdes-france.org\/wp-content\/uploads\/2018\/09\/JN_DL_C_003_L-e0937-45x45.jpg 45w\" sizes=\"(max-width: 150px) 100vw, 150px\" \/>\t\t\t\t\t\t<\/div>\n\t\t\t\t\t\n\t\t\t\t\t\t\t\t\t\t<div class=\"elementor-testimonial-details\">\n\t\t\t\t\t\t\t\t\t\t\t\t\t\t<div class=\"elementor-testimonial-name\">San-Juan<\/div>\n\t\t\t\t\t\t\t\t\t\t\t\t\t\t\t\t\t\t\t\t\t\t<div class=\"elementor-testimonial-job\">Lectura del Santo Evangelio seg\u00fan San Juan (Jn 9, 1-3.6-9.13-17.34-38)<\/div>\n\t\t\t\t\t\t\t\t\t\t\t\t\t<\/div>\n\t\t\t\t\t\t\t\t\t<\/div>\n\t\t\t<\/div>\n\t\t\t\t\t<\/div>\n\t\t\t\t\t\t<\/div>\n\t\t\t\t<\/div>\n\t\t\t\t<div class=\"elementor-element elementor-element-a532f8b elementor-widget elementor-widget-text-editor\" data-id=\"a532f8b\" data-element_type=\"widget\" data-widget_type=\"text-editor.default\">\n\t\t\t\t<div class=\"elementor-widget-container\">\n\t\t\t\t\t\t\t\t\t<p>Y al pasar, vio Jes\u00fas a un hombre ciego de nacimiento. Y sus disc\u00edpulos le preguntaron: \u00abMaestro,<br \/>\u00bfqui\u00e9n pec\u00f3: este o sus padres, para que naciera ciego?\u00bb. Jes\u00fas contest\u00f3: \u00abNi este pec\u00f3 ni sus<br \/>padres, sino para que se manifiesten en \u00e9l las obras de Dios.<br \/><br \/>Dicho esto, escupi\u00f3 en la tierra, hizo barro con la saliva, se lo unt\u00f3 en los ojos al ciego, y le dijo: \u00abVe<br \/>a lavarte a la piscina de Silo\u00e9 (que significa Enviado)\u00bb. \u00c9l fue, se lav\u00f3, y volvi\u00f3 con vista. Y los vecinos<br \/>y los que antes sol\u00edan verlo pedir limosna preguntaban: \u00ab \u00bfNo es ese el que se sentaba a pedir?\u00bb.<br \/>Unos dec\u00edan: \u00abEl mismo\u00bb. Otros dec\u00edan: \u00abNo es \u00e9l, pero se le parece\u00bb. \u00c9l respond\u00eda: \u00abSoy yo\u00bb.<br \/><br \/>Llevaron ante los fariseos al que hab\u00eda sido ciego. Era s\u00e1bado el d\u00eda que Jes\u00fas hizo barro y le abri\u00f3 los<br \/>ojos. Tambi\u00e9n los fariseos le preguntaban c\u00f3mo hab\u00eda adquirido la vista. \u00c9l les contest\u00f3: \u00abMe puso<br \/>barro en los ojos, me lav\u00e9 y veo\u00bb. Algunos de los fariseos comentaban: \u00abEste hombre no viene de<br \/>Dios, porque no guarda el s\u00e1bado\u00bb. Otros replicaban: \u00ab \u00bfC\u00f3mo puede un pecador hacer semejantes<br \/>signos?\u00bb. Y estaban divididos. Y volvieron a preguntarle al ciego: \u00abY t\u00fa, \u00bfqu\u00e9 dices del que te ha<br \/>abierto los ojos?\u00bb. \u00c9l contest\u00f3: \u00abQue es un profeta\u00bb.<br \/><br \/>Le replicaron: \u00abHas nacido completamente empecatado, \u00bfy nos vas a dar lecciones a nosotros?\u00bb. Y<br \/>lo expulsaron.<br \/><br \/>Oy\u00f3 Jes\u00fas que lo hab\u00edan expulsado, lo encontr\u00f3 y le dijo: \u00ab \u00bfCrees t\u00fa en el Hijo del hombre?\u00bb. 36 \u00c9l<br \/>contest\u00f3: \u00ab \u00bfY qui\u00e9n es, Se\u00f1or, para que crea en \u00e9l?\u00bb. Jes\u00fas le dijo: \u00abLo est\u00e1s viendo: el que te est\u00e1<br \/>hablando, ese es\u00bb. \u00c9l dijo: \u00abCreo, Se\u00f1or\u00bb. Y se postr\u00f3 ante \u00e9l.<br \/><br \/>Palabra del Se\u00f1or.<\/p>\t\t\t\t\t\t\t\t<\/div>\n\t\t\t\t<\/div>\n\t\t\t\t<div class=\"elementor-element elementor-element-9e7f20b elementor-widget elementor-widget-text-editor\" data-id=\"9e7f20b\" data-element_type=\"widget\" data-widget_type=\"text-editor.default\">\n\t\t\t\t<div class=\"elementor-widget-container\">\n\t\t\t\t\t\t\t\t\t<p>Bernardita no tiene miedo del barro. Nunca olvid\u00f3 su pobreza y miseria. Muri\u00f3 diciendo: \u00abRecen por<br \/>m\u00ed, pobre pecadora&#8230;\u00bb.<br \/><br \/>Pero Bernardita nunca olvid\u00f3 la mirada de Mar\u00eda: sabe que hay en ella una parte inmaculada que no<br \/>ser\u00e1 nunca destruida por el pecado o la muerte. All\u00ed donde nos reconocemos pecadores, viene a<br \/>nosotros la misericordia, el perd\u00f3n de Dios que nos hace renacer.<br \/><br \/>Es la gracia de la confianza la que nos permite acercarnos al sacramento de la Reconciliaci\u00f3n.<br \/>Solidarios de la miseria y del pecado del mundo, comunicamos la alegr\u00eda de la fuente de agua viva<br \/>que se nos ofrece gratuitamente.<\/p>\t\t\t\t\t\t\t\t<\/div>\n\t\t\t\t<\/div>\n\t\t\t\t<div class=\"elementor-element elementor-element-713d448 elementor-widget elementor-widget-text-editor\" data-id=\"713d448\" data-element_type=\"widget\" data-widget_type=\"text-editor.default\">\n\t\t\t\t<div class=\"elementor-widget-container\">\n\t\t\t\t\t\t\t\t\t<p><em>Si podemos ir juntos a la Gruta para lavarnos, tambi\u00e9n podremos prolongar nuestra acci\u00f3n<\/em><br \/><em>llevando una vela a la capilla de luz. As\u00ed uniendo esos dos signos de la vida nueva: el agua y<\/em><br \/><em>la luz, que nos introducen en el ambiente de nuestro bautismo.<\/em><\/p>\t\t\t\t\t\t\t\t<\/div>\n\t\t\t\t<\/div>\n\t\t\t\t<div class=\"elementor-element elementor-element-72eb527 elementor-widget elementor-widget-text-editor\" data-id=\"72eb527\" data-element_type=\"widget\" data-widget_type=\"text-editor.default\">\n\t\t\t\t<div class=\"elementor-widget-container\">\n\t\t\t\t\t\t\t\t\t<p><em>\u00abOh pobreza, fuente de riqueza\u2026 Jes\u00fas, dadnos un coraz\u00f3n de pobre\u00bb<\/em> <br \/>(Refr\u00e1n de<br \/>Taiz\u00e9)<\/p>\t\t\t\t\t\t\t\t<\/div>\n\t\t\t\t<\/div>\n\t\t\t\t<div class=\"elementor-element elementor-element-a0d5e88 elementor-widget elementor-widget-text-editor\" data-id=\"a0d5e88\" data-element_type=\"widget\" data-widget_type=\"text-editor.default\">\n\t\t\t\t<div class=\"elementor-widget-container\">\n\t\t\t\t\t\t\t\t\t<p><em>Si nos quedamos en el mismo lugar despu\u00e9s de haber metido las manos en el barro, ser\u00eda algo<\/em><br \/><em>muy bonito recibir el agua de parte de un hermano o hermana, nos har\u00eda entrar de esa<\/em><br \/><em>manera en la gracia de la curaci\u00f3n con la ayuda de una vida fraternal.<\/em><\/p>\t\t\t\t\t\t\t\t<\/div>\n\t\t\t\t<\/div>\n\t\t\t\t<div class=\"elementor-element elementor-element-4fe0dd5 elementor-widget elementor-widget-text-editor\" data-id=\"4fe0dd5\" data-element_type=\"widget\" data-widget_type=\"text-editor.default\">\n\t\t\t\t<div class=\"elementor-widget-container\">\n\t\t\t\t\t\t\t\t\t<p>M\u00fasica o canci\u00f3n meditativa, durante nuestra acci\u00f3n.<br \/>Tambi\u00e9n se pueden utilizar las palabras de Bernardita propuestas despu\u00e9s de la tercera etapa.<\/p>\t\t\t\t\t\t\t\t<\/div>\n\t\t\t\t<\/div>\n\t\t\t\t<div class=\"elementor-element elementor-element-79480e9 elementor-widget elementor-widget-text-editor\" data-id=\"79480e9\" data-element_type=\"widget\" data-widget_type=\"text-editor.default\">\n\t\t\t\t<div class=\"elementor-widget-container\">\n\t\t\t\t\t\t\t\t\t<p>C.1- Yo vi manar el agua viva del Se\u00f1or, Aleluya! (bis)<br \/>Los que se laven en ella vivir\u00e1n y cantar\u00e1n: Aleluya ! (bis)<br \/>Aleluya! (bis) Aleluya ! (bis) Aleluya ! (bis) Aleluya ! (bis)<br \/><br \/>C.2- Yo vi que Cristo nos dej\u00f3 la paz de Dios, Aleluya! (bis)<br \/>Quien cree en \u00c9l, por su amor se salvar\u00e1, Aleluya! (bis)<\/p>\t\t\t\t\t\t\t\t<\/div>\n\t\t\t\t<\/div>\n\t\t\t\t<div class=\"elementor-element elementor-element-9155f97 elementor-widget elementor-widget-text-editor\" data-id=\"9155f97\" data-element_type=\"widget\" data-widget_type=\"text-editor.default\">\n\t\t\t\t<div class=\"elementor-widget-container\">\n\t\t\t\t\t\t\t\t\t<p><b>(Tercera etapa<\/b>. Construir una capilla, venir en procesi\u00f3n.)<\/p><p>Bernardita tiene que hacer un recado a los sacerdotes: que se construya una capilla y que se venga en<br \/>procesi\u00f3n. Si hemos recibido la Buena Nueva, nos hacemos juntos mensajeros del amor que salva y<br \/>libera.<\/p><p>Estamos invitados a despertar a los sacerdotes, a despertar a la Iglesia para que suscite el nacimiento<br \/>de capillas peque\u00f1as, peque\u00f1as casas-Iglesia, o iglesias dom\u00e9sticas, peque\u00f1as fraternidades<br \/>misioneras en las que se comparten las alegr\u00edas del Esp\u00edritu actuando en nuestro mundo, donde<br \/>retomamos fuerzas tambi\u00e9n para preparar y seguir el trabajo del Esp\u00edritu all\u00ed donde vivimos.<\/p><p>En Lourdes descubrimos la alegr\u00eda de una Iglesia-familia, cuya madre y modelo es Mar\u00eda que aqu\u00ed se<br \/>nombr\u00f3 como <i>\u00abLa Inmaculada Concepci\u00f3n\u00bb<\/i>, la transparencia pura de una Vida, de un Amor que se<br \/>hace carne en ella y que va a dar al mundo. Mar\u00eda dice su nombre el 25 de marzo, d\u00eda en el que Jes\u00fas<br \/>empieza a existir en su seno. Lo que nace es peque\u00f1o, se nos conf\u00eda lo que nace como un beb\u00e9.<br \/><br \/>Bernardita se acuerda y lo escribe en una carta del 22 de agosto de 1864: \u00abElla ten\u00eda los ojos azules\u00bb,<br \/>color del nacimiento.<\/p>\t\t\t\t\t\t\t\t<\/div>\n\t\t\t\t<\/div>\n\t\t\t\t<div class=\"elementor-element elementor-element-c0f2e3a elementor-widget elementor-widget-text-editor\" data-id=\"c0f2e3a\" data-element_type=\"widget\" data-widget_type=\"text-editor.default\">\n\t\t\t\t<div class=\"elementor-widget-container\">\n\t\t\t\t\t\t\t\t\t<p><em>Se nos invita, en nuestros lugares de residencia, a unirnos en peque\u00f1as fraternidades, que nos<\/em><br \/><em>ayudar\u00e1n a descubrir la presencia de Dios en nuestras vidas y a demostrarlo: equipos de lectura del<\/em><br \/><em>Evangelio, grupos de oraci\u00f3n, fraternidades misioneras,\u2026 Miremos lo que existe, pidamos la gracia del<\/em><br \/><em>Esp\u00edritu; nos ayudar\u00e1 a crear lo que todav\u00eda no existe.<\/em><\/p>\t\t\t\t\t\t\t\t<\/div>\n\t\t\t\t<\/div>\n\t\t\t\t<div class=\"elementor-element elementor-element-08cef79 elementor-widget elementor-widget-text-editor\" data-id=\"08cef79\" data-element_type=\"widget\" data-widget_type=\"text-editor.default\">\n\t\t\t\t<div class=\"elementor-widget-container\">\n\t\t\t\t\t\t\t\t\t<p><em>Con Bernardita pidamos la gracia de vivir cada d\u00eda como reci\u00e9n nacidos, engendrados de nuevo en la<\/em><br \/><em>vida del bautismo, la vida de hijos de Dios: la doble gracia de la humildad y la confianza.<\/em><\/p>\t\t\t\t\t\t\t\t<\/div>\n\t\t\t\t<\/div>\n\t\t\t\t<div class=\"elementor-element elementor-element-928e64c elementor-widget elementor-widget-text-editor\" data-id=\"928e64c\" data-element_type=\"widget\" data-widget_type=\"text-editor.default\">\n\t\t\t\t<div class=\"elementor-widget-container\">\n\t\t\t\t\t\t\t\t\t<p>(Estas palabras de Bernardita pueden ser utilizadas para acompa\u00f1ar esta tercera etapa y<br \/>tambi\u00e9n durante el gesto del agua).<\/p>\t\t\t\t\t\t\t\t<\/div>\n\t\t\t\t<\/div>\n\t\t\t\t<div class=\"elementor-element elementor-element-f7ef27b elementor-widget elementor-widget-text-editor\" data-id=\"f7ef27b\" data-element_type=\"widget\" data-widget_type=\"text-editor.default\">\n\t\t\t\t<div class=\"elementor-widget-container\">\n\t\t\t\t\t\t\t\t\t<p>En el mes de mayo de 1866, antes de irse de Lourdes para ir a Nevers, Benardita escribe una oraci\u00f3n<br \/>que va a decir todos los d\u00edas de su vida para pedir la humildad: <i>\u00abla oraci\u00f3n a la Reina del Cielo\u00bb<\/i>:<br \/><br \/><b>ORACI\u00d3N de santa Bernardita a la Reina del Cielo<br \/><\/b><br \/>\u00a1Qu\u00e9 feliz era mi alma, oh Madre buena,<br \/>cuando ten\u00eda la suerte de contemplarte!<br \/>Cu\u00e1nto me gusta recordar<br \/>aquellos dulces momentos que pas\u00e9 bajo tus ojos,<br \/>llenos de bondad y misericordia para nosotros.<br \/><br \/>S\u00ed, tierna Madre, te has rebajado hasta la tierra<br \/>para aparecerte a una d\u00e9bil ni\u00f1a y comunicarle<br \/>ciertas cosas, a pesar de su indignidad.<br \/><br \/>Qu\u00e9 humildad propones de esta manera.<br \/>T\u00fa, Reina del Cielo y de la Tierra,<br \/>has querido servirte<br \/>de lo m\u00e1s humilde que hab\u00eda, seg\u00fan el mundo.<br \/><br \/>Oh Mar\u00eda da a aquella que se atreve a llamarse<br \/>tu hija, la preciosa virtud de la humildad.<br \/>Haz, querida Madre, que tu hija te imite en todo y para todo,<br \/>en una palabra, que sea una hija<br \/>seg\u00fan tu Coraz\u00f3n y El de tu querido Hijo.<\/p>\t\t\t\t\t\t\t\t<\/div>\n\t\t\t\t<\/div>\n\t\t\t\t<div class=\"elementor-element elementor-element-3f35cb0 elementor-widget elementor-widget-text-editor\" data-id=\"3f35cb0\" data-element_type=\"widget\" data-widget_type=\"text-editor.default\">\n\t\t\t\t<div class=\"elementor-widget-container\">\n\t\t\t\t\t\t\t\t\t<p><em>Para unirnos tambi\u00e9n nosotros a la oraci\u00f3n de Bernardita, para entrar a formar parte de la familia de<\/em><br \/><em>Mar\u00eda, para volvernos hijos de Dios y hermanos de Jes\u00fas, nos dejamos atrapar en el camino de la fe<\/em><br \/><em>sencilla, de la vida oculta del d\u00eda a d\u00eda del convento de San Gildard en Nevers. Leemos, desde las<\/em><br \/><em>primeras l\u00edneas del Cuaderno de notas \u00edntimas:<\/em><\/p><p>Volvemos a encontrar la Cruz que ha inaugurado nuestro camino, pero la cruz siempre con Jes\u00fas. Un<br \/>instrumento de tortura puede convertirse en soporte de un amor cada vez mayor.<\/p><p><b>Cuaderno de Notas intimas:<br \/><\/b><br \/>Lo que me concierne, no me concierne m\u00e1s. Debo ser, desde este momento, enteramente a Dios, y<br \/>solo a Dios.<br \/><br \/>Un poco m\u00e1s lejos: No vivir\u00e9 un instante de mi vida sin amar. El que ama hace todo sin pena, o bien<br \/>ama su pena.<br \/>O Mar\u00eda, mi tierna Madre, aqu\u00ed est\u00e1 su hija, que ya no puede m\u00e1s; mira mis necesidades y sobre todo<br \/>mis angustias; ten piedad de m\u00ed, haz que yo est\u00e9 un d\u00eda, con usted en el cielo.<br \/><br \/>Encontraremos de nuevo la Cruz que inauguro nuestro camino, pero la Cruz, siempre con Jes\u00fas. Un<br \/>instrumento de tortura puede convertirse en el apoyo de un amor cada vez m\u00e1s fuerte.<br \/><br \/>O mi Jes\u00fas, quiero seguirlo e imitarlo; prefiero ser crucificada con usted en lugar de saborear sin<br \/>usted todas las delicias del mundo.<br \/><br \/>No era nada, y, deseo nada, Jes\u00fas hizo una gran cosa. Si, ya que de alg\u00fan modo soy un Dios por la<br \/>santa comuni\u00f3n; Jes\u00fas me da su coraz\u00f3n, entonces, estoy de coraz\u00f3n a coraz\u00f3n con Jes\u00fas, esposa<br \/>de Jes\u00fas, amiga de Jes\u00fas, es decir un otro Jes\u00fas. Entonces, debo vivir de Jes\u00fas. Nuestro fin sea<br \/>sublime!<br \/><br \/>Entonces, levant\u00e9 los ojos y no vi m\u00e1s que solo a Jes\u00fas<br \/>Jes\u00fas solo por Fin,<br \/>Jes\u00fas solo por Maestro,<br \/>Jes\u00fas solo por Modelo,<br \/>Jes\u00fas solo por Gu\u00eda,<br \/>Jes\u00fas solo por Alegr\u00eda,<br \/>Jes\u00fas solo por Riqueza<br \/>Jes\u00fas solo por Amigo<br \/>Jes\u00fas, Mar\u00eda, la Cruz, no quiero otros amigos que esos!<em><br \/><\/em><\/p>\t\t\t\t\t\t\t\t<\/div>\n\t\t\t\t<\/div>\n\t\t\t\t<div class=\"elementor-element elementor-element-522e555 elementor-widget elementor-widget-text-editor\" data-id=\"522e555\" data-element_type=\"widget\" data-widget_type=\"text-editor.default\">\n\t\t\t\t<div class=\"elementor-widget-container\">\n\t\t\t\t\t\t\t\t\t<p>(Final)<br \/><br \/><em>El \u00e1ngel no se qued\u00f3 con Mar\u00eda en Nazaret, las Apariciones no duraron por siempre para Bernardita:<\/em><br \/><em>supo dejar Lourdes para vivir la vida diaria y ordinaria de Nevers; Mar\u00eda se puso en camino para ir a<\/em><br \/><em>casa de su prima Isabel. Nosotros tambi\u00e9n nos vamos, alimentados por el Evangelio que nos ha sido<\/em><br \/><em>confiado, portadores de la vida de Jes\u00fas para el mundo.<\/em><\/p>\t\t\t\t\t\t\t\t<\/div>\n\t\t\t\t<\/div>\n\t\t\t\t<div class=\"elementor-element elementor-element-d4f9fba elementor-widget elementor-widget-text-editor\" data-id=\"d4f9fba\" data-element_type=\"widget\" data-widget_type=\"text-editor.default\">\n\t\t\t\t<div class=\"elementor-widget-container\">\n\t\t\t\t\t\t\t\t\t<p>Cantemos la canci\u00f3n de acci\u00f3n de gracias de Mar\u00eda, el Magn\u00edficat de la esperanza<br \/><br \/><strong>R\/ Magnificat, magnificat anima mea Dominum.<br \/><\/strong><br \/>C.1- Proclama mi alma la grandeza del Se\u00f1or,<br \/>Se alegre mi esp\u00edritu en Dios, mi salvador. <strong>R\/<br \/><\/strong><br \/>C.2- Ha mirado la humillaci\u00f3n de su esclava:<br \/>Desde ahora me felicitaran todas las generaciones. <strong>R\/<\/strong><\/p>\t\t\t\t\t\t\t\t<\/div>\n\t\t\t\t<\/div>\n\t\t\t\t<div class=\"elementor-element elementor-element-100396c elementor-align-center elementor-widget elementor-widget-button\" data-id=\"100396c\" data-element_type=\"widget\" data-widget_type=\"button.default\">\n\t\t\t\t<div class=\"elementor-widget-container\">\n\t\t\t\t\t\t\t\t\t<div class=\"elementor-button-wrapper\">\n\t\t\t\t\t<a class=\"elementor-button elementor-button-link elementor-size-sm\" href=\"https:\/\/www.lourdes-france.org\/wp-content\/uploads\/2018\/09\/Annexe-1C\u00e9l\u00e9bration-ES.pdf\" target=\"_blank\">\n\t\t\t\t\t\t<span class=\"elementor-button-content-wrapper\">\n\t\t\t\t\t\t<span class=\"elementor-button-icon\">\n\t\t\t\t\t\t\t\t\t<i class=\"fa fa-file-pdf-o\" aria-hidden=\"true\"><\/i>\n\t\t\t\t\t\t\t<\/span>\n\t\t\t\t\t\t\t\t\t<span class=\"elementor-button-text\">PDF<\/span>\n\t\t\t\t\t<\/span>\n\t\t\t\t\t<\/a>\n\t\t\t\t<\/div>\n\t\t\t\t\t\t\t\t<\/div>\n\t\t\t\t<\/div>\n\t\t\t\t<section class=\"elementor-section elementor-inner-section elementor-element elementor-element-4d9377a elementor-section-boxed elementor-section-height-default elementor-section-height-default\" data-id=\"4d9377a\" data-element_type=\"section\">\n\t\t\t\t\t\t<div class=\"elementor-container elementor-column-gap-no\">\n\t\t\t\t\t<div class=\"elementor-column elementor-col-50 elementor-inner-column elementor-element elementor-element-785b0f0\" data-id=\"785b0f0\" data-element_type=\"column\">\n\t\t\t<div class=\"elementor-widget-wrap elementor-element-populated\">\n\t\t\t\t\t\t<div class=\"elementor-element elementor-element-f6a67f7 elementor-position-inline-start elementor-view-default elementor-mobile-position-block-start elementor-widget elementor-widget-icon-box\" data-id=\"f6a67f7\" data-element_type=\"widget\" data-widget_type=\"icon-box.default\">\n\t\t\t\t<div class=\"elementor-widget-container\">\n\t\t\t\t\t\t\t<div class=\"elementor-icon-box-wrapper\">\n\n\t\t\t\t\t\t<div class=\"elementor-icon-box-icon\">\n\t\t\t\t<a href=\"\/es\/tema-2019\" class=\"elementor-icon\" tabindex=\"-1\" aria-label=\"&lt;h2&gt;&lt;a href=&quot;\/es\/tema-2019&quot;&gt;Tema 2019&lt;\/a&gt;&lt;h2&gt;\">\n\t\t\t\t<i class=\"fa fa-arrow-left\" aria-hidden=\"true\"><\/i>\t\t\t\t<\/a>\n\t\t\t<\/div>\n\t\t\t\n\t\t\t\t\t\t<div class=\"elementor-icon-box-content\">\n\n\t\t\t\t\t\t\t\t\t<h2 class=\"elementor-icon-box-title\">\n\t\t\t\t\t\t<a href=\"\/es\/tema-2019\" >\n\t\t\t\t\t\t\t<h2><a href=\"\/es\/tema-2019\">Tema 2019<\/a><h2>\t\t\t\t\t\t<\/a>\n\t\t\t\t\t<\/h2>\n\t\t\t\t\n\t\t\t\t\n\t\t\t<\/div>\n\t\t\t\n\t\t<\/div>\n\t\t\t\t\t\t<\/div>\n\t\t\t\t<\/div>\n\t\t\t\t\t<\/div>\n\t\t<\/div>\n\t\t\t\t<div class=\"elementor-column elementor-col-50 elementor-inner-column elementor-element elementor-element-92d3110\" data-id=\"92d3110\" data-element_type=\"column\">\n\t\t\t<div class=\"elementor-widget-wrap\">\n\t\t\t\t\t\t\t<\/div>\n\t\t<\/div>\n\t\t\t\t\t<\/div>\n\t\t<\/section>\n\t\t\t\t\t<\/div>\n\t\t<\/div>\n\t\t\t\t\t<\/div>\n\t\t<\/section>\n\t\t\t\t<section class=\"elementor-section elementor-top-section elementor-element elementor-element-274b709 elementor-section-boxed elementor-section-height-default elementor-section-height-default\" data-id=\"274b709\" data-element_type=\"section\">\n\t\t\t\t\t\t<div class=\"elementor-container elementor-column-gap-default\">\n\t\t\t\t\t<div class=\"elementor-column elementor-col-100 elementor-top-column elementor-element elementor-element-47cd4c6\" data-id=\"47cd4c6\" data-element_type=\"column\">\n\t\t\t<div class=\"elementor-widget-wrap elementor-element-populated\">\n\t\t\t\t\t\t<div class=\"elementor-element elementor-element-61b8888 elementor-widget elementor-widget-spacer\" data-id=\"61b8888\" data-element_type=\"widget\" data-widget_type=\"spacer.default\">\n\t\t\t\t<div class=\"elementor-widget-container\">\n\t\t\t\t\t\t\t<div class=\"elementor-spacer\">\n\t\t\t<div class=\"elementor-spacer-inner\"><\/div>\n\t\t<\/div>\n\t\t\t\t\t\t<\/div>\n\t\t\t\t<\/div>\n\t\t\t\t\t<\/div>\n\t\t<\/div>\n\t\t\t\t\t<\/div>\n\t\t<\/section>\n\t\t\t\t<\/div>\n\t\t","protected":false},"excerpt":{"rendered":"<p>R\/ Bernadita, contigo vamos ya hacia el fulgor de Dios !C.3- Contigo, vamos a beber al manatialque brota siempre del costado del Se\u00f1or ! R\/C.4- Contigo vamos al banquete del Se\u00f1oren el que el pan del cielo a todos se &hellip; <a href=\"https:\/\/www.lourdes-france.org\/es\/celebraciones\/\">Continuar<\/a><\/p>\n","protected":false},"author":7,"featured_media":0,"parent":0,"menu_order":0,"comment_status":"closed","ping_status":"closed","template":"","meta":{"_acf_changed":false,"footnotes":""},"class_list":["post-15839","page","type-page","status-publish","hentry"],"acf":[],"yoast_head":"<!-- This site is optimized with the Yoast SEO plugin v24.7 - https:\/\/yoast.com\/wordpress\/plugins\/seo\/ -->\n<title>Celebraciones<\/title>\n<meta name=\"robots\" content=\"index, follow, max-snippet:-1, max-image-preview:large, max-video-preview:-1\" \/>\n<link rel=\"canonical\" href=\"https:\/\/preprod-lourdes.cawita.com\/es\/celebraciones\/\" \/>\n<meta name=\"twitter:label1\" content=\"Tiempo de lectura\" \/>\n\t<meta name=\"twitter:data1\" content=\"13 minutos\" \/>\n<script type=\"application\/ld+json\" class=\"yoast-schema-graph\">{\"@context\":\"https:\/\/schema.org\",\"@graph\":[{\"@type\":\"WebPage\",\"@id\":\"https:\/\/preprod-lourdes.cawita.com\/es\/celebraciones\/\",\"url\":\"https:\/\/preprod-lourdes.cawita.com\/es\/celebraciones\/\",\"name\":\"Celebraciones\",\"isPartOf\":{\"@id\":\"https:\/\/preprod-lourdes.cawita.com\/#website\"},\"primaryImageOfPage\":{\"@id\":\"https:\/\/preprod-lourdes.cawita.com\/es\/celebraciones\/#primaryimage\"},\"image\":{\"@id\":\"https:\/\/preprod-lourdes.cawita.com\/es\/celebraciones\/#primaryimage\"},\"thumbnailUrl\":\"https:\/\/www.lourdes-france.org\/wp-content\/uploads\/2018\/09\/JN_DL_C_003_L-e0937-150x150.jpg\",\"datePublished\":\"2018-09-19T09:45:12+00:00\",\"dateModified\":\"2021-03-02T15:05:57+00:00\",\"breadcrumb\":{\"@id\":\"https:\/\/preprod-lourdes.cawita.com\/es\/celebraciones\/#breadcrumb\"},\"inLanguage\":\"es\",\"potentialAction\":[{\"@type\":\"ReadAction\",\"target\":[\"https:\/\/preprod-lourdes.cawita.com\/es\/celebraciones\/\"]}]},{\"@type\":\"ImageObject\",\"inLanguage\":\"es\",\"@id\":\"https:\/\/preprod-lourdes.cawita.com\/es\/celebraciones\/#primaryimage\",\"url\":\"https:\/\/www.lourdes-france.org\/wp-content\/uploads\/2018\/09\/JN_DL_C_003_L-e0937-150x150.jpg\",\"contentUrl\":\"https:\/\/www.lourdes-france.org\/wp-content\/uploads\/2018\/09\/JN_DL_C_003_L-e0937-150x150.jpg\"},{\"@type\":\"BreadcrumbList\",\"@id\":\"https:\/\/preprod-lourdes.cawita.com\/es\/celebraciones\/#breadcrumb\",\"itemListElement\":[{\"@type\":\"ListItem\",\"position\":1,\"name\":\"Accueil\",\"item\":\"https:\/\/www.lourdes-france.org\/\"},{\"@type\":\"ListItem\",\"position\":2,\"name\":\"Celebraciones\"}]},{\"@type\":\"WebSite\",\"@id\":\"https:\/\/preprod-lourdes.cawita.com\/#website\",\"url\":\"https:\/\/preprod-lourdes.cawita.com\/\",\"name\":\"Soutenir le Sanctuaire Notre-Dame de Lourdes\",\"description\":\"\",\"potentialAction\":[{\"@type\":\"SearchAction\",\"target\":{\"@type\":\"EntryPoint\",\"urlTemplate\":\"https:\/\/preprod-lourdes.cawita.com\/?s={search_term_string}\"},\"query-input\":{\"@type\":\"PropertyValueSpecification\",\"valueRequired\":true,\"valueName\":\"search_term_string\"}}],\"inLanguage\":\"es\"}]}<\/script>\n<!-- \/ Yoast SEO plugin. -->","yoast_head_json":{"title":"Celebraciones","robots":{"index":"index","follow":"follow","max-snippet":"max-snippet:-1","max-image-preview":"max-image-preview:large","max-video-preview":"max-video-preview:-1"},"canonical":"https:\/\/preprod-lourdes.cawita.com\/es\/celebraciones\/","twitter_misc":{"Tiempo de lectura":"13 minutos"},"schema":{"@context":"https:\/\/schema.org","@graph":[{"@type":"WebPage","@id":"https:\/\/preprod-lourdes.cawita.com\/es\/celebraciones\/","url":"https:\/\/preprod-lourdes.cawita.com\/es\/celebraciones\/","name":"Celebraciones","isPartOf":{"@id":"https:\/\/preprod-lourdes.cawita.com\/#website"},"primaryImageOfPage":{"@id":"https:\/\/preprod-lourdes.cawita.com\/es\/celebraciones\/#primaryimage"},"image":{"@id":"https:\/\/preprod-lourdes.cawita.com\/es\/celebraciones\/#primaryimage"},"thumbnailUrl":"https:\/\/www.lourdes-france.org\/wp-content\/uploads\/2018\/09\/JN_DL_C_003_L-e0937-150x150.jpg","datePublished":"2018-09-19T09:45:12+00:00","dateModified":"2021-03-02T15:05:57+00:00","breadcrumb":{"@id":"https:\/\/preprod-lourdes.cawita.com\/es\/celebraciones\/#breadcrumb"},"inLanguage":"es","potentialAction":[{"@type":"ReadAction","target":["https:\/\/preprod-lourdes.cawita.com\/es\/celebraciones\/"]}]},{"@type":"ImageObject","inLanguage":"es","@id":"https:\/\/preprod-lourdes.cawita.com\/es\/celebraciones\/#primaryimage","url":"https:\/\/www.lourdes-france.org\/wp-content\/uploads\/2018\/09\/JN_DL_C_003_L-e0937-150x150.jpg","contentUrl":"https:\/\/www.lourdes-france.org\/wp-content\/uploads\/2018\/09\/JN_DL_C_003_L-e0937-150x150.jpg"},{"@type":"BreadcrumbList","@id":"https:\/\/preprod-lourdes.cawita.com\/es\/celebraciones\/#breadcrumb","itemListElement":[{"@type":"ListItem","position":1,"name":"Accueil","item":"https:\/\/www.lourdes-france.org\/"},{"@type":"ListItem","position":2,"name":"Celebraciones"}]},{"@type":"WebSite","@id":"https:\/\/preprod-lourdes.cawita.com\/#website","url":"https:\/\/preprod-lourdes.cawita.com\/","name":"Soutenir le Sanctuaire Notre-Dame de Lourdes","description":"","potentialAction":[{"@type":"SearchAction","target":{"@type":"EntryPoint","urlTemplate":"https:\/\/preprod-lourdes.cawita.com\/?s={search_term_string}"},"query-input":{"@type":"PropertyValueSpecification","valueRequired":true,"valueName":"search_term_string"}}],"inLanguage":"es"}]}},"_links":{"self":[{"href":"https:\/\/www.lourdes-france.org\/es\/wp-json\/wp\/v2\/pages\/15839","targetHints":{"allow":["GET"]}}],"collection":[{"href":"https:\/\/www.lourdes-france.org\/es\/wp-json\/wp\/v2\/pages"}],"about":[{"href":"https:\/\/www.lourdes-france.org\/es\/wp-json\/wp\/v2\/types\/page"}],"author":[{"embeddable":true,"href":"https:\/\/www.lourdes-france.org\/es\/wp-json\/wp\/v2\/users\/7"}],"replies":[{"embeddable":true,"href":"https:\/\/www.lourdes-france.org\/es\/wp-json\/wp\/v2\/comments?post=15839"}],"version-history":[{"count":8,"href":"https:\/\/www.lourdes-france.org\/es\/wp-json\/wp\/v2\/pages\/15839\/revisions"}],"predecessor-version":[{"id":515385,"href":"https:\/\/www.lourdes-france.org\/es\/wp-json\/wp\/v2\/pages\/15839\/revisions\/515385"}],"wp:attachment":[{"href":"https:\/\/www.lourdes-france.org\/es\/wp-json\/wp\/v2\/media?parent=15839"}],"curies":[{"name":"wp","href":"https:\/\/api.w.org\/{rel}","templated":true}]}}