{"id":20185,"date":"2018-11-07T09:45:39","date_gmt":"2018-11-07T08:45:39","guid":{"rendered":"https:\/\/preprod.lourdes-france.org\/?page_id=20185"},"modified":"2026-04-26T15:22:37","modified_gmt":"2026-04-26T13:22:37","slug":"horarios","status":"publish","type":"page","link":"https:\/\/www.lourdes-france.org\/es\/horarios\/","title":{"rendered":"Horarios"},"content":{"rendered":"\t\t<div data-elementor-type=\"wp-post\" data-elementor-id=\"20185\" class=\"elementor elementor-20185 elementor-7157\" data-elementor-post-type=\"page\">\n\t\t\t\t\t\t<section class=\"elementor-section elementor-top-section elementor-element elementor-element-2b56e70 elementor-section-full_width elementor-section-stretched elementor-hidden-mobile elementor-section-height-default elementor-section-height-default\" data-id=\"2b56e70\" data-element_type=\"section\" data-settings=\"{&quot;stretch_section&quot;:&quot;section-stretched&quot;}\">\n\t\t\t\t\t\t<div class=\"elementor-container elementor-column-gap-default\">\n\t\t\t\t\t<div class=\"elementor-column elementor-col-100 elementor-top-column elementor-element elementor-element-2232c05\" data-id=\"2232c05\" data-element_type=\"column\">\n\t\t\t<div class=\"elementor-widget-wrap elementor-element-populated\">\n\t\t\t\t\t\t<div class=\"elementor-element elementor-element-3742527 elementor-widget elementor-widget-video\" data-id=\"3742527\" data-element_type=\"widget\" data-settings=\"{&quot;video_type&quot;:&quot;hosted&quot;,&quot;autoplay&quot;:&quot;yes&quot;,&quot;play_on_mobile&quot;:&quot;yes&quot;,&quot;mute&quot;:&quot;yes&quot;,&quot;loop&quot;:&quot;yes&quot;}\" data-widget_type=\"video.default\">\n\t\t\t\t<div class=\"elementor-widget-container\">\n\t\t\t\t\t\t\t<div class=\"e-hosted-video elementor-wrapper elementor-open-inline\">\n\t\t\t\t\t<video class=\"elementor-video\" src=\"https:\/\/www.lourdes-france.com\/ci.mp4\" autoplay=\"\" loop=\"\" muted=\"muted\" playsinline=\"\" controlsList=\"nodownload\"><\/video>\n\t\t\t\t<\/div>\n\t\t\t\t\t\t<\/div>\n\t\t\t\t<\/div>\n\t\t\t\t\t<\/div>\n\t\t<\/div>\n\t\t\t\t\t<\/div>\n\t\t<\/section>\n\t\t\t\t<section class=\"elementor-section elementor-top-section elementor-element elementor-element-0dc94e6 elementor-section-full_width elementor-section-height-min-height elementor-section-stretched elementor-hidden-tablet elementor-hidden-mobile elementor-section-height-default elementor-section-items-middle\" data-id=\"0dc94e6\" data-element_type=\"section\" data-settings=\"{&quot;stretch_section&quot;:&quot;section-stretched&quot;,&quot;background_background&quot;:&quot;gradient&quot;}\">\n\t\t\t\t\t\t<div class=\"elementor-container elementor-column-gap-default\">\n\t\t\t\t\t<div class=\"elementor-column elementor-col-100 elementor-top-column elementor-element elementor-element-d83ecfb\" data-id=\"d83ecfb\" data-element_type=\"column\">\n\t\t\t<div class=\"elementor-widget-wrap\">\n\t\t\t\t\t\t\t<\/div>\n\t\t<\/div>\n\t\t\t\t\t<\/div>\n\t\t<\/section>\n\t\t\t\t<section class=\"elementor-section elementor-top-section elementor-element elementor-element-bff619c elementor-section-boxed elementor-section-height-default elementor-section-height-default\" data-id=\"bff619c\" data-element_type=\"section\" data-settings=\"{&quot;background_background&quot;:&quot;classic&quot;}\">\n\t\t\t\t\t\t<div class=\"elementor-container elementor-column-gap-default\">\n\t\t\t\t\t<div class=\"elementor-column elementor-col-100 elementor-top-column elementor-element elementor-element-c7e6f1f\" data-id=\"c7e6f1f\" data-element_type=\"column\">\n\t\t\t<div class=\"elementor-widget-wrap elementor-element-populated\">\n\t\t\t\t\t\t<div class=\"elementor-element elementor-element-7650061 elementor-widget elementor-widget-text-editor\" data-id=\"7650061\" data-element_type=\"widget\" data-widget_type=\"text-editor.default\">\n\t\t\t\t<div class=\"elementor-widget-container\">\n\t\t\t\t\t\t\t\t\t<h1 style=\"text-align: center;\">El Santuario de Lourdes esta abierto de 6:00 a 1:00<\/h1>\t\t\t\t\t\t\t\t<\/div>\n\t\t\t\t<\/div>\n\t\t\t\t\t<\/div>\n\t\t<\/div>\n\t\t\t\t\t<\/div>\n\t\t<\/section>\n\t\t\t\t<section class=\"elementor-section elementor-top-section elementor-element elementor-element-e72ef0f elementor-section-content-top elementor-section-boxed elementor-section-height-default elementor-section-height-default\" data-id=\"e72ef0f\" data-element_type=\"section\" data-settings=\"{&quot;background_background&quot;:&quot;classic&quot;}\">\n\t\t\t\t\t\t<div class=\"elementor-container elementor-column-gap-default\">\n\t\t\t\t\t<div class=\"elementor-column elementor-col-50 elementor-top-column elementor-element elementor-element-b45e8c5\" data-id=\"b45e8c5\" data-element_type=\"column\">\n\t\t\t<div class=\"elementor-widget-wrap elementor-element-populated\">\n\t\t\t\t\t\t<div class=\"elementor-element elementor-element-6cc7a88 elementor-tabs-view-horizontal elementor-widget elementor-widget-tabs\" data-id=\"6cc7a88\" data-element_type=\"widget\" data-widget_type=\"tabs.default\">\n\t\t\t\t<div class=\"elementor-widget-container\">\n\t\t\t\t\t\t\t<div class=\"elementor-tabs\">\n\t\t\t<div class=\"elementor-tabs-wrapper\" role=\"tablist\" >\n\t\t\t\t\t\t\t\t\t<div id=\"elementor-tab-title-1141\" class=\"elementor-tab-title elementor-tab-desktop-title\" aria-selected=\"true\" data-tab=\"1\" role=\"tab\" tabindex=\"0\" aria-controls=\"elementor-tab-content-1141\" aria-expanded=\"false\">Domingo<\/div>\n\t\t\t\t\t\t\t\t\t<div id=\"elementor-tab-title-1142\" class=\"elementor-tab-title elementor-tab-desktop-title\" aria-selected=\"false\" data-tab=\"2\" role=\"tab\" tabindex=\"-1\" aria-controls=\"elementor-tab-content-1142\" aria-expanded=\"false\">Lunes<\/div>\n\t\t\t\t\t\t\t\t\t<div id=\"elementor-tab-title-1143\" class=\"elementor-tab-title elementor-tab-desktop-title\" aria-selected=\"false\" data-tab=\"3\" role=\"tab\" tabindex=\"-1\" aria-controls=\"elementor-tab-content-1143\" aria-expanded=\"false\">Martes<\/div>\n\t\t\t\t\t\t\t\t\t<div id=\"elementor-tab-title-1144\" class=\"elementor-tab-title elementor-tab-desktop-title\" aria-selected=\"false\" data-tab=\"4\" role=\"tab\" tabindex=\"-1\" aria-controls=\"elementor-tab-content-1144\" aria-expanded=\"false\">Mi\u00e9rcoles<\/div>\n\t\t\t\t\t\t\t\t\t<div id=\"elementor-tab-title-1145\" class=\"elementor-tab-title elementor-tab-desktop-title\" aria-selected=\"false\" data-tab=\"5\" role=\"tab\" tabindex=\"-1\" aria-controls=\"elementor-tab-content-1145\" aria-expanded=\"false\">Jueves<\/div>\n\t\t\t\t\t\t\t\t\t<div id=\"elementor-tab-title-1146\" class=\"elementor-tab-title elementor-tab-desktop-title\" aria-selected=\"false\" data-tab=\"6\" role=\"tab\" tabindex=\"-1\" aria-controls=\"elementor-tab-content-1146\" aria-expanded=\"false\">Viernes<\/div>\n\t\t\t\t\t\t\t\t\t<div id=\"elementor-tab-title-1147\" class=\"elementor-tab-title elementor-tab-desktop-title\" aria-selected=\"false\" data-tab=\"7\" role=\"tab\" tabindex=\"-1\" aria-controls=\"elementor-tab-content-1147\" aria-expanded=\"false\">S\u00e1bado<\/div>\n\t\t\t\t\t\t\t<\/div>\n\t\t\t<div class=\"elementor-tabs-content-wrapper\" role=\"tablist\" aria-orientation=\"vertical\">\n\t\t\t\t\t\t\t\t\t<div class=\"elementor-tab-title elementor-tab-mobile-title\" aria-selected=\"true\" data-tab=\"1\" role=\"tab\" tabindex=\"0\" aria-controls=\"elementor-tab-content-1141\" aria-expanded=\"false\">Domingo<\/div>\n\t\t\t\t\t<div id=\"elementor-tab-content-1141\" class=\"elementor-tab-content elementor-clearfix\" data-tab=\"1\" role=\"tabpanel\" aria-labelledby=\"elementor-tab-title-1141\" tabindex=\"0\" hidden=\"false\"><h2>Horarios de misa&nbsp;&nbsp;<\/h2>\n<div>&nbsp; 9:30&nbsp; &#8211;&nbsp;<b>Misa Internacional, Bas\u00edlica San Pio X, seguida del Regina Caeli en la Gruta<br><\/b>11:15&nbsp; &#8211; Capilla San Jos\u00e9<br>18:15&nbsp; &#8211; Bas\u00edlica Inmaculada Concepci\u00f3n&nbsp; &nbsp; &nbsp; &nbsp;<\/div>\n<div>&nbsp;<\/div>\n<div>&nbsp;<\/div>\n<p><span style=\"font-weight: bold; font-size: 26px; color: #007a9e;\">Otras celebraciones<br><\/span>Confesiones &#8211; Capilla de las Confesiones&nbsp; &nbsp; 9:45 \u2013 11:00 &amp; 15:00 \u2013 17:00<br>Adoraci\u00f3n ,&nbsp; Capilla del Adoraci\u00f3n&nbsp; &nbsp; &nbsp; &nbsp; &nbsp; &nbsp; &nbsp; &nbsp; 9:00 -17:00<br>Rosario en la Gruta&nbsp;&nbsp;&nbsp;&nbsp;&nbsp;&nbsp;&nbsp;&nbsp;&nbsp;&nbsp;&nbsp;&nbsp;&nbsp;&nbsp;&nbsp;&nbsp;&nbsp;&nbsp;&nbsp;&nbsp;&nbsp;&nbsp;&nbsp;&nbsp;&nbsp;&nbsp;&nbsp;&nbsp;&nbsp;&nbsp;&nbsp;&nbsp;&nbsp;&nbsp;&nbsp;&nbsp;&nbsp;&nbsp; 16:15<br>Procesi\u00f3n del Sant\u00edsimo&nbsp; &nbsp; &nbsp; &nbsp; &nbsp; &nbsp; &nbsp; &nbsp; &nbsp; &nbsp; &nbsp; &nbsp; &nbsp; &nbsp; 17:00<br>Procesi\u00f3n Mariana con las antorchas&nbsp; &nbsp; &nbsp; &nbsp;21:00&nbsp; &nbsp; &nbsp; &nbsp; &nbsp; &nbsp; &nbsp; &nbsp; &nbsp; &nbsp; &nbsp; &nbsp; &nbsp; &nbsp; &nbsp; &nbsp; &nbsp; &nbsp; &nbsp; &nbsp; &nbsp; &nbsp; &nbsp; &nbsp; &nbsp; &nbsp; &nbsp; &nbsp; &nbsp; &nbsp; &nbsp;<\/p>\n<h2>Piscinas<\/h2>\n<div>\n<p>9:00 &#8211; 11:00 &#8211; 14.00 &#8211; 16h30<\/p>\n<p>(- Gesto del agua: 14:00-16:30 &gt; Rotondes)<\/p>\n<p><br><\/p>\n<\/div>\n<div>\n<h2>Hoy en el Centro Informaci\u00f3n<\/h2>\n<div>\n<p>14:15&nbsp; Visita guiada &#171;Tras los Pasos de Bernardita&#187;<br>15:15&nbsp; Pel\u00edcula sobre Lourdes<\/p><\/div><\/div><\/div>\n\t\t\t\t\t\t\t\t\t<div class=\"elementor-tab-title elementor-tab-mobile-title\" aria-selected=\"false\" data-tab=\"2\" role=\"tab\" tabindex=\"-1\" aria-controls=\"elementor-tab-content-1142\" aria-expanded=\"false\">Lunes<\/div>\n\t\t\t\t\t<div id=\"elementor-tab-content-1142\" class=\"elementor-tab-content elementor-clearfix\" data-tab=\"2\" role=\"tabpanel\" aria-labelledby=\"elementor-tab-title-1142\" tabindex=\"0\" hidden=\"hidden\"><h2>Horarios de misa<\/h2>\n<p>11:15 <i>\u2013 <\/i>Capilla San Jos\u00e9<span style=\"font-weight: normal;\"><br><br><\/span><\/p>\n<h2>Otras celebraciones<\/h2>\n<p>Confesiones, Capilla de las Confesiones&nbsp;&nbsp; 9:45\u2013 11:15 &amp; 15:00 \u2013 18:00&nbsp;<br>Adoraci\u00f3n &#8211;<i>&nbsp; &nbsp;Capilla de la Adoraci\u00f3n<\/i>&nbsp; &nbsp; &nbsp; 9:00 &#8211; 17:00<br>Rosario en la Gruta&nbsp; &nbsp; &nbsp; &nbsp;16:15<br>Procesi\u00f3n del Santisimo 17:00<br>Procesi\u00f3n de las antorchas&nbsp; &nbsp; 21:00<\/p>\n<h2>Piscinas<\/h2>\n<p>Piscinas :<i>&nbsp;<\/i>&nbsp;9:00-11:00<br>Gesto de l&#8217;agua en la Rotonda : 9:00-11:00 y 14:00-16:30<\/p>\n<h2>Hoy en el Centro Informaci\u00f3n<\/h2>\n<div>15:15&nbsp; &nbsp; &nbsp; &nbsp; &nbsp; &nbsp; &nbsp;Pel\u00edcula sobre Lourdes&nbsp; &nbsp;<\/div>\n<div>&nbsp;<\/div>\n<div>&nbsp;<\/div>\n\n<div><b>&nbsp;<\/b><\/div>\n<div>&nbsp;<\/div>\n<div>&nbsp;<\/div>\n<p>&nbsp;<b><i>&nbsp;&nbsp;&nbsp;&nbsp;&nbsp;&nbsp;&nbsp;&nbsp;&nbsp;&nbsp;&nbsp;&nbsp;&nbsp;&nbsp;&nbsp;&nbsp;&nbsp;&nbsp;&nbsp;&nbsp;&nbsp;&nbsp;&nbsp;&nbsp;&nbsp;&nbsp;&nbsp;&nbsp;&nbsp;&nbsp;&nbsp;&nbsp;&nbsp;&nbsp;&nbsp;&nbsp;&nbsp;&nbsp;&nbsp;&nbsp;&nbsp;&nbsp;&nbsp;&nbsp;&nbsp;&nbsp;&nbsp;&nbsp;&nbsp;&nbsp;&nbsp;&nbsp;&nbsp;&nbsp;&nbsp;&nbsp;&nbsp;&nbsp;&nbsp;&nbsp;&nbsp;&nbsp;&nbsp;&nbsp;&nbsp;&nbsp;&nbsp;&nbsp;&nbsp;&nbsp;&nbsp;&nbsp;&nbsp;&nbsp;&nbsp;&nbsp;&nbsp;&nbsp;&nbsp;&nbsp;&nbsp;&nbsp;&nbsp;&nbsp;&nbsp;&nbsp;&nbsp;&nbsp;&nbsp;&nbsp;&nbsp;&nbsp;&nbsp;&nbsp;&nbsp;&nbsp;&nbsp;&nbsp;&nbsp;&nbsp;&nbsp;&nbsp;&nbsp;&nbsp;&nbsp;&nbsp;&nbsp;&nbsp;&nbsp;&nbsp;&nbsp;&nbsp;&nbsp; <br><\/i><\/b><\/p>\n<h2>&nbsp;<\/h2>\n<p><b>&nbsp;<\/b>&nbsp; &nbsp; &nbsp; &nbsp; &nbsp; &nbsp; &nbsp; &nbsp; &nbsp; &nbsp; &nbsp; &nbsp; &nbsp; &nbsp; &nbsp; &nbsp; &nbsp; &nbsp; &nbsp; &nbsp; &nbsp; &nbsp; &nbsp; &nbsp; &nbsp; &nbsp; &nbsp; &nbsp; &nbsp; &nbsp; &nbsp; &nbsp; &nbsp; &nbsp; &nbsp; &nbsp; &nbsp; &nbsp; &nbsp; &nbsp; &nbsp; &nbsp; &nbsp; &nbsp; &nbsp; &nbsp; &nbsp; &nbsp; &nbsp; &nbsp; &nbsp; &nbsp; &nbsp; &nbsp; &nbsp; &nbsp; &nbsp; &nbsp; &nbsp; &nbsp; &nbsp; &nbsp; &nbsp; &nbsp; &nbsp; &nbsp; &nbsp; &nbsp; &nbsp; &nbsp; &nbsp; &nbsp; &nbsp; &nbsp; &nbsp; &nbsp; &nbsp; &nbsp; &nbsp; &nbsp; &nbsp; &nbsp; &nbsp; &nbsp; &nbsp; &nbsp; &nbsp; &nbsp; &nbsp; &nbsp; &nbsp; &nbsp; &nbsp; &nbsp; &nbsp; &nbsp; &nbsp; &nbsp; &nbsp; &nbsp; &nbsp;&nbsp;<\/p><\/div>\n\t\t\t\t\t\t\t\t\t<div class=\"elementor-tab-title elementor-tab-mobile-title\" aria-selected=\"false\" data-tab=\"3\" role=\"tab\" tabindex=\"-1\" aria-controls=\"elementor-tab-content-1143\" aria-expanded=\"false\">Martes<\/div>\n\t\t\t\t\t<div id=\"elementor-tab-content-1143\" class=\"elementor-tab-content elementor-clearfix\" data-tab=\"3\" role=\"tabpanel\" aria-labelledby=\"elementor-tab-title-1143\" tabindex=\"0\" hidden=\"hidden\"><h2>Horario de misas<\/h2>\n<p>11:15 &#8211; Capilla San Jos\u00e9<\/p>\n<h2>Otras celebraciones<\/h2>\n<p>Confesiones<i> &#8211; <\/i>Capilla de las confesiones<i> <\/i>9:00- 11:15 &amp; 15:00 &#8211; 18:00&nbsp;<br>Adoraci\u00f3n, Capilla de la adoraci\u00f3n&nbsp; 9:00 -17:00<br>Rosario en la Gruta 16:15<b><i><br><\/i><\/b>Procesi\u00f3n del Santisimo<b><i>&nbsp; &nbsp; <\/i><\/b>17:00<b><i><br><\/i><\/b>Procesi\u00f3n de las antorchas&nbsp; &nbsp; &nbsp; 21:00<br><b><i><br><\/i><\/b><\/p>\n<p><span style=\"color: #007a9e; font-size: 26px; font-weight: bold;\">Piscinas<br><\/span>Piscinas :&nbsp; 9:00 -11:00&nbsp;<br>Gesto de l&#8217;agua en la Rotonda: 9:00 -11:00 y 14:00 -16:30<br><b>&nbsp; &nbsp;<u><br><\/u><\/b><\/p>\n<h2>Hoy en el Centro Informaci\u00f3n<\/h2>\n<p>14:15&nbsp; &nbsp; &nbsp; &nbsp; &nbsp; &nbsp;&nbsp;Visita guiada &#171;Tras los Pasos de Bernardita&#187;<br>15:15&nbsp; &nbsp; &nbsp; &nbsp; &nbsp; &nbsp; Pel\u00edcula sobre Lourdes&nbsp;<\/p><\/div>\n\t\t\t\t\t\t\t\t\t<div class=\"elementor-tab-title elementor-tab-mobile-title\" aria-selected=\"false\" data-tab=\"4\" role=\"tab\" tabindex=\"-1\" aria-controls=\"elementor-tab-content-1144\" aria-expanded=\"false\">Mi\u00e9rcoles<\/div>\n\t\t\t\t\t<div id=\"elementor-tab-content-1144\" class=\"elementor-tab-content elementor-clearfix\" data-tab=\"4\" role=\"tabpanel\" aria-labelledby=\"elementor-tab-title-1144\" tabindex=\"0\" hidden=\"hidden\"><h2>Horarios de misa<\/h2>\n<p>&nbsp;09.30 <i>Misa Internacional<\/i>, Basilica San Pio X<br>11.15 Capilla San Jos\u00e9<br><b><span style=\"color: #000000;\">&nbsp;<br><\/span><\/b><span style=\"font-weight: bold; font-size: 26px; color: #007a9e;\">Otras celebraciones<br><\/span>Confesiones &#8211; Capilla de las Confesiones 9:00 \u2013 11:15 &amp; 15:00 \u2013 18:00<br>Adoraci\u00f3n &#8211;&nbsp;&nbsp;&nbsp; <i>Capilla de la Adoraci\u00f3n&nbsp;&nbsp;<\/i>&nbsp; 9:00 -17:00<br>Rosario en la Gruta&nbsp;&nbsp;&nbsp;&nbsp;&nbsp;&nbsp; 16:15<b><br><\/b>Procesi\u00f3n del Santisimo 17:00<b><br><\/b>Procesi\u00f3n de las antorchas&nbsp; &nbsp;21:00<\/p>\n<h2>Piscinas<\/h2>\n<div>Piscinas:&nbsp; 9.00-11.00&nbsp;<br>Gesto de l&#8217;agua en la Rotonda : 9.00-11.00 &amp; 14.00-16.30&nbsp; &nbsp; &nbsp; &nbsp; &nbsp; &nbsp; &nbsp; &nbsp; &nbsp; &nbsp; &nbsp; &nbsp; &nbsp; &nbsp; &nbsp; &nbsp; &nbsp; &nbsp; &nbsp; &nbsp; &nbsp; &nbsp; &nbsp; &nbsp; &nbsp; &nbsp; &nbsp; &nbsp; &nbsp; &nbsp; &nbsp; &nbsp; &nbsp; &nbsp; &nbsp; &nbsp; &nbsp; &nbsp; &nbsp; &nbsp; &nbsp; &nbsp; &nbsp; &nbsp; &nbsp; &nbsp; &nbsp; &nbsp; &nbsp; &nbsp; &nbsp; &nbsp; &nbsp; &nbsp;&nbsp;<\/div>\n<h2><b>Hoy en el centro informacion<\/b><\/h2>\n<p>14:15&nbsp; &nbsp; &nbsp; &nbsp; &nbsp; &nbsp; Visita guiada &#171;Tras los Pasos de Bernardita&#187;<br>15:15&nbsp; &nbsp; &nbsp; &nbsp; &nbsp; &nbsp; Pelicul\u00e0 sobre Lourdes&nbsp; &nbsp; &nbsp; &nbsp; &nbsp; &nbsp; &nbsp; &nbsp; &nbsp; &nbsp; &nbsp;&nbsp;<b>&nbsp;<\/b><\/p>\n<div>&nbsp;<\/div><\/div>\n\t\t\t\t\t\t\t\t\t<div class=\"elementor-tab-title elementor-tab-mobile-title\" aria-selected=\"false\" data-tab=\"5\" role=\"tab\" tabindex=\"-1\" aria-controls=\"elementor-tab-content-1145\" aria-expanded=\"false\">Jueves<\/div>\n\t\t\t\t\t<div id=\"elementor-tab-content-1145\" class=\"elementor-tab-content elementor-clearfix\" data-tab=\"5\" role=\"tabpanel\" aria-labelledby=\"elementor-tab-title-1145\" tabindex=\"0\" hidden=\"hidden\"><h2>Horario de misa<\/h2>\n<p><span style=\"font-weight: normal;\">11:15&nbsp;&nbsp;&nbsp; &nbsp;Capilla San Jos\u00e9&nbsp; &nbsp;<b> &nbsp; &nbsp;<\/b>&nbsp; &nbsp; &nbsp; &nbsp; &nbsp; &nbsp; &nbsp; &nbsp; &nbsp; &nbsp; &nbsp; &nbsp; &nbsp;<br><\/span><\/p>\n<h2>Otras celebraciones<\/h2>\n<p>Adoraci\u00f3n &#8211; <i>Capilla de la Adoraci\u00f3n&nbsp;<\/i>&nbsp; 9:00 -17:00<br>Rosario en la Gruta 16:15<br>Confesiones, capilla de las confesiones 9:00-11:15 &amp; 15:00-18:00<br>Procesi\u00f3n del Santisimo 17:00<br>Procesi\u00f3n de las antorchas 21:00<\/p><h2>Piscinas<\/h2>\n<p>Piscinas 9:00 -11:00&nbsp;<span style=\"font-weight: normal;\">&nbsp; &nbsp;&nbsp;<br>Gesto de l&#8217;agua en la Rotonda : 9:00-11:00 &amp; 14:00-16:30&nbsp; &nbsp; &nbsp; &nbsp; &nbsp; &nbsp; &nbsp; &nbsp; &nbsp; &nbsp; &nbsp; &nbsp; &nbsp; &nbsp; &nbsp; &nbsp; &nbsp; &nbsp; &nbsp; &nbsp; &nbsp; &nbsp; &nbsp; &nbsp; &nbsp; &nbsp; &nbsp; &nbsp; &nbsp; &nbsp; &nbsp; &nbsp; &nbsp; &nbsp; &nbsp; &nbsp; &nbsp; &nbsp; &nbsp;<\/span><span style=\"font-weight: normal;\">&nbsp; &nbsp; &nbsp;<\/span>&nbsp; &nbsp; &nbsp; &nbsp; &nbsp; &nbsp; &nbsp; &nbsp; &nbsp; &nbsp; &nbsp; &nbsp; &nbsp; &nbsp; &nbsp; &nbsp; &nbsp; &nbsp; &nbsp; &nbsp; &nbsp; &nbsp; &nbsp; &nbsp; &nbsp; &nbsp; &nbsp; &nbsp; &nbsp; &nbsp; &nbsp; &nbsp; &nbsp; &nbsp; &nbsp; &nbsp; &nbsp; &nbsp; &nbsp; &nbsp; &nbsp; &nbsp; &nbsp; &nbsp; &nbsp; &nbsp; &nbsp; &nbsp; &nbsp; &nbsp; &nbsp; &nbsp; &nbsp; &nbsp; &nbsp; &nbsp; &nbsp; &nbsp; &nbsp; &nbsp; &nbsp; &nbsp; &nbsp; &nbsp; &nbsp; &nbsp; &nbsp; &nbsp; &nbsp; &nbsp; &nbsp; &nbsp; &nbsp; &nbsp; &nbsp; &nbsp; &nbsp; &nbsp; &nbsp; &nbsp; &nbsp; &nbsp; &nbsp;&nbsp;<\/p>\n<h2><b>Hoy en el centro informacion<\/b><\/h2>\n<p>14:15&nbsp; &nbsp; &nbsp; &nbsp; &nbsp; &nbsp;&nbsp;Visita guiada &#171;Tras los Pasos de Bernardita&#187;<br>15:15&nbsp; &nbsp; &nbsp; &nbsp; &nbsp; &nbsp; Pel\u00edcula sobre Lourdes<\/p><\/div>\n\t\t\t\t\t\t\t\t\t<div class=\"elementor-tab-title elementor-tab-mobile-title\" aria-selected=\"false\" data-tab=\"6\" role=\"tab\" tabindex=\"-1\" aria-controls=\"elementor-tab-content-1146\" aria-expanded=\"false\">Viernes<\/div>\n\t\t\t\t\t<div id=\"elementor-tab-content-1146\" class=\"elementor-tab-content elementor-clearfix\" data-tab=\"6\" role=\"tabpanel\" aria-labelledby=\"elementor-tab-title-1146\" tabindex=\"0\" hidden=\"hidden\"><h2>Horario del Oficio de la Pasi\u00f3n<\/h2>\n<div>11:00 &#8211; Capilla San Jos\u00e9<br>22:30 &#8211; Gruta<b><br><br><\/b><\/div>\n\n<h5><span style=\"font-weight: normal;\">&nbsp;<br><\/span><span style=\"color: #007a9e;\"><b style=\"font-size: 26px;\">Otras celebracione<i>s<\/i><\/b><\/span><\/h5>\n<p>Rosario en la Gruta 16:15<br>Confesiones, Capilla de las confesiones&nbsp; 9:00-11:15 &amp; 15:00-18:00<br>Adoraci\u00f3n, Capilla de la Adoraci\u00f3n,&nbsp; 9:00-17:00<br>Procesi\u00f3n del Santisimo 17:00<br>Procesi\u00f3n de las antorchas 21:00<br>&nbsp; &nbsp;&nbsp;<i> &nbsp;<\/i><b><i> &nbsp; &nbsp; &nbsp; &nbsp; &nbsp; &nbsp; &nbsp; &nbsp; &nbsp; &nbsp; &nbsp; &nbsp; &nbsp; &nbsp; &nbsp; &nbsp; &nbsp; &nbsp; &nbsp; &nbsp; &nbsp; &nbsp; &nbsp; &nbsp; &nbsp; &nbsp; &nbsp; &nbsp; &nbsp; &nbsp; &nbsp; &nbsp; &nbsp; &nbsp; &nbsp; &nbsp; &nbsp; &nbsp; &nbsp; &nbsp; &nbsp; &nbsp; &nbsp;&nbsp; <br><\/i><\/b><\/p>\n<p><span style=\"color: #007a9e;\"><span style=\"font-size: 26px;\"><b>Piscinas<br><\/b><\/span><\/span>Piscinas :&nbsp; &nbsp;9:00 -11:00&nbsp;<br>Gesto de l&#8217;agua en la Rotonda:&nbsp; 9:00-11:00 &amp; 14:00-16:30<\/p>\n<h2>Hoy en el Centro Informaci\u00f3n<\/h2>\n<p>14: 15&nbsp; &nbsp; &nbsp; &nbsp; &nbsp; &nbsp;Visita &#171;En los Pasos de Bernardita&#187;<br>15:15&nbsp; &nbsp; &nbsp; &nbsp; &nbsp; &nbsp; Pel\u00edcula sobre Lourdes&nbsp; &nbsp;<br><br><\/p>\n\n<h2><br><\/h2><\/div>\n\t\t\t\t\t\t\t\t\t<div class=\"elementor-tab-title elementor-tab-mobile-title\" aria-selected=\"false\" data-tab=\"7\" role=\"tab\" tabindex=\"-1\" aria-controls=\"elementor-tab-content-1147\" aria-expanded=\"false\">S\u00e1bado<\/div>\n\t\t\t\t\t<div id=\"elementor-tab-content-1147\" class=\"elementor-tab-content elementor-clearfix\" data-tab=\"7\" role=\"tabpanel\" aria-labelledby=\"elementor-tab-title-1147\" tabindex=\"0\" hidden=\"hidden\"><h2>Horarios de misa<br><\/h2>\n<div>11.15 Capilla San Jos\u00e9<br>18.15 Basilica de la Inmaculada Concepci\u00f3n<\/div>\n<h5><br><\/h5>\n<h5>&nbsp;<\/h5>\n<h5>&nbsp;<\/h5>\n<h2>Otras celebraciones<\/h2>\n<p>Confesiones &#8211; Capilla de las Confesiones 9:00-11:15 &amp; 15:0\u00e0-18:00<br>Adoraci\u00f3n, Capilla de la Adoraci\u00f3n, 9:00-17:00<br>Rosario en la Gruta&nbsp;&nbsp;&nbsp;&nbsp;&nbsp;&nbsp; 16:15<br>Procesi\u00f3n del Santisimo <u><i><b>16:30<\/b><\/i><\/u><br>Proc\u00e9sion de las antorchas 21:00<br><br><br><\/p>\n<h2>Piscinas<\/h2>\n<div>Piscinas : 9:00 -11:00&nbsp;<br>Gesto de l&#8217;agua en la Rotonda:&nbsp; 9:00 -11:00 y 14:00 -16:30<u><br><br><\/u><\/div>\n<div>&nbsp;<\/div>\n<div>\n<h2>Hoy en el Centro Informaci\u00f3n<\/h2>\n<p>14:00 &#8211; 17:00 Espacio Ni\u00f1os y Familias en el hemiciclio<br>14:15&nbsp; &nbsp; &nbsp; &nbsp; &nbsp; &nbsp; &nbsp; Visita guiada &#171;Tras los Pasos de Bernardita&#187;<br>15:15&nbsp; &nbsp; &nbsp; &nbsp; &nbsp; &nbsp; &nbsp; Pel\u00edcula sobre Lourdes&nbsp; &nbsp; &nbsp; &nbsp; &nbsp; &nbsp; &nbsp; &nbsp; &nbsp; &nbsp; &nbsp; &nbsp;&nbsp;<\/p>\n<h2>&nbsp;<\/h2>\n<\/div>\n<div>&nbsp;<\/div>\n<div><br><\/div><\/div>\n\t\t\t\t\t\t\t<\/div>\n\t\t<\/div>\n\t\t\t\t\t\t<\/div>\n\t\t\t\t<\/div>\n\t\t\t\t\t<\/div>\n\t\t<\/div>\n\t\t\t\t<div class=\"elementor-column elementor-col-50 elementor-top-column elementor-element elementor-element-11595a1\" data-id=\"11595a1\" data-element_type=\"column\">\n\t\t\t<div class=\"elementor-widget-wrap elementor-element-populated\">\n\t\t\t\t\t\t<div class=\"elementor-element elementor-element-3e49fea elementor-widget elementor-widget-image\" data-id=\"3e49fea\" data-element_type=\"widget\" data-widget_type=\"image.default\">\n\t\t\t\t<div class=\"elementor-widget-container\">\n\t\t\t\t\t\t\t\t\t\t\t\t\t\t\t<img fetchpriority=\"high\" decoding=\"async\" width=\"591\" height=\"1276\" src=\"https:\/\/www.lourdes-france.org\/wp-content\/uploads\/2024\/09\/pub-appli-neutre_es.png\" class=\"attachment-full size-full wp-image-959676\" alt=\"\" srcset=\"https:\/\/www.lourdes-france.org\/wp-content\/uploads\/2024\/09\/pub-appli-neutre_es.png 591w, https:\/\/www.lourdes-france.org\/wp-content\/uploads\/2024\/09\/pub-appli-neutre_es-139x300.png 139w, https:\/\/www.lourdes-france.org\/wp-content\/uploads\/2024\/09\/pub-appli-neutre_es-474x1024.png 474w\" sizes=\"(max-width: 591px) 100vw, 591px\" \/>\t\t\t\t\t\t\t\t\t\t\t\t\t\t\t<\/div>\n\t\t\t\t<\/div>\n\t\t\t\t\t<\/div>\n\t\t<\/div>\n\t\t\t\t\t<\/div>\n\t\t<\/section>\n\t\t\t\t<\/div>\n\t\t","protected":false},"excerpt":{"rendered":"<p>https:\/\/www.lourdes-france.com\/ci.mp4 El Santuario de Lourdes esta abierto de 6:00 a 1:00 Domingo Lunes Martes Mi\u00e9rcoles Jueves Viernes S\u00e1bado Domingo Horarios de misa&nbsp;&nbsp; &nbsp; 9:30&nbsp; &#8211;&nbsp;Misa Internacional, Bas\u00edlica San Pio X, seguida del Regina Caeli en la Gruta11:15&nbsp; &#8211; Capilla San &hellip; <a href=\"https:\/\/www.lourdes-france.org\/es\/horarios\/\">Continuar<\/a><\/p>\n","protected":false},"author":7,"featured_media":0,"parent":0,"menu_order":0,"comment_status":"closed","ping_status":"closed","template":"elementor_header_footer","meta":{"_acf_changed":false,"footnotes":""},"class_list":["post-20185","page","type-page","status-publish","hentry"],"acf":[],"yoast_head":"<!-- This site is optimized with the Yoast SEO plugin v24.7 - https:\/\/yoast.com\/wordpress\/plugins\/seo\/ -->\n<title>Horarios<\/title>\n<meta name=\"robots\" content=\"index, follow, max-snippet:-1, max-image-preview:large, max-video-preview:-1\" \/>\n<link rel=\"canonical\" href=\"https:\/\/www.lourdes-france.org\/es\/horarios\/\" \/>\n<meta name=\"twitter:label1\" content=\"Tiempo de lectura\" \/>\n\t<meta name=\"twitter:data1\" content=\"3 minutos\" \/>\n<script type=\"application\/ld+json\" class=\"yoast-schema-graph\">{\"@context\":\"https:\/\/schema.org\",\"@graph\":[{\"@type\":\"WebPage\",\"@id\":\"https:\/\/www.lourdes-france.org\/es\/horarios\/\",\"url\":\"https:\/\/www.lourdes-france.org\/es\/horarios\/\",\"name\":\"Horarios\",\"isPartOf\":{\"@id\":\"https:\/\/preprod-lourdes.cawita.com\/#website\"},\"primaryImageOfPage\":{\"@id\":\"https:\/\/www.lourdes-france.org\/es\/horarios\/#primaryimage\"},\"image\":{\"@id\":\"https:\/\/www.lourdes-france.org\/es\/horarios\/#primaryimage\"},\"thumbnailUrl\":\"https:\/\/www.lourdes-france.org\/wp-content\/uploads\/2024\/09\/pub-appli-neutre_es.png\",\"datePublished\":\"2018-11-07T08:45:39+00:00\",\"dateModified\":\"2026-04-26T13:22:37+00:00\",\"breadcrumb\":{\"@id\":\"https:\/\/www.lourdes-france.org\/es\/horarios\/#breadcrumb\"},\"inLanguage\":\"es\",\"potentialAction\":[{\"@type\":\"ReadAction\",\"target\":[\"https:\/\/www.lourdes-france.org\/es\/horarios\/\"]}]},{\"@type\":\"ImageObject\",\"inLanguage\":\"es\",\"@id\":\"https:\/\/www.lourdes-france.org\/es\/horarios\/#primaryimage\",\"url\":\"https:\/\/www.lourdes-france.org\/wp-content\/uploads\/2024\/09\/pub-appli-neutre_es.png\",\"contentUrl\":\"https:\/\/www.lourdes-france.org\/wp-content\/uploads\/2024\/09\/pub-appli-neutre_es.png\"},{\"@type\":\"BreadcrumbList\",\"@id\":\"https:\/\/www.lourdes-france.org\/es\/horarios\/#breadcrumb\",\"itemListElement\":[{\"@type\":\"ListItem\",\"position\":1,\"name\":\"Accueil\",\"item\":\"https:\/\/www.lourdes-france.org\/\"},{\"@type\":\"ListItem\",\"position\":2,\"name\":\"Horarios\"}]},{\"@type\":\"WebSite\",\"@id\":\"https:\/\/preprod-lourdes.cawita.com\/#website\",\"url\":\"https:\/\/preprod-lourdes.cawita.com\/\",\"name\":\"Soutenir le Sanctuaire Notre-Dame de Lourdes\",\"description\":\"\",\"potentialAction\":[{\"@type\":\"SearchAction\",\"target\":{\"@type\":\"EntryPoint\",\"urlTemplate\":\"https:\/\/preprod-lourdes.cawita.com\/?s={search_term_string}\"},\"query-input\":{\"@type\":\"PropertyValueSpecification\",\"valueRequired\":true,\"valueName\":\"search_term_string\"}}],\"inLanguage\":\"es\"}]}<\/script>\n<!-- \/ Yoast SEO plugin. -->","yoast_head_json":{"title":"Horarios","robots":{"index":"index","follow":"follow","max-snippet":"max-snippet:-1","max-image-preview":"max-image-preview:large","max-video-preview":"max-video-preview:-1"},"canonical":"https:\/\/www.lourdes-france.org\/es\/horarios\/","twitter_misc":{"Tiempo de lectura":"3 minutos"},"schema":{"@context":"https:\/\/schema.org","@graph":[{"@type":"WebPage","@id":"https:\/\/www.lourdes-france.org\/es\/horarios\/","url":"https:\/\/www.lourdes-france.org\/es\/horarios\/","name":"Horarios","isPartOf":{"@id":"https:\/\/preprod-lourdes.cawita.com\/#website"},"primaryImageOfPage":{"@id":"https:\/\/www.lourdes-france.org\/es\/horarios\/#primaryimage"},"image":{"@id":"https:\/\/www.lourdes-france.org\/es\/horarios\/#primaryimage"},"thumbnailUrl":"https:\/\/www.lourdes-france.org\/wp-content\/uploads\/2024\/09\/pub-appli-neutre_es.png","datePublished":"2018-11-07T08:45:39+00:00","dateModified":"2026-04-26T13:22:37+00:00","breadcrumb":{"@id":"https:\/\/www.lourdes-france.org\/es\/horarios\/#breadcrumb"},"inLanguage":"es","potentialAction":[{"@type":"ReadAction","target":["https:\/\/www.lourdes-france.org\/es\/horarios\/"]}]},{"@type":"ImageObject","inLanguage":"es","@id":"https:\/\/www.lourdes-france.org\/es\/horarios\/#primaryimage","url":"https:\/\/www.lourdes-france.org\/wp-content\/uploads\/2024\/09\/pub-appli-neutre_es.png","contentUrl":"https:\/\/www.lourdes-france.org\/wp-content\/uploads\/2024\/09\/pub-appli-neutre_es.png"},{"@type":"BreadcrumbList","@id":"https:\/\/www.lourdes-france.org\/es\/horarios\/#breadcrumb","itemListElement":[{"@type":"ListItem","position":1,"name":"Accueil","item":"https:\/\/www.lourdes-france.org\/"},{"@type":"ListItem","position":2,"name":"Horarios"}]},{"@type":"WebSite","@id":"https:\/\/preprod-lourdes.cawita.com\/#website","url":"https:\/\/preprod-lourdes.cawita.com\/","name":"Soutenir le Sanctuaire Notre-Dame de Lourdes","description":"","potentialAction":[{"@type":"SearchAction","target":{"@type":"EntryPoint","urlTemplate":"https:\/\/preprod-lourdes.cawita.com\/?s={search_term_string}"},"query-input":{"@type":"PropertyValueSpecification","valueRequired":true,"valueName":"search_term_string"}}],"inLanguage":"es"}]}},"_links":{"self":[{"href":"https:\/\/www.lourdes-france.org\/es\/wp-json\/wp\/v2\/pages\/20185","targetHints":{"allow":["GET"]}}],"collection":[{"href":"https:\/\/www.lourdes-france.org\/es\/wp-json\/wp\/v2\/pages"}],"about":[{"href":"https:\/\/www.lourdes-france.org\/es\/wp-json\/wp\/v2\/types\/page"}],"author":[{"embeddable":true,"href":"https:\/\/www.lourdes-france.org\/es\/wp-json\/wp\/v2\/users\/7"}],"replies":[{"embeddable":true,"href":"https:\/\/www.lourdes-france.org\/es\/wp-json\/wp\/v2\/comments?post=20185"}],"version-history":[{"count":3,"href":"https:\/\/www.lourdes-france.org\/es\/wp-json\/wp\/v2\/pages\/20185\/revisions"}],"predecessor-version":[{"id":1099034,"href":"https:\/\/www.lourdes-france.org\/es\/wp-json\/wp\/v2\/pages\/20185\/revisions\/1099034"}],"wp:attachment":[{"href":"https:\/\/www.lourdes-france.org\/es\/wp-json\/wp\/v2\/media?parent=20185"}],"curies":[{"name":"wp","href":"https:\/\/api.w.org\/{rel}","templated":true}]}}