{"id":2581,"date":"2018-07-17T14:08:02","date_gmt":"2018-07-17T12:08:02","guid":{"rendered":"http:\/\/preprod.slou.pg3.xyz\/bernadette-soubirous\/"},"modified":"2022-09-13T10:10:09","modified_gmt":"2022-09-13T08:10:09","slug":"bernardita-soubirous","status":"publish","type":"page","link":"https:\/\/www.lourdes-france.org\/es\/bernardita-soubirous\/","title":{"rendered":"Bernardita Soubirous"},"content":{"rendered":"\t\t<div data-elementor-type=\"wp-post\" data-elementor-id=\"2581\" class=\"elementor elementor-2581 elementor-474\" data-elementor-post-type=\"page\">\n\t\t\t\t\t\t<section class=\"elementor-section elementor-top-section elementor-element elementor-element-526f54de elementor-section-full_width elementor-section-stretched elementor-section-height-default elementor-section-height-default\" data-id=\"526f54de\" data-element_type=\"section\" data-settings=\"{&quot;stretch_section&quot;:&quot;section-stretched&quot;}\">\n\t\t\t\t\t\t<div class=\"elementor-container elementor-column-gap-default\">\n\t\t\t\t\t<div class=\"elementor-column elementor-col-100 elementor-top-column elementor-element elementor-element-2aa877b1\" data-id=\"2aa877b1\" data-element_type=\"column\">\n\t\t\t<div class=\"elementor-widget-wrap elementor-element-populated\">\n\t\t\t\t\t\t<div class=\"elementor-element elementor-element-321a0aee elementor-widget elementor-widget-image\" data-id=\"321a0aee\" data-element_type=\"widget\" data-widget_type=\"image.default\">\n\t\t\t\t<div class=\"elementor-widget-container\">\n\t\t\t\t\t\t\t\t\t\t\t\t\t\t\t<img fetchpriority=\"high\" decoding=\"async\" width=\"1200\" height=\"802\" src=\"https:\/\/www.lourdes-france.org\/wp-content\/uploads\/2022\/08\/Vignette_Bernadette3_1200x800px.jpg\" class=\"attachment-full size-full wp-image-865932\" alt=\"\" srcset=\"https:\/\/www.lourdes-france.org\/wp-content\/uploads\/2022\/08\/Vignette_Bernadette3_1200x800px.jpg 1200w, https:\/\/www.lourdes-france.org\/wp-content\/uploads\/2022\/08\/Vignette_Bernadette3_1200x800px-300x201.jpg 300w, https:\/\/www.lourdes-france.org\/wp-content\/uploads\/2022\/08\/Vignette_Bernadette3_1200x800px-1024x684.jpg 1024w, https:\/\/www.lourdes-france.org\/wp-content\/uploads\/2022\/08\/Vignette_Bernadette3_1200x800px-768x513.jpg 768w\" sizes=\"(max-width: 1200px) 100vw, 1200px\" \/>\t\t\t\t\t\t\t\t\t\t\t\t\t\t\t<\/div>\n\t\t\t\t<\/div>\n\t\t\t\t\t<\/div>\n\t\t<\/div>\n\t\t\t\t\t<\/div>\n\t\t<\/section>\n\t\t\t\t<section class=\"elementor-section elementor-top-section elementor-element elementor-element-1c7a3ecc elementor-section-boxed elementor-section-height-default elementor-section-height-default\" data-id=\"1c7a3ecc\" data-element_type=\"section\">\n\t\t\t\t\t\t<div class=\"elementor-container elementor-column-gap-default\">\n\t\t\t\t\t<div class=\"elementor-column elementor-col-100 elementor-top-column elementor-element elementor-element-2cd5dd63\" data-id=\"2cd5dd63\" data-element_type=\"column\">\n\t\t\t<div class=\"elementor-widget-wrap elementor-element-populated\">\n\t\t\t\t\t\t<div class=\"elementor-element elementor-element-5b293b3e elementor-widget elementor-widget-heading\" data-id=\"5b293b3e\" data-element_type=\"widget\" data-widget_type=\"heading.default\">\n\t\t\t\t<div class=\"elementor-widget-container\">\n\t\t\t\t\t<h1 class=\"elementor-heading-title elementor-size-default\">La vida de Bernardita Soubirous, santa Bernardita<\/h1>\t\t\t\t<\/div>\n\t\t\t\t<\/div>\n\t\t\t\t\t<\/div>\n\t\t<\/div>\n\t\t\t\t\t<\/div>\n\t\t<\/section>\n\t\t\t\t<section class=\"elementor-section elementor-top-section elementor-element elementor-element-7a89ae1 elementor-section-boxed elementor-section-height-default elementor-section-height-default\" data-id=\"7a89ae1\" data-element_type=\"section\" data-settings=\"{&quot;background_background&quot;:&quot;classic&quot;}\">\n\t\t\t\t\t\t<div class=\"elementor-container elementor-column-gap-default\">\n\t\t\t\t\t<div class=\"elementor-column elementor-col-100 elementor-top-column elementor-element elementor-element-07180a7\" data-id=\"07180a7\" data-element_type=\"column\">\n\t\t\t<div class=\"elementor-widget-wrap elementor-element-populated\">\n\t\t\t\t\t\t<div class=\"elementor-element elementor-element-ef26232 elementor-widget elementor-widget-text-editor\" data-id=\"ef26232\" data-element_type=\"widget\" data-widget_type=\"text-editor.default\">\n\t\t\t\t<div class=\"elementor-widget-container\">\n\t\t\t\t\t\t\t\t\t<h5>Todo lo que sabemos de las apariciones y del mensaje de Lourdes nos ha llegado por Bernardita, la \u00fanica que vio. Todo depende de su testimonio. \u00bfQui\u00e9n es Bernardita? Podemos distinguir tres etapas en su vida: los a\u00f1os oscuros de su infancia, una vida \u201cp\u00fablica\u201d en el tiempo de las apariciones y del tes\u00adtimonio y, por \u00faltimo, una vida \u201coculta\u201d como religiosa en Nevers.<\/h5>\t\t\t\t\t\t\t\t<\/div>\n\t\t\t\t<\/div>\n\t\t\t\t\t<\/div>\n\t\t<\/div>\n\t\t\t\t\t<\/div>\n\t\t<\/section>\n\t\t\t\t<section class=\"elementor-section elementor-top-section elementor-element elementor-element-75ace73 elementor-section-boxed elementor-section-height-default elementor-section-height-default\" data-id=\"75ace73\" data-element_type=\"section\">\n\t\t\t\t\t\t<div class=\"elementor-container elementor-column-gap-default\">\n\t\t\t\t\t<div class=\"elementor-column elementor-col-100 elementor-top-column elementor-element elementor-element-64e387f\" data-id=\"64e387f\" data-element_type=\"column\">\n\t\t\t<div class=\"elementor-widget-wrap elementor-element-populated\">\n\t\t\t\t\t\t<div class=\"elementor-element elementor-element-7944963 elementor-widget elementor-widget-text-editor\" data-id=\"7944963\" data-element_type=\"widget\" data-widget_type=\"text-editor.default\">\n\t\t\t\t<div class=\"elementor-widget-container\">\n\t\t\t\t\t\t\t\t\t<h2>Los a\u00f1os oscuros<\/h2><p>Cuando se habla de las aparicio\u00adnes, se suele presentar a Bernardita como una chica pobre, enferma e ignorante que vive miserable\u00admente en el \u00abCalabozo\u00bb. Es ver\u00addad, pero no siempre fue as\u00ed. Cuando naci\u00f3 en el molino de Boly el 7 de enero de 1844, era la primog\u00e9nita, la heredera de Francisco Soubirous y Louisa Cast\u00e9rot, casados por amor, cosa no muy frecuente en esa \u00e9poca. Bernardita crece en una familia unida que se ama y donde se reza. Vive diez a\u00f1os de felicidad en esa etapa tan decisiva de la primera infancia, que le dar\u00e1n una solidez y un equi\u00adlibrio sorprendentes. La miseria que sobreviene no puede acabar con esa riqueza humana. Es ver\u00addad que a los 14 a\u00f1os Bernardita mide 1,40 m, padece crisis de asma y problemas de est\u00f3mago, pero ella no es cualquier cosa: es una aut\u00e9n\u00adtica bigurdana cap bourrut, \u00abcabe\u00adza dura\u00bb, parecida a las piedras de las canteras de Lourdes. Tiene una naturaleza viva, espont\u00e1nea, tenaz, de r\u00e9plica f\u00e1cil -como comproba\u00adr\u00e1 el propio Jacomet-, incapaz de dobleces. Tiene amor propio, co\u00adsa que no se le escapa a la madre Vauzou en Nevers: \u00abCar\u00e1cter r\u00edgi\u00addo. Muy susceptible\u00bb. Bernardita se aflige por sus defectos y los combate en\u00e9rgicamente. As\u00ed pues, una personalidad fuerte, pero sin cultura. Nada de colegio: hab\u00eda que trabajar en la taberna de la t\u00eda Bernarda. Nada de catecis\u00admo: su memoria rebelde no rete\u00adn\u00eda las f\u00f3rmulas abstractas. A los 14 a\u00f1os no sab\u00eda leer ni escribir, y se siente excluida, como se dir\u00eda hoy. Entonces reacciona: en sep\u00adtiembre de 1857 la env\u00edan a Bar\u00adtr\u00e8s, y vuelve a Lourdes el 21 de enero de 1858: quiere hacer la pri\u00admera comuni\u00f3n, cosa que ocurre el 13 de junio.<\/p><p>\u00a0<\/p>\t\t\t\t\t\t\t\t<\/div>\n\t\t\t\t<\/div>\n\t\t\t\t\t<\/div>\n\t\t<\/div>\n\t\t\t\t\t<\/div>\n\t\t<\/section>\n\t\t\t\t<section class=\"elementor-section elementor-top-section elementor-element elementor-element-8daa838 elementor-section-boxed elementor-section-height-default elementor-section-height-default\" data-id=\"8daa838\" data-element_type=\"section\">\n\t\t\t\t\t\t<div class=\"elementor-container elementor-column-gap-default\">\n\t\t\t\t\t<div class=\"elementor-column elementor-col-100 elementor-top-column elementor-element elementor-element-dfdb116\" data-id=\"dfdb116\" data-element_type=\"column\">\n\t\t\t<div class=\"elementor-widget-wrap elementor-element-populated\">\n\t\t\t\t\t\t<div class=\"elementor-element elementor-element-016c22a elementor-widget elementor-widget-image\" data-id=\"016c22a\" data-element_type=\"widget\" data-widget_type=\"image.default\">\n\t\t\t\t<div class=\"elementor-widget-container\">\n\t\t\t\t\t\t\t\t\t\t\t\t\t\t\t<img decoding=\"async\" width=\"768\" height=\"623\" src=\"https:\/\/www.lourdes-france.org\/wp-content\/uploads\/2022\/08\/4-GemmaildesApparitions_redimensionner-768x623.jpg\" class=\"attachment-medium_large size-medium_large wp-image-865845\" alt=\"\" srcset=\"https:\/\/www.lourdes-france.org\/wp-content\/uploads\/2022\/08\/4-GemmaildesApparitions_redimensionner-768x623.jpg 768w, https:\/\/www.lourdes-france.org\/wp-content\/uploads\/2022\/08\/4-GemmaildesApparitions_redimensionner-300x243.jpg 300w, https:\/\/www.lourdes-france.org\/wp-content\/uploads\/2022\/08\/4-GemmaildesApparitions_redimensionner-1024x831.jpg 1024w, https:\/\/www.lourdes-france.org\/wp-content\/uploads\/2022\/08\/4-GemmaildesApparitions_redimensionner-1536x1246.jpg 1536w, https:\/\/www.lourdes-france.org\/wp-content\/uploads\/2022\/08\/4-GemmaildesApparitions_redimensionner.jpg 1556w\" sizes=\"(max-width: 768px) 100vw, 768px\" \/>\t\t\t\t\t\t\t\t\t\t\t\t\t\t\t<\/div>\n\t\t\t\t<\/div>\n\t\t\t\t\t<\/div>\n\t\t<\/div>\n\t\t\t\t\t<\/div>\n\t\t<\/section>\n\t\t\t\t<section class=\"elementor-section elementor-top-section elementor-element elementor-element-f1b7c75 elementor-section-boxed elementor-section-height-default elementor-section-height-default\" data-id=\"f1b7c75\" data-element_type=\"section\">\n\t\t\t\t\t\t<div class=\"elementor-container elementor-column-gap-default\">\n\t\t\t\t\t<div class=\"elementor-column elementor-col-100 elementor-top-column elementor-element elementor-element-1f0bd7e\" data-id=\"1f0bd7e\" data-element_type=\"column\">\n\t\t\t<div class=\"elementor-widget-wrap elementor-element-populated\">\n\t\t\t\t\t\t<div class=\"elementor-element elementor-element-1f4763e elementor-widget elementor-widget-text-editor\" data-id=\"1f4763e\" data-element_type=\"widget\" data-widget_type=\"text-editor.default\">\n\t\t\t\t<div class=\"elementor-widget-container\">\n\t\t\t\t\t\t\t\t\t<h2 style=\"text-align: left;\">La vida \u00abp\u00fablica\u201d\u00a0<\/h2><p>Corresponde a la \u00e9poca de las apariciones. En sus ocupaciones cotidianas, como ir a buscar le\u00f1a, Bernardita se encuentra cara a cara con el misterio. Un ruido \u00abcomo una r\u00e1faga de viento\u00bb, una luz, una presencia. \u00bfC\u00f3mo reacciona? Demostrando sentido com\u00fan y un dis\u00adcernimiento notables. Creyendo que pod\u00eda ser una ilusi\u00f3n, pone en mar\u00adcha todos sus recursos humanos: observa, se frota los ojos, intenta comprender. Luego se vuelve hacia sus compa\u00f1eras para comprobar sus impresiones: \u00ab\u00bfNo hab\u00e9is visto nada?\u00bb. Entonces se dirige a Dios y reza el rosario. Se dirige a la Igle\u00adsia y pide consejo en confesi\u00f3n al padre Pomian: \u00abHe visto algo blanco que tenia la forma de una Se\u00f1o\u00adra\u00bb. Interrogada por el comisario Jacomet, responde con una seguridad, prudencia y firme\u00adza sorprendentes en una chica sin estudios: \u00abAquero, no he dicho la Sant\u00edsima Virgen\u2026 Se\u00f1or, usted me lo ha cambiado todo\u00bb. Cuenta lo que ha visto con un desparpajo y una li\u00adbertad asombrosos: \u00abEstoy encargada de dec\u00edrselo, no de hac\u00e9rselo creer\u00bb.<\/p><p>Cuenta las apariciones con exactitud, sin a\u00f1adir ni quitar. Una sola vez, atemorizada por la rudeza de Peyramale (lit. mala piedra), a\u00f1ade: \u00abSe\u00f1or p\u00e1rroco, la Se\u00f1ora sigue pidiendo la capilla\u2026, \u00a1aunque sea muy peque\u00f1a!\u00bb. En su carta pasto\u00adral sobre las apariciones, Mons. Laurence subraya \u00abla sencillez, el candor, la modestia de esta ni\u00f1a\u2026 que cuenta todo sin afectaci\u00f3n, con una ingenuidad conmovedora\u2026 y, a las numerosas preguntas que le hacen, responde sin dudar, de mo\u00addo claro y preciso, con una fuerte convicci\u00f3n\u00bb. Insensible tanto a las amenazas como a las ofertas de sa\u00adcar partido, \u00abla sinceridad de Ber\u00adnardita es incontestable: no ha querido enga\u00f1ar\u00bb. Pero \u00bfno se esta\u00adr\u00e1 enga\u00f1ando ella misma, victima de una alucinaci\u00f3n?, se pregunta el obispo.<\/p><p>Entonces apela a la calma de Bernardita, a su sentido com\u00fan, a la ausencia de exaltaci\u00f3n y a que las apariciones no dependen de Bernardita, pues han ocurrido sin que ella las esperase: durante la quincena, dos d\u00edas acudi\u00f3 a la Gru\u00adta sin que la Se\u00f1ora apareciese.<\/p><p>Para llegar a estas conclusiones, Ber\u00adnardita ha tenido que responder a curiosos, admiradores, periodistas y otros, y comparecer ante comisiones de investigaci\u00f3n civiles y religiosas. Arrancada del anonimato, se ve pro\u00adyectada al primer plano de la actua\u00adlidad, victima de una \u00abtempestad medi\u00e1tica\u00bb. Podemos imaginar la paciencia, el equilibrio y el humor necesarios para resistir y preservar la pureza de su testimonio. No acep\u00adta regalos: \u00abQuiero seguir pobre\u00bb. No bendice los rosarios que le pre\u00adsentan: \u00abNo llevo estola\u00bb. Ni vende medallas: \u00abNo soy comerciante\u00bb. Y ante las im\u00e1genes a diez perras que la representan, exclama: \u00ab\u00a1Diez pe\u00adrras, eso es lo que valgo!\u00bb. En estas condiciones la vida en el Calabozo se vuelve imposible: hay que protegerla. El p\u00e1rroco Peyra\u00admale y el alcalde Lacad\u00e9 acuerdan que Bernardita sea admitida como \u00abenferma indigente\u00bb en el Hospi\u00adcio de las Hermanas de Nevers, al que llega el 15 de julio de 1860. Con 16 a\u00f1os aprende a leer y a es\u00adcribir. A\u00fan hoy se pueden ver en la iglesia de Bartr\u00e8s los \u00abpalotes\u00bb trazados por su mano. Posterior\u00admente escribe a menudo a su fami\u00adlia por un bautizo, una primera co\u00admuni\u00f3n o un funeral; \u00a1escribe incluso, al Papa! Visita a sus pa\u00addres, que han vuelto a la \u00abcasa pa\u00adterna\u00bb; cuida enfermos, pero ante todo busca su camino: si no sirve para nada ni tiene dote, \u00bfc\u00f3mo ser religiosa? Al final entra en las Her\u00admanas de Nevers \u00abporque no me han obligado a ello\u00bb. Desde enton\u00adces en su interior se impone una verdad: \u00abMi misi\u00f3n en Lourdes ya ha terminado\u00bb. Como Juan Bautis\u00adta ante Jes\u00fas, debe desaparecer pa\u00adra hacer sitio a Mar\u00eda.<\/p>\t\t\t\t\t\t\t\t<\/div>\n\t\t\t\t<\/div>\n\t\t\t\t\t<\/div>\n\t\t<\/div>\n\t\t\t\t\t<\/div>\n\t\t<\/section>\n\t\t\t\t<section class=\"elementor-section elementor-top-section elementor-element elementor-element-312f5a4 elementor-section-boxed elementor-section-height-default elementor-section-height-default\" data-id=\"312f5a4\" data-element_type=\"section\">\n\t\t\t\t\t\t<div class=\"elementor-container elementor-column-gap-default\">\n\t\t\t\t\t<div class=\"elementor-column elementor-col-100 elementor-top-column elementor-element elementor-element-37831fa\" data-id=\"37831fa\" data-element_type=\"column\">\n\t\t\t<div class=\"elementor-widget-wrap elementor-element-populated\">\n\t\t\t\t\t\t<div class=\"elementor-element elementor-element-b2ee4d6 elementor-widget elementor-widget-image\" data-id=\"b2ee4d6\" data-element_type=\"widget\" data-widget_type=\"image.default\">\n\t\t\t\t<div class=\"elementor-widget-container\">\n\t\t\t\t\t\t\t\t\t\t\t\t\t\t\t<img decoding=\"async\" width=\"1024\" height=\"341\" src=\"https:\/\/www.lourdes-france.org\/wp-content\/uploads\/2022\/08\/Sans-titre-1_redimensionner-1024x341.jpg\" class=\"attachment-large size-large wp-image-865851\" alt=\"\" srcset=\"https:\/\/www.lourdes-france.org\/wp-content\/uploads\/2022\/08\/Sans-titre-1_redimensionner-1024x341.jpg 1024w, https:\/\/www.lourdes-france.org\/wp-content\/uploads\/2022\/08\/Sans-titre-1_redimensionner-300x100.jpg 300w, https:\/\/www.lourdes-france.org\/wp-content\/uploads\/2022\/08\/Sans-titre-1_redimensionner-768x256.jpg 768w, https:\/\/www.lourdes-france.org\/wp-content\/uploads\/2022\/08\/Sans-titre-1_redimensionner-1536x512.jpg 1536w, https:\/\/www.lourdes-france.org\/wp-content\/uploads\/2022\/08\/Sans-titre-1_redimensionner-2048x683.jpg 2048w\" sizes=\"(max-width: 1024px) 100vw, 1024px\" \/>\t\t\t\t\t\t\t\t\t\t\t\t\t\t\t<\/div>\n\t\t\t\t<\/div>\n\t\t\t\t\t<\/div>\n\t\t<\/div>\n\t\t\t\t\t<\/div>\n\t\t<\/section>\n\t\t\t\t<section class=\"elementor-section elementor-top-section elementor-element elementor-element-6146667 elementor-section-boxed elementor-section-height-default elementor-section-height-default\" data-id=\"6146667\" data-element_type=\"section\">\n\t\t\t\t\t\t<div class=\"elementor-container elementor-column-gap-default\">\n\t\t\t\t\t<div class=\"elementor-column elementor-col-100 elementor-top-column elementor-element elementor-element-cbf16fb\" data-id=\"cbf16fb\" data-element_type=\"column\">\n\t\t\t<div class=\"elementor-widget-wrap elementor-element-populated\">\n\t\t\t\t\t\t<div class=\"elementor-element elementor-element-7f38fba elementor-widget elementor-widget-text-editor\" data-id=\"7f38fba\" data-element_type=\"widget\" data-widget_type=\"text-editor.default\">\n\t\t\t\t<div class=\"elementor-widget-container\">\n\t\t\t\t\t\t\t\t\t<h2 style=\"text-align: left;\">La vida \u201coculta\u201d en Nevers<\/h2><p>Ella misma usa esta expresi\u00f3n: \u00abHe venido aqu\u00ed para ocultarme\u00bb. En Lourdes era Bernardita, la vi\u00addente; en Nevers se convierte en la hermana Marie-Bernard, la san\u00adta. A menudo se ha hablado de la severidad de sus superioras con ella, pero hay que comprender que Bernardita era un caso espe\u00adcial: hab\u00eda que apartarla de la cu\u00adriosidad, protegerla y proteger la Congregaci\u00f3n. Bernardita relata las apariciones a la comunidad, reunida al d\u00eda siguiente de su lle\u00adgada; luego ya no podr\u00e1 hablar. La dejan en la casa madre, aunque le hubiera gustado cuidar enfermos en otro lugar. El d\u00eda de su profe\u00adsi\u00f3n, no hay ninguna ocupaci\u00f3n prevista para ella. Entonces el obispo, inspirado, le encomienda \u00abel trabajo de orar\u00bb. \u00abRece por los pecadores\u00bb, le hab\u00eda dicho la Se\u00ad\u00f1ora. Y lo cumple. \u00abMis armas son la oraci\u00f3n y el sacrificio\u00bb, le escribe al Papa. La enfermedad la convierte en una columna de la enfermer\u00eda. Y luego est\u00e1n las in\u00adterminables sesiones de locutorio: \u00abEstos pobres obispos har\u00edan me\u00adjor qued\u00e1ndose en su casa\u00bb. Lour\u00addes est\u00e1 muy lejos\u2026 \u00bfVolver a la Gruta? \u00a1Nunca!, \u00abDejar\u00edan a la Sant\u00edsima Virgen para seguirme\u00bb. Pe\u00adro todos los d\u00edas va all\u00ed en peregrinaci\u00f3n espiritual.<\/p><p>No habla de Lourdes; lo vive. \u00abUs\u00adted debe ser la primera en vivir el mensaje\u00bb, le dice el padre Douce, su confesor. De hecho, despu\u00e9s de ser ayudante de enfermer\u00eda, entra poco a poco en la condici\u00f3n de en\u00adferma, lo que convierte en \u00absu ta\u00adrea\u00bb al aceptar, con un perfecto ac\u00adto de amor, todas las cruces por los pecadores: \u00abDespu\u00e9s de todo, son nuestros hermanos\u00bb. En las largas noches de insomnio, uni\u00e9n\u00addose a las misas que se celebran en todo el mundo, se ofrece como una \u00abcrucificada viviente\u00bb en el enorme combate entre las tinieblas y la luz, asociada con Mar\u00eda al misterio de la Redenci\u00f3n y con los ojos fijos en el Crucifijo: \u00abDe ah\u00ed saco mi fuerza\u00bb.<\/p><p>Muere en Nevers el 16 de abril de 1879 a la edad de 35 a\u00f1os. La Iglesia la proclam\u00f3 santa el 8 de diciembre de 1933, no por haber sido favorecida por las apariciones, sino por el modo en que respondi\u00f3.<\/p>\t\t\t\t\t\t\t\t<\/div>\n\t\t\t\t<\/div>\n\t\t\t\t\t<\/div>\n\t\t<\/div>\n\t\t\t\t\t<\/div>\n\t\t<\/section>\n\t\t\t\t<section class=\"elementor-section elementor-top-section elementor-element elementor-element-1eeee6e elementor-section-boxed elementor-section-height-default elementor-section-height-default\" data-id=\"1eeee6e\" data-element_type=\"section\">\n\t\t\t\t\t\t<div class=\"elementor-container elementor-column-gap-default\">\n\t\t\t\t\t<div class=\"elementor-column elementor-col-100 elementor-top-column elementor-element elementor-element-a2b106d\" data-id=\"a2b106d\" data-element_type=\"column\">\n\t\t\t<div class=\"elementor-widget-wrap elementor-element-populated\">\n\t\t\t\t\t\t<div class=\"elementor-element elementor-element-6882503 elementor-widget elementor-widget-image\" data-id=\"6882503\" data-element_type=\"widget\" data-widget_type=\"image.default\">\n\t\t\t\t<div class=\"elementor-widget-container\">\n\t\t\t\t\t\t\t\t\t\t\t\t\t\t\t<img loading=\"lazy\" decoding=\"async\" width=\"1024\" height=\"676\" src=\"https:\/\/www.lourdes-france.org\/wp-content\/uploads\/2022\/08\/CHASSESTATUE-A_Cabidoche_redimensionner-1024x676.jpg\" class=\"attachment-large size-large wp-image-865838\" alt=\"\" srcset=\"https:\/\/www.lourdes-france.org\/wp-content\/uploads\/2022\/08\/CHASSESTATUE-A_Cabidoche_redimensionner-1024x676.jpg 1024w, https:\/\/www.lourdes-france.org\/wp-content\/uploads\/2022\/08\/CHASSESTATUE-A_Cabidoche_redimensionner-300x198.jpg 300w, https:\/\/www.lourdes-france.org\/wp-content\/uploads\/2022\/08\/CHASSESTATUE-A_Cabidoche_redimensionner-768x507.jpg 768w, https:\/\/www.lourdes-france.org\/wp-content\/uploads\/2022\/08\/CHASSESTATUE-A_Cabidoche_redimensionner.jpg 1484w\" sizes=\"(max-width: 1024px) 100vw, 1024px\" \/>\t\t\t\t\t\t\t\t\t\t\t\t\t\t\t<\/div>\n\t\t\t\t<\/div>\n\t\t\t\t\t<\/div>\n\t\t<\/div>\n\t\t\t\t\t<\/div>\n\t\t<\/section>\n\t\t\t\t<section class=\"elementor-section elementor-top-section elementor-element elementor-element-55c378d elementor-section-boxed elementor-section-height-default elementor-section-height-default\" data-id=\"55c378d\" data-element_type=\"section\">\n\t\t\t\t\t\t<div class=\"elementor-container elementor-column-gap-default\">\n\t\t\t\t\t<div class=\"elementor-column elementor-col-100 elementor-top-column elementor-element elementor-element-93631b0\" data-id=\"93631b0\" data-element_type=\"column\">\n\t\t\t<div class=\"elementor-widget-wrap elementor-element-populated\">\n\t\t\t\t\t\t<div class=\"elementor-element elementor-element-45a5bd0 elementor-widget elementor-widget-text-editor\" data-id=\"45a5bd0\" data-element_type=\"widget\" data-widget_type=\"text-editor.default\">\n\t\t\t\t<div class=\"elementor-widget-container\">\n\t\t\t\t\t\t\t\t\t<h2 style=\"text-align: left;\">Algunas frases de Bernardita:<\/h2><p><i>\u201cEstoy encargada de dec\u00edrselo, no de hac\u00e9rselo creer \u201d.<br \/><\/i><i>\u201cCuanto m\u00e1s sencillo se escriba ser\u00e1 mejor\u201d.<br \/><\/i><i>\u201cCuando no se desea nada, siempre se tiene lo que se necesita\u201d.<br \/><\/i><i>\u201cCuando Dios lo permite, no hay que quejarse\u201d.<br \/><\/i>Respondiendo a la pregunta &#171;\u00bfSufre usted?<br \/>ella responde: &#171;Todo esto es bueno para el cielo&#187;.<\/p>\t\t\t\t\t\t\t\t<\/div>\n\t\t\t\t<\/div>\n\t\t\t\t\t<\/div>\n\t\t<\/div>\n\t\t\t\t\t<\/div>\n\t\t<\/section>\n\t\t\t\t<section class=\"elementor-section elementor-top-section elementor-element elementor-element-49d162c elementor-section-boxed elementor-section-height-default elementor-section-height-default\" data-id=\"49d162c\" data-element_type=\"section\">\n\t\t\t\t\t\t<div class=\"elementor-container elementor-column-gap-default\">\n\t\t\t\t\t<div class=\"elementor-column elementor-col-100 elementor-top-column elementor-element elementor-element-4e228a4\" data-id=\"4e228a4\" data-element_type=\"column\">\n\t\t\t<div class=\"elementor-widget-wrap elementor-element-populated\">\n\t\t\t\t\t\t<div class=\"elementor-element elementor-element-11e1f22 elementor-widget elementor-widget-text-editor\" data-id=\"11e1f22\" data-element_type=\"widget\" data-widget_type=\"text-editor.default\">\n\t\t\t\t<div class=\"elementor-widget-container\">\n\t\t\t\t\t\t\t\t\t<h2 style=\"text-align: left;\">Fechas importantes en la vida de Bernardita Soubirous<\/h2><p>1843 &#8211; 9 de enero: Matrimonio de Fran\u00e7ois Soubirous y Louise Cast\u00e9rot.<br \/>1844 &#8211; 7 de enero: nacimiento de Bernardita en el Moulin de Boly.<br \/>1844 &#8211; 9 de enero: bautismo de Bernardita.<br \/>1846 &#8211; Nacimiento de su hermana Toinette.<br \/>1851 &#8211; Nacimiento de su hermano Jean-Marie.<br \/>1854 &#8211; Quiebra del molino de Boly trabajado por Fran\u00e7ois Soubirous.<br \/>1855 &#8211; Nacimiento de su hermano Justin, y Bernardita se ve afectada por la epidemia de c\u00f3lera que azota Lourdes y sus alrededores.<br \/>1857 &#8211; La familia Soubirous se instala en el Calabozo. Bernardita es empleada como pastora en Bartr\u00e8s y a veces en el bar de su t\u00eda en Lourdes, donde ayuda en el servicio.<br \/>1858 &#8211; 17 de enero: Bernardita deja Bartr\u00e8s.<br \/>1858 &#8211; 11 de febrero: primera aparici\u00f3n en la Gruta de Massabielle.<br \/>1858 &#8211; 3 de junio: Bernardita hace la Primera Comuni\u00f3n.<br \/>1858 &#8211; 16 de julio: \u00faltima de las 18 apariciones.<br \/>1858 &#8211; 17 de julio: Bernardita se entrevista por primera vez con un obispo (de Montpellier).<br \/>1860 &#8211; 5 de febrero: Bernardita se confirma y se encuentra por primera vez con Mons. Laurence, obispo de Tarbes.<br \/>1861 &#8211; Primeras sesiones fotogr\u00e1ficas de Bernardita.<br \/>1862 &#8211; La salud de Bernardita empeora y recibe la extremaunci\u00f3n.<br \/>1863 &#8211; Encuentro con el escultor Joseph Fabisch para la realizaci\u00f3n de la imagen de Nuestra Se\u00f1ora de Lourdes.<br \/>1864 &#8211; Bernardita expresa su deseo de entrar en el convento de las hermanas en Nevers.<br \/>1866 &#8211; Bernardita est\u00e1 presente entre la multitud para la inauguraci\u00f3n de la Cripta y sale de Lourdes el 4 de julio.<br \/>1867 &#8211; Bernardita hace su profesi\u00f3n religiosa con las Hermanas de Nevers, donde recibe &#171;el empleo de la oraci\u00f3n&#187;.<br \/>1875 &#8211; A partir de este a\u00f1o, Bernardita se pone cada vez m\u00e1s enferma.<br \/>1878 &#8211; Bernardita est\u00e1 casi permanentemente postrada en su habitaci\u00f3n de Nevers.<br \/>1879 &#8211; 16 de abril: fallecimiento de Bernardita.<br \/>1925 &#8211; 14 de junio: Beatificaci\u00f3n de Bernardita.<br \/>1933 &#8211; 8 de diciembre: canonizaci\u00f3n de Bernardita.<\/p>\t\t\t\t\t\t\t\t<\/div>\n\t\t\t\t<\/div>\n\t\t\t\t\t<\/div>\n\t\t<\/div>\n\t\t\t\t\t<\/div>\n\t\t<\/section>\n\t\t\t\t<section class=\"elementor-section elementor-top-section elementor-element elementor-element-3084214 elementor-section-boxed elementor-section-height-default elementor-section-height-default\" data-id=\"3084214\" data-element_type=\"section\">\n\t\t\t\t\t\t<div class=\"elementor-container elementor-column-gap-default\">\n\t\t\t\t\t<div class=\"elementor-column elementor-col-100 elementor-top-column elementor-element elementor-element-3812006\" data-id=\"3812006\" data-element_type=\"column\">\n\t\t\t<div class=\"elementor-widget-wrap elementor-element-populated\">\n\t\t\t\t\t\t<div class=\"elementor-element elementor-element-c13222a elementor-align-center elementor-widget elementor-widget-button\" data-id=\"c13222a\" data-element_type=\"widget\" data-widget_type=\"button.default\">\n\t\t\t\t<div class=\"elementor-widget-container\">\n\t\t\t\t\t\t\t\t\t<div class=\"elementor-button-wrapper\">\n\t\t\t\t\t<a class=\"elementor-button elementor-button-link elementor-size-sm\" href=\"https:\/\/www.lourdes-france.com\/es\/marcher-sur-les-pas-de-bernadette\/\" target=\"_blank\">\n\t\t\t\t\t\t<span class=\"elementor-button-content-wrapper\">\n\t\t\t\t\t\t\t\t\t<span class=\"elementor-button-text\">Siguiendo los \u00abpasos de Bernardita\u00bb<\/span>\n\t\t\t\t\t<\/span>\n\t\t\t\t\t<\/a>\n\t\t\t\t<\/div>\n\t\t\t\t\t\t\t\t<\/div>\n\t\t\t\t<\/div>\n\t\t\t\t\t<\/div>\n\t\t<\/div>\n\t\t\t\t\t<\/div>\n\t\t<\/section>\n\t\t\t\t<\/div>\n\t\t","protected":false},"excerpt":{"rendered":"<p>La vida de Bernardita Soubirous, santa Bernardita Todo lo que sabemos de las apariciones y del mensaje de Lourdes nos ha llegado por Bernardita, la \u00fanica que vio. Todo depende de su testimonio. \u00bfQui\u00e9n es Bernardita? Podemos distinguir tres etapas &hellip; <a href=\"https:\/\/www.lourdes-france.org\/es\/bernardita-soubirous\/\">Continuar<\/a><\/p>\n","protected":false},"author":7,"featured_media":1417,"parent":0,"menu_order":0,"comment_status":"closed","ping_status":"closed","template":"","meta":{"_acf_changed":false,"footnotes":""},"class_list":["post-2581","page","type-page","status-publish","has-post-thumbnail","hentry"],"acf":[],"yoast_head":"<!-- This site is optimized with the Yoast SEO plugin v24.7 - https:\/\/yoast.com\/wordpress\/plugins\/seo\/ -->\n<title>Bernardita Soubirous<\/title>\n<meta name=\"robots\" content=\"index, follow, max-snippet:-1, max-image-preview:large, max-video-preview:-1\" \/>\n<link rel=\"canonical\" href=\"https:\/\/preprod-lourdes.cawita.com\/es\/bernardita-soubirous\/\" \/>\n<meta name=\"twitter:label1\" content=\"Tiempo de lectura\" \/>\n\t<meta name=\"twitter:data1\" content=\"9 minutos\" \/>\n<script type=\"application\/ld+json\" class=\"yoast-schema-graph\">{\"@context\":\"https:\/\/schema.org\",\"@graph\":[{\"@type\":\"WebPage\",\"@id\":\"https:\/\/preprod-lourdes.cawita.com\/es\/bernardita-soubirous\/\",\"url\":\"https:\/\/preprod-lourdes.cawita.com\/es\/bernardita-soubirous\/\",\"name\":\"Bernardita Soubirous\",\"isPartOf\":{\"@id\":\"https:\/\/preprod-lourdes.cawita.com\/#website\"},\"primaryImageOfPage\":{\"@id\":\"https:\/\/preprod-lourdes.cawita.com\/es\/bernardita-soubirous\/#primaryimage\"},\"image\":{\"@id\":\"https:\/\/preprod-lourdes.cawita.com\/es\/bernardita-soubirous\/#primaryimage\"},\"thumbnailUrl\":\"https:\/\/www.lourdes-france.org\/wp-content\/uploads\/2018\/07\/3-avril_2008_lacaze-1.jpg\",\"datePublished\":\"2018-07-17T12:08:02+00:00\",\"dateModified\":\"2022-09-13T08:10:09+00:00\",\"breadcrumb\":{\"@id\":\"https:\/\/preprod-lourdes.cawita.com\/es\/bernardita-soubirous\/#breadcrumb\"},\"inLanguage\":\"es\",\"potentialAction\":[{\"@type\":\"ReadAction\",\"target\":[\"https:\/\/preprod-lourdes.cawita.com\/es\/bernardita-soubirous\/\"]}]},{\"@type\":\"ImageObject\",\"inLanguage\":\"es\",\"@id\":\"https:\/\/preprod-lourdes.cawita.com\/es\/bernardita-soubirous\/#primaryimage\",\"url\":\"https:\/\/www.lourdes-france.org\/wp-content\/uploads\/2018\/07\/3-avril_2008_lacaze-1.jpg\",\"contentUrl\":\"https:\/\/www.lourdes-france.org\/wp-content\/uploads\/2018\/07\/3-avril_2008_lacaze-1.jpg\",\"width\":1600,\"height\":440,\"caption\":\"Todo lo que sabemos de las apari\u00adciones y del mensaje de Lourdes nos ha llegado por Bernardita\"},{\"@type\":\"BreadcrumbList\",\"@id\":\"https:\/\/preprod-lourdes.cawita.com\/es\/bernardita-soubirous\/#breadcrumb\",\"itemListElement\":[{\"@type\":\"ListItem\",\"position\":1,\"name\":\"Accueil\",\"item\":\"https:\/\/www.lourdes-france.org\/\"},{\"@type\":\"ListItem\",\"position\":2,\"name\":\"Bernardita Soubirous\"}]},{\"@type\":\"WebSite\",\"@id\":\"https:\/\/preprod-lourdes.cawita.com\/#website\",\"url\":\"https:\/\/preprod-lourdes.cawita.com\/\",\"name\":\"Soutenir le Sanctuaire Notre-Dame de Lourdes\",\"description\":\"\",\"potentialAction\":[{\"@type\":\"SearchAction\",\"target\":{\"@type\":\"EntryPoint\",\"urlTemplate\":\"https:\/\/preprod-lourdes.cawita.com\/?s={search_term_string}\"},\"query-input\":{\"@type\":\"PropertyValueSpecification\",\"valueRequired\":true,\"valueName\":\"search_term_string\"}}],\"inLanguage\":\"es\"}]}<\/script>\n<!-- \/ Yoast SEO plugin. -->","yoast_head_json":{"title":"Bernardita Soubirous","robots":{"index":"index","follow":"follow","max-snippet":"max-snippet:-1","max-image-preview":"max-image-preview:large","max-video-preview":"max-video-preview:-1"},"canonical":"https:\/\/preprod-lourdes.cawita.com\/es\/bernardita-soubirous\/","twitter_misc":{"Tiempo de lectura":"9 minutos"},"schema":{"@context":"https:\/\/schema.org","@graph":[{"@type":"WebPage","@id":"https:\/\/preprod-lourdes.cawita.com\/es\/bernardita-soubirous\/","url":"https:\/\/preprod-lourdes.cawita.com\/es\/bernardita-soubirous\/","name":"Bernardita Soubirous","isPartOf":{"@id":"https:\/\/preprod-lourdes.cawita.com\/#website"},"primaryImageOfPage":{"@id":"https:\/\/preprod-lourdes.cawita.com\/es\/bernardita-soubirous\/#primaryimage"},"image":{"@id":"https:\/\/preprod-lourdes.cawita.com\/es\/bernardita-soubirous\/#primaryimage"},"thumbnailUrl":"https:\/\/www.lourdes-france.org\/wp-content\/uploads\/2018\/07\/3-avril_2008_lacaze-1.jpg","datePublished":"2018-07-17T12:08:02+00:00","dateModified":"2022-09-13T08:10:09+00:00","breadcrumb":{"@id":"https:\/\/preprod-lourdes.cawita.com\/es\/bernardita-soubirous\/#breadcrumb"},"inLanguage":"es","potentialAction":[{"@type":"ReadAction","target":["https:\/\/preprod-lourdes.cawita.com\/es\/bernardita-soubirous\/"]}]},{"@type":"ImageObject","inLanguage":"es","@id":"https:\/\/preprod-lourdes.cawita.com\/es\/bernardita-soubirous\/#primaryimage","url":"https:\/\/www.lourdes-france.org\/wp-content\/uploads\/2018\/07\/3-avril_2008_lacaze-1.jpg","contentUrl":"https:\/\/www.lourdes-france.org\/wp-content\/uploads\/2018\/07\/3-avril_2008_lacaze-1.jpg","width":1600,"height":440,"caption":"Todo lo que sabemos de las apari\u00adciones y del mensaje de Lourdes nos ha llegado por Bernardita"},{"@type":"BreadcrumbList","@id":"https:\/\/preprod-lourdes.cawita.com\/es\/bernardita-soubirous\/#breadcrumb","itemListElement":[{"@type":"ListItem","position":1,"name":"Accueil","item":"https:\/\/www.lourdes-france.org\/"},{"@type":"ListItem","position":2,"name":"Bernardita Soubirous"}]},{"@type":"WebSite","@id":"https:\/\/preprod-lourdes.cawita.com\/#website","url":"https:\/\/preprod-lourdes.cawita.com\/","name":"Soutenir le Sanctuaire Notre-Dame de Lourdes","description":"","potentialAction":[{"@type":"SearchAction","target":{"@type":"EntryPoint","urlTemplate":"https:\/\/preprod-lourdes.cawita.com\/?s={search_term_string}"},"query-input":{"@type":"PropertyValueSpecification","valueRequired":true,"valueName":"search_term_string"}}],"inLanguage":"es"}]}},"_links":{"self":[{"href":"https:\/\/www.lourdes-france.org\/es\/wp-json\/wp\/v2\/pages\/2581","targetHints":{"allow":["GET"]}}],"collection":[{"href":"https:\/\/www.lourdes-france.org\/es\/wp-json\/wp\/v2\/pages"}],"about":[{"href":"https:\/\/www.lourdes-france.org\/es\/wp-json\/wp\/v2\/types\/page"}],"author":[{"embeddable":true,"href":"https:\/\/www.lourdes-france.org\/es\/wp-json\/wp\/v2\/users\/7"}],"replies":[{"embeddable":true,"href":"https:\/\/www.lourdes-france.org\/es\/wp-json\/wp\/v2\/comments?post=2581"}],"version-history":[{"count":24,"href":"https:\/\/www.lourdes-france.org\/es\/wp-json\/wp\/v2\/pages\/2581\/revisions"}],"predecessor-version":[{"id":870439,"href":"https:\/\/www.lourdes-france.org\/es\/wp-json\/wp\/v2\/pages\/2581\/revisions\/870439"}],"wp:featuredmedia":[{"embeddable":true,"href":"https:\/\/www.lourdes-france.org\/es\/wp-json\/wp\/v2\/media\/1417"}],"wp:attachment":[{"href":"https:\/\/www.lourdes-france.org\/es\/wp-json\/wp\/v2\/media?parent=2581"}],"curies":[{"name":"wp","href":"https:\/\/api.w.org\/{rel}","templated":true}]}}