{"id":1096649,"date":"2026-01-29T13:39:57","date_gmt":"2026-01-29T12:39:57","guid":{"rendered":"https:\/\/www.lourdes-france.org\/actualites-du-sanctuaire-de-lourdes\/"},"modified":"2026-01-30T12:38:04","modified_gmt":"2026-01-30T11:38:04","slug":"attualita-del-santuario-di-lourdes","status":"publish","type":"page","link":"https:\/\/www.lourdes-france.org\/it\/attualita-del-santuario-di-lourdes\/","title":{"rendered":"Attualit\u00e0 del Santuario di Lourdes"},"content":{"rendered":"\t\t<div data-elementor-type=\"wp-page\" data-elementor-id=\"1096649\" class=\"elementor elementor-1096649 elementor-1096561\" data-elementor-post-type=\"page\">\n\t\t\t\t\t\t<section class=\"elementor-section elementor-top-section elementor-element elementor-element-1e5e8360 elementor-section-full_width elementor-section-stretched elementor-section-height-default elementor-section-height-default\" data-id=\"1e5e8360\" data-element_type=\"section\" data-settings=\"{&quot;stretch_section&quot;:&quot;section-stretched&quot;,&quot;background_background&quot;:&quot;classic&quot;}\">\n\t\t\t\t\t\t<div class=\"elementor-container elementor-column-gap-default\">\n\t\t\t\t\t<div class=\"elementor-column elementor-col-100 elementor-top-column elementor-element elementor-element-264843e0\" data-id=\"264843e0\" data-element_type=\"column\">\n\t\t\t<div class=\"elementor-widget-wrap elementor-element-populated\">\n\t\t\t\t\t\t<div class=\"elementor-element elementor-element-870951d elementor-widget elementor-widget-spacer\" data-id=\"870951d\" data-element_type=\"widget\" data-widget_type=\"spacer.default\">\n\t\t\t\t<div class=\"elementor-widget-container\">\n\t\t\t\t\t\t\t<div class=\"elementor-spacer\">\n\t\t\t<div class=\"elementor-spacer-inner\"><\/div>\n\t\t<\/div>\n\t\t\t\t\t\t<\/div>\n\t\t\t\t<\/div>\n\t\t\t\t\t<\/div>\n\t\t<\/div>\n\t\t\t\t\t<\/div>\n\t\t<\/section>\n\t\t\t\t<section class=\"elementor-section elementor-top-section elementor-element elementor-element-6c68b2d6 elementor-section-full_width elementor-section-height-default elementor-section-height-default\" data-id=\"6c68b2d6\" data-element_type=\"section\" data-settings=\"{&quot;background_background&quot;:&quot;classic&quot;}\">\n\t\t\t\t\t\t<div class=\"elementor-container elementor-column-gap-default\">\n\t\t\t\t\t<div class=\"elementor-column elementor-col-100 elementor-top-column elementor-element elementor-element-5a919365\" data-id=\"5a919365\" data-element_type=\"column\">\n\t\t\t<div class=\"elementor-widget-wrap elementor-element-populated\">\n\t\t\t\t\t\t<div class=\"elementor-element elementor-element-33977f81 elementor-widget elementor-widget-spacer\" data-id=\"33977f81\" data-element_type=\"widget\" data-widget_type=\"spacer.default\">\n\t\t\t\t<div class=\"elementor-widget-container\">\n\t\t\t\t\t\t\t<div class=\"elementor-spacer\">\n\t\t\t<div class=\"elementor-spacer-inner\"><\/div>\n\t\t<\/div>\n\t\t\t\t\t\t<\/div>\n\t\t\t\t<\/div>\n\t\t\t\t<div class=\"elementor-element elementor-element-596bdc0 elementor-widget elementor-widget-heading\" data-id=\"596bdc0\" data-element_type=\"widget\" data-widget_type=\"heading.default\">\n\t\t\t\t<div class=\"elementor-widget-container\">\n\t\t\t\t\t<h2 class=\"elementor-heading-title elementor-size-default\">Attualit\u00e0 del Santuario di Lourdes\n<\/h2>\t\t\t\t<\/div>\n\t\t\t\t<\/div>\n\t\t\t\t<div class=\"elementor-element elementor-element-5ef870e5 elementor-widget elementor-widget-heading\" data-id=\"5ef870e5\" data-element_type=\"widget\" data-widget_type=\"heading.default\">\n\t\t\t\t<div class=\"elementor-widget-container\">\n\t\t\t\t\t<h2 class=\"elementor-heading-title elementor-size-default\">_________________<\/h2>\t\t\t\t<\/div>\n\t\t\t\t<\/div>\n\t\t\t\t<div class=\"elementor-element elementor-element-079f7cb elementor-widget elementor-widget-text-editor\" data-id=\"079f7cb\" data-element_type=\"widget\" data-widget_type=\"text-editor.default\">\n\t\t\t\t<div class=\"elementor-widget-container\">\n\t\t\t\t\t\t\t\t\t<p style=\"text-align: center;\">Qui trover\u00e0 tutte le attualit\u00e0 del Santuario di Lourdes: <br \/>lavori e ristrutturazioni, progetti, campagne di donazione, offerte e informazioni essenziali.<\/p>\t\t\t\t\t\t\t\t<\/div>\n\t\t\t\t<\/div>\n\t\t\t\t<div class=\"elementor-element elementor-element-cdc0560 elementor-posts--align-left elementor-grid-3 elementor-grid-tablet-2 elementor-grid-mobile-1 elementor-posts--thumbnail-top elementor-card-shadow-yes elementor-posts__hover-gradient elementor-widget elementor-widget-posts\" data-id=\"cdc0560\" data-element_type=\"widget\" data-settings=\"{&quot;pagination_type&quot;:&quot;prev_next&quot;,&quot;cards_columns&quot;:&quot;3&quot;,&quot;cards_columns_tablet&quot;:&quot;2&quot;,&quot;cards_columns_mobile&quot;:&quot;1&quot;,&quot;cards_row_gap&quot;:{&quot;unit&quot;:&quot;px&quot;,&quot;size&quot;:35,&quot;sizes&quot;:[]},&quot;cards_row_gap_tablet&quot;:{&quot;unit&quot;:&quot;px&quot;,&quot;size&quot;:&quot;&quot;,&quot;sizes&quot;:[]},&quot;cards_row_gap_mobile&quot;:{&quot;unit&quot;:&quot;px&quot;,&quot;size&quot;:&quot;&quot;,&quot;sizes&quot;:[]}}\" data-widget_type=\"posts.cards\">\n\t\t\t\t<div class=\"elementor-widget-container\">\n\t\t\t\t\t\t\t<div class=\"elementor-posts-container elementor-posts elementor-posts--skin-cards elementor-grid\" role=\"list\">\n\t\t\t\t<article class=\"elementor-post elementor-grid-item post-1099036 post type-post status-publish format-standard has-post-thumbnail hentry category-lourdes-france-org-it category-en-ce-moment-it\" role=\"listitem\">\n\t\t\t<div class=\"elementor-post__card\">\n\t\t\t\t<a class=\"elementor-post__thumbnail__link\" href=\"https:\/\/www.lourdes-france.org\/it\/un-pellegrinaggio-a-lourdes-in-sicurezza\/\" tabindex=\"-1\" target=\"_blank\"><div class=\"elementor-post__thumbnail\"><img fetchpriority=\"high\" decoding=\"async\" width=\"1920\" height=\"1286\" src=\"https:\/\/www.lourdes-france.org\/wp-content\/uploads\/2026\/04\/Image-PV-2025-2.jpg\" class=\"attachment-full size-full wp-image-1098969\" alt=\"\" srcset=\"https:\/\/www.lourdes-france.org\/wp-content\/uploads\/2026\/04\/Image-PV-2025-2.jpg 1920w, https:\/\/www.lourdes-france.org\/wp-content\/uploads\/2026\/04\/Image-PV-2025-2-300x201.jpg 300w, https:\/\/www.lourdes-france.org\/wp-content\/uploads\/2026\/04\/Image-PV-2025-2-1024x686.jpg 1024w, https:\/\/www.lourdes-france.org\/wp-content\/uploads\/2026\/04\/Image-PV-2025-2-768x514.jpg 768w, https:\/\/www.lourdes-france.org\/wp-content\/uploads\/2026\/04\/Image-PV-2025-2-1536x1029.jpg 1536w\" sizes=\"(max-width: 1920px) 100vw, 1920px\" \/><\/div><\/a>\n\t\t\t\t<div class=\"elementor-post__text\">\n\t\t\t\t<h3 class=\"elementor-post__title\">\n\t\t\t<a href=\"https:\/\/www.lourdes-france.org\/it\/un-pellegrinaggio-a-lourdes-in-sicurezza\/\" target=&quot;_blank&quot;>\n\t\t\t\tUn pellegrinaggio a Lourdes in sicurezza\t\t\t<\/a>\n\t\t<\/h3>\n\t\t\n\t\t<a class=\"elementor-post__read-more\" href=\"https:\/\/www.lourdes-france.org\/it\/un-pellegrinaggio-a-lourdes-in-sicurezza\/\" aria-label=\"Leggi tutto Un pellegrinaggio a Lourdes in sicurezza\" tabindex=\"-1\" target=\"_blank\">\n\t\t\tContinua a leggere \u00bb\t\t<\/a>\n\n\t\t\t\t<\/div>\n\t\t\t\t\t<\/div>\n\t\t<\/article>\n\t\t\t\t<article class=\"elementor-post elementor-grid-item post-1097897 post type-post status-publish format-standard has-post-thumbnail hentry category-lourdes-france-org-it category-en-ce-moment-it\" role=\"listitem\">\n\t\t\t<div class=\"elementor-post__card\">\n\t\t\t\t<a class=\"elementor-post__thumbnail__link\" href=\"https:\/\/www.lourdes-france.org\/it\/settimana-santa-a-lourdes-in-cammino-verso-la-luce-della-pasqua\/\" tabindex=\"-1\" target=\"_blank\"><div class=\"elementor-post__thumbnail\"><img decoding=\"async\" width=\"1923\" height=\"1280\" src=\"https:\/\/www.lourdes-france.org\/wp-content\/uploads\/2026\/03\/bandeau-lumiere-de-Paques.jpg\" class=\"attachment-full size-full wp-image-1097854\" alt=\"\" srcset=\"https:\/\/www.lourdes-france.org\/wp-content\/uploads\/2026\/03\/bandeau-lumiere-de-Paques.jpg 1923w, https:\/\/www.lourdes-france.org\/wp-content\/uploads\/2026\/03\/bandeau-lumiere-de-Paques-300x200.jpg 300w, https:\/\/www.lourdes-france.org\/wp-content\/uploads\/2026\/03\/bandeau-lumiere-de-Paques-1024x682.jpg 1024w, https:\/\/www.lourdes-france.org\/wp-content\/uploads\/2026\/03\/bandeau-lumiere-de-Paques-768x511.jpg 768w, https:\/\/www.lourdes-france.org\/wp-content\/uploads\/2026\/03\/bandeau-lumiere-de-Paques-1536x1022.jpg 1536w\" sizes=\"(max-width: 1923px) 100vw, 1923px\" \/><\/div><\/a>\n\t\t\t\t<div class=\"elementor-post__text\">\n\t\t\t\t<h3 class=\"elementor-post__title\">\n\t\t\t<a href=\"https:\/\/www.lourdes-france.org\/it\/settimana-santa-a-lourdes-in-cammino-verso-la-luce-della-pasqua\/\" target=&quot;_blank&quot;>\n\t\t\t\tSettimana Santa a Lourdes: In cammino verso la Luce della Pasqua\t\t\t<\/a>\n\t\t<\/h3>\n\t\t\n\t\t<a class=\"elementor-post__read-more\" href=\"https:\/\/www.lourdes-france.org\/it\/settimana-santa-a-lourdes-in-cammino-verso-la-luce-della-pasqua\/\" aria-label=\"Leggi tutto Settimana Santa a Lourdes: In cammino verso la Luce della Pasqua\" tabindex=\"-1\" target=\"_blank\">\n\t\t\tContinua a leggere \u00bb\t\t<\/a>\n\n\t\t\t\t<\/div>\n\t\t\t\t\t<\/div>\n\t\t<\/article>\n\t\t\t\t<article class=\"elementor-post elementor-grid-item post-1097790 post type-post status-publish format-standard has-post-thumbnail hentry category-lourdes-france-org-it category-en-ce-moment-it\" role=\"listitem\">\n\t\t\t<div class=\"elementor-post__card\">\n\t\t\t\t<a class=\"elementor-post__thumbnail__link\" href=\"https:\/\/www.lourdes-france.org\/it\/visitare-lourdes-in-tutta-serenita\/\" tabindex=\"-1\" target=\"_blank\"><div class=\"elementor-post__thumbnail\"><img decoding=\"async\" width=\"1920\" height=\"1280\" src=\"https:\/\/www.lourdes-france.org\/wp-content\/uploads\/2026\/03\/Bandeau.jpg\" class=\"attachment-full size-full wp-image-1097658\" alt=\"\" srcset=\"https:\/\/www.lourdes-france.org\/wp-content\/uploads\/2026\/03\/Bandeau.jpg 1920w, https:\/\/www.lourdes-france.org\/wp-content\/uploads\/2026\/03\/Bandeau-300x200.jpg 300w, https:\/\/www.lourdes-france.org\/wp-content\/uploads\/2026\/03\/Bandeau-1024x683.jpg 1024w, https:\/\/www.lourdes-france.org\/wp-content\/uploads\/2026\/03\/Bandeau-768x512.jpg 768w, https:\/\/www.lourdes-france.org\/wp-content\/uploads\/2026\/03\/Bandeau-1536x1024.jpg 1536w\" sizes=\"(max-width: 1920px) 100vw, 1920px\" \/><\/div><\/a>\n\t\t\t\t<div class=\"elementor-post__text\">\n\t\t\t\t<h3 class=\"elementor-post__title\">\n\t\t\t<a href=\"https:\/\/www.lourdes-france.org\/it\/visitare-lourdes-in-tutta-serenita\/\" target=&quot;_blank&quot;>\n\t\t\t\tVisitare Lourdes in tutta serenit\u00e0\t\t\t<\/a>\n\t\t<\/h3>\n\t\t\n\t\t<a class=\"elementor-post__read-more\" href=\"https:\/\/www.lourdes-france.org\/it\/visitare-lourdes-in-tutta-serenita\/\" aria-label=\"Leggi tutto Visitare Lourdes in tutta serenit\u00e0\" tabindex=\"-1\" target=\"_blank\">\n\t\t\tContinua a leggere \u00bb\t\t<\/a>\n\n\t\t\t\t<\/div>\n\t\t\t\t\t<\/div>\n\t\t<\/article>\n\t\t\t\t<article class=\"elementor-post elementor-grid-item post-1096899 post type-post status-publish format-standard has-post-thumbnail hentry category-lourdes-france-org\" role=\"listitem\">\n\t\t\t<div class=\"elementor-post__card\">\n\t\t\t\t<a class=\"elementor-post__thumbnail__link\" href=\"https:\/\/www.lourdes-france.org\/it\/la-via-crucis-delle-espelugues-un-capolavoro-da-preservare\/\" tabindex=\"-1\" target=\"_blank\"><div class=\"elementor-post__thumbnail\"><img loading=\"lazy\" decoding=\"async\" width=\"1920\" height=\"1282\" src=\"https:\/\/www.lourdes-france.org\/wp-content\/uploads\/2026\/02\/Bandeau-2.jpg\" class=\"attachment-full size-full wp-image-1096811\" alt=\"\" srcset=\"https:\/\/www.lourdes-france.org\/wp-content\/uploads\/2026\/02\/Bandeau-2.jpg 1920w, https:\/\/www.lourdes-france.org\/wp-content\/uploads\/2026\/02\/Bandeau-2-300x200.jpg 300w, https:\/\/www.lourdes-france.org\/wp-content\/uploads\/2026\/02\/Bandeau-2-1024x684.jpg 1024w, https:\/\/www.lourdes-france.org\/wp-content\/uploads\/2026\/02\/Bandeau-2-768x513.jpg 768w, https:\/\/www.lourdes-france.org\/wp-content\/uploads\/2026\/02\/Bandeau-2-1536x1026.jpg 1536w\" sizes=\"(max-width: 1920px) 100vw, 1920px\" \/><\/div><\/a>\n\t\t\t\t<div class=\"elementor-post__text\">\n\t\t\t\t<h3 class=\"elementor-post__title\">\n\t\t\t<a href=\"https:\/\/www.lourdes-france.org\/it\/la-via-crucis-delle-espelugues-un-capolavoro-da-preservare\/\" target=&quot;_blank&quot;>\n\t\t\t\tLa Via Crucis delle Esp\u00e9lugues: un capolavoro da preservare\t\t\t<\/a>\n\t\t<\/h3>\n\t\t\n\t\t<a class=\"elementor-post__read-more\" href=\"https:\/\/www.lourdes-france.org\/it\/la-via-crucis-delle-espelugues-un-capolavoro-da-preservare\/\" aria-label=\"Leggi tutto La Via Crucis delle Esp\u00e9lugues: un capolavoro da preservare\" tabindex=\"-1\" target=\"_blank\">\n\t\t\tContinua a leggere \u00bb\t\t<\/a>\n\n\t\t\t\t<\/div>\n\t\t\t\t\t<\/div>\n\t\t<\/article>\n\t\t\t\t<article class=\"elementor-post elementor-grid-item post-1096498 post type-post status-publish format-standard has-post-thumbnail hentry\" role=\"listitem\">\n\t\t\t<div class=\"elementor-post__card\">\n\t\t\t\t<a class=\"elementor-post__thumbnail__link\" href=\"https:\/\/www.lourdes-france.org\/it\/durante-linverno-il-santuario-rinnova-i-suoi-luoghi-di-culto\/\" tabindex=\"-1\" target=\"_blank\"><div class=\"elementor-post__thumbnail\"><img loading=\"lazy\" decoding=\"async\" width=\"1980\" height=\"1290\" src=\"https:\/\/www.lourdes-france.org\/wp-content\/uploads\/2026\/01\/Bandeau.jpg\" class=\"attachment-full size-full wp-image-1096412\" alt=\"\" srcset=\"https:\/\/www.lourdes-france.org\/wp-content\/uploads\/2026\/01\/Bandeau.jpg 1980w, https:\/\/www.lourdes-france.org\/wp-content\/uploads\/2026\/01\/Bandeau-300x195.jpg 300w, https:\/\/www.lourdes-france.org\/wp-content\/uploads\/2026\/01\/Bandeau-1024x667.jpg 1024w, https:\/\/www.lourdes-france.org\/wp-content\/uploads\/2026\/01\/Bandeau-768x500.jpg 768w, https:\/\/www.lourdes-france.org\/wp-content\/uploads\/2026\/01\/Bandeau-1536x1001.jpg 1536w\" sizes=\"(max-width: 1980px) 100vw, 1980px\" \/><\/div><\/a>\n\t\t\t\t<div class=\"elementor-post__text\">\n\t\t\t\t<h3 class=\"elementor-post__title\">\n\t\t\t<a href=\"https:\/\/www.lourdes-france.org\/it\/durante-linverno-il-santuario-rinnova-i-suoi-luoghi-di-culto\/\" target=&quot;_blank&quot;>\n\t\t\t\tDurante l\u2019inverno il Santuario rinnova i suoi luoghi di culto.\t\t\t<\/a>\n\t\t<\/h3>\n\t\t\n\t\t<a class=\"elementor-post__read-more\" href=\"https:\/\/www.lourdes-france.org\/it\/durante-linverno-il-santuario-rinnova-i-suoi-luoghi-di-culto\/\" aria-label=\"Leggi tutto Durante l\u2019inverno il Santuario rinnova i suoi luoghi di culto.\" tabindex=\"-1\" target=\"_blank\">\n\t\t\tContinua a leggere \u00bb\t\t<\/a>\n\n\t\t\t\t<\/div>\n\t\t\t\t\t<\/div>\n\t\t<\/article>\n\t\t\t\t<article class=\"elementor-post elementor-grid-item post-1096487 post type-post status-publish format-standard has-post-thumbnail hentry\" role=\"listitem\">\n\t\t\t<div class=\"elementor-post__card\">\n\t\t\t\t<a class=\"elementor-post__thumbnail__link\" href=\"https:\/\/www.lourdes-france.org\/it\/sostenere-il-santuario-di-lourdes-significa-sostenere-laccoglienza-per-tutti\/\" tabindex=\"-1\" target=\"_blank\"><div class=\"elementor-post__thumbnail\"><img loading=\"lazy\" decoding=\"async\" width=\"1920\" height=\"1283\" src=\"https:\/\/www.lourdes-france.org\/wp-content\/uploads\/2026\/01\/IMG_0076.jpg\" class=\"attachment-full size-full wp-image-1096294\" alt=\"\" srcset=\"https:\/\/www.lourdes-france.org\/wp-content\/uploads\/2026\/01\/IMG_0076.jpg 1920w, https:\/\/www.lourdes-france.org\/wp-content\/uploads\/2026\/01\/IMG_0076-300x200.jpg 300w, https:\/\/www.lourdes-france.org\/wp-content\/uploads\/2026\/01\/IMG_0076-1024x684.jpg 1024w, https:\/\/www.lourdes-france.org\/wp-content\/uploads\/2026\/01\/IMG_0076-768x513.jpg 768w, https:\/\/www.lourdes-france.org\/wp-content\/uploads\/2026\/01\/IMG_0076-1536x1026.jpg 1536w\" sizes=\"(max-width: 1920px) 100vw, 1920px\" \/><\/div><\/a>\n\t\t\t\t<div class=\"elementor-post__text\">\n\t\t\t\t<h3 class=\"elementor-post__title\">\n\t\t\t<a href=\"https:\/\/www.lourdes-france.org\/it\/sostenere-il-santuario-di-lourdes-significa-sostenere-laccoglienza-per-tutti\/\" target=&quot;_blank&quot;>\n\t\t\t\tSostenere il Santuario di Lourdes significa sostenere l&#8217;accoglienza per tutti.\t\t\t<\/a>\n\t\t<\/h3>\n\t\t\n\t\t<a class=\"elementor-post__read-more\" href=\"https:\/\/www.lourdes-france.org\/it\/sostenere-il-santuario-di-lourdes-significa-sostenere-laccoglienza-per-tutti\/\" aria-label=\"Leggi tutto Sostenere il Santuario di Lourdes significa sostenere l&#8217;accoglienza per tutti.\" tabindex=\"-1\" target=\"_blank\">\n\t\t\tContinua a leggere \u00bb\t\t<\/a>\n\n\t\t\t\t<\/div>\n\t\t\t\t\t<\/div>\n\t\t<\/article>\n\t\t\t\t<article class=\"elementor-post elementor-grid-item post-1091143 post type-post status-publish format-standard has-post-thumbnail hentry\" role=\"listitem\">\n\t\t\t<div class=\"elementor-post__card\">\n\t\t\t\t<a class=\"elementor-post__thumbnail__link\" href=\"https:\/\/www.lourdes-france.org\/it\/illuminate-la-vigilia-di-natale-accendendo-una-candela-a-lourdes\/\" tabindex=\"-1\" target=\"_blank\"><div class=\"elementor-post__thumbnail\"><img loading=\"lazy\" decoding=\"async\" width=\"1920\" height=\"1281\" src=\"https:\/\/www.lourdes-france.org\/wp-content\/uploads\/2025\/12\/cierge-noel_IT-min3.jpg\" class=\"attachment-full size-full wp-image-1091128\" alt=\"\" srcset=\"https:\/\/www.lourdes-france.org\/wp-content\/uploads\/2025\/12\/cierge-noel_IT-min3.jpg 1920w, https:\/\/www.lourdes-france.org\/wp-content\/uploads\/2025\/12\/cierge-noel_IT-min3-300x200.jpg 300w, https:\/\/www.lourdes-france.org\/wp-content\/uploads\/2025\/12\/cierge-noel_IT-min3-1024x683.jpg 1024w, https:\/\/www.lourdes-france.org\/wp-content\/uploads\/2025\/12\/cierge-noel_IT-min3-768x512.jpg 768w, https:\/\/www.lourdes-france.org\/wp-content\/uploads\/2025\/12\/cierge-noel_IT-min3-1536x1025.jpg 1536w\" sizes=\"(max-width: 1920px) 100vw, 1920px\" \/><\/div><\/a>\n\t\t\t\t<div class=\"elementor-post__text\">\n\t\t\t\t<h3 class=\"elementor-post__title\">\n\t\t\t<a href=\"https:\/\/www.lourdes-france.org\/it\/illuminate-la-vigilia-di-natale-accendendo-una-candela-a-lourdes\/\" target=&quot;_blank&quot;>\n\t\t\t\tIlluminate la Vigilia di Natale accendendo una candela a Lourdes\t\t\t<\/a>\n\t\t<\/h3>\n\t\t\n\t\t<a class=\"elementor-post__read-more\" href=\"https:\/\/www.lourdes-france.org\/it\/illuminate-la-vigilia-di-natale-accendendo-una-candela-a-lourdes\/\" aria-label=\"Leggi tutto Illuminate la Vigilia di Natale accendendo una candela a Lourdes\" tabindex=\"-1\" target=\"_blank\">\n\t\t\tContinua a leggere \u00bb\t\t<\/a>\n\n\t\t\t\t<\/div>\n\t\t\t\t\t<\/div>\n\t\t<\/article>\n\t\t\t\t<article class=\"elementor-post elementor-grid-item post-1086206 post type-post status-publish format-standard has-post-thumbnail hentry\" role=\"listitem\">\n\t\t\t<div class=\"elementor-post__card\">\n\t\t\t\t<a class=\"elementor-post__thumbnail__link\" href=\"https:\/\/www.lourdes-france.org\/it\/offrite-una-rosa-a-maria-per-la-festa-dell8-dicembre\/\" tabindex=\"-1\" target=\"_blank\"><div class=\"elementor-post__thumbnail\"><img loading=\"lazy\" decoding=\"async\" width=\"2560\" height=\"1707\" src=\"https:\/\/www.lourdes-france.org\/wp-content\/uploads\/2025\/11\/mailing_mailing2it-scaled.jpg\" class=\"attachment-full size-full wp-image-1086469\" alt=\"\" srcset=\"https:\/\/www.lourdes-france.org\/wp-content\/uploads\/2025\/11\/mailing_mailing2it-scaled.jpg 2560w, https:\/\/www.lourdes-france.org\/wp-content\/uploads\/2025\/11\/mailing_mailing2it-300x200.jpg 300w, https:\/\/www.lourdes-france.org\/wp-content\/uploads\/2025\/11\/mailing_mailing2it-1024x683.jpg 1024w, https:\/\/www.lourdes-france.org\/wp-content\/uploads\/2025\/11\/mailing_mailing2it-768x512.jpg 768w, https:\/\/www.lourdes-france.org\/wp-content\/uploads\/2025\/11\/mailing_mailing2it-1536x1024.jpg 1536w, https:\/\/www.lourdes-france.org\/wp-content\/uploads\/2025\/11\/mailing_mailing2it-2048x1366.jpg 2048w\" sizes=\"(max-width: 2560px) 100vw, 2560px\" \/><\/div><\/a>\n\t\t\t\t<div class=\"elementor-post__text\">\n\t\t\t\t<h3 class=\"elementor-post__title\">\n\t\t\t<a href=\"https:\/\/www.lourdes-france.org\/it\/offrite-una-rosa-a-maria-per-la-festa-dell8-dicembre\/\" target=&quot;_blank&quot;>\n\t\t\t\tOffrite una rosa a Maria per la festa dell&#8217;8 dicembre\t\t\t<\/a>\n\t\t<\/h3>\n\t\t\n\t\t<a class=\"elementor-post__read-more\" href=\"https:\/\/www.lourdes-france.org\/it\/offrite-una-rosa-a-maria-per-la-festa-dell8-dicembre\/\" aria-label=\"Leggi tutto Offrite una rosa a Maria per la festa dell&#8217;8 dicembre\" tabindex=\"-1\" target=\"_blank\">\n\t\t\tContinua a leggere \u00bb\t\t<\/a>\n\n\t\t\t\t<\/div>\n\t\t\t\t\t<\/div>\n\t\t<\/article>\n\t\t\t\t<article class=\"elementor-post elementor-grid-item post-1079332 post type-post status-publish format-standard has-post-thumbnail hentry\" role=\"listitem\">\n\t\t\t<div class=\"elementor-post__card\">\n\t\t\t\t<a class=\"elementor-post__thumbnail__link\" href=\"https:\/\/www.lourdes-france.org\/it\/unaccoglienza-nel-santuario-piu-adeguata-per-i-sacerdoti\/\" tabindex=\"-1\" target=\"_blank\"><div class=\"elementor-post__thumbnail\"><img loading=\"lazy\" decoding=\"async\" width=\"1920\" height=\"1281\" src=\"https:\/\/www.lourdes-france.org\/wp-content\/uploads\/2025\/10\/Bandeau-.jpg\" class=\"attachment-full size-full wp-image-1079268\" alt=\"\" srcset=\"https:\/\/www.lourdes-france.org\/wp-content\/uploads\/2025\/10\/Bandeau-.jpg 1920w, https:\/\/www.lourdes-france.org\/wp-content\/uploads\/2025\/10\/Bandeau--300x200.jpg 300w, https:\/\/www.lourdes-france.org\/wp-content\/uploads\/2025\/10\/Bandeau--1024x683.jpg 1024w, https:\/\/www.lourdes-france.org\/wp-content\/uploads\/2025\/10\/Bandeau--768x512.jpg 768w, https:\/\/www.lourdes-france.org\/wp-content\/uploads\/2025\/10\/Bandeau--1536x1025.jpg 1536w\" sizes=\"(max-width: 1920px) 100vw, 1920px\" \/><\/div><\/a>\n\t\t\t\t<div class=\"elementor-post__text\">\n\t\t\t\t<h3 class=\"elementor-post__title\">\n\t\t\t<a href=\"https:\/\/www.lourdes-france.org\/it\/unaccoglienza-nel-santuario-piu-adeguata-per-i-sacerdoti\/\" target=&quot;_blank&quot;>\n\t\t\t\tUn&#8217;accoglienza nel Santuario pi\u00f9 adeguata per i sacerdoti\t\t\t<\/a>\n\t\t<\/h3>\n\t\t\n\t\t<a class=\"elementor-post__read-more\" href=\"https:\/\/www.lourdes-france.org\/it\/unaccoglienza-nel-santuario-piu-adeguata-per-i-sacerdoti\/\" aria-label=\"Leggi tutto Un&#8217;accoglienza nel Santuario pi\u00f9 adeguata per i sacerdoti\" tabindex=\"-1\" target=\"_blank\">\n\t\t\tContinua a leggere \u00bb\t\t<\/a>\n\n\t\t\t\t<\/div>\n\t\t\t\t\t<\/div>\n\t\t<\/article>\n\t\t\t\t<article class=\"elementor-post elementor-grid-item post-1077478 post type-post status-publish format-standard has-post-thumbnail hentry\" role=\"listitem\">\n\t\t\t<div class=\"elementor-post__card\">\n\t\t\t\t<a class=\"elementor-post__thumbnail__link\" href=\"https:\/\/www.lourdes-france.org\/it\/a-lourdes-il-giubileo-continua\/\" tabindex=\"-1\" target=\"_blank\"><div class=\"elementor-post__thumbnail\"><img loading=\"lazy\" decoding=\"async\" width=\"1200\" height=\"800\" src=\"https:\/\/www.lourdes-france.org\/wp-content\/uploads\/2025\/10\/54729090644_f402e56b1c_k-1.jpg\" class=\"attachment-full size-full wp-image-1075911\" alt=\"\" srcset=\"https:\/\/www.lourdes-france.org\/wp-content\/uploads\/2025\/10\/54729090644_f402e56b1c_k-1.jpg 1200w, https:\/\/www.lourdes-france.org\/wp-content\/uploads\/2025\/10\/54729090644_f402e56b1c_k-1-300x200.jpg 300w, https:\/\/www.lourdes-france.org\/wp-content\/uploads\/2025\/10\/54729090644_f402e56b1c_k-1-1024x683.jpg 1024w, https:\/\/www.lourdes-france.org\/wp-content\/uploads\/2025\/10\/54729090644_f402e56b1c_k-1-768x512.jpg 768w\" sizes=\"(max-width: 1200px) 100vw, 1200px\" \/><\/div><\/a>\n\t\t\t\t<div class=\"elementor-post__text\">\n\t\t\t\t<h3 class=\"elementor-post__title\">\n\t\t\t<a href=\"https:\/\/www.lourdes-france.org\/it\/a-lourdes-il-giubileo-continua\/\" target=&quot;_blank&quot;>\n\t\t\t\tA Lourdes il Giubileo continua\t\t\t<\/a>\n\t\t<\/h3>\n\t\t\n\t\t<a class=\"elementor-post__read-more\" href=\"https:\/\/www.lourdes-france.org\/it\/a-lourdes-il-giubileo-continua\/\" aria-label=\"Leggi tutto A Lourdes il Giubileo continua\" tabindex=\"-1\" target=\"_blank\">\n\t\t\tContinua a leggere \u00bb\t\t<\/a>\n\n\t\t\t\t<\/div>\n\t\t\t\t\t<\/div>\n\t\t<\/article>\n\t\t\t\t<article class=\"elementor-post elementor-grid-item post-1071134 post type-post status-publish format-standard has-post-thumbnail hentry\" role=\"listitem\">\n\t\t\t<div class=\"elementor-post__card\">\n\t\t\t\t<a class=\"elementor-post__thumbnail__link\" href=\"https:\/\/www.lourdes-france.org\/it\/centro-risorse-storiche-del-santuario-di-lourdes\/\" tabindex=\"-1\" target=\"_blank\"><div class=\"elementor-post__thumbnail\"><img loading=\"lazy\" decoding=\"async\" width=\"1920\" height=\"1280\" src=\"https:\/\/www.lourdes-france.org\/wp-content\/uploads\/2025\/09\/k23_facade-archives-1.jpg\" class=\"attachment-full size-full wp-image-1070189\" alt=\"\" srcset=\"https:\/\/www.lourdes-france.org\/wp-content\/uploads\/2025\/09\/k23_facade-archives-1.jpg 1920w, https:\/\/www.lourdes-france.org\/wp-content\/uploads\/2025\/09\/k23_facade-archives-1-300x200.jpg 300w, https:\/\/www.lourdes-france.org\/wp-content\/uploads\/2025\/09\/k23_facade-archives-1-1024x683.jpg 1024w, https:\/\/www.lourdes-france.org\/wp-content\/uploads\/2025\/09\/k23_facade-archives-1-768x512.jpg 768w, https:\/\/www.lourdes-france.org\/wp-content\/uploads\/2025\/09\/k23_facade-archives-1-1536x1024.jpg 1536w\" sizes=\"(max-width: 1920px) 100vw, 1920px\" \/><\/div><\/a>\n\t\t\t\t<div class=\"elementor-post__text\">\n\t\t\t\t<h3 class=\"elementor-post__title\">\n\t\t\t<a href=\"https:\/\/www.lourdes-france.org\/it\/centro-risorse-storiche-del-santuario-di-lourdes\/\" target=&quot;_blank&quot;>\n\t\t\t\tInaugurazione del Centro Risorse Storiche: un nuovo cuore per la memoria del Santuario\t\t\t<\/a>\n\t\t<\/h3>\n\t\t\n\t\t<a class=\"elementor-post__read-more\" href=\"https:\/\/www.lourdes-france.org\/it\/centro-risorse-storiche-del-santuario-di-lourdes\/\" aria-label=\"Leggi tutto Inaugurazione del Centro Risorse Storiche: un nuovo cuore per la memoria del Santuario\" tabindex=\"-1\" target=\"_blank\">\n\t\t\tContinua a leggere \u00bb\t\t<\/a>\n\n\t\t\t\t<\/div>\n\t\t\t\t\t<\/div>\n\t\t<\/article>\n\t\t\t\t<article class=\"elementor-post elementor-grid-item post-1067030 post type-post status-publish format-standard has-post-thumbnail hentry\" role=\"listitem\">\n\t\t\t<div class=\"elementor-post__card\">\n\t\t\t\t<a class=\"elementor-post__thumbnail__link\" href=\"https:\/\/www.lourdes-france.org\/it\/i-giardini-del-santuario-in-piena-trasformazione\/\" tabindex=\"-1\" target=\"_blank\"><div class=\"elementor-post__thumbnail\"><img loading=\"lazy\" decoding=\"async\" width=\"1920\" height=\"1283\" src=\"https:\/\/www.lourdes-france.org\/wp-content\/uploads\/2025\/08\/bandeau-jardins.jpg\" class=\"attachment-full size-full wp-image-1050703\" alt=\"\" srcset=\"https:\/\/www.lourdes-france.org\/wp-content\/uploads\/2025\/08\/bandeau-jardins.jpg 1920w, https:\/\/www.lourdes-france.org\/wp-content\/uploads\/2025\/08\/bandeau-jardins-300x200.jpg 300w, https:\/\/www.lourdes-france.org\/wp-content\/uploads\/2025\/08\/bandeau-jardins-1024x684.jpg 1024w, https:\/\/www.lourdes-france.org\/wp-content\/uploads\/2025\/08\/bandeau-jardins-768x513.jpg 768w, https:\/\/www.lourdes-france.org\/wp-content\/uploads\/2025\/08\/bandeau-jardins-1536x1026.jpg 1536w\" sizes=\"(max-width: 1920px) 100vw, 1920px\" \/><\/div><\/a>\n\t\t\t\t<div class=\"elementor-post__text\">\n\t\t\t\t<h3 class=\"elementor-post__title\">\n\t\t\t<a href=\"https:\/\/www.lourdes-france.org\/it\/i-giardini-del-santuario-in-piena-trasformazione\/\" target=&quot;_blank&quot;>\n\t\t\t\tI Giardini del Santuario in piena trasformazione\t\t\t<\/a>\n\t\t<\/h3>\n\t\t\n\t\t<a class=\"elementor-post__read-more\" href=\"https:\/\/www.lourdes-france.org\/it\/i-giardini-del-santuario-in-piena-trasformazione\/\" aria-label=\"Leggi tutto I Giardini del Santuario in piena trasformazione\" tabindex=\"-1\" target=\"_blank\">\n\t\t\tContinua a leggere \u00bb\t\t<\/a>\n\n\t\t\t\t<\/div>\n\t\t\t\t\t<\/div>\n\t\t<\/article>\n\t\t\t\t<article class=\"elementor-post elementor-grid-item post-1067013 post type-post status-publish format-standard has-post-thumbnail hentry\" role=\"listitem\">\n\t\t\t<div class=\"elementor-post__card\">\n\t\t\t\t<a class=\"elementor-post__thumbnail__link\" href=\"https:\/\/www.lourdes-france.org\/it\/il-villaggio-dei-giovani-in-piena-trasformazione\/\" tabindex=\"-1\" target=\"_blank\"><div class=\"elementor-post__thumbnail\"><img loading=\"lazy\" decoding=\"async\" width=\"1920\" height=\"1282\" src=\"https:\/\/www.lourdes-france.org\/wp-content\/uploads\/2025\/08\/place-village-des-jeunes.jpg\" class=\"attachment-full size-full wp-image-1050563\" alt=\"\" srcset=\"https:\/\/www.lourdes-france.org\/wp-content\/uploads\/2025\/08\/place-village-des-jeunes.jpg 1920w, https:\/\/www.lourdes-france.org\/wp-content\/uploads\/2025\/08\/place-village-des-jeunes-300x200.jpg 300w, https:\/\/www.lourdes-france.org\/wp-content\/uploads\/2025\/08\/place-village-des-jeunes-1024x684.jpg 1024w, https:\/\/www.lourdes-france.org\/wp-content\/uploads\/2025\/08\/place-village-des-jeunes-768x513.jpg 768w, https:\/\/www.lourdes-france.org\/wp-content\/uploads\/2025\/08\/place-village-des-jeunes-1536x1026.jpg 1536w\" sizes=\"(max-width: 1920px) 100vw, 1920px\" \/><\/div><\/a>\n\t\t\t\t<div class=\"elementor-post__text\">\n\t\t\t\t<h3 class=\"elementor-post__title\">\n\t\t\t<a href=\"https:\/\/www.lourdes-france.org\/it\/il-villaggio-dei-giovani-in-piena-trasformazione\/\" target=&quot;_blank&quot;>\n\t\t\t\tIl Villaggio dei Giovani in piena trasformazione\t\t\t<\/a>\n\t\t<\/h3>\n\t\t\n\t\t<a class=\"elementor-post__read-more\" href=\"https:\/\/www.lourdes-france.org\/it\/il-villaggio-dei-giovani-in-piena-trasformazione\/\" aria-label=\"Leggi tutto Il Villaggio dei Giovani in piena trasformazione\" tabindex=\"-1\" target=\"_blank\">\n\t\t\tContinua a leggere \u00bb\t\t<\/a>\n\n\t\t\t\t<\/div>\n\t\t\t\t\t<\/div>\n\t\t<\/article>\n\t\t\t\t<article class=\"elementor-post elementor-grid-item post-1054338 post type-post status-publish format-standard has-post-thumbnail hentry\" role=\"listitem\">\n\t\t\t<div class=\"elementor-post__card\">\n\t\t\t\t<a class=\"elementor-post__thumbnail__link\" href=\"https:\/\/www.lourdes-france.org\/it\/lavori-per-garantire-la-continuita-ecologica\/\" tabindex=\"-1\" target=\"_blank\"><div class=\"elementor-post__thumbnail\"><img loading=\"lazy\" decoding=\"async\" width=\"1924\" height=\"1280\" src=\"https:\/\/www.lourdes-france.org\/wp-content\/uploads\/2025\/08\/Bandeau-travaux.jpg\" class=\"attachment-full size-full wp-image-1049989\" alt=\"\" srcset=\"https:\/\/www.lourdes-france.org\/wp-content\/uploads\/2025\/08\/Bandeau-travaux.jpg 1924w, https:\/\/www.lourdes-france.org\/wp-content\/uploads\/2025\/08\/Bandeau-travaux-300x200.jpg 300w, https:\/\/www.lourdes-france.org\/wp-content\/uploads\/2025\/08\/Bandeau-travaux-1024x681.jpg 1024w, https:\/\/www.lourdes-france.org\/wp-content\/uploads\/2025\/08\/Bandeau-travaux-768x511.jpg 768w, https:\/\/www.lourdes-france.org\/wp-content\/uploads\/2025\/08\/Bandeau-travaux-1536x1022.jpg 1536w\" sizes=\"(max-width: 1924px) 100vw, 1924px\" \/><\/div><\/a>\n\t\t\t\t<div class=\"elementor-post__text\">\n\t\t\t\t<h3 class=\"elementor-post__title\">\n\t\t\t<a href=\"https:\/\/www.lourdes-france.org\/it\/lavori-per-garantire-la-continuita-ecologica\/\" target=&quot;_blank&quot;>\n\t\t\t\tLavori per garantire la continuit\u00e0 ecologica\t\t\t<\/a>\n\t\t<\/h3>\n\t\t\n\t\t<a class=\"elementor-post__read-more\" href=\"https:\/\/www.lourdes-france.org\/it\/lavori-per-garantire-la-continuita-ecologica\/\" aria-label=\"Leggi tutto Lavori per garantire la continuit\u00e0 ecologica\" tabindex=\"-1\" target=\"_blank\">\n\t\t\tContinua a leggere \u00bb\t\t<\/a>\n\n\t\t\t\t<\/div>\n\t\t\t\t\t<\/div>\n\t\t<\/article>\n\t\t\t\t<\/div>\n\t\t\n\t\t\t\t\t\t<\/div>\n\t\t\t\t<\/div>\n\t\t\t\t<div class=\"elementor-element elementor-element-1e283ddf elementor-view-default elementor-widget elementor-widget-icon\" data-id=\"1e283ddf\" data-element_type=\"widget\" data-widget_type=\"icon.default\">\n\t\t\t\t<div class=\"elementor-widget-container\">\n\t\t\t\t\t\t\t<div class=\"elementor-icon-wrapper\">\n\t\t\t<div class=\"elementor-icon\">\n\t\t\t<i aria-hidden=\"true\" class=\"fas fa-church\"><\/i>\t\t\t<\/div>\n\t\t<\/div>\n\t\t\t\t\t\t<\/div>\n\t\t\t\t<\/div>\n\t\t\t\t\t<\/div>\n\t\t<\/div>\n\t\t\t\t\t<\/div>\n\t\t<\/section>\n\t\t\t\t<\/div>\n\t\t","protected":false},"excerpt":{"rendered":"<p>Attualit\u00e0 del Santuario di Lourdes _________________ Qui trover\u00e0 tutte le attualit\u00e0 del Santuario di Lourdes: lavori e ristrutturazioni, progetti, campagne di donazione, offerte e informazioni essenziali.<\/p>\n","protected":false},"author":7,"featured_media":0,"parent":0,"menu_order":0,"comment_status":"closed","ping_status":"closed","template":"","meta":{"_acf_changed":false,"footnotes":""},"class_list":["post-1096649","page","type-page","status-publish","hentry"],"acf":[],"yoast_head":"<!-- This site is optimized with the Yoast SEO plugin v24.7 - https:\/\/yoast.com\/wordpress\/plugins\/seo\/ -->\n<title>Attualit\u00e0 del Santuario di Lourdes<\/title>\n<meta name=\"description\" content=\"Scopra tutte le attualit\u00e0 del Santuario di Lourdes: lavori e ristrutturazioni, progetti, campagne di donazione, offerte e informazioni ufficiali.\" \/>\n<meta name=\"robots\" content=\"index, follow, max-snippet:-1, max-image-preview:large, max-video-preview:-1\" \/>\n<link rel=\"canonical\" href=\"https:\/\/www.lourdes-france.org\/it\/attualita-del-santuario-di-lourdes\/\" \/>\n<meta name=\"twitter:label1\" content=\"Tempo di lettura stimato\" \/>\n\t<meta name=\"twitter:data1\" content=\"3 minuti\" \/>\n<script type=\"application\/ld+json\" class=\"yoast-schema-graph\">{\"@context\":\"https:\/\/schema.org\",\"@graph\":[{\"@type\":\"WebPage\",\"@id\":\"https:\/\/www.lourdes-france.org\/it\/attualita-del-santuario-di-lourdes\/\",\"url\":\"https:\/\/www.lourdes-france.org\/it\/attualita-del-santuario-di-lourdes\/\",\"name\":\"Attualit\u00e0 del Santuario di Lourdes\",\"isPartOf\":{\"@id\":\"https:\/\/preprod-lourdes.cawita.com\/#website\"},\"datePublished\":\"2026-01-29T12:39:57+00:00\",\"dateModified\":\"2026-01-30T11:38:04+00:00\",\"description\":\"Scopra tutte le attualit\u00e0 del Santuario di Lourdes: lavori e ristrutturazioni, progetti, campagne di donazione, offerte e informazioni ufficiali.\",\"breadcrumb\":{\"@id\":\"https:\/\/www.lourdes-france.org\/it\/attualita-del-santuario-di-lourdes\/#breadcrumb\"},\"inLanguage\":\"it-IT\",\"potentialAction\":[{\"@type\":\"ReadAction\",\"target\":[\"https:\/\/www.lourdes-france.org\/it\/attualita-del-santuario-di-lourdes\/\"]}]},{\"@type\":\"BreadcrumbList\",\"@id\":\"https:\/\/www.lourdes-france.org\/it\/attualita-del-santuario-di-lourdes\/#breadcrumb\",\"itemListElement\":[{\"@type\":\"ListItem\",\"position\":1,\"name\":\"Accueil\",\"item\":\"https:\/\/www.lourdes-france.org\/\"},{\"@type\":\"ListItem\",\"position\":2,\"name\":\"Attualit\u00e0 del Santuario di Lourdes\"}]},{\"@type\":\"WebSite\",\"@id\":\"https:\/\/preprod-lourdes.cawita.com\/#website\",\"url\":\"https:\/\/preprod-lourdes.cawita.com\/\",\"name\":\"Soutenir le Sanctuaire Notre-Dame de Lourdes\",\"description\":\"\",\"potentialAction\":[{\"@type\":\"SearchAction\",\"target\":{\"@type\":\"EntryPoint\",\"urlTemplate\":\"https:\/\/preprod-lourdes.cawita.com\/?s={search_term_string}\"},\"query-input\":{\"@type\":\"PropertyValueSpecification\",\"valueRequired\":true,\"valueName\":\"search_term_string\"}}],\"inLanguage\":\"it-IT\"}]}<\/script>\n<!-- \/ Yoast SEO plugin. -->","yoast_head_json":{"title":"Attualit\u00e0 del Santuario di Lourdes","description":"Scopra tutte le attualit\u00e0 del Santuario di Lourdes: lavori e ristrutturazioni, progetti, campagne di donazione, offerte e informazioni ufficiali.","robots":{"index":"index","follow":"follow","max-snippet":"max-snippet:-1","max-image-preview":"max-image-preview:large","max-video-preview":"max-video-preview:-1"},"canonical":"https:\/\/www.lourdes-france.org\/it\/attualita-del-santuario-di-lourdes\/","twitter_misc":{"Tempo di lettura stimato":"3 minuti"},"schema":{"@context":"https:\/\/schema.org","@graph":[{"@type":"WebPage","@id":"https:\/\/www.lourdes-france.org\/it\/attualita-del-santuario-di-lourdes\/","url":"https:\/\/www.lourdes-france.org\/it\/attualita-del-santuario-di-lourdes\/","name":"Attualit\u00e0 del Santuario di Lourdes","isPartOf":{"@id":"https:\/\/preprod-lourdes.cawita.com\/#website"},"datePublished":"2026-01-29T12:39:57+00:00","dateModified":"2026-01-30T11:38:04+00:00","description":"Scopra tutte le attualit\u00e0 del Santuario di Lourdes: lavori e ristrutturazioni, progetti, campagne di donazione, offerte e informazioni ufficiali.","breadcrumb":{"@id":"https:\/\/www.lourdes-france.org\/it\/attualita-del-santuario-di-lourdes\/#breadcrumb"},"inLanguage":"it-IT","potentialAction":[{"@type":"ReadAction","target":["https:\/\/www.lourdes-france.org\/it\/attualita-del-santuario-di-lourdes\/"]}]},{"@type":"BreadcrumbList","@id":"https:\/\/www.lourdes-france.org\/it\/attualita-del-santuario-di-lourdes\/#breadcrumb","itemListElement":[{"@type":"ListItem","position":1,"name":"Accueil","item":"https:\/\/www.lourdes-france.org\/"},{"@type":"ListItem","position":2,"name":"Attualit\u00e0 del Santuario di Lourdes"}]},{"@type":"WebSite","@id":"https:\/\/preprod-lourdes.cawita.com\/#website","url":"https:\/\/preprod-lourdes.cawita.com\/","name":"Soutenir le Sanctuaire Notre-Dame de Lourdes","description":"","potentialAction":[{"@type":"SearchAction","target":{"@type":"EntryPoint","urlTemplate":"https:\/\/preprod-lourdes.cawita.com\/?s={search_term_string}"},"query-input":{"@type":"PropertyValueSpecification","valueRequired":true,"valueName":"search_term_string"}}],"inLanguage":"it-IT"}]}},"_links":{"self":[{"href":"https:\/\/www.lourdes-france.org\/it\/wp-json\/wp\/v2\/pages\/1096649","targetHints":{"allow":["GET"]}}],"collection":[{"href":"https:\/\/www.lourdes-france.org\/it\/wp-json\/wp\/v2\/pages"}],"about":[{"href":"https:\/\/www.lourdes-france.org\/it\/wp-json\/wp\/v2\/types\/page"}],"author":[{"embeddable":true,"href":"https:\/\/www.lourdes-france.org\/it\/wp-json\/wp\/v2\/users\/7"}],"replies":[{"embeddable":true,"href":"https:\/\/www.lourdes-france.org\/it\/wp-json\/wp\/v2\/comments?post=1096649"}],"version-history":[{"count":3,"href":"https:\/\/www.lourdes-france.org\/it\/wp-json\/wp\/v2\/pages\/1096649\/revisions"}],"predecessor-version":[{"id":1096702,"href":"https:\/\/www.lourdes-france.org\/it\/wp-json\/wp\/v2\/pages\/1096649\/revisions\/1096702"}],"wp:attachment":[{"href":"https:\/\/www.lourdes-france.org\/it\/wp-json\/wp\/v2\/media?parent=1096649"}],"curies":[{"name":"wp","href":"https:\/\/api.w.org\/{rel}","templated":true}]}}