{"id":15673,"date":"2018-09-19T11:09:55","date_gmt":"2018-09-19T09:09:55","guid":{"rendered":"https:\/\/www.lourdes-france.org\/theme-2019\/"},"modified":"2021-03-02T16:09:37","modified_gmt":"2021-03-02T15:09:37","slug":"tema-2019","status":"publish","type":"page","link":"https:\/\/www.lourdes-france.org\/it\/tema-2019\/","title":{"rendered":"tema 2019"},"content":{"rendered":"\t\t<div data-elementor-type=\"wp-post\" data-elementor-id=\"15673\" class=\"elementor elementor-15673 elementor-15169 elementor-bc-flex-widget\" data-elementor-post-type=\"page\">\n\t\t\t\t\t\t<section class=\"elementor-section elementor-top-section elementor-element elementor-element-568cdfc5 elementor-section-boxed elementor-section-height-default elementor-section-height-default\" data-id=\"568cdfc5\" data-element_type=\"section\">\n\t\t\t\t\t\t<div class=\"elementor-container elementor-column-gap-no\">\n\t\t\t\t\t<div class=\"elementor-column elementor-col-100 elementor-top-column elementor-element elementor-element-6581d865\" data-id=\"6581d865\" data-element_type=\"column\">\n\t\t\t<div class=\"elementor-widget-wrap elementor-element-populated\">\n\t\t\t\t\t\t<div class=\"elementor-element elementor-element-944eac6 liste-horizontale elementor-widget elementor-widget-wp-widget-nav_menu\" data-id=\"944eac6\" data-element_type=\"widget\" data-widget_type=\"wp-widget-nav_menu.default\">\n\t\t\t\t<div class=\"elementor-widget-container\">\n\t\t\t\t\t<ul id=\"menu-it-menu-sousnav-themeannee\" class=\"menu\"><li  class=\" menu-item-31121\"><a href=\"https:\/\/www.lourdes-france.org\/it\/prepariamo-il-nostro-pellegrinaggio-a-lourdes\/\"><span>Prepariamo il nostro pellegrinaggio a Lourdes<\/span><\/a><\/li>\n<li  class=\" menu-item-33361\"><a href=\"https:\/\/www.lourdes-france.org\/it\/25-marzo-la-signora-dice-il-suo-nome-io-sono-limmacolata-concezione\/\"><span>Indulgenza<\/span><\/a><\/li>\n<li  class=\" menu-item-31123\"><a href=\"https:\/\/www.lourdes-france.org\/it\/tema-2019\/\"><span>tema 2019<\/span><\/a><\/li>\n<li  class=\" menu-item-15849\"><a href=\"https:\/\/www.lourdes-france.org\/it\/allegato\/\"><span>Allegato<\/span><\/a><\/li>\n<\/ul>\t\t\t\t<\/div>\n\t\t\t\t<\/div>\n\t\t\t\t\t<\/div>\n\t\t<\/div>\n\t\t\t\t\t<\/div>\n\t\t<\/section>\n\t\t\t\t<section class=\"elementor-section elementor-top-section elementor-element elementor-element-6217b599 elementor-section-boxed elementor-section-height-default elementor-section-height-default\" data-id=\"6217b599\" data-element_type=\"section\">\n\t\t\t\t\t\t<div class=\"elementor-container elementor-column-gap-no\">\n\t\t\t\t\t<div class=\"elementor-column elementor-col-100 elementor-top-column elementor-element elementor-element-646e994d\" data-id=\"646e994d\" data-element_type=\"column\">\n\t\t\t<div class=\"elementor-widget-wrap elementor-element-populated\">\n\t\t\t\t\t\t<section class=\"elementor-section elementor-inner-section elementor-element elementor-element-75cc96f elementor-section-boxed elementor-section-height-default elementor-section-height-default\" data-id=\"75cc96f\" data-element_type=\"section\">\n\t\t\t\t\t\t<div class=\"elementor-container elementor-column-gap-no\">\n\t\t\t\t\t<div class=\"elementor-column elementor-col-50 elementor-inner-column elementor-element elementor-element-4fd461f\" data-id=\"4fd461f\" data-element_type=\"column\">\n\t\t\t<div class=\"elementor-widget-wrap elementor-element-populated\">\n\t\t\t\t\t\t<div class=\"elementor-element elementor-element-619b3ee0 elementor-widget elementor-widget-text-editor\" data-id=\"619b3ee0\" data-element_type=\"widget\" data-widget_type=\"text-editor.default\">\n\t\t\t\t<div class=\"elementor-widget-container\">\n\t\t\t\t\t\t\t\t\t<p><em>Essere poveri non \u00e8 interessante, tutti i poveri sono di<\/em><br \/><em>questa opinione. Li comprendiamo, a nessuno piace<\/em><br \/><em>essere povero. Ci\u00f2 che \u00e8 interessante \u00e8 possedere il<\/em><br \/><em>Regno dei Cieli. Ma solo i poveri lo possiedono<\/em><br \/><em>(Madeleine Delbr\u00eal, La gioia di credere)<\/em>. Il 7 gennaio<br \/>2019 sar\u00e0 il 175\u00b0 anniversario della nascita di<br \/>Bernadette; il 9 gennaio dello stesso anno fu battezzata.<br \/>Il 16 aprile penseremo al 140\u00b0 anniversario della sua<br \/>morte.<\/p>\t\t\t\t\t\t\t\t<\/div>\n\t\t\t\t<\/div>\n\t\t\t\t\t<\/div>\n\t\t<\/div>\n\t\t\t\t<div class=\"elementor-column elementor-col-50 elementor-inner-column elementor-element elementor-element-e263f03\" data-id=\"e263f03\" data-element_type=\"column\">\n\t\t\t<div class=\"elementor-widget-wrap elementor-element-populated\">\n\t\t\t\t\t\t<div class=\"elementor-element elementor-element-2cb98bb elementor-widget elementor-widget-image\" data-id=\"2cb98bb\" data-element_type=\"widget\" data-widget_type=\"image.default\">\n\t\t\t\t<div class=\"elementor-widget-container\">\n\t\t\t\t\t\t\t\t\t\t\t\t\t\t\t<img fetchpriority=\"high\" decoding=\"async\" width=\"731\" height=\"1024\" src=\"https:\/\/www.lourdes-france.org\/wp-content\/uploads\/2018\/09\/visuelvdefdef-731x1024.jpg\" class=\"attachment-large size-large wp-image-15199\" alt=\"\" srcset=\"https:\/\/www.lourdes-france.org\/wp-content\/uploads\/2018\/09\/visuelvdefdef-731x1024.jpg 731w, https:\/\/www.lourdes-france.org\/wp-content\/uploads\/2018\/09\/visuelvdefdef-214x300.jpg 214w, https:\/\/www.lourdes-france.org\/wp-content\/uploads\/2018\/09\/visuelvdefdef-768x1076.jpg 768w, https:\/\/www.lourdes-france.org\/wp-content\/uploads\/2018\/09\/visuelvdefdef-200x280.jpg 200w\" sizes=\"(max-width: 731px) 100vw, 731px\" \/>\t\t\t\t\t\t\t\t\t\t\t\t\t\t\t<\/div>\n\t\t\t\t<\/div>\n\t\t\t\t\t<\/div>\n\t\t<\/div>\n\t\t\t\t\t<\/div>\n\t\t<\/section>\n\t\t\t\t<div class=\"elementor-element elementor-element-ce3c752 elementor-widget elementor-widget-spacer\" data-id=\"ce3c752\" data-element_type=\"widget\" data-widget_type=\"spacer.default\">\n\t\t\t\t<div class=\"elementor-widget-container\">\n\t\t\t\t\t\t\t<div class=\"elementor-spacer\">\n\t\t\t<div class=\"elementor-spacer-inner\"><\/div>\n\t\t<\/div>\n\t\t\t\t\t\t<\/div>\n\t\t\t\t<\/div>\n\t\t\t\t<div class=\"elementor-element elementor-element-02aa186 elementor-widget elementor-widget-text-editor\" data-id=\"02aa186\" data-element_type=\"widget\" data-widget_type=\"text-editor.default\">\n\t\t\t\t<div class=\"elementor-widget-container\">\n\t\t\t\t\t\t\t\t\t<p>A Lourdes, oltre ovviamente a Bernadette, non dimentichiamo un altro santo, Beno\u00eet-Joseph Labre,<br \/>il santo mendicante, patrono dei pellegrini, dei senzatetto e dell\u2019Hospitalit\u00e9 Notre Dame di Lourdes.<\/p><p>Non vogliamo canonizzare uno stile di vita, che pu\u00f2 solo significare uno stato di disgrazia subita, o<br \/>incarnare una grazia particolare. <i>&#8220;Essere poveri non \u00e8 interessante &#8230;&#8221;<br \/><\/i><br \/>N\u00e9 vogliamo nemmeno idealizzare la parola dei poveri: la loro testimonianza ci offre un&#8217;eco del<br \/>Vangelo; ma potremmo rimanere in un\u2019ammirazione senza seguito e senza un vero cambiamento,<br \/>senza una vera conversione del cuore e della vita.<\/p><p>Vorremmo, cos\u00ec come Maria ha proposto a Bernadette, seguire un cammino di Pasqua, poter morire<br \/>nella vecchia vita per scoprire la vera vita, la vera felicit\u00e0. Dobbiamo, ovviamente, ascoltare ed<br \/>anche impegnarci. Un pellegrino non pu\u00f2 tornare a casa cos\u00ec come ne \u00e8 partito. Ci\u00f2 presuppone che,<br \/>gradualmente, si lasci spogliare, sgombrare, impoverire, per aprirsi alle ricchezze del dono di Dio.<br \/>Bernadette non ha forse dato alla sua famiglia una lezione di morale quando ha chiesto: &#8220;A<br \/>condizione che non diventiate ricchi!&#8221; Ha aperto loro l&#8217;orizzonte che lei stessa aveva contemplato<br \/>nella Grotta, quell\u2019 altro mondo che ha bisogno solo del nostro s\u00ec per far sgretolare il nostro guscio,<br \/>per dischiuderci alla luce di Dio.<\/p><p>La povert\u00e0 materiale, oggi, sta provocando lo spostamento di interi popoli. La povert\u00e0 spirituale,<br \/>talora, induce i giovani a scegliere la morte. La miseria subita \u00e8 umiliante e disumanizza. La<br \/>ricchezza che rifiuta la condivisione, degrada e corrompe. Il Vangelo non promuove la rivoluzione<br \/>sociale, ma rivoluziona solamente i cuori. Il maestro si fa schiavo e lava i piedi ai pi\u00f9 poveri. Non \u00e8<br \/>un semplice capovolgimento della situazione, i due si scoprono fratelli, amati dallo stesso Padre,<br \/>animati dallo stesso cuore.<\/p><p>Lourdes, fin dall&#8217;inizio, ha provocato questa rivoluzione dei cuori. Persone che potremmo definire<br \/>&#8220;ricche&#8221; portano la barella dei disabili, che chiamano &#8220;i signori malati&#8221;. Ma noi lo sappiamo,\u00a0l\u2019abbiamo fatto subito, anche in un&#8217;organizzazione caritatevole, abbiamo rivendicato i nostri diritti, i<br \/>nostri privilegi. Non siamo sognatori, accogliamo la felicit\u00e0 del Regno promesso in un incontro<br \/>fraterno, in uno scambio di sguardi, nella gioia di una mano tesa. Comprendiamo che, anche<br \/>vivendo come prigionieri, abbiamo diritto a questa parte di felicit\u00e0. Questa pu\u00f2 moltiplicarsi e<br \/>crescere se entriamo nella grazia dell&#8217;apparizione di Maria a Bernadette; quest\u2019incontro ci fa vivere<br \/>il rispetto incondizionato per ogni persona nella luce dello Spirito che vuole comunicare il suo<br \/>potere di vita. Non siamo sognatori, lasciamo che la gioia scoperta ci invada, ci trasformi, in modo<br \/>che possano essere realizzate queste oasi di misericordia quali la cappella chiesta da Maria, cos\u00ec<br \/>come le piccole famiglie o fraternit\u00e0 che trasformeranno il mondo in noi e intorno a noi.<br \/><br \/>Speriamo di poter fare, anche a Lourdes, un gesto concreto di solidariet\u00e0 vissuta, un gesto che poi ci<br \/>ispiri anche nella vita ordinaria a casa.<\/p>\t\t\t\t\t\t\t\t<\/div>\n\t\t\t\t<\/div>\n\t\t\t\t<div class=\"elementor-element elementor-element-a8248bd elementor-widget elementor-widget-spacer\" data-id=\"a8248bd\" data-element_type=\"widget\" data-widget_type=\"spacer.default\">\n\t\t\t\t<div class=\"elementor-widget-container\">\n\t\t\t\t\t\t\t<div class=\"elementor-spacer\">\n\t\t\t<div class=\"elementor-spacer-inner\"><\/div>\n\t\t<\/div>\n\t\t\t\t\t\t<\/div>\n\t\t\t\t<\/div>\n\t\t\t\t<section class=\"elementor-section elementor-inner-section elementor-element elementor-element-08bd1bb elementor-section-boxed elementor-section-height-default elementor-section-height-default\" data-id=\"08bd1bb\" data-element_type=\"section\">\n\t\t\t\t\t\t<div class=\"elementor-container elementor-column-gap-no\">\n\t\t\t\t\t<div class=\"elementor-column elementor-col-50 elementor-inner-column elementor-element elementor-element-0954d4d\" data-id=\"0954d4d\" data-element_type=\"column\">\n\t\t\t<div class=\"elementor-widget-wrap elementor-element-populated\">\n\t\t\t\t\t\t<div class=\"elementor-element elementor-element-744cd99b elementor-widget elementor-widget-text-editor\" data-id=\"744cd99b\" data-element_type=\"widget\" data-widget_type=\"text-editor.default\">\n\t\t\t\t<div class=\"elementor-widget-container\">\n\t\t\t\t\t\t\t\t\t<p><strong>Cammino di Bernadette, tracciato da Maria.<\/strong><br \/><br \/><strong>Cammino del Vangelo, annunciato ai poveri, anche<\/strong><br \/><strong>attraverso la miseria, il male e il fango.<\/strong><br \/><br \/><strong>Cammino della felicit\u00e0 alla scoperta della sorgente che dobbiamo condividere.<\/strong><br \/><br \/><strong>Comunione alla vita stessa di Ges\u00f9, che si \u00e8 fatto povero per arricchirci con la sua povert\u00e0.<\/strong><\/p>\t\t\t\t\t\t\t\t<\/div>\n\t\t\t\t<\/div>\n\t\t\t\t\t<\/div>\n\t\t<\/div>\n\t\t\t\t<div class=\"elementor-column elementor-col-50 elementor-inner-column elementor-element elementor-element-d4a067a\" data-id=\"d4a067a\" data-element_type=\"column\">\n\t\t\t<div class=\"elementor-widget-wrap elementor-element-populated\">\n\t\t\t\t\t\t<div class=\"elementor-element elementor-element-a004a0f elementor-widget elementor-widget-image\" data-id=\"a004a0f\" data-element_type=\"widget\" data-widget_type=\"image.default\">\n\t\t\t\t<div class=\"elementor-widget-container\">\n\t\t\t\t\t\t\t\t\t\t\t\t\t\t\t<img decoding=\"async\" width=\"472\" height=\"466\" src=\"https:\/\/www.lourdes-france.org\/wp-content\/uploads\/2018\/09\/medaillon_2019_4x4cm.jpg\" class=\"attachment-large size-large wp-image-15183\" alt=\"\" srcset=\"https:\/\/www.lourdes-france.org\/wp-content\/uploads\/2018\/09\/medaillon_2019_4x4cm.jpg 472w, https:\/\/www.lourdes-france.org\/wp-content\/uploads\/2018\/09\/medaillon_2019_4x4cm-300x296.jpg 300w, https:\/\/www.lourdes-france.org\/wp-content\/uploads\/2018\/09\/medaillon_2019_4x4cm-284x280.jpg 284w, https:\/\/www.lourdes-france.org\/wp-content\/uploads\/2018\/09\/medaillon_2019_4x4cm-45x45.jpg 45w\" sizes=\"(max-width: 472px) 100vw, 472px\" \/>\t\t\t\t\t\t\t\t\t\t\t\t\t\t\t<\/div>\n\t\t\t\t<\/div>\n\t\t\t\t\t<\/div>\n\t\t<\/div>\n\t\t\t\t\t<\/div>\n\t\t<\/section>\n\t\t\t\t<div class=\"elementor-element elementor-element-2a8f7a7b elementor-widget elementor-widget-text-editor\" data-id=\"2a8f7a7b\" data-element_type=\"widget\" data-widget_type=\"text-editor.default\">\n\t\t\t\t<div class=\"elementor-widget-container\">\n\t\t\t\t\t\t\t\t\t<h2>Povert\u00e0 e ricchezza di \u00a0<span style=\"color: #e8a700;\">Bernadette<\/span><\/h2>\t\t\t\t\t\t\t\t<\/div>\n\t\t\t\t<\/div>\n\t\t\t\t<div class=\"elementor-element elementor-element-443bfff elementor-widget elementor-widget-text-editor\" data-id=\"443bfff\" data-element_type=\"widget\" data-widget_type=\"text-editor.default\">\n\t\t\t\t<div class=\"elementor-widget-container\">\n\t\t\t\t\t\t\t\t\t<p>Bernadette ha conosciuto personalmente o indirettamente tutti i tipi di povert\u00e0, fisica, materiale,<br \/>intellettuale, sociale&#8230; Ha incontrato incomprensione e disprezzo.<\/p><p>Lei ci aiuta a comprendere e ad accogliere il vuoto dei cuori che non trovano significato nella vita e<br \/>conoscono la tentazione del suicidio, il vuoto morale e religioso, la &#8220;miseria dello spirito&#8221;.<\/p><p>Lei ha beneficiato di una doppia forma di ricchezza, quella dell\u2019amore e della preghiera in famiglia,<br \/>e pi\u00f9 tardi in comunit\u00e0. Ha voluto condividere questa felicit\u00e0 con i poveri: &#8220;Voglio molto bene ai<br \/>poveri, mi piace prendermi cura dei malati: rester\u00f2 con le Suore di Nevers&#8221;.<\/p><p>Bernadette ha conosciuto la vera felicit\u00e0: &#8220;Oh no, Bernadette, tu non sei povera; tu sei felice, s\u00ec,<br \/>felice! (Mons. Thibault)<\/p><p>Esamineremo questo legame paradossale tra povert\u00e0 e felicit\u00e0. Saremo aiutati in questo dalla figura<br \/>dell\u2019altro santo di Lourdes, patrono dell&#8217;Hospitalit\u00e9, Beno\u00eet Joseph Labre, il santo mendicante. Fu<br \/>canonizzato nel 1881, in un&#8217;epoca in cui si pensava che il progresso materiale, la medicina,<br \/>sarebbero riusciti a promuovere un modello di umanit\u00e0 definitivamente libero dalla miseria. E<br \/>siamo rimasti scandalizzati nel vedere mostrare come esempio di santo un miserabile !<\/p><p><i>&#8220;Dio vi sta aspettando altrove&#8221;<\/i>. Con queste parole Beno\u00eet Labre (1748-1783), figlio di contadini di<br \/>Amettes (Pas-de-Calais), si sente ripetutamente rifiutato dalla vita monastica. Poi, all&#8217;et\u00e0 di 21 anni,<br \/>si mette in cammino da santuario a santuario, borsa a tracolla e crocifisso al collo.<\/p><p>Percorrer\u00e0 30.000 chilometri, andando a Santiago di Compostella, a Loreto e a Roma. Si \u00e8 messo in<br \/>cammino per scoprire cosa Dio si aspettasse da lui e cap\u00ec, nell\u2019abbandono e nel distacco, che la sua<br \/>vocazione era proprio quella di essere pellegrino.<br \/><br \/>A Roma visse nell&#8217;arco n. 43 del Colosseo! All&#8217;avvicinarsi della Pasqua del 1783, fu trovato<br \/>esamine sui gradini di una chiesa, non lontano da l\u00ec. Un vicino lo accolse nella sua casa, e l\u00ec mor\u00ec<br \/>mercoled\u00ec 16 aprile, all&#8217;et\u00e0 di 35 anni, come Bernadette!<br \/><br \/>Non avrebbe scambiato il suo posto per tutto l&#8217;oro del mondo, cos\u00ec come Madre Teresa non avrebbe<br \/>rinunciato a prendersi cura dei derelitti dell\u2019umanit\u00e0 per tutto l&#8217;oro del mondo. Sicuramente l&#8217;ha<br \/>fatto per amore di Ges\u00f9! Vi \u00e8, in questo, un segreto che dobbiamo scoprire. <i>&#8220;Questo povero, al<br \/>quale mancava tutto, sembra possedere tutto ci\u00f2 che aveva cercato nella sua vita e ora gli<br \/>chiediamo il segreto della sua gioia&#8221;<\/i>.<br \/><br \/>Questo segreto Maria lo conosce e lo condivide: si svuota di se stessa per essere colmata solamente<br \/>dalla grazia, dalla presenza di Dio che si dona. Maria riceve tutto e non conserva nulla per s\u00e9.<br \/>Inverte la maledizione della povert\u00e0 rendendola il luogo in cui Dio si dona. Lui, il servitore, capace<br \/>di umiliarsi per unirsi a coloro che ama, si \u00e8 riconosciuto nell&#8217;umilt\u00e0 della sua serva. Si unisce a lei<br \/>nel profondo del suo essere e vive in lei la pura gioia del Dono.<\/p>\t\t\t\t\t\t\t\t<\/div>\n\t\t\t\t<\/div>\n\t\t\t\t<div class=\"elementor-element elementor-element-a30e1af elementor-widget elementor-widget-text-editor\" data-id=\"a30e1af\" data-element_type=\"widget\" data-widget_type=\"text-editor.default\">\n\t\t\t\t<div class=\"elementor-widget-container\">\n\t\t\t\t\t\t\t\t\t<h2><span style=\"color: #e8a700;\">&#8220;Ai poveri \u00e8 annunziata la buona novella&#8221; <\/span>(Lc 7, 22)<\/h2>\t\t\t\t\t\t\t\t<\/div>\n\t\t\t\t<\/div>\n\t\t\t\t<div class=\"elementor-element elementor-element-54dfa91f elementor-widget elementor-widget-text-editor\" data-id=\"54dfa91f\" data-element_type=\"widget\" data-widget_type=\"text-editor.default\">\n\t\t\t\t<div class=\"elementor-widget-container\">\n\t\t\t\t\t\t\t\t\t<p>Questa \u00e8 l&#8217;ultima parola della risposta di Ges\u00f9 agli inviati di Giovanni il Battista che lo interrogano<br \/>sulla realt\u00e0 della sua missione: <i>&#8220;Sei tu colui che viene, o dobbiamo aspettare un altro?&#8221;<\/i> Le<br \/>guarigioni, come le risurrezioni, culminano nella certezza che i poveri sono visitati dal gioioso<br \/>annuncio della salvezza. Sono quelli che possiedono il Regno dei cieli, che possiedono il cuore di<br \/>Dio.<\/p><p>Il segreto della felicit\u00e0 \u00e8 l\u00ec e Bernadette ce lo rivela, vivendo della sua luce. L&#8217;apparizione nella<br \/>cavit\u00e0 della Grotta le permette di andare oltre un semplice sguardo che si accontenterebbe delle<br \/>apparenze della sua vita: lei \u00e8 un\u2019emarginata, non \u00e8 ancora andata a scuola, non ha ancora fatto la<br \/>prima la comunione; ecco che qualcuno \u00e8 interessato a lei e le mostra la propria immagine, cos\u00ec<br \/>come il Padre la contempla: <i>&#8220;\u2026 ha guardato l&#8217;umilt\u00e0 della sua serva&#8221;<\/i>. Era una ragazza, &#8220;giovane e<br \/>piccola come me&#8221;, mi dava del &#8220;lei&#8221;.<\/p><p>Bernadette esiste per qualcuno. La sua vita ordinaria, fatta di povert\u00e0 e amore, le permette di<br \/>sperimentare una felicit\u00e0 capace di interessare il Cielo. Nella fenditura di una grotta buia, nel buio<br \/>del cachot, sente e vede, e non potr\u00e0 pi\u00f9 dire che non ha visto e sentito. Vive l&#8217;esperienza dei primi<br \/>apostoli, testimoni della nuova vita del Risorto (cfr Atti 4, 20).<\/p><p><i>Ma essi se ne andarono dal sinedrio lieti di essere stati oltraggiati per amore del nome di Ges\u00f9<\/i>.<br \/>(Atti 5, 41). Gli interrogatori, la prigione stessa, non possono pi\u00f9 spaventare Bernadette, cos\u00ec come<br \/>non intimorivano pi\u00f9 gli apostoli, anche se una volta erano in grado di negare, di lasciare andare e<br \/>di tradire. <i>&#8220;Non sono pi\u00f9 io che vivo, ma Cristo vive in me&#8221;<\/i> (Gal 2, 20). La Buona Novella non<br \/>consiste in una convinzione acquisita, ma nella compagnia di una presenza, <i>&#8220;pi\u00f9 intima di me<br \/>stessa&#8221;<\/i>.<\/p><p>Bernadette rimane se stessa, non riceve alcun trattamento preferenziale. Sar\u00e0 facilmente trattata<br \/>come <i>&#8220;piccola sciocca&#8221;<\/i> e <i>&#8220;buona a nulla&#8221;<\/i>. Questo, tuttavia, non indebolisce la sua fiducia. Lei<br \/>stessa lo riconosce: <i>&#8220;\u00c8 perch\u00e9 ero la pi\u00f9 ignorante che la Beata Vergine mi ha scelto&#8221;<\/i>. Sa<br \/>accogliere la presentazione che la superiora fa al vescovo di Nevers nel momento di affidare la sua<br \/>obbedienza: Terremo la sorella Marie-Bernard nella casa madre, e lei non deve intendere questo<br \/>come un privilegio; Lei stessa ammette: <i>&#8220;Ve l&#8217;avevo detto, monsignore, che ero solo una buona a<br \/>nulla!&#8221;<br \/><\/i><br \/>&#8220;<i>S\u00ec, la Signorina, Bernadette, non \u00e8 che questo&#8221;<\/i>, dice ad una nuova sorella che si sorprende nel<br \/>vederla. <i>&#8220;C&#8217;erano cos\u00ec tante giovani sorelle di fronte alle quali mi sarei inginocchiata piuttosto che<br \/>davanti a Bernadette&#8221;<\/i>. La santit\u00e0 non \u00e8 nell&#8217;ordine delle apparenze. Bisogna andare a vedere il<br \/>cuore, bisogna essere in grado di aprire il proprio cuore.<br \/><br \/>Dobbiamo aprirci alla felicit\u00e0 di Dio, che dona la sua gioia perch\u00e9 la sua creatura ne sia colmata,<br \/>che cerca la sua pecorella quando questa \u00e8 perduta, che vuole comunicarle il suo Soffio, la sua Vita.<br \/>\u00c8 cos\u00ec che riconosce l&#8217;anima del povero, tutto teso verso Colui dal quale dipende. Dio si rivela<br \/>donando s\u00e9 stesso. <i>&#8220;Cosa farebbe, chiese a Beno\u00eet-Joseph il suo confessore, per metterlo alla prova,<br \/>cosa farebbe se un angelo le dicesse che \u00e8 dannato?\u201d\u00a0\u00a0&#8220;Avrei ancora fiducia nella misericordia&#8221;<\/i>.<br \/>Fiducia in Dio, che pu\u00f2 solo amare e donare se stesso, fiducia condivisa con i poveri nel loro<br \/>bisogno di essere amati: la fede e l&#8217;amore si uniscono nello stesso atto, nella stessa verit\u00e0. Cos\u00ec<br \/>viviamo il pellegrinaggio pi\u00f9 grande, che ci fa passare dalla paura all&#8217;amore. Dio \u00e8 mio Padre, Ges\u00f9<br \/>\u00e8 mio fratello, riconosciuto nei pi\u00f9 piccoli.<br \/><br \/>Bernadette trover\u00e0 la sua felicit\u00e0 e la sua vocazione al servizio dei pi\u00f9 poveri. Cos\u00ec sceglier\u00e0 di<br \/>entrare nella congregazione delle Suore della Carit\u00e0 di Nevers. Capir\u00e0 che il Signore che l&#8217;ha<br \/>visitata si rivela a lei, ora, nella persona dei pi\u00f9 poveri. &#8220;Pi\u00f9 un povero \u00e8 ributtante, pi\u00f9 bisogna<br \/>volergli bene&#8221;. Questa \u00e8 la felicit\u00e0 dell&#8217;altro mondo, capace di trasfigurare l&#8217;apparente bruttezza in<br \/>un abbraccio d&#8217;amore.<\/p>\t\t\t\t\t\t\t\t<\/div>\n\t\t\t\t<\/div>\n\t\t\t\t<div class=\"elementor-element elementor-element-37058e0 elementor-widget elementor-widget-text-editor\" data-id=\"37058e0\" data-element_type=\"widget\" data-widget_type=\"text-editor.default\">\n\t\t\t\t<div class=\"elementor-widget-container\">\n\t\t\t\t\t\t\t\t\t<h2><span style=\"color: #e8a700;\">&#8220;Non dire: Sono giovane. Ma va\u2019 da coloro a cui ti mander\u00f2&#8221;<\/span>(Geremia 1, 7)<\/h2>\t\t\t\t\t\t\t\t<\/div>\n\t\t\t\t<\/div>\n\t\t\t\t<div class=\"elementor-element elementor-element-64311b28 elementor-widget elementor-widget-text-editor\" data-id=\"64311b28\" data-element_type=\"widget\" data-widget_type=\"text-editor.default\">\n\t\t\t\t<div class=\"elementor-widget-container\">\n\t\t\t\t\t\t\t\t\t<p><i>&#8220;Anche se poveri, posiamo ricevere una missione e diventare servitori del Vangelo&#8221;. Questa \u00e8 la<br \/>convinzione del pellegrinaggio Siloe a Roma, ispirato da padre Joseph Wresinski. Il Papa ha<br \/>affidato a questi poveri una missione: \u201cvorrei chiedervi un favore, pi\u00f9 che un favore, vorrei<br \/>affidarvi una missione: una missione che solo voi, nella vostra povert\u00e0, riuscirete a realizzare. Mi<br \/>spiego meglio: Ges\u00f9, a volte, \u00e8 stato molto severo ed ha rimproverato severamente coloro che non<br \/>hanno ricevuto il messaggio del Padre. Cos\u00ec, come ha rivolto la bella parola &#8220;beati&#8221; ai poveri, a<br \/>coloro che hanno fame, a coloro che piangono, a coloro che sono odiati e perseguitati, ne ha poi<br \/>detta un\u2019altra che fa paura! Ha detto: &#8220;Guai!&#8221; a voi ricchi, ai sazi, a voi che ora ridete, perch\u00e9<br \/>sarete afflitti e piangerete (cfr Lc 6: 24-26), agli ipocriti (cfr Mt 23: 15). Vi affido la missione di<br \/>pregare per loro, affinch\u00e9 il Signore cambi i loro cuori. (6 luglio 2016)<br \/><\/i><br \/>Bernadette non \u00e8 guardata solo con un\u2019attenzione rispettosa, \u00e8 incaricata di una <i>&#8220;missione&#8221;<\/i> per i<br \/>sacerdoti, cos\u00ec come le donne che si recarono al sepolcro vuoto furono inviate agli apostoli da Ges\u00f9<br \/>risorto. <i>&#8220;Vada a dire ai sacerdoti che si venga qui in processione e che vi si costruisca una\u00a0cappella&#8221;<\/i>. Sono le donne che vengono ad aprire il cantiere per la costruzione della Chiesa, continuando, attraverso i secoli, a risvegliare gli uomini addormentati. Esse sono le guardiane della<br \/>potenza della vita, sempre pronta a ringiovanire.<\/p><p>La missione non \u00e8 una propaganda, ma una nascita. I poveri non hanno altro da dare che le loro vite<br \/>da condividere. L\u2019incontro con i poveri pu\u00f2 aiutarci a riempire il vuoto spirituale che molti uomini e<br \/>donne di oggi stanno vivendo. &#8220;<i>Se stai soffrendo, trova qualcuno che abbia bisogno di essere<br \/>confortato&#8221;<\/i>. Cos\u00ec Madre Teresa d\u00e0 un nuovo slancio ai cuori stanchi. E l&#8217;abate Pierre reclut\u00f2 il<br \/>primo compagno di Emmaus chiedendo ad un giovane, che voleva suicidarsi, di aiutarlo, prima, a<br \/>portare un materasso a casa di un povero.<\/p><p><i>&#8220;Vedete il miracolo della povert\u00e0! S\u00ec, i ricchi erano stranieri; ma il servizio ai poveri li naturalizza&#8221;<\/i><br \/>(Bossuet, Sermone per domenica di Settuagesima, 2) \u00c8 nel momento in cui i pellegrinaggi hanno<br \/>cominciato a farsi carico di queste persone, che hanno avuto un&#8217;espansione inimmaginabile. Non<br \/>solo servizio, ma il semplice incontro con qualcuno pi\u00f9 povero apre gli occhi e il cuore su qualcosa<br \/>di diverso dalle apparenze e genera gioia per l&#8217;incontro dei cuori.<\/p><p><i>&#8220;Tu non sai niente, ma capisci tutto&#8221;<\/i>. Non \u00e8 sufficiente essere poveri, ma \u00e8 necessario: <i>&#8220;I ricchi<br \/>sono pieni di intralci, e per questo non si soffermano&#8221;<\/i> (in una condivisione con la gente della<br \/>strada).<\/p><p><i>&#8220;Ti benedico, o Padre, perch\u00e9 hai tenuto nascoste queste cose ai sapienti, e le hai rivelate ai<br \/>piccoli&#8221;<\/i> (Mt 11, Lc, 10). I &#8220;poveri&#8221; comprendono il Vangelo dall&#8217;interno! Possiamo iniziare la<br \/>preparazione del pellegrinaggio con persone in situazioni precarie. La Rete St. Laurent \u00e8 in grado di<br \/>fornire, a questo proposito, un testo preparatorio, basato su una meditazione del Vangelo di Luca 6.<\/p><p>Maria ha affidato a Bernadette l&#8217;indicazione del cammino della vera felicit\u00e0. Sapeva come rivelare<br \/>ai peccatori l&#8217;amore dal quale sono amati. &#8220;<i>Poich\u00e9 lei \u00e8 un peccatore, le far\u00f2 di nuovo il sorriso<br \/>della Santa Vergine&#8221;<\/i>. Non si tratta solamente di essere gentili, ma di capire cosa c\u2019\u00e8 in gioco. Ges\u00f9<br \/>ha detto: <i>&#8220;Beati i poveri&#8221;<\/i>; e aggiunge subito in San Luca: <i>&#8220;Ma guai a voi ricchi, perch\u00e9 avete gi\u00e0 la<br \/>vostra consolazione. Guai a voi che ora siete sazi, perch\u00e9 avrete fame&#8230;&#8221;<\/i> In san Matteo, la<br \/>predicazione di Ges\u00f9 inizia con l&#8217;annuncio delle beatitudini, e si conclude nel capitolo 23 con una<br \/>serie di &#8220;maledizioni&#8221;che prendono di mira <i>&#8220;scribi e farisei ipocriti&#8221;<\/i>! <a href=\"\/it\/allegato\"><span style=\"color: #e8a702;\">(vedere l\u2019allegato)<\/span><\/a><\/p><p>Maria introduce Bernadette a questa scelta tra la vita e la morte, la benedizione o la maledizione.<br \/><i>&#8220;Scegli dunque la vita, perch\u00e9 viva tu e la tua discendenza&#8221;<\/i> (Deuteronomio 30,19). Maria usa una<br \/>pedagogia materna, che fa desiderare a Bernadette di &#8220;restare povera&#8221;, per vivere e condividere la<br \/>felicit\u00e0 di Dio.<\/p>\t\t\t\t\t\t\t\t<\/div>\n\t\t\t\t<\/div>\n\t\t\t\t<div class=\"elementor-element elementor-element-b711201 elementor-widget elementor-widget-text-editor\" data-id=\"b711201\" data-element_type=\"widget\" data-widget_type=\"text-editor.default\">\n\t\t\t\t<div class=\"elementor-widget-container\">\n\t\t\t\t\t\t\t\t\t<p><i>&#8220;Una Chiesa povera, per i poveri&#8221;<\/i>: questo \u00e8 il grande desiderio di papa Francesco che testimonia<br \/>un&#8217;altra ricchezza che solo i poveri possono conoscere. Condividere la nostra povert\u00e0 pu\u00f2 davvero<br \/>arricchirci! Soprattutto accettiamo questa condivisione, non subappaltiamo la fraternit\u00e0!<\/p><p>Accettiamo di essere, noi prima ancora di questi poveri che hanno bisogno di aiuto, nella<br \/>condizione di aver bisogno di essere amati. Noi esistiamo come frutto della misericordia.<\/p><p><i>Portando alle sue labbra acqua fangosa e sporca, \u00e8 come se Bernadette avesse accettato di<\/i><br \/><i><b>comunicare con la miseria del mondo<\/b>. Come se lei l\u2019accogliesse. Sapendo, naturalmente, che\u00a0l&#8217;acqua che sgorga, viene da Dio, e che \u00e8 grazie a Dio che pu\u00f2, senza paura, portare alla bocca ci\u00f2<br \/>che \u00e8 inquinato<\/i> (P. Etienne Grieu, Serviamo <i>la fraternit\u00e0<\/i>). Da quel momento in poi, si<br \/>verificheranno le guarigioni.<br \/><br \/>Nel 2019 a Lourdes, potremo riprendere questo gesto proposto dal raduno della Diaconia:<br \/>immergere le mani nel fango, e andare insieme a lavarci con l&#8217;acqua della Grotta. Lasciarci<br \/>penetrare dalla miseria del mondo, riconoscere la nostra miseria e poter cos\u00ec lasciarci purificare gli<br \/>uni dagli altri. Un gesto che pu\u00f2 aiutarci a <b>comprendere la confessione e la sua dimensione<br \/><\/b>comunitaria.<\/p>\t\t\t\t\t\t\t\t<\/div>\n\t\t\t\t<\/div>\n\t\t\t\t<div class=\"elementor-element elementor-element-a436d44 elementor-widget elementor-widget-text-editor\" data-id=\"a436d44\" data-element_type=\"widget\" data-widget_type=\"text-editor.default\">\n\t\t\t\t<div class=\"elementor-widget-container\">\n\t\t\t\t\t\t\t\t\t<h2><span style=\"color: #e8a700;\">&#8220;Tu sei il Povero, Signore Ges\u00f9!&#8221;<\/span><\/h2>\t\t\t\t\t\t\t\t<\/div>\n\t\t\t\t<\/div>\n\t\t\t\t<div class=\"elementor-element elementor-element-37dc21a elementor-widget elementor-widget-text-editor\" data-id=\"37dc21a\" data-element_type=\"widget\" data-widget_type=\"text-editor.default\">\n\t\t\t\t<div class=\"elementor-widget-container\">\n\t\t\t\t\t\t\t\t\t<p>Bernadette \u00e8 felice e noi con lei, nel mondo di Ges\u00f9, il mondo di Dio. Alcuni Orientali ci dicono:<br \/><i>&#8220;La nostra dottrina sociale \u00e8 la Trinit\u00e0!&#8221;<\/i>. Ogni persona si rimette all&#8217;altra, interamente, e si riceve<br \/>dall&#8217;altro. Rinasciamo dalla Misericordia. Siamo innestati sulla vita filiale di Ges\u00f9, che si riceve<br \/>eternamente dalla tenerezza del Padre. \u00c8 il povero, che riceve e ringrazia.<\/p><p>Cos\u00ec il cristiano, grazie al suo battesimo, diventa come un bambino che non si fa da solo, ma riceve<br \/>con gratitudine la vita che gli \u00e8 stata affidata. \u00c8 il povero che dipende dal dono che gli viene fatto. Il<br \/>cristiano guarda e imita Ges\u00f9, il primogenito. Lo stato dell&#8217;infanzia, lo stato di povert\u00e0, non \u00e8<br \/>essenzialmente una realt\u00e0 biologica o sociale, ma un dono e una chiamata dello Spirito. Papa<br \/>Francesco lo esprime nel suo Messaggio per la 1a Giornata Mondiale dei Poveri: Non<br \/>dimentichiamo che per i discepoli di Cristo, la povert\u00e0 \u00e8 soprattutto una vocazione a seguire Ges\u00f9<br \/>povero. \u00c8 un cammino dietro di lui e con lui, un cammino che conduce alla beatitudine del Regno<br \/>dei cieli (cfr Mt 5, 3 &#8211; Lc 6, 20).<\/p><p><i>&#8220;Conoscete infatti la grazia del Signore nostro Ges\u00f9 Cristo: da ricco che era, si \u00e8 fatto povero per<br \/>voi, perch\u00e9 voi diventaste ricchi per mezzo della sua povert\u00e0&#8221;<\/i>. (2 Cor 8, 9).<\/p><p>Il Papa continua, nella sua omelia per l&#8217;incontro del 19 novembre 2017: <i>&#8220;Ogni volta che avete fatto<br \/>queste cose a uno solo di questi miei fratelli pi\u00f9 piccoli, l&#8217;avete fatto a me&#8221; (Mt 25, 40). Questi<br \/>fratelli pi\u00f9 piccoli, da lui preferiti, sono l\u2019affamato e il malato, lo straniero e il prigioniero, il<br \/>povero e l\u2019abbandonato, colui che soffre senza aiuto e colui che \u00e8 nel bisogno ed escluso. Sulle loro<br \/>facce possiamo immaginare di imprimere il suo volto; sulle loro labbra, anche se sono chiuse dal<br \/>dolore, le sue parole: &#8220;Questo \u00e8 il mio corpo&#8221; (Mt 26:26). Nel povero, Ges\u00f9 bussa alla porta del<br \/>nostro cuore e, assetato, ci chiede amore. Quando superiamo l&#8217;indifferenza e nel nome di Ges\u00f9<br \/>spendiamo noi stessi per i suoi fratelli pi\u00f9 piccoli, siamo i suoi buoni e fedeli amici, con i quali gli<br \/>piace parlare.<br \/><\/i><br \/><i>L\u00ec, nei poveri, si manifesta la presenza di Ges\u00f9 che da ricco si \u00e8 fatto povero (cfr 2 Co 8, 9). Per<br \/>questo, in loro, nella loro debolezza, c&#8217;\u00e8 una &#8220;forza salvifica&#8221;. E se agli occhi del mondo hanno<br \/>poco valore, sono loro che ci aprono il cammino del cielo, sono i nostri &#8220;passaporti per il<br \/>paradiso&#8221;. Per noi \u00e8 un dovere evangelico prenderci cura di loro, che sono la nostra vera<br \/>ricchezza, e di farlo non solo dando il pane, ma anche rompendo, insieme a loro, il pane della<br \/>Parola del quale sono i destinatari pi\u00f9 naturali. Amare i poveri significa combattere contro ogni<br \/>povert\u00e0, spirituale e materiale.<br \/><\/i><br \/>Ges\u00f9 \u00e8 il Salvatore, vuole raggiungere l&#8217;uomo nella sua interezza, nel profondo del suo cuore, da<br \/>quel centro dove tutto il lavoro della creazione ridiventa possibile. Le guarigioni sono solo i segni di<br \/>un dono infinitamente pi\u00f9 grande, che richiede la rinuncia all&#8217;autosufficienza. I piccoli come noi<br \/>hanno bisogno di credere, di sperare, di amare. Ascoltiamo ancora Madeleine Delbrel: <i>&#8220;Abbiamo<br \/>dimenticato la fede dei piccoli. I piccoli sono stati lasciati soli, soli con la crescita del loro spirito<br \/>di uomini, soli in un universo dove con mezze verit\u00e0 venivano costruite bugie. Il capitalismo ha il<br \/>suo proletariato, ma anche la verit\u00e0 ha il suo&#8221;<\/i>.<br \/><br \/><i>&#8220;Questa intelligenza, diventata esclusivamente utilitaristica, e utilitaristica solo per una definizione<br \/>limitata di felicit\u00e0, io la chiamo \u201cmiseria dello spirito<\/i>&#8220;. L&#8217;unica domanda che ci interessa troppo<br \/>spesso \u00e8: <i>&#8220;A cosa serve?&#8221;<\/i> Abbiamo tagliato il <b>legame tra la benevolenza e il misticismo. Ed \u00e8<br \/>sotto gli stracci di un mendicante<\/b>, o sul viso di un bambino malato, che troviamo di nuovo gioia.<br \/>Solo questa gioia ci consente di impegnarci a servire.<br \/><br \/>Dio \u00e8 infinitamente pi\u00f9 realistico di tutti i migliori programmi umani contro tutti gli abbandoni e<br \/>tutte le menzogne delle quali sono vittime i poveri. La nostra carit\u00e0 non dovrebbe mai essere<br \/>rinchiusa in programmi che mirano all\u2019utilit\u00e0 o ridurre la povert\u00e0 a pochi tipi di povert\u00e0! Il<br \/>progresso in questi settori richiede una consapevolezza delle proprie povert\u00e0 e, pi\u00f9 essenzialmente,<br \/>questo richiede un&#8217;unione con Cristo che diviene vitale, un cuore vicino ai pi\u00f9 piccoli dei nostri<br \/>fratelli.<\/p>\t\t\t\t\t\t\t\t<\/div>\n\t\t\t\t<\/div>\n\t\t\t\t<div class=\"elementor-element elementor-element-017cc27 elementor-widget elementor-widget-text-editor\" data-id=\"017cc27\" data-element_type=\"widget\" data-widget_type=\"text-editor.default\">\n\t\t\t\t<div class=\"elementor-widget-container\">\n\t\t\t\t\t\t\t\t\t<h2><span style=\"color: #e8a700;\">Ha fatto un\u2019alleanza<\/span><\/h2>\t\t\t\t\t\t\t\t<\/div>\n\t\t\t\t<\/div>\n\t\t\t\t<div class=\"elementor-element elementor-element-813cfc1 elementor-widget elementor-widget-text-editor\" data-id=\"813cfc1\" data-element_type=\"widget\" data-widget_type=\"text-editor.default\">\n\t\t\t\t<div class=\"elementor-widget-container\">\n\t\t\t\t\t\t\t\t\t<p>La nostra povert\u00e0 \u00e8 la nostra ricchezza, il nostro bisogno e la nostra gioia \u00e8 nella relazione con<br \/>l&#8217;altro. Il pellegrinaggio insieme ci fa vivere l\u2019esperienza sui passi di Maria e di Bernadette: <i>&#8220;Sono<br \/>infelice, ma sono felice. \u00c8 il fatto di essere riconosciuto, di scambiare, di condividere la mia<br \/>sofferenza con gli altri. Solo cos\u00ec vediamo la gioia negli occhi degli altri&#8221;<\/i>. (La Gioia, p 9) Quando<br \/>ci lasciamo guardare insieme dal Cristo, diventiamo poveri come lui e implorando l&#8217;amore del Padre<br \/>ringraziamo per la vita che abbiamo ricevuto. Il servizio ai poveri \u00e8 quindi una condivisione fraterna<br \/>della vita stessa di Ges\u00f9, nostro fratello, il Figlio primogenito. La nostra esistenza diventa il luogo<br \/>della nuova alleanza tra Dio e l&#8217;uomo in Cristo.<br \/><br \/><br \/><i>&#8220;Non desidero essere povera, desidero essere Lui&#8221;<\/i> (una carmelitana).<\/p>\t\t\t\t\t\t\t\t<\/div>\n\t\t\t\t<\/div>\n\t\t\t\t<div class=\"elementor-element elementor-element-55a1e26 elementor-align-center elementor-widget elementor-widget-button\" data-id=\"55a1e26\" data-element_type=\"widget\" data-widget_type=\"button.default\">\n\t\t\t\t<div class=\"elementor-widget-container\">\n\t\t\t\t\t\t\t\t\t<div class=\"elementor-button-wrapper\">\n\t\t\t\t\t<a class=\"elementor-button elementor-button-link elementor-size-sm\" href=\"https:\/\/www.lourdes-france.org\/wp-content\/uploads\/2018\/09\/2019Th\u00e8me-3_IT.pdf\" target=\"_blank\">\n\t\t\t\t\t\t<span class=\"elementor-button-content-wrapper\">\n\t\t\t\t\t\t<span class=\"elementor-button-icon\">\n\t\t\t\t\t\t\t\t\t<i class=\"fa fa-file-pdf-o\" aria-hidden=\"true\"><\/i>\n\t\t\t\t\t\t\t<\/span>\n\t\t\t\t\t\t\t\t\t<span class=\"elementor-button-text\">PDF<\/span>\n\t\t\t\t\t<\/span>\n\t\t\t\t\t<\/a>\n\t\t\t\t<\/div>\n\t\t\t\t\t\t\t\t<\/div>\n\t\t\t\t<\/div>\n\t\t\t\t<section class=\"elementor-section elementor-inner-section elementor-element elementor-element-afb3de9 elementor-section-boxed elementor-section-height-default elementor-section-height-default\" data-id=\"afb3de9\" data-element_type=\"section\">\n\t\t\t\t\t\t<div class=\"elementor-container elementor-column-gap-no\">\n\t\t\t\t\t<div class=\"elementor-column elementor-col-50 elementor-inner-column elementor-element elementor-element-5b6f496\" data-id=\"5b6f496\" data-element_type=\"column\">\n\t\t\t<div class=\"elementor-widget-wrap\">\n\t\t\t\t\t\t\t<\/div>\n\t\t<\/div>\n\t\t\t\t<div class=\"elementor-column elementor-col-50 elementor-inner-column elementor-element elementor-element-9e47382\" data-id=\"9e47382\" data-element_type=\"column\">\n\t\t\t<div class=\"elementor-widget-wrap elementor-element-populated\">\n\t\t\t\t\t\t<div class=\"elementor-element elementor-element-a6df3af elementor-position-inline-end elementor-view-default elementor-mobile-position-block-start elementor-widget elementor-widget-icon-box\" data-id=\"a6df3af\" data-element_type=\"widget\" data-widget_type=\"icon-box.default\">\n\t\t\t\t<div class=\"elementor-widget-container\">\n\t\t\t\t\t\t\t<div class=\"elementor-icon-box-wrapper\">\n\n\t\t\t\t\t\t<div class=\"elementor-icon-box-icon\">\n\t\t\t\t<a href=\"\/it\/allegato\" class=\"elementor-icon\" tabindex=\"-1\" aria-label=\"&lt;h2&gt;&lt;a href=&quot;\/it\/allegato&quot;&gt;Allegato&lt;\/a&gt;&lt;h2&gt;\">\n\t\t\t\t<i class=\"fa fa-arrow-right\" aria-hidden=\"true\"><\/i>\t\t\t\t<\/a>\n\t\t\t<\/div>\n\t\t\t\n\t\t\t\t\t\t<div class=\"elementor-icon-box-content\">\n\n\t\t\t\t\t\t\t\t\t<div class=\"elementor-icon-box-title\">\n\t\t\t\t\t\t<a href=\"\/it\/allegato\" >\n\t\t\t\t\t\t\t<h2><a href=\"\/it\/allegato\">Allegato<\/a><h2>\t\t\t\t\t\t<\/a>\n\t\t\t\t\t<\/div>\n\t\t\t\t\n\t\t\t\t\n\t\t\t<\/div>\n\t\t\t\n\t\t<\/div>\n\t\t\t\t\t\t<\/div>\n\t\t\t\t<\/div>\n\t\t\t\t\t<\/div>\n\t\t<\/div>\n\t\t\t\t\t<\/div>\n\t\t<\/section>\n\t\t\t\t\t<\/div>\n\t\t<\/div>\n\t\t\t\t\t<\/div>\n\t\t<\/section>\n\t\t\t\t<\/div>\n\t\t","protected":false},"excerpt":{"rendered":"<p>Essere poveri non \u00e8 interessante, tutti i poveri sono diquesta opinione. Li comprendiamo, a nessuno piaceessere povero. Ci\u00f2 che \u00e8 interessante \u00e8 possedere ilRegno dei Cieli. Ma solo i poveri lo possiedono(Madeleine Delbr\u00eal, La gioia di credere). Il 7 gennaio2019 &hellip; <a href=\"https:\/\/www.lourdes-france.org\/it\/tema-2019\/\">Continua<\/a><\/p>\n","protected":false},"author":7,"featured_media":0,"parent":0,"menu_order":0,"comment_status":"closed","ping_status":"closed","template":"","meta":{"_acf_changed":false,"footnotes":""},"class_list":["post-15673","page","type-page","status-publish","hentry"],"acf":[],"yoast_head":"<!-- This site is optimized with the Yoast SEO plugin v24.7 - https:\/\/yoast.com\/wordpress\/plugins\/seo\/ -->\n<title>tema 2019<\/title>\n<meta name=\"robots\" content=\"index, follow, max-snippet:-1, max-image-preview:large, max-video-preview:-1\" \/>\n<link rel=\"canonical\" href=\"https:\/\/www.lourdes-france.org\/it\/tema-2019\/\" \/>\n<meta name=\"twitter:label1\" content=\"Tempo di lettura stimato\" \/>\n\t<meta name=\"twitter:data1\" content=\"16 minuti\" \/>\n<script type=\"application\/ld+json\" class=\"yoast-schema-graph\">{\"@context\":\"https:\/\/schema.org\",\"@graph\":[{\"@type\":\"WebPage\",\"@id\":\"https:\/\/www.lourdes-france.org\/it\/tema-2019\/\",\"url\":\"https:\/\/www.lourdes-france.org\/it\/tema-2019\/\",\"name\":\"tema 2019\",\"isPartOf\":{\"@id\":\"https:\/\/preprod-lourdes.cawita.com\/#website\"},\"primaryImageOfPage\":{\"@id\":\"https:\/\/www.lourdes-france.org\/it\/tema-2019\/#primaryimage\"},\"image\":{\"@id\":\"https:\/\/www.lourdes-france.org\/it\/tema-2019\/#primaryimage\"},\"thumbnailUrl\":\"https:\/\/preprod.lourdes-france.org\/wp-content\/uploads\/2018\/09\/visuelvdefdef-731x1024.jpg\",\"datePublished\":\"2018-09-19T09:09:55+00:00\",\"dateModified\":\"2021-03-02T15:09:37+00:00\",\"breadcrumb\":{\"@id\":\"https:\/\/www.lourdes-france.org\/it\/tema-2019\/#breadcrumb\"},\"inLanguage\":\"it-IT\",\"potentialAction\":[{\"@type\":\"ReadAction\",\"target\":[\"https:\/\/www.lourdes-france.org\/it\/tema-2019\/\"]}]},{\"@type\":\"ImageObject\",\"inLanguage\":\"it-IT\",\"@id\":\"https:\/\/www.lourdes-france.org\/it\/tema-2019\/#primaryimage\",\"url\":\"https:\/\/preprod.lourdes-france.org\/wp-content\/uploads\/2018\/09\/visuelvdefdef-731x1024.jpg\",\"contentUrl\":\"https:\/\/preprod.lourdes-france.org\/wp-content\/uploads\/2018\/09\/visuelvdefdef-731x1024.jpg\"},{\"@type\":\"BreadcrumbList\",\"@id\":\"https:\/\/www.lourdes-france.org\/it\/tema-2019\/#breadcrumb\",\"itemListElement\":[{\"@type\":\"ListItem\",\"position\":1,\"name\":\"Accueil\",\"item\":\"https:\/\/www.lourdes-france.org\/\"},{\"@type\":\"ListItem\",\"position\":2,\"name\":\"tema 2019\"}]},{\"@type\":\"WebSite\",\"@id\":\"https:\/\/preprod-lourdes.cawita.com\/#website\",\"url\":\"https:\/\/preprod-lourdes.cawita.com\/\",\"name\":\"Soutenir le Sanctuaire Notre-Dame de Lourdes\",\"description\":\"\",\"potentialAction\":[{\"@type\":\"SearchAction\",\"target\":{\"@type\":\"EntryPoint\",\"urlTemplate\":\"https:\/\/preprod-lourdes.cawita.com\/?s={search_term_string}\"},\"query-input\":{\"@type\":\"PropertyValueSpecification\",\"valueRequired\":true,\"valueName\":\"search_term_string\"}}],\"inLanguage\":\"it-IT\"}]}<\/script>\n<!-- \/ Yoast SEO plugin. -->","yoast_head_json":{"title":"tema 2019","robots":{"index":"index","follow":"follow","max-snippet":"max-snippet:-1","max-image-preview":"max-image-preview:large","max-video-preview":"max-video-preview:-1"},"canonical":"https:\/\/www.lourdes-france.org\/it\/tema-2019\/","twitter_misc":{"Tempo di lettura stimato":"16 minuti"},"schema":{"@context":"https:\/\/schema.org","@graph":[{"@type":"WebPage","@id":"https:\/\/www.lourdes-france.org\/it\/tema-2019\/","url":"https:\/\/www.lourdes-france.org\/it\/tema-2019\/","name":"tema 2019","isPartOf":{"@id":"https:\/\/preprod-lourdes.cawita.com\/#website"},"primaryImageOfPage":{"@id":"https:\/\/www.lourdes-france.org\/it\/tema-2019\/#primaryimage"},"image":{"@id":"https:\/\/www.lourdes-france.org\/it\/tema-2019\/#primaryimage"},"thumbnailUrl":"https:\/\/preprod.lourdes-france.org\/wp-content\/uploads\/2018\/09\/visuelvdefdef-731x1024.jpg","datePublished":"2018-09-19T09:09:55+00:00","dateModified":"2021-03-02T15:09:37+00:00","breadcrumb":{"@id":"https:\/\/www.lourdes-france.org\/it\/tema-2019\/#breadcrumb"},"inLanguage":"it-IT","potentialAction":[{"@type":"ReadAction","target":["https:\/\/www.lourdes-france.org\/it\/tema-2019\/"]}]},{"@type":"ImageObject","inLanguage":"it-IT","@id":"https:\/\/www.lourdes-france.org\/it\/tema-2019\/#primaryimage","url":"https:\/\/preprod.lourdes-france.org\/wp-content\/uploads\/2018\/09\/visuelvdefdef-731x1024.jpg","contentUrl":"https:\/\/preprod.lourdes-france.org\/wp-content\/uploads\/2018\/09\/visuelvdefdef-731x1024.jpg"},{"@type":"BreadcrumbList","@id":"https:\/\/www.lourdes-france.org\/it\/tema-2019\/#breadcrumb","itemListElement":[{"@type":"ListItem","position":1,"name":"Accueil","item":"https:\/\/www.lourdes-france.org\/"},{"@type":"ListItem","position":2,"name":"tema 2019"}]},{"@type":"WebSite","@id":"https:\/\/preprod-lourdes.cawita.com\/#website","url":"https:\/\/preprod-lourdes.cawita.com\/","name":"Soutenir le Sanctuaire Notre-Dame de Lourdes","description":"","potentialAction":[{"@type":"SearchAction","target":{"@type":"EntryPoint","urlTemplate":"https:\/\/preprod-lourdes.cawita.com\/?s={search_term_string}"},"query-input":{"@type":"PropertyValueSpecification","valueRequired":true,"valueName":"search_term_string"}}],"inLanguage":"it-IT"}]}},"_links":{"self":[{"href":"https:\/\/www.lourdes-france.org\/it\/wp-json\/wp\/v2\/pages\/15673","targetHints":{"allow":["GET"]}}],"collection":[{"href":"https:\/\/www.lourdes-france.org\/it\/wp-json\/wp\/v2\/pages"}],"about":[{"href":"https:\/\/www.lourdes-france.org\/it\/wp-json\/wp\/v2\/types\/page"}],"author":[{"embeddable":true,"href":"https:\/\/www.lourdes-france.org\/it\/wp-json\/wp\/v2\/users\/7"}],"replies":[{"embeddable":true,"href":"https:\/\/www.lourdes-france.org\/it\/wp-json\/wp\/v2\/comments?post=15673"}],"version-history":[{"count":11,"href":"https:\/\/www.lourdes-france.org\/it\/wp-json\/wp\/v2\/pages\/15673\/revisions"}],"predecessor-version":[{"id":515403,"href":"https:\/\/www.lourdes-france.org\/it\/wp-json\/wp\/v2\/pages\/15673\/revisions\/515403"}],"wp:attachment":[{"href":"https:\/\/www.lourdes-france.org\/it\/wp-json\/wp\/v2\/media?parent=15673"}],"curies":[{"name":"wp","href":"https:\/\/api.w.org\/{rel}","templated":true}]}}