{"id":2657,"date":"2018-07-17T14:08:02","date_gmt":"2018-07-17T12:08:02","guid":{"rendered":"http:\/\/preprod.slou.pg3.xyz\/bernadette-soubirous\/"},"modified":"2023-06-23T10:22:23","modified_gmt":"2023-06-23T08:22:23","slug":"bernadette-soubirous","status":"publish","type":"page","link":"https:\/\/www.lourdes-france.org\/nl\/bernadette-soubirous\/","title":{"rendered":"Bernadette Soubirous"},"content":{"rendered":"\t\t<div data-elementor-type=\"wp-post\" data-elementor-id=\"2657\" class=\"elementor elementor-2657 elementor-474\" data-elementor-post-type=\"page\">\n\t\t\t\t\t\t<section class=\"elementor-section elementor-top-section elementor-element elementor-element-526f54de elementor-section-full_width elementor-section-stretched elementor-section-height-default elementor-section-height-default\" data-id=\"526f54de\" data-element_type=\"section\" data-settings=\"{&quot;stretch_section&quot;:&quot;section-stretched&quot;}\">\n\t\t\t\t\t\t<div class=\"elementor-container elementor-column-gap-default\">\n\t\t\t\t\t<div class=\"elementor-column elementor-col-100 elementor-top-column elementor-element elementor-element-2aa877b1\" data-id=\"2aa877b1\" data-element_type=\"column\">\n\t\t\t<div class=\"elementor-widget-wrap elementor-element-populated\">\n\t\t\t\t\t\t<div class=\"elementor-element elementor-element-321a0aee elementor-widget elementor-widget-image\" data-id=\"321a0aee\" data-element_type=\"widget\" data-widget_type=\"image.default\">\n\t\t\t\t<div class=\"elementor-widget-container\">\n\t\t\t\t\t\t\t\t\t\t\t\t\t\t\t<img fetchpriority=\"high\" decoding=\"async\" width=\"1200\" height=\"802\" src=\"https:\/\/www.lourdes-france.org\/wp-content\/uploads\/2022\/08\/Vignette_Bernadette3_1200x800px.jpg\" class=\"attachment-full size-full wp-image-865928\" alt=\"\" srcset=\"https:\/\/www.lourdes-france.org\/wp-content\/uploads\/2022\/08\/Vignette_Bernadette3_1200x800px.jpg 1200w, https:\/\/www.lourdes-france.org\/wp-content\/uploads\/2022\/08\/Vignette_Bernadette3_1200x800px-300x201.jpg 300w, https:\/\/www.lourdes-france.org\/wp-content\/uploads\/2022\/08\/Vignette_Bernadette3_1200x800px-1024x684.jpg 1024w, https:\/\/www.lourdes-france.org\/wp-content\/uploads\/2022\/08\/Vignette_Bernadette3_1200x800px-768x513.jpg 768w\" sizes=\"(max-width: 1200px) 100vw, 1200px\" \/>\t\t\t\t\t\t\t\t\t\t\t\t\t\t\t<\/div>\n\t\t\t\t<\/div>\n\t\t\t\t\t<\/div>\n\t\t<\/div>\n\t\t\t\t\t<\/div>\n\t\t<\/section>\n\t\t\t\t<section class=\"elementor-section elementor-top-section elementor-element elementor-element-1c7a3ecc elementor-section-boxed elementor-section-height-default elementor-section-height-default\" data-id=\"1c7a3ecc\" data-element_type=\"section\">\n\t\t\t\t\t\t<div class=\"elementor-container elementor-column-gap-default\">\n\t\t\t\t\t<div class=\"elementor-column elementor-col-100 elementor-top-column elementor-element elementor-element-2cd5dd63\" data-id=\"2cd5dd63\" data-element_type=\"column\">\n\t\t\t<div class=\"elementor-widget-wrap elementor-element-populated\">\n\t\t\t\t\t\t<div class=\"elementor-element elementor-element-5b293b3e elementor-widget elementor-widget-heading\" data-id=\"5b293b3e\" data-element_type=\"widget\" data-widget_type=\"heading.default\">\n\t\t\t\t<div class=\"elementor-widget-container\">\n\t\t\t\t\t<h1 class=\"elementor-heading-title elementor-size-default\">La vie de Bernadette Soubirous, sainte Bernadette<\/h1>\t\t\t\t<\/div>\n\t\t\t\t<\/div>\n\t\t\t\t\t<\/div>\n\t\t<\/div>\n\t\t\t\t\t<\/div>\n\t\t<\/section>\n\t\t\t\t<section class=\"elementor-section elementor-top-section elementor-element elementor-element-7a89ae1 elementor-section-boxed elementor-section-height-default elementor-section-height-default\" data-id=\"7a89ae1\" data-element_type=\"section\" data-settings=\"{&quot;background_background&quot;:&quot;classic&quot;}\">\n\t\t\t\t\t\t<div class=\"elementor-container elementor-column-gap-default\">\n\t\t\t\t\t<div class=\"elementor-column elementor-col-100 elementor-top-column elementor-element elementor-element-07180a7\" data-id=\"07180a7\" data-element_type=\"column\">\n\t\t\t<div class=\"elementor-widget-wrap elementor-element-populated\">\n\t\t\t\t\t\t<div class=\"elementor-element elementor-element-ef26232 elementor-widget elementor-widget-text-editor\" data-id=\"ef26232\" data-element_type=\"widget\" data-widget_type=\"text-editor.default\">\n\t\t\t\t<div class=\"elementor-widget-container\">\n\t\t\t\t\t\t\t\t\t<h5>Tout ce que nous savons des apparitions et du Message de Lourdes nous vient de Bernadette. Elle seule a vu. Qui est-elle donc ?<br \/>On peut distinguer trois p\u00e9riodes dans sa vie\u00a0: les ann\u00e9es de son enfance au sein d\u2019une famille pauvre\u00a0; une vie \u00ab\u00a0publique\u00a0\u00bb au temps des apparitions et du t\u00e9moignage\u00a0; enfin, une vie \u00ab\u00a0cach\u00e9e\u00a0\u00bb comme religieuse, \u00e0 Nevers.<\/h5>\n\t\t\t\t\t\t\t\t<\/div>\n\t\t\t\t<\/div>\n\t\t\t\t\t<\/div>\n\t\t<\/div>\n\t\t\t\t\t<\/div>\n\t\t<\/section>\n\t\t\t\t<section class=\"elementor-section elementor-top-section elementor-element elementor-element-75ace73 elementor-section-boxed elementor-section-height-default elementor-section-height-default\" data-id=\"75ace73\" data-element_type=\"section\">\n\t\t\t\t\t\t<div class=\"elementor-container elementor-column-gap-default\">\n\t\t\t\t\t<div class=\"elementor-column elementor-col-100 elementor-top-column elementor-element elementor-element-64e387f\" data-id=\"64e387f\" data-element_type=\"column\">\n\t\t\t<div class=\"elementor-widget-wrap elementor-element-populated\">\n\t\t\t\t\t\t<div class=\"elementor-element elementor-element-7944963 elementor-widget elementor-widget-text-editor\" data-id=\"7944963\" data-element_type=\"widget\" data-widget_type=\"text-editor.default\">\n\t\t\t\t<div class=\"elementor-widget-container\">\n\t\t\t\t\t\t\t\t\t<h2>Avant les apparitions<\/h2>\n<p style=\"text-align: left;\">Quand on raconte les apparitions, Bernadette est souvent pr\u00e9sent\u00e9e comme une fille pauvre, malade et ignorante, log\u00e9e mis\u00e9rablement au Cachot. Sans doute, mais il n\u2019en a pas toujours \u00e9t\u00e9 ainsi.<br \/>Lorsqu\u2019elle na\u00eet le 7 janvier 1844, au Moulin de Boly, elle est le premier enfant, l\u2019h\u00e9riti\u00e8re, de Fran\u00e7ois Soubirous et Louise Cast\u00e9rot qui se sont mari\u00e9s par amour. Bernadette grandit dans une famille unie o\u00f9 l\u2019on s\u2019aime et o\u00f9 l\u2019on prie. Dix ans de bonheur en ces ann\u00e9es d\u00e9cisives de son enfance qui vont forger sa forte personnalit\u00e9 et lui donner un bel \u00e9quilibre. La descente dans la mis\u00e8re qui suivra n\u2019effacera pas cette richesse humaine. Il reste que Bernadette, \u00e0 14\u00a0ans, mesure 1\u00a0m 40. Elle a des crises d\u2019asthme. Elle a une nature vive, spontan\u00e9e, volontaire, prompte aux r\u00e9parties, incapable de dissimuler. Elle a de l\u2019amour-propre, ce qui n\u2019a pas \u00e9chapp\u00e9 \u00e0 la m\u00e8re Vauzou, \u00e0 Nevers, qui disait d\u2019elle\u00a0: \u00ab\u00a0Caract\u00e8re raide, tr\u00e8s susceptible.\u00a0\u00bb Bernadette se d\u00e9solait de ses d\u00e9fauts et les combattait \u00e9nergiquement. Une forte personnalit\u00e9 mais inculte\u00a0: pas d\u2019\u00e9cole ni de cat\u00e9chisme. \u00c0 14\u00a0ans, elle ne sait ni lire, ni \u00e9crire et en souffre, car elle se sent exclue.<\/p>\n\t\t\t\t\t\t\t\t<\/div>\n\t\t\t\t<\/div>\n\t\t\t\t\t<\/div>\n\t\t<\/div>\n\t\t\t\t\t<\/div>\n\t\t<\/section>\n\t\t\t\t<section class=\"elementor-section elementor-top-section elementor-element elementor-element-8daa838 elementor-section-boxed elementor-section-height-default elementor-section-height-default\" data-id=\"8daa838\" data-element_type=\"section\">\n\t\t\t\t\t\t<div class=\"elementor-container elementor-column-gap-default\">\n\t\t\t\t\t<div class=\"elementor-column elementor-col-100 elementor-top-column elementor-element elementor-element-dfdb116\" data-id=\"dfdb116\" data-element_type=\"column\">\n\t\t\t<div class=\"elementor-widget-wrap elementor-element-populated\">\n\t\t\t\t\t\t<div class=\"elementor-element elementor-element-016c22a elementor-widget elementor-widget-image\" data-id=\"016c22a\" data-element_type=\"widget\" data-widget_type=\"image.default\">\n\t\t\t\t<div class=\"elementor-widget-container\">\n\t\t\t\t\t\t\t\t\t\t\t\t\t\t\t<img decoding=\"async\" width=\"768\" height=\"623\" src=\"https:\/\/www.lourdes-france.org\/wp-content\/uploads\/2022\/08\/4-GemmaildesApparitions_redimensionner-768x623.jpg\" class=\"attachment-medium_large size-medium_large wp-image-865841\" alt=\"\" srcset=\"https:\/\/www.lourdes-france.org\/wp-content\/uploads\/2022\/08\/4-GemmaildesApparitions_redimensionner-768x623.jpg 768w, https:\/\/www.lourdes-france.org\/wp-content\/uploads\/2022\/08\/4-GemmaildesApparitions_redimensionner-300x243.jpg 300w, https:\/\/www.lourdes-france.org\/wp-content\/uploads\/2022\/08\/4-GemmaildesApparitions_redimensionner-1024x831.jpg 1024w, https:\/\/www.lourdes-france.org\/wp-content\/uploads\/2022\/08\/4-GemmaildesApparitions_redimensionner-1536x1246.jpg 1536w, https:\/\/www.lourdes-france.org\/wp-content\/uploads\/2022\/08\/4-GemmaildesApparitions_redimensionner.jpg 1556w\" sizes=\"(max-width: 768px) 100vw, 768px\" \/>\t\t\t\t\t\t\t\t\t\t\t\t\t\t\t<\/div>\n\t\t\t\t<\/div>\n\t\t\t\t\t<\/div>\n\t\t<\/div>\n\t\t\t\t\t<\/div>\n\t\t<\/section>\n\t\t\t\t<section class=\"elementor-section elementor-top-section elementor-element elementor-element-f1b7c75 elementor-section-boxed elementor-section-height-default elementor-section-height-default\" data-id=\"f1b7c75\" data-element_type=\"section\">\n\t\t\t\t\t\t<div class=\"elementor-container elementor-column-gap-default\">\n\t\t\t\t\t<div class=\"elementor-column elementor-col-100 elementor-top-column elementor-element elementor-element-1f0bd7e\" data-id=\"1f0bd7e\" data-element_type=\"column\">\n\t\t\t<div class=\"elementor-widget-wrap elementor-element-populated\">\n\t\t\t\t\t\t<div class=\"elementor-element elementor-element-1f4763e elementor-widget elementor-widget-text-editor\" data-id=\"1f4763e\" data-element_type=\"widget\" data-widget_type=\"text-editor.default\">\n\t\t\t\t<div class=\"elementor-widget-container\">\n\t\t\t\t\t\t\t\t\t<h2 style=\"text-align: left;\">La vie \u201cpublique\u201d<\/h2>\n<p>Les apparitions d\u00e9butent le 11 f\u00e9vrier 1858. Pour aider ses parents, Bernadette se chargeait notamment d\u2019aller chercher du bois mort sur les berges du Gave. La voici confront\u00e9e au myst\u00e8re. Un bruit \u00ab\u00a0comme un coup de vent\u00a0\u00bb, une lumi\u00e8re, une pr\u00e9sence. Sa r\u00e9action\u00a0? Elle fait preuve d\u2019un bon sens et d\u2019un discernement remarquables\u00a0; croyant se tromper, elle mobilise toutes ses ressources humaines\u00a0: elle regarde, elle se frotte les yeux, elle essaie de comprendre. Ensuite, elle se tourne vers ses compagnes pour v\u00e9rifier ses impressions\u00a0: \u00ab\u00a0Avez-vous rien vu\u00a0?\u00a0\u00bb. Elle se tourne ensuite vers Dieu\u00a0: elle prie son chapelet. Elle se tourne vers l\u2019\u00c9glise et prend conseil en confession aupr\u00e8s de l\u2019abb\u00e9 Pomian\u00a0: \u00ab\u00a0J\u2019ai vu quelque chose de blanc ayant la forme d\u2019une dame\u00a0\u00bb. Interrog\u00e9e par le commissaire Jacomet, elle r\u00e9pond avec une assurance, une prudence et une fermet\u00e9 qui surprennent chez une jeune fille sans instruction\u00a0: \u00ab\u00a0Aquer\u00f3, je n\u2019ai pas dit la Sainte Vierge\u2026 Monsieur, vous m\u2019avez tout chang\u00e9\u00a0\u00bb. Elle dit ce qu\u2019elle a vu avec un d\u00e9tachement, une libert\u00e9 \u00e9tonnants\u00a0: \u00ab\u00a0Je suis charg\u00e9e de vous le dire, pas de vous le faire croire\u00a0\u00bb.<br \/>Elle raconte les apparitions avec exactitude, sans rien ajouter ni retrancher. Une seule fois, effray\u00e9e par la rudesse de l\u2019abb\u00e9 Peyramale, elle ajoute un mot : \u00ab Monsieur le cur\u00e9, la Dame demande toujours la chapelle\u2026 m\u00eame \u00ab toute petite \u00bb. Dans son Mandement sur les apparitions, Mgr Laurence souligne \u00ab la simplicit\u00e9, la candeur, la modestie de cette enfant\u2026 elle raconte tout sans affectation, avec une ing\u00e9nuit\u00e9 touchante\u2026 et, aux nombreuses questions qu\u2019on lui adresse, elle fait, sans h\u00e9siter, des r\u00e9ponses nettes, pr\u00e9cises, empreintes d\u2019une forte conviction \u00bb. Insensible aux menaces comme aux offres avantageuses, \u00ab la sinc\u00e9rit\u00e9 de Bernadette est incontestable : elle n\u2019a pas voulu tromper \u00bb. Mais ne s\u2019est-elle pas tromp\u00e9e elle-m\u00eame\u2026 victime d\u2019une hallucination ? \u2013 se demande l\u2019\u00e9v\u00eaque. Il \u00e9voque alors le calme de Bernadette, son bon sens, l\u2019absence chez elle de toute exaltation et aussi le fait que les apparitions ne d\u00e9pendent pas de Bernadette : elles ont lieu alors que Bernadette ne s\u2019y attendait pas, et dans la quinzaine, par deux fois, alors que Bernadette se rendait \u00e0 la Grotte, la Dame n\u2019y \u00e9tait pas. Pour en arriver \u00e0 ces conclusions, Bernadette a d\u00fb r\u00e9pondre aux curieux, admirateurs, journalistes et autres, compara\u00eetre devant des commissions d\u2019enqu\u00eate civiles et religieuses. La voil\u00e0 tir\u00e9e de l\u2019ombre et projet\u00e9e au premier plan de l\u2019actualit\u00e9 : \u00ab une temp\u00eate m\u00e9diatique \u00bb s\u2019abat sur elle. Il lui aura fallu de la patience et de l\u2019humour pour lui r\u00e9sister et pr\u00e9server la puret\u00e9 de son t\u00e9moignage. Elle n\u2019accepte rien : \u00ab Je veux rester pauvre \u00bb. Elle ne b\u00e9nit pas les chapelets qu\u2019on lui pr\u00e9sente : \u00ab Je ne porte pas l\u2019\u00e9tole. \u00bb Elle ne vendra pas de m\u00e9dailles : \u00ab Je ne suis pas marchande. \u00bb Et, devant les images \u00e0 dix sous qui la repr\u00e9sentent, elle lance : \u00ab Dix sous, c\u2019est tout ce que je vaux ! \u00bb<\/p>\n<p>Dans ces conditions, au Cachot la vie n\u2019est plus possible, il faut prot\u00e9ger Bernadette. Le cur\u00e9 Peyramale, et le maire Lacad\u00e9 se mettent d\u2019accord\u00a0: Bernadette sera admise comme \u00ab\u00a0malade indigente\u00a0\u00bb \u00e0 l\u2019hospice tenu par les S\u0153urs de Nevers\u00a0; elle y arrive le 15 juillet 1860. \u00c0 16\u00a0ans, elle apprend \u00e0 lire et \u00e0 \u00e9crire. On peut voir encore aujourd\u2019hui, \u00e0 l\u2019\u00e9glise de Bartr\u00e8s, les \u00ab\u00a0b\u00e2tons\u00a0\u00bb trac\u00e9s de sa main\u00a0! Par la suite, elle \u00e9crira souvent \u00e0 sa famille et m\u00eame au pape\u00a0! Elle rend visite \u00e0 ses parents qui ont \u00e9t\u00e9 relog\u00e9s \u00e0 la \u00ab\u00a0maison paternelle\u00a0\u00bb. Elle soigne quelques malades, mais surtout elle cherche sa voie\u00a0: bonne \u00e0 rien et sans dot, comment \u00eatre religieuse\u00a0? Finalement, elle entre chez les S\u0153urs de Nevers \u00ab\u00a0parce qu\u2019on ne m\u2019y a pas attir\u00e9e\u00a0\u00bb. D\u00e8s lors, une v\u00e9rit\u00e9 s\u2019impose \u00e0 son esprit\u00a0: \u00ab\u00a0\u00c0 Lourdes, ma mission est finie\u00a0\u00bb.<\/p>\n\t\t\t\t\t\t\t\t<\/div>\n\t\t\t\t<\/div>\n\t\t\t\t\t<\/div>\n\t\t<\/div>\n\t\t\t\t\t<\/div>\n\t\t<\/section>\n\t\t\t\t<section class=\"elementor-section elementor-top-section elementor-element elementor-element-312f5a4 elementor-section-boxed elementor-section-height-default elementor-section-height-default\" data-id=\"312f5a4\" data-element_type=\"section\">\n\t\t\t\t\t\t<div class=\"elementor-container elementor-column-gap-default\">\n\t\t\t\t\t<div class=\"elementor-column elementor-col-100 elementor-top-column elementor-element elementor-element-37831fa\" data-id=\"37831fa\" data-element_type=\"column\">\n\t\t\t<div class=\"elementor-widget-wrap elementor-element-populated\">\n\t\t\t\t\t\t<div class=\"elementor-element elementor-element-b2ee4d6 elementor-widget elementor-widget-image\" data-id=\"b2ee4d6\" data-element_type=\"widget\" data-widget_type=\"image.default\">\n\t\t\t\t<div class=\"elementor-widget-container\">\n\t\t\t\t\t\t\t\t\t\t\t\t\t\t\t<img decoding=\"async\" width=\"1024\" height=\"341\" src=\"https:\/\/www.lourdes-france.org\/wp-content\/uploads\/2022\/08\/Sans-titre-1_redimensionner-1024x341.jpg\" class=\"attachment-large size-large wp-image-865847\" alt=\"\" srcset=\"https:\/\/www.lourdes-france.org\/wp-content\/uploads\/2022\/08\/Sans-titre-1_redimensionner-1024x341.jpg 1024w, https:\/\/www.lourdes-france.org\/wp-content\/uploads\/2022\/08\/Sans-titre-1_redimensionner-300x100.jpg 300w, https:\/\/www.lourdes-france.org\/wp-content\/uploads\/2022\/08\/Sans-titre-1_redimensionner-768x256.jpg 768w, https:\/\/www.lourdes-france.org\/wp-content\/uploads\/2022\/08\/Sans-titre-1_redimensionner-1536x512.jpg 1536w, https:\/\/www.lourdes-france.org\/wp-content\/uploads\/2022\/08\/Sans-titre-1_redimensionner-2048x683.jpg 2048w\" sizes=\"(max-width: 1024px) 100vw, 1024px\" \/>\t\t\t\t\t\t\t\t\t\t\t\t\t\t\t<\/div>\n\t\t\t\t<\/div>\n\t\t\t\t\t<\/div>\n\t\t<\/div>\n\t\t\t\t\t<\/div>\n\t\t<\/section>\n\t\t\t\t<section class=\"elementor-section elementor-top-section elementor-element elementor-element-6146667 elementor-section-boxed elementor-section-height-default elementor-section-height-default\" data-id=\"6146667\" data-element_type=\"section\">\n\t\t\t\t\t\t<div class=\"elementor-container elementor-column-gap-default\">\n\t\t\t\t\t<div class=\"elementor-column elementor-col-100 elementor-top-column elementor-element elementor-element-cbf16fb\" data-id=\"cbf16fb\" data-element_type=\"column\">\n\t\t\t<div class=\"elementor-widget-wrap elementor-element-populated\">\n\t\t\t\t\t\t<div class=\"elementor-element elementor-element-7f38fba elementor-widget elementor-widget-text-editor\" data-id=\"7f38fba\" data-element_type=\"widget\" data-widget_type=\"text-editor.default\">\n\t\t\t\t<div class=\"elementor-widget-container\">\n\t\t\t\t\t\t\t\t\t<h2 style=\"text-align: left;\">La vie \u201ccach\u00e9e\u201d \u00e0 Nevers<\/h2>\n<p>C\u2019est elle-m\u00eame qui emploie cette expression\u00a0: \u00ab\u00a0Je suis venue ici pour me cacher\u00a0\u00bb. \u00c0 Lourdes, elle \u00e9tait Bernadette, la voyante. A Nevers, elle devient S\u0153ur Marie-Bernard, en chemin vers la saintet\u00e9. On a souvent parl\u00e9 de la s\u00e9v\u00e9rit\u00e9 des sup\u00e9rieures \u00e0 son \u00e9gard, mais il faut bien comprendre que Bernadette \u00e9tait un cas \u00e0 part, car il fallait la soustraire \u00e0 la curiosit\u00e9, la prot\u00e9ger, et prot\u00e9ger aussi la congr\u00e9gation. Bernadette fera le r\u00e9cit des apparitions devant la communaut\u00e9 des s\u0153urs r\u00e9unies, d\u00e8s le lendemain de son arriv\u00e9e\u00a0; ensuite, elle ne devra plus en parler. On la gardera \u00e0 la Maison-m\u00e8re, alors qu\u2019elle aurait tant aim\u00e9 soigner les malades. Au jour de sa profession, aucun emploi n\u2019est pr\u00e9vu pour elle\u00a0: alors l\u2019\u00e9v\u00eaque lui donne \u00ab\u00a0l\u2019emploi de prier\u00a0\u00bb. \u00ab\u00a0Priez pour les p\u00e9cheurs\u00a0\u00bb, avait dit la Dame. Elle y sera fid\u00e8le. \u00ab\u00a0Mes armes, \u00e9crit-elle au pape, sont la pri\u00e8re et le sacrifice.\u00a0\u00bb La maladie fait d\u2019elle un pilier d\u2019infirmerie, et puis il y a ses interminables s\u00e9ances au parloir\u2026 Mais, tous les jours, elle fait son p\u00e8lerinage \u00e0 la Grotte, en esprit. Elle ne parlera pas de Lourdes, elle en vivra. \u00ab\u00a0Vous devez \u00eatre la premi\u00e8re \u00e0 vivre le message\u00a0\u00bb, lui dit le P\u00e8re Douce, son confesseur. Et, de fait, apr\u00e8s avoir \u00e9t\u00e9 aide-infirmi\u00e8re, elle entre peu \u00e0 peu dans l\u2019\u00e9tat de malade. Elle en fera \u00ab\u00a0son emploi\u00a0\u00bb, acceptant dans un acte d\u2019amour parfait toutes les croix, pour les p\u00e9cheurs\u00a0: \u00ab\u00a0Apr\u00e8s tout, ce sont nos fr\u00e8res.\u00a0\u00bb Au cours des longues nuits sans sommeil, s\u2019unissant aux messes qui sont c\u00e9l\u00e9br\u00e9es dans le monde entier, elle s\u2019offre comme une \u00ab\u00a0crucifi\u00e9e vivante\u00a0\u00bb dans le gigantesque combat des t\u00e9n\u00e8bres et de la lumi\u00e8re, associ\u00e9e, avec Marie, au myst\u00e8re de la R\u00e9demption, les yeux fix\u00e9s sur le crucifix\u00a0: \u00ab\u00a0C\u2019est l\u00e0 que je puise ma force.\u00a0\u00bb<br \/>Bernadette meurt \u00e0 Nevers, le 16 avril 1879, \u00e0 l\u2019\u00e2ge de 35\u00a0ans. L\u2019\u00c9glise la proclame sainte le 8 d\u00e9cembre 1933, non pour avoir \u00e9t\u00e9 favoris\u00e9e des apparitions, mais pour la mani\u00e8re dont elle y a r\u00e9pondu.<\/p>\n\t\t\t\t\t\t\t\t<\/div>\n\t\t\t\t<\/div>\n\t\t\t\t\t<\/div>\n\t\t<\/div>\n\t\t\t\t\t<\/div>\n\t\t<\/section>\n\t\t\t\t<section class=\"elementor-section elementor-top-section elementor-element elementor-element-1eeee6e elementor-section-boxed elementor-section-height-default elementor-section-height-default\" data-id=\"1eeee6e\" data-element_type=\"section\">\n\t\t\t\t\t\t<div class=\"elementor-container elementor-column-gap-default\">\n\t\t\t\t\t<div class=\"elementor-column elementor-col-100 elementor-top-column elementor-element elementor-element-a2b106d\" data-id=\"a2b106d\" data-element_type=\"column\">\n\t\t\t<div class=\"elementor-widget-wrap elementor-element-populated\">\n\t\t\t\t\t\t<div class=\"elementor-element elementor-element-6882503 elementor-widget elementor-widget-image\" data-id=\"6882503\" data-element_type=\"widget\" data-widget_type=\"image.default\">\n\t\t\t\t<div class=\"elementor-widget-container\">\n\t\t\t\t\t\t\t\t\t\t\t\t\t\t\t<img loading=\"lazy\" decoding=\"async\" width=\"1024\" height=\"676\" src=\"https:\/\/www.lourdes-france.org\/wp-content\/uploads\/2022\/08\/CHASSESTATUE-A_Cabidoche_redimensionner-1024x676.jpg\" class=\"attachment-large size-large wp-image-865834\" alt=\"\" srcset=\"https:\/\/www.lourdes-france.org\/wp-content\/uploads\/2022\/08\/CHASSESTATUE-A_Cabidoche_redimensionner-1024x676.jpg 1024w, https:\/\/www.lourdes-france.org\/wp-content\/uploads\/2022\/08\/CHASSESTATUE-A_Cabidoche_redimensionner-300x198.jpg 300w, https:\/\/www.lourdes-france.org\/wp-content\/uploads\/2022\/08\/CHASSESTATUE-A_Cabidoche_redimensionner-768x507.jpg 768w, https:\/\/www.lourdes-france.org\/wp-content\/uploads\/2022\/08\/CHASSESTATUE-A_Cabidoche_redimensionner.jpg 1484w\" sizes=\"(max-width: 1024px) 100vw, 1024px\" \/>\t\t\t\t\t\t\t\t\t\t\t\t\t\t\t<\/div>\n\t\t\t\t<\/div>\n\t\t\t\t\t<\/div>\n\t\t<\/div>\n\t\t\t\t\t<\/div>\n\t\t<\/section>\n\t\t\t\t<section class=\"elementor-section elementor-top-section elementor-element elementor-element-55c378d elementor-section-boxed elementor-section-height-default elementor-section-height-default\" data-id=\"55c378d\" data-element_type=\"section\">\n\t\t\t\t\t\t<div class=\"elementor-container elementor-column-gap-default\">\n\t\t\t\t\t<div class=\"elementor-column elementor-col-100 elementor-top-column elementor-element elementor-element-93631b0\" data-id=\"93631b0\" data-element_type=\"column\">\n\t\t\t<div class=\"elementor-widget-wrap elementor-element-populated\">\n\t\t\t\t\t\t<div class=\"elementor-element elementor-element-45a5bd0 elementor-widget elementor-widget-text-editor\" data-id=\"45a5bd0\" data-element_type=\"widget\" data-widget_type=\"text-editor.default\">\n\t\t\t\t<div class=\"elementor-widget-container\">\n\t\t\t\t\t\t\t\t\t<h2 style=\"text-align: left;\">Quelques citations de Bernadette\u00a0:<\/h2>\n<p><em>\u201cJe suis charg\u00e9e de vous le dire, pas de vous le faire croire.\u201d<br \/><\/em><em>\u201cCe qu\u2019on \u00e9crira de plus simple sera le meilleur.\u201d<br \/><\/em><em>\u201cQuand on ne d\u00e9sire rien, on a toujours ce qu\u2019il faut.\u201d<br \/><\/em><em>\u201cQuand on pense que le Bon Dieu le permet, on ne se plaint pas.\u201d<br \/><\/em><em>R\u00e9pondant \u00e0 la question \u201cEst-ce que vous souffrez\u00a0?\u201d,<\/em><br \/><em>elle r\u00e9pond\u00a0: \u201cTout cela est bon pour le ciel\u201d.<\/em><\/p>\n\t\t\t\t\t\t\t\t<\/div>\n\t\t\t\t<\/div>\n\t\t\t\t\t<\/div>\n\t\t<\/div>\n\t\t\t\t\t<\/div>\n\t\t<\/section>\n\t\t\t\t<section class=\"elementor-section elementor-top-section elementor-element elementor-element-49d162c elementor-section-boxed elementor-section-height-default elementor-section-height-default\" data-id=\"49d162c\" data-element_type=\"section\">\n\t\t\t\t\t\t<div class=\"elementor-container elementor-column-gap-default\">\n\t\t\t\t\t<div class=\"elementor-column elementor-col-100 elementor-top-column elementor-element elementor-element-4e228a4\" data-id=\"4e228a4\" data-element_type=\"column\">\n\t\t\t<div class=\"elementor-widget-wrap elementor-element-populated\">\n\t\t\t\t\t\t<div class=\"elementor-element elementor-element-11e1f22 elementor-widget elementor-widget-text-editor\" data-id=\"11e1f22\" data-element_type=\"widget\" data-widget_type=\"text-editor.default\">\n\t\t\t\t<div class=\"elementor-widget-container\">\n\t\t\t\t\t\t\t\t\t<h2 style=\"text-align: left;\">Les Grandes dates de la vie de Bernadette Soubirous<\/h2>\n<p><strong>1843 &#8211;<\/strong>\u00a09 janvier\u00a0: mariage de Fran\u00e7ois Soubirous et Louise Cast\u00e9rot.<br \/><strong>1844 &#8211;<\/strong>\u00a07 janvier\u00a0: naissance de Bernadette au Moulin de Boly.<br \/><strong>1844 &#8211;<\/strong>\u00a09 janvier\u00a0: bapt\u00eame de Bernadette.<br \/><strong>1846 &#8211;<\/strong>\u00a0naissance de sa s\u0153ur Toinette.<br \/><strong>1851 &#8211;<\/strong>\u00a0naissance de son fr\u00e8re Jean-Marie.<br \/><strong>1854 &#8211;<\/strong>\u00a0faillite du moulin de Boly tenu par Fran\u00e7ois Soubirous.<br \/><strong>1855 &#8211;<\/strong>\u00a0naissance de son fr\u00e8re Justin, et Bernadette est touch\u00e9e par l\u2019\u00e9pid\u00e9mie de chol\u00e9ra qui frappe Lourdes et ses environs.<br \/><strong>1857 &#8211;<\/strong> logement de la famille Soubirous au Cachot. Bernadette employ\u00e9e comme berg\u00e8re \u00e0 Bartr\u00e8s\u00a0 <br \/>et, parfois, au cabaret de sa tante, \u00e0 Lourdes, o\u00f9 elle aide au service.<br \/><strong>1858 &#8211;<\/strong>\u00a017 janvier\u00a0: Bernadette quitte Bartr\u00e8s.<br \/><strong>1858 &#8211;<\/strong>\u00a011 f\u00e9vrier\u00a0: premi\u00e8re apparition \u00e0 la Grotte de Massabielle.<br \/><strong>1858 &#8211; <\/strong>3 juin\u00a0: Bernadette fait sa premi\u00e8re communion.<br \/><strong>1858 &#8211;<\/strong> 16 juillet : derni\u00e8re des 18 Apparitions.<br \/><strong>1858 &#8211;<\/strong> 17 juillet : Bernadette rencontre un \u00e9v\u00eaque (celui de Montpellier) pour la premi\u00e8re fois.<br \/><strong>1860 &#8211;<\/strong> 5 f\u00e9vrier : confirmation de Bernadette et premi\u00e8re rencontre avec Mgr Laurence, \u00e9v\u00eaque de Tarbes.<br \/><strong>1861 &#8211;<\/strong> premi\u00e8res s\u00e9ances photo de Bernadette.<br \/><strong>1862 &#8211;<\/strong> aggravation de l\u2019\u00e9tat de sant\u00e9 de Bernadette qui re\u00e7oit l\u2019extr\u00eame-onction.<br \/><strong>1863 &#8211;<\/strong> rencontre avec le sculpteur Joseph Fabisch en vue de la r\u00e9alisation de la statue de Notre-Dame de Lourdes.<br \/><strong>1864 &#8211;<\/strong> Bernadette fait part de son souhait d\u2019entrer chez les s\u0153urs de Nevers.<br \/><strong>1866 &#8211;<\/strong> Bernadette pr\u00e9sente au milieu de la foule pour l\u2019inauguration de la Crypte et d\u00e9part de Lourdes le 4 juillet.<br \/><strong>1867 &#8211;<\/strong> profession religieuse de Bernadette chez les s\u0153urs de Nevers, o\u00f9 elle re\u00e7oit \u201cl\u2019emploi de la pri\u00e8re\u201d.<br \/><strong>1875 &#8211;<\/strong> \u00e0 partir de cette ann\u00e9e, Bernadette est de plus en plus souvent malade.<br \/><strong>1878 &#8211;<\/strong> alitement quasi permanent de Bernadette dans sa chambre, \u00e0 Nevers.<br \/><strong>1879 &#8211;<\/strong> 16 avril : mort de Bernadette<br \/><strong>1925 &#8211;<\/strong> 14 juin : b\u00e9atification de Bernadette<br \/><strong>1933 &#8211;<\/strong> 8 d\u00e9cembre : canonisation de Bernadette<\/p>\n\t\t\t\t\t\t\t\t<\/div>\n\t\t\t\t<\/div>\n\t\t\t\t\t<\/div>\n\t\t<\/div>\n\t\t\t\t\t<\/div>\n\t\t<\/section>\n\t\t\t\t<section class=\"elementor-section elementor-top-section elementor-element elementor-element-3084214 elementor-section-boxed elementor-section-height-default elementor-section-height-default\" data-id=\"3084214\" data-element_type=\"section\">\n\t\t\t\t\t\t<div class=\"elementor-container elementor-column-gap-default\">\n\t\t\t\t\t<div class=\"elementor-column elementor-col-100 elementor-top-column elementor-element elementor-element-3812006\" data-id=\"3812006\" data-element_type=\"column\">\n\t\t\t<div class=\"elementor-widget-wrap elementor-element-populated\">\n\t\t\t\t\t\t<div class=\"elementor-element elementor-element-c13222a elementor-align-center elementor-widget elementor-widget-button\" data-id=\"c13222a\" data-element_type=\"widget\" data-widget_type=\"button.default\">\n\t\t\t\t<div class=\"elementor-widget-container\">\n\t\t\t\t\t\t\t\t\t<div class=\"elementor-button-wrapper\">\n\t\t\t\t\t<a class=\"elementor-button elementor-button-link elementor-size-sm\" href=\"https:\/\/www.lourdes-france.com\/marcher-sur-les-pas-de-bernadette\/\" target=\"_blank\">\n\t\t\t\t\t\t<span class=\"elementor-button-content-wrapper\">\n\t\t\t\t\t\t\t\t\t<span class=\"elementor-button-text\">MARCHER SUR LES \u00ab PAS DE BERNADETTE \u00bb<\/span>\n\t\t\t\t\t<\/span>\n\t\t\t\t\t<\/a>\n\t\t\t\t<\/div>\n\t\t\t\t\t\t\t\t<\/div>\n\t\t\t\t<\/div>\n\t\t\t\t\t<\/div>\n\t\t<\/div>\n\t\t\t\t\t<\/div>\n\t\t<\/section>\n\t\t\t\t<\/div>\n\t\t","protected":false},"excerpt":{"rendered":"<p>La vie de Bernadette Soubirous, sainte Bernadette Tout ce que nous savons des apparitions et du Message de Lourdes nous vient de Bernadette. Elle seule a vu. Qui est-elle donc ?On peut distinguer trois p\u00e9riodes dans sa vie\u00a0: les ann\u00e9es &hellip; <a href=\"https:\/\/www.lourdes-france.org\/nl\/bernadette-soubirous\/\">Vervolgd<\/a><\/p>\n","protected":false},"author":7,"featured_media":0,"parent":0,"menu_order":0,"comment_status":"closed","ping_status":"closed","template":"","meta":{"_acf_changed":false,"footnotes":""},"class_list":["post-2657","page","type-page","status-publish","hentry"],"acf":[],"yoast_head":"<!-- This site is optimized with the Yoast SEO plugin v24.7 - https:\/\/yoast.com\/wordpress\/plugins\/seo\/ -->\n<title>Bernadette Soubirous<\/title>\n<meta name=\"robots\" content=\"index, follow, max-snippet:-1, max-image-preview:large, max-video-preview:-1\" \/>\n<link rel=\"canonical\" href=\"https:\/\/www.lourdes-france.org\/sainte-bernadette-soubirous\/\" \/>\n<meta name=\"twitter:label1\" content=\"Geschatte leestijd\" \/>\n\t<meta name=\"twitter:data1\" content=\"9 minuten\" \/>\n<script type=\"application\/ld+json\" class=\"yoast-schema-graph\">{\"@context\":\"https:\/\/schema.org\",\"@graph\":[{\"@type\":\"WebPage\",\"@id\":\"https:\/\/www.lourdes-france.org\/sainte-bernadette-soubirous\/\",\"url\":\"https:\/\/www.lourdes-france.org\/sainte-bernadette-soubirous\/\",\"name\":\"Bernadette Soubirous\",\"isPartOf\":{\"@id\":\"https:\/\/preprod-lourdes.cawita.com\/#website\"},\"primaryImageOfPage\":{\"@id\":\"https:\/\/www.lourdes-france.org\/sainte-bernadette-soubirous\/#primaryimage\"},\"image\":{\"@id\":\"https:\/\/www.lourdes-france.org\/sainte-bernadette-soubirous\/#primaryimage\"},\"thumbnailUrl\":\"https:\/\/www.lourdes-france.org\/wp-content\/uploads\/2022\/08\/Vignette_Bernadette3_1200x800px.jpg\",\"datePublished\":\"2018-07-17T12:08:02+00:00\",\"dateModified\":\"2023-06-23T08:22:23+00:00\",\"breadcrumb\":{\"@id\":\"https:\/\/www.lourdes-france.org\/sainte-bernadette-soubirous\/#breadcrumb\"},\"inLanguage\":\"nl-NL\",\"potentialAction\":[{\"@type\":\"ReadAction\",\"target\":[\"https:\/\/www.lourdes-france.org\/sainte-bernadette-soubirous\/\"]}]},{\"@type\":\"ImageObject\",\"inLanguage\":\"nl-NL\",\"@id\":\"https:\/\/www.lourdes-france.org\/sainte-bernadette-soubirous\/#primaryimage\",\"url\":\"https:\/\/www.lourdes-france.org\/wp-content\/uploads\/2022\/08\/Vignette_Bernadette3_1200x800px.jpg\",\"contentUrl\":\"https:\/\/www.lourdes-france.org\/wp-content\/uploads\/2022\/08\/Vignette_Bernadette3_1200x800px.jpg\"},{\"@type\":\"BreadcrumbList\",\"@id\":\"https:\/\/www.lourdes-france.org\/sainte-bernadette-soubirous\/#breadcrumb\",\"itemListElement\":[{\"@type\":\"ListItem\",\"position\":1,\"name\":\"Accueil\",\"item\":\"https:\/\/www.lourdes-france.org\/\"},{\"@type\":\"ListItem\",\"position\":2,\"name\":\"Bernadette Soubirous\"}]},{\"@type\":\"WebSite\",\"@id\":\"https:\/\/preprod-lourdes.cawita.com\/#website\",\"url\":\"https:\/\/preprod-lourdes.cawita.com\/\",\"name\":\"Soutenir le Sanctuaire Notre-Dame de Lourdes\",\"description\":\"\",\"potentialAction\":[{\"@type\":\"SearchAction\",\"target\":{\"@type\":\"EntryPoint\",\"urlTemplate\":\"https:\/\/preprod-lourdes.cawita.com\/?s={search_term_string}\"},\"query-input\":{\"@type\":\"PropertyValueSpecification\",\"valueRequired\":true,\"valueName\":\"search_term_string\"}}],\"inLanguage\":\"nl-NL\"}]}<\/script>\n<!-- \/ Yoast SEO plugin. -->","yoast_head_json":{"title":"Bernadette Soubirous","robots":{"index":"index","follow":"follow","max-snippet":"max-snippet:-1","max-image-preview":"max-image-preview:large","max-video-preview":"max-video-preview:-1"},"canonical":"https:\/\/www.lourdes-france.org\/sainte-bernadette-soubirous\/","twitter_misc":{"Geschatte leestijd":"9 minuten"},"schema":{"@context":"https:\/\/schema.org","@graph":[{"@type":"WebPage","@id":"https:\/\/www.lourdes-france.org\/sainte-bernadette-soubirous\/","url":"https:\/\/www.lourdes-france.org\/sainte-bernadette-soubirous\/","name":"Bernadette Soubirous","isPartOf":{"@id":"https:\/\/preprod-lourdes.cawita.com\/#website"},"primaryImageOfPage":{"@id":"https:\/\/www.lourdes-france.org\/sainte-bernadette-soubirous\/#primaryimage"},"image":{"@id":"https:\/\/www.lourdes-france.org\/sainte-bernadette-soubirous\/#primaryimage"},"thumbnailUrl":"https:\/\/www.lourdes-france.org\/wp-content\/uploads\/2022\/08\/Vignette_Bernadette3_1200x800px.jpg","datePublished":"2018-07-17T12:08:02+00:00","dateModified":"2023-06-23T08:22:23+00:00","breadcrumb":{"@id":"https:\/\/www.lourdes-france.org\/sainte-bernadette-soubirous\/#breadcrumb"},"inLanguage":"nl-NL","potentialAction":[{"@type":"ReadAction","target":["https:\/\/www.lourdes-france.org\/sainte-bernadette-soubirous\/"]}]},{"@type":"ImageObject","inLanguage":"nl-NL","@id":"https:\/\/www.lourdes-france.org\/sainte-bernadette-soubirous\/#primaryimage","url":"https:\/\/www.lourdes-france.org\/wp-content\/uploads\/2022\/08\/Vignette_Bernadette3_1200x800px.jpg","contentUrl":"https:\/\/www.lourdes-france.org\/wp-content\/uploads\/2022\/08\/Vignette_Bernadette3_1200x800px.jpg"},{"@type":"BreadcrumbList","@id":"https:\/\/www.lourdes-france.org\/sainte-bernadette-soubirous\/#breadcrumb","itemListElement":[{"@type":"ListItem","position":1,"name":"Accueil","item":"https:\/\/www.lourdes-france.org\/"},{"@type":"ListItem","position":2,"name":"Bernadette Soubirous"}]},{"@type":"WebSite","@id":"https:\/\/preprod-lourdes.cawita.com\/#website","url":"https:\/\/preprod-lourdes.cawita.com\/","name":"Soutenir le Sanctuaire Notre-Dame de Lourdes","description":"","potentialAction":[{"@type":"SearchAction","target":{"@type":"EntryPoint","urlTemplate":"https:\/\/preprod-lourdes.cawita.com\/?s={search_term_string}"},"query-input":{"@type":"PropertyValueSpecification","valueRequired":true,"valueName":"search_term_string"}}],"inLanguage":"nl-NL"}]}},"_links":{"self":[{"href":"https:\/\/www.lourdes-france.org\/nl\/wp-json\/wp\/v2\/pages\/2657","targetHints":{"allow":["GET"]}}],"collection":[{"href":"https:\/\/www.lourdes-france.org\/nl\/wp-json\/wp\/v2\/pages"}],"about":[{"href":"https:\/\/www.lourdes-france.org\/nl\/wp-json\/wp\/v2\/types\/page"}],"author":[{"embeddable":true,"href":"https:\/\/www.lourdes-france.org\/nl\/wp-json\/wp\/v2\/users\/7"}],"replies":[{"embeddable":true,"href":"https:\/\/www.lourdes-france.org\/nl\/wp-json\/wp\/v2\/comments?post=2657"}],"version-history":[{"count":10,"href":"https:\/\/www.lourdes-france.org\/nl\/wp-json\/wp\/v2\/pages\/2657\/revisions"}],"predecessor-version":[{"id":869701,"href":"https:\/\/www.lourdes-france.org\/nl\/wp-json\/wp\/v2\/pages\/2657\/revisions\/869701"}],"wp:attachment":[{"href":"https:\/\/www.lourdes-france.org\/nl\/wp-json\/wp\/v2\/media?parent=2657"}],"curies":[{"name":"wp","href":"https:\/\/api.w.org\/{rel}","templated":true}]}}