{"id":899398,"date":"2022-03-21T08:52:41","date_gmt":"2022-03-21T07:52:41","guid":{"rendered":"https:\/\/www.lourdes-france.org\/3-basiliques\/"},"modified":"2023-06-23T12:58:13","modified_gmt":"2023-06-23T10:58:13","slug":"3-basilicas","status":"publish","type":"page","link":"https:\/\/www.lourdes-france.org\/pt-br\/3-basilicas\/","title":{"rendered":"As 3 bas\u00edlicas de Lourdes"},"content":{"rendered":"\t\t<div data-elementor-type=\"wp-page\" data-elementor-id=\"899398\" class=\"elementor elementor-899398 elementor-847841\" data-elementor-post-type=\"page\">\n\t\t\t\t\t\t<section class=\"elementor-section elementor-top-section elementor-element elementor-element-4d0742d elementor-section-full_width elementor-section-stretched elementor-section-height-default elementor-section-height-default\" data-id=\"4d0742d\" data-element_type=\"section\" data-settings=\"{&quot;stretch_section&quot;:&quot;section-stretched&quot;}\">\n\t\t\t\t\t\t<div class=\"elementor-container elementor-column-gap-default\">\n\t\t\t\t\t<div class=\"elementor-column elementor-col-100 elementor-top-column elementor-element elementor-element-8602406\" data-id=\"8602406\" data-element_type=\"column\">\n\t\t\t<div class=\"elementor-widget-wrap elementor-element-populated\">\n\t\t\t\t\t\t<div class=\"elementor-element elementor-element-42a3531 elementor-widget elementor-widget-image\" data-id=\"42a3531\" data-element_type=\"widget\" data-widget_type=\"image.default\">\n\t\t\t\t<div class=\"elementor-widget-container\">\n\t\t\t\t\t\t\t\t\t\t\t\t\t\t\t<img fetchpriority=\"high\" decoding=\"async\" width=\"1200\" height=\"800\" src=\"https:\/\/www.lourdes-france.org\/wp-content\/uploads\/2022\/03\/Vignette_3Basiliques_1200x800px-1.jpg\" class=\"attachment-2048x2048 size-2048x2048 wp-image-898950\" alt=\"\" srcset=\"https:\/\/www.lourdes-france.org\/wp-content\/uploads\/2022\/03\/Vignette_3Basiliques_1200x800px-1.jpg 1200w, https:\/\/www.lourdes-france.org\/wp-content\/uploads\/2022\/03\/Vignette_3Basiliques_1200x800px-1-300x200.jpg 300w, https:\/\/www.lourdes-france.org\/wp-content\/uploads\/2022\/03\/Vignette_3Basiliques_1200x800px-1-1024x683.jpg 1024w, https:\/\/www.lourdes-france.org\/wp-content\/uploads\/2022\/03\/Vignette_3Basiliques_1200x800px-1-768x512.jpg 768w\" sizes=\"(max-width: 1200px) 100vw, 1200px\" \/>\t\t\t\t\t\t\t\t\t\t\t\t\t\t\t<\/div>\n\t\t\t\t<\/div>\n\t\t\t\t\t<\/div>\n\t\t<\/div>\n\t\t\t\t\t<\/div>\n\t\t<\/section>\n\t\t\t\t<section class=\"elementor-section elementor-top-section elementor-element elementor-element-154451c elementor-section-boxed elementor-section-height-default elementor-section-height-default\" data-id=\"154451c\" data-element_type=\"section\">\n\t\t\t\t\t\t<div class=\"elementor-container elementor-column-gap-default\">\n\t\t\t\t\t<div class=\"elementor-column elementor-col-100 elementor-top-column elementor-element elementor-element-33f34f2\" data-id=\"33f34f2\" data-element_type=\"column\">\n\t\t\t<div class=\"elementor-widget-wrap elementor-element-populated\">\n\t\t\t\t\t\t<div class=\"elementor-element elementor-element-42807ec elementor-widget elementor-widget-heading\" data-id=\"42807ec\" data-element_type=\"widget\" data-widget_type=\"heading.default\">\n\t\t\t\t<div class=\"elementor-widget-container\">\n\t\t\t\t\t<h1 class=\"elementor-heading-title elementor-size-default\">As 3 bas\u00edlicas de Lourdes<span><\/span><\/h1>\t\t\t\t<\/div>\n\t\t\t\t<\/div>\n\t\t\t\t\t<\/div>\n\t\t<\/div>\n\t\t\t\t\t<\/div>\n\t\t<\/section>\n\t\t\t\t<section class=\"elementor-section elementor-top-section elementor-element elementor-element-9981047 elementor-section-boxed elementor-section-height-default elementor-section-height-default\" data-id=\"9981047\" data-element_type=\"section\" data-settings=\"{&quot;background_background&quot;:&quot;classic&quot;}\">\n\t\t\t\t\t\t<div class=\"elementor-container elementor-column-gap-default\">\n\t\t\t\t\t<div class=\"elementor-column elementor-col-100 elementor-top-column elementor-element elementor-element-c930aec\" data-id=\"c930aec\" data-element_type=\"column\">\n\t\t\t<div class=\"elementor-widget-wrap elementor-element-populated\">\n\t\t\t\t\t\t<div class=\"elementor-element elementor-element-ccae615 elementor-widget elementor-widget-text-editor\" data-id=\"ccae615\" data-element_type=\"widget\" data-widget_type=\"text-editor.default\">\n\t\t\t\t<div class=\"elementor-widget-container\">\n\t\t\t\t\t\t\t\t\t<h5>A \u00e1rea do Santu\u00e1rio de Nossa Senhora de Lourdes tem 53 hectares e soma 22 locais de culto, onde s\u00e3o celebradas cerca de 10.000 missas por ano. O t\u00edtulo \u201cBas\u00edlica\u201d dado a uma igreja \u00e9 uma honra, um privil\u00e9gio, uma distin\u00e7\u00e3o dada pelo Papa que coloca aquela igreja sob a prote\u00e7\u00e3o da Santa S\u00e9 Apost\u00f3lica. Entrando no Santu\u00e1rio pela Porta de S\u00e3o Miguel, voc\u00ea encontrar\u00e1 as duas primeiras bas\u00edlicas. A primeira capela, pedida pela Virgem Maria durante a 13\u00aa apari\u00e7\u00e3o, \u00e9 agora a Bas\u00edlica da Imaculada Concei\u00e7\u00e3o. Est\u00e1 acima da Bas\u00edlica de Nossa Senhora do Ros\u00e1rio. A terceira bas\u00edlica \u00e9 subterr\u00e2nea e estende-se ao longo da grande esplanada das prociss\u00f5es. Cada bas\u00edlica foi constru\u00edda em resposta ao crescente n\u00famero de peregrinos: desde as Apari\u00e7\u00f5es at\u00e9 o in\u00edcio dos anos 1960. Cada uma tem uma arquitetura particular e \u00fanica e \u00e9 decorada com arte.<\/h5>\t\t\t\t\t\t\t\t<\/div>\n\t\t\t\t<\/div>\n\t\t\t\t\t<\/div>\n\t\t<\/div>\n\t\t\t\t\t<\/div>\n\t\t<\/section>\n\t\t\t\t<section class=\"elementor-section elementor-top-section elementor-element elementor-element-2e7b622 elementor-section-content-middle elementor-section-boxed elementor-section-height-default elementor-section-height-default\" data-id=\"2e7b622\" data-element_type=\"section\">\n\t\t\t\t\t\t<div class=\"elementor-container elementor-column-gap-no\">\n\t\t\t\t\t<div class=\"elementor-column elementor-col-50 elementor-top-column elementor-element elementor-element-41a3fff\" data-id=\"41a3fff\" data-element_type=\"column\">\n\t\t\t<div class=\"elementor-widget-wrap elementor-element-populated\">\n\t\t\t\t\t\t<div class=\"elementor-element elementor-element-5000007 elementor-widget elementor-widget-text-editor\" data-id=\"5000007\" data-element_type=\"widget\" data-widget_type=\"text-editor.default\">\n\t\t\t\t<div class=\"elementor-widget-container\">\n\t\t\t\t\t\t\t\t\t<h2 style=\"text-align: left;\">A Bas\u00edlica da Imaculada Concei\u00e7\u00e3o<br \/><br \/><\/h2><p style=\"text-align: left;\">Iniciada em 1866, foi constru\u00edda em torno da capela pedida pela Virgem Maria durante a 13\u00aa apari\u00e7\u00e3o: \u201cV\u00e1 e diga aos padres que cconstruam uma capela aqui e que venha aqui em prociss\u00e3o\u201d. Ela leva o nome revelado pela Virgem Maria a Bernadette Soubirous: \u201cQue soy era Immaculada Concepciou\u201d (Eu sou a Imaculada Concei\u00e7\u00e3o).<\/p><ul><li style=\"text-align: left;\"><strong>RESUMO DE INFORMA\u00c7\u00d5ES<\/strong><br \/>Estilo: neo-g\u00f3tico<br \/>Arquiteto: Hippolyte Durand<br \/>B\u00ean\u00e7\u00e3o: 15 de agosto de 1871<br \/>Consagra\u00e7\u00e3o: 1\u00ba de julho de 1876<br \/>Dimens\u00f5es: 51 metros de comprimento, 21 metros de largura e 70 metros de altura at\u00e9 a ponta da torre<br \/>Vitrais: 42, que somam uma superf\u00edcie de 150 m2.<br \/>Os vitrais detalham as apari\u00e7\u00f5es e a hist\u00f3ria de Lourdes e da Igreja.<\/li><\/ul>\t\t\t\t\t\t\t\t<\/div>\n\t\t\t\t<\/div>\n\t\t\t\t\t<\/div>\n\t\t<\/div>\n\t\t\t\t<div class=\"elementor-column elementor-col-50 elementor-top-column elementor-element elementor-element-85e5332\" data-id=\"85e5332\" data-element_type=\"column\">\n\t\t\t<div class=\"elementor-widget-wrap elementor-element-populated\">\n\t\t\t\t\t\t<div class=\"elementor-element elementor-element-a65030e e-transform elementor-widget elementor-widget-image\" data-id=\"a65030e\" data-element_type=\"widget\" data-settings=\"{&quot;_transform_skewX_effect&quot;:{&quot;unit&quot;:&quot;px&quot;,&quot;size&quot;:&quot;&quot;,&quot;sizes&quot;:[]},&quot;_transform_skewX_effect_tablet&quot;:{&quot;unit&quot;:&quot;deg&quot;,&quot;size&quot;:&quot;&quot;,&quot;sizes&quot;:[]},&quot;_transform_skewX_effect_mobile&quot;:{&quot;unit&quot;:&quot;deg&quot;,&quot;size&quot;:&quot;&quot;,&quot;sizes&quot;:[]},&quot;_transform_skewY_effect&quot;:{&quot;unit&quot;:&quot;px&quot;,&quot;size&quot;:&quot;&quot;,&quot;sizes&quot;:[]},&quot;_transform_skewY_effect_tablet&quot;:{&quot;unit&quot;:&quot;deg&quot;,&quot;size&quot;:&quot;&quot;,&quot;sizes&quot;:[]},&quot;_transform_skewY_effect_mobile&quot;:{&quot;unit&quot;:&quot;deg&quot;,&quot;size&quot;:&quot;&quot;,&quot;sizes&quot;:[]}}\" data-widget_type=\"image.default\">\n\t\t\t\t<div class=\"elementor-widget-container\">\n\t\t\t\t\t\t\t\t\t\t\t\t\t\t\t<img decoding=\"async\" width=\"1024\" height=\"683\" src=\"https:\/\/www.lourdes-france.org\/wp-content\/uploads\/2022\/08\/21_-2707-BIC-21_redimensionner_redimensionner-1024x683.jpg\" class=\"attachment-large size-large wp-image-899044\" alt=\"\" srcset=\"https:\/\/www.lourdes-france.org\/wp-content\/uploads\/2022\/08\/21_-2707-BIC-21_redimensionner_redimensionner-1024x683.jpg 1024w, https:\/\/www.lourdes-france.org\/wp-content\/uploads\/2022\/08\/21_-2707-BIC-21_redimensionner_redimensionner-300x200.jpg 300w, https:\/\/www.lourdes-france.org\/wp-content\/uploads\/2022\/08\/21_-2707-BIC-21_redimensionner_redimensionner-768x512.jpg 768w, https:\/\/www.lourdes-france.org\/wp-content\/uploads\/2022\/08\/21_-2707-BIC-21_redimensionner_redimensionner-1536x1024.jpg 1536w, https:\/\/www.lourdes-france.org\/wp-content\/uploads\/2022\/08\/21_-2707-BIC-21_redimensionner_redimensionner.jpg 1680w\" sizes=\"(max-width: 1024px) 100vw, 1024px\" \/>\t\t\t\t\t\t\t\t\t\t\t\t\t\t\t<\/div>\n\t\t\t\t<\/div>\n\t\t\t\t\t<\/div>\n\t\t<\/div>\n\t\t\t\t\t<\/div>\n\t\t<\/section>\n\t\t\t\t<section class=\"elementor-section elementor-top-section elementor-element elementor-element-848aa2b elementor-section-content-middle elementor-section-boxed elementor-section-height-default elementor-section-height-default\" data-id=\"848aa2b\" data-element_type=\"section\">\n\t\t\t\t\t\t<div class=\"elementor-container elementor-column-gap-no\">\n\t\t\t\t\t<div class=\"elementor-column elementor-col-50 elementor-top-column elementor-element elementor-element-1ff6c1c\" data-id=\"1ff6c1c\" data-element_type=\"column\">\n\t\t\t<div class=\"elementor-widget-wrap elementor-element-populated\">\n\t\t\t\t\t\t<div class=\"elementor-element elementor-element-b4bbfc5 elementor-widget elementor-widget-text-editor\" data-id=\"b4bbfc5\" data-element_type=\"widget\" data-widget_type=\"text-editor.default\">\n\t\t\t\t<div class=\"elementor-widget-container\">\n\t\t\t\t\t\t\t\t\t<h2>A Bas\u00edlica de Nossa Senhora do Ros\u00e1rio<\/h2><ul><li><strong>RESUMO DE INFORMA\u00c7\u00d5ES<\/strong><br \/>Estilo: Romano-Bizantino, planta em forma de cruz grega<br \/>Arquiteto: L\u00e9opold Hardy<br \/>B\u00ean\u00e7\u00e3o: 7 de agosto de 1889<br \/>Consagra\u00e7\u00e3o: 6 de outubro de 1901<br \/>Arte dedicada: mosaicos representando os mist\u00e9rios do Ros\u00e1rio<br \/>Interior: 2.000 m\u00b2 de mosaicos criados pela oficina italiana Facchina, a partir de desenhos de v\u00e1rios artistas<br \/>Exterior: mosaicos retratando os mist\u00e9rios luminosos<\/li><\/ul>\t\t\t\t\t\t\t\t<\/div>\n\t\t\t\t<\/div>\n\t\t\t\t\t<\/div>\n\t\t<\/div>\n\t\t\t\t<div class=\"elementor-column elementor-col-50 elementor-top-column elementor-element elementor-element-9a76d66\" data-id=\"9a76d66\" data-element_type=\"column\">\n\t\t\t<div class=\"elementor-widget-wrap elementor-element-populated\">\n\t\t\t\t\t\t<div class=\"elementor-element elementor-element-3ca9142 elementor-widget elementor-widget-image\" data-id=\"3ca9142\" data-element_type=\"widget\" data-widget_type=\"image.default\">\n\t\t\t\t<div class=\"elementor-widget-container\">\n\t\t\t\t\t\t\t\t\t\t\t\t\t\t\t<img decoding=\"async\" width=\"1024\" height=\"682\" src=\"https:\/\/www.lourdes-france.org\/wp-content\/uploads\/2022\/08\/chur_du_rosaire1_redimensionner-1024x682.jpg\" class=\"attachment-large size-large wp-image-899043\" alt=\"\" srcset=\"https:\/\/www.lourdes-france.org\/wp-content\/uploads\/2022\/08\/chur_du_rosaire1_redimensionner-1024x682.jpg 1024w, https:\/\/www.lourdes-france.org\/wp-content\/uploads\/2022\/08\/chur_du_rosaire1_redimensionner-300x200.jpg 300w, https:\/\/www.lourdes-france.org\/wp-content\/uploads\/2022\/08\/chur_du_rosaire1_redimensionner-768x512.jpg 768w, https:\/\/www.lourdes-france.org\/wp-content\/uploads\/2022\/08\/chur_du_rosaire1_redimensionner-1536x1024.jpg 1536w, https:\/\/www.lourdes-france.org\/wp-content\/uploads\/2022\/08\/chur_du_rosaire1_redimensionner.jpg 1880w\" sizes=\"(max-width: 1024px) 100vw, 1024px\" \/>\t\t\t\t\t\t\t\t\t\t\t\t\t\t\t<\/div>\n\t\t\t\t<\/div>\n\t\t\t\t\t<\/div>\n\t\t<\/div>\n\t\t\t\t\t<\/div>\n\t\t<\/section>\n\t\t\t\t<section class=\"elementor-section elementor-top-section elementor-element elementor-element-efac966 elementor-section-content-middle elementor-section-boxed elementor-section-height-default elementor-section-height-default\" data-id=\"efac966\" data-element_type=\"section\">\n\t\t\t\t\t\t<div class=\"elementor-container elementor-column-gap-no\">\n\t\t\t\t\t<div class=\"elementor-column elementor-col-50 elementor-top-column elementor-element elementor-element-30837e7\" data-id=\"30837e7\" data-element_type=\"column\">\n\t\t\t<div class=\"elementor-widget-wrap elementor-element-populated\">\n\t\t\t\t\t\t<div class=\"elementor-element elementor-element-0c76bec elementor-widget elementor-widget-text-editor\" data-id=\"0c76bec\" data-element_type=\"widget\" data-widget_type=\"text-editor.default\">\n\t\t\t\t<div class=\"elementor-widget-container\">\n\t\t\t\t\t\t\t\t\t<h2 style=\"text-align: left;\">A Bas\u00edlica de S\u00e3o Pio X<\/h2><p style=\"text-align: left;\">Inaugurada em 1958 para o 100\u00ba anivers\u00e1rio das apari\u00e7\u00f5es, esta bas\u00edlica subterr\u00e2nea \u00e9 uma proeza arquitet\u00f4nica pelas suas dimens\u00f5es, pelas suas formas modernas, semelhante a nenhum outro edif\u00edcio religioso contempor\u00e2neo, gra\u00e7as a meios modernos como o concreto protendido.<br \/>\u00c9 o local da celebra\u00e7\u00e3o de missas internacionais, grandes reuni\u00f5es e peregrina\u00e7\u00f5es, adora\u00e7\u00e3o ao Sant\u00edssimo Sacramento e b\u00ean\u00e7\u00e3o dos enfermos no final de cada prociss\u00e3o eucar\u00edstica.Elle est le lieu de c\u00e9l\u00e9bration de messes internationales, des grands rassemblements, et de l\u2019adoration du Saint-Sacrement et de la b\u00e9n\u00e9diction des malades \u00e0 chaque fin de procession eucharistique.<\/p><ul><li style=\"text-align: left;\"><strong>RESUMO DE INFORMA\u00c7\u00d5ES<\/strong><br \/>Estilo: formato de barco el\u00edptico ou invertido, feito de concreto protendido<br \/>Arquiteto: Pierre Vago<br \/>Engenheiro: Eug\u00e8ne Freyssinet<br \/>Consagra\u00e7\u00e3o: 25 de mar\u00e7o de 1958 (100\u00ba anivers\u00e1rio das Apari\u00e7\u00f5es)<br \/>Dimens\u00f5es: 12.000 m\u00b2, 201 metros de comprimento e 81 metros de largura<br \/>Capacidade: 5.000 lugares; 20.000 pessoas no total<br \/>Arte dedicada: vitrais que usam a t\u00e9cnica conhecida como \u201cgemmail\u201d<br \/>Essa t\u00e9cnica, conhecida como \u201carte da luz\u201d, foi iniciada ap\u00f3s a Segunda Guerra Mundial por Jean Crotti e desenvolvida por Roger Malherbe-Navarre.<br \/>Os 52 vitrais s\u00e3o divididos em 3 ciclos:<br \/>\u2013 a Via Sacra de Denys Sol\u00e8re (1981)<br \/>\u2013 os Mist\u00e9rios do Ros\u00e1rio de Falcucci (1987)<br \/>\u2013 as apari\u00e7\u00f5es de Massabielle por Margotton (1993)<br \/>+ algumas pe\u00e7as isoladas.<\/li><\/ul>\t\t\t\t\t\t\t\t<\/div>\n\t\t\t\t<\/div>\n\t\t\t\t\t<\/div>\n\t\t<\/div>\n\t\t\t\t<div class=\"elementor-column elementor-col-50 elementor-top-column elementor-element elementor-element-2a882fe\" data-id=\"2a882fe\" data-element_type=\"column\">\n\t\t\t<div class=\"elementor-widget-wrap elementor-element-populated\">\n\t\t\t\t\t\t<div class=\"elementor-element elementor-element-33903c5 elementor-widget__width-inherit elementor-widget elementor-widget-image\" data-id=\"33903c5\" data-element_type=\"widget\" data-widget_type=\"image.default\">\n\t\t\t\t<div class=\"elementor-widget-container\">\n\t\t\t\t\t\t\t\t\t\t\t\t\t\t\t<img loading=\"lazy\" decoding=\"async\" width=\"1024\" height=\"576\" src=\"https:\/\/www.lourdes-france.org\/wp-content\/uploads\/2022\/08\/basilique_St_Pie_X_vide_redimensionner-1024x576.jpg\" class=\"attachment-large size-large wp-image-899042\" alt=\"\" srcset=\"https:\/\/www.lourdes-france.org\/wp-content\/uploads\/2022\/08\/basilique_St_Pie_X_vide_redimensionner-1024x576.jpg 1024w, https:\/\/www.lourdes-france.org\/wp-content\/uploads\/2022\/08\/basilique_St_Pie_X_vide_redimensionner-300x169.jpg 300w, https:\/\/www.lourdes-france.org\/wp-content\/uploads\/2022\/08\/basilique_St_Pie_X_vide_redimensionner-768x432.jpg 768w, https:\/\/www.lourdes-france.org\/wp-content\/uploads\/2022\/08\/basilique_St_Pie_X_vide_redimensionner-1536x864.jpg 1536w, https:\/\/www.lourdes-france.org\/wp-content\/uploads\/2022\/08\/basilique_St_Pie_X_vide_redimensionner.jpg 1944w\" sizes=\"(max-width: 1024px) 100vw, 1024px\" \/>\t\t\t\t\t\t\t\t\t\t\t\t\t\t\t<\/div>\n\t\t\t\t<\/div>\n\t\t\t\t\t<\/div>\n\t\t<\/div>\n\t\t\t\t\t<\/div>\n\t\t<\/section>\n\t\t\t\t<section class=\"elementor-section elementor-top-section elementor-element elementor-element-4dcbce5 elementor-section-boxed elementor-section-height-default elementor-section-height-default\" data-id=\"4dcbce5\" data-element_type=\"section\">\n\t\t\t\t\t\t<div class=\"elementor-container elementor-column-gap-default\">\n\t\t\t\t\t<div class=\"elementor-column elementor-col-100 elementor-top-column elementor-element elementor-element-e13b07f\" data-id=\"e13b07f\" data-element_type=\"column\">\n\t\t\t<div class=\"elementor-widget-wrap elementor-element-populated\">\n\t\t\t\t\t\t<div class=\"elementor-element elementor-element-fe87a80 elementor-align-center elementor-widget elementor-widget-button\" data-id=\"fe87a80\" data-element_type=\"widget\" data-widget_type=\"button.default\">\n\t\t\t\t<div class=\"elementor-widget-container\">\n\t\t\t\t\t\t\t\t\t<div class=\"elementor-button-wrapper\">\n\t\t\t\t\t<a class=\"elementor-button elementor-button-link elementor-size-sm\" href=\"\/horaires\/\">\n\t\t\t\t\t\t<span class=\"elementor-button-content-wrapper\">\n\t\t\t\t\t\t<span class=\"elementor-button-icon\">\n\t\t\t\t<i aria-hidden=\"true\" class=\"far fa-calendar-alt\"><\/i>\t\t\t<\/span>\n\t\t\t\t\t\t\t\t\t<span class=\"elementor-button-text\">HOR\u00c1RIOS DAS CELEBRA\u00c7\u00d5ES NO SANTU\u00c1RIO<\/span>\n\t\t\t\t\t<\/span>\n\t\t\t\t\t<\/a>\n\t\t\t\t<\/div>\n\t\t\t\t\t\t\t\t<\/div>\n\t\t\t\t<\/div>\n\t\t\t\t\t<\/div>\n\t\t<\/div>\n\t\t\t\t\t<\/div>\n\t\t<\/section>\n\t\t\t\t<\/div>\n\t\t","protected":false},"excerpt":{"rendered":"<p>As 3 bas\u00edlicas de Lourdes A \u00e1rea do Santu\u00e1rio de Nossa Senhora de Lourdes tem 53 hectares e soma 22 locais de culto, onde s\u00e3o celebradas cerca de 10.000 missas por ano. O t\u00edtulo \u201cBas\u00edlica\u201d dado a uma igreja \u00e9 &hellip; <a href=\"https:\/\/www.lourdes-france.org\/pt-br\/3-basilicas\/\">Conte\u00fado<\/a><\/p>\n","protected":false},"author":7,"featured_media":0,"parent":0,"menu_order":0,"comment_status":"closed","ping_status":"closed","template":"","meta":{"_acf_changed":false,"footnotes":""},"class_list":["post-899398","page","type-page","status-publish","hentry"],"acf":[],"yoast_head":"<!-- This site is optimized with the Yoast SEO plugin v24.7 - https:\/\/yoast.com\/wordpress\/plugins\/seo\/ -->\n<title>As 3 bas\u00edlicas de Lourdes<\/title>\n<meta name=\"robots\" content=\"index, follow, max-snippet:-1, max-image-preview:large, max-video-preview:-1\" \/>\n<link rel=\"canonical\" href=\"https:\/\/www.lourdes-france.org\/pt-br\/3-basilicas\/\" \/>\n<meta name=\"twitter:label1\" content=\"Est. tempo de leitura\" \/>\n\t<meta name=\"twitter:data1\" content=\"4 minutos\" \/>\n<script type=\"application\/ld+json\" class=\"yoast-schema-graph\">{\"@context\":\"https:\/\/schema.org\",\"@graph\":[{\"@type\":\"WebPage\",\"@id\":\"https:\/\/www.lourdes-france.org\/pt-br\/3-basilicas\/\",\"url\":\"https:\/\/www.lourdes-france.org\/pt-br\/3-basilicas\/\",\"name\":\"As 3 bas\u00edlicas de Lourdes\",\"isPartOf\":{\"@id\":\"https:\/\/preprod-lourdes.cawita.com\/#website\"},\"primaryImageOfPage\":{\"@id\":\"https:\/\/www.lourdes-france.org\/pt-br\/3-basilicas\/#primaryimage\"},\"image\":{\"@id\":\"https:\/\/www.lourdes-france.org\/pt-br\/3-basilicas\/#primaryimage\"},\"thumbnailUrl\":\"https:\/\/www.lourdes-france.org\/wp-content\/uploads\/2022\/03\/Vignette_3Basiliques_1200x800px-1.jpg\",\"datePublished\":\"2022-03-21T07:52:41+00:00\",\"dateModified\":\"2023-06-23T10:58:13+00:00\",\"breadcrumb\":{\"@id\":\"https:\/\/www.lourdes-france.org\/pt-br\/3-basilicas\/#breadcrumb\"},\"inLanguage\":\"pt-BR\",\"potentialAction\":[{\"@type\":\"ReadAction\",\"target\":[\"https:\/\/www.lourdes-france.org\/pt-br\/3-basilicas\/\"]}]},{\"@type\":\"ImageObject\",\"inLanguage\":\"pt-BR\",\"@id\":\"https:\/\/www.lourdes-france.org\/pt-br\/3-basilicas\/#primaryimage\",\"url\":\"https:\/\/www.lourdes-france.org\/wp-content\/uploads\/2022\/03\/Vignette_3Basiliques_1200x800px-1.jpg\",\"contentUrl\":\"https:\/\/www.lourdes-france.org\/wp-content\/uploads\/2022\/03\/Vignette_3Basiliques_1200x800px-1.jpg\"},{\"@type\":\"BreadcrumbList\",\"@id\":\"https:\/\/www.lourdes-france.org\/pt-br\/3-basilicas\/#breadcrumb\",\"itemListElement\":[{\"@type\":\"ListItem\",\"position\":1,\"name\":\"Accueil\",\"item\":\"https:\/\/www.lourdes-france.org\/\"},{\"@type\":\"ListItem\",\"position\":2,\"name\":\"As 3 bas\u00edlicas de Lourdes\"}]},{\"@type\":\"WebSite\",\"@id\":\"https:\/\/preprod-lourdes.cawita.com\/#website\",\"url\":\"https:\/\/preprod-lourdes.cawita.com\/\",\"name\":\"Soutenir le Sanctuaire Notre-Dame de Lourdes\",\"description\":\"\",\"potentialAction\":[{\"@type\":\"SearchAction\",\"target\":{\"@type\":\"EntryPoint\",\"urlTemplate\":\"https:\/\/preprod-lourdes.cawita.com\/?s={search_term_string}\"},\"query-input\":{\"@type\":\"PropertyValueSpecification\",\"valueRequired\":true,\"valueName\":\"search_term_string\"}}],\"inLanguage\":\"pt-BR\"}]}<\/script>\n<!-- \/ Yoast SEO plugin. -->","yoast_head_json":{"title":"As 3 bas\u00edlicas de Lourdes","robots":{"index":"index","follow":"follow","max-snippet":"max-snippet:-1","max-image-preview":"max-image-preview:large","max-video-preview":"max-video-preview:-1"},"canonical":"https:\/\/www.lourdes-france.org\/pt-br\/3-basilicas\/","twitter_misc":{"Est. tempo de leitura":"4 minutos"},"schema":{"@context":"https:\/\/schema.org","@graph":[{"@type":"WebPage","@id":"https:\/\/www.lourdes-france.org\/pt-br\/3-basilicas\/","url":"https:\/\/www.lourdes-france.org\/pt-br\/3-basilicas\/","name":"As 3 bas\u00edlicas de Lourdes","isPartOf":{"@id":"https:\/\/preprod-lourdes.cawita.com\/#website"},"primaryImageOfPage":{"@id":"https:\/\/www.lourdes-france.org\/pt-br\/3-basilicas\/#primaryimage"},"image":{"@id":"https:\/\/www.lourdes-france.org\/pt-br\/3-basilicas\/#primaryimage"},"thumbnailUrl":"https:\/\/www.lourdes-france.org\/wp-content\/uploads\/2022\/03\/Vignette_3Basiliques_1200x800px-1.jpg","datePublished":"2022-03-21T07:52:41+00:00","dateModified":"2023-06-23T10:58:13+00:00","breadcrumb":{"@id":"https:\/\/www.lourdes-france.org\/pt-br\/3-basilicas\/#breadcrumb"},"inLanguage":"pt-BR","potentialAction":[{"@type":"ReadAction","target":["https:\/\/www.lourdes-france.org\/pt-br\/3-basilicas\/"]}]},{"@type":"ImageObject","inLanguage":"pt-BR","@id":"https:\/\/www.lourdes-france.org\/pt-br\/3-basilicas\/#primaryimage","url":"https:\/\/www.lourdes-france.org\/wp-content\/uploads\/2022\/03\/Vignette_3Basiliques_1200x800px-1.jpg","contentUrl":"https:\/\/www.lourdes-france.org\/wp-content\/uploads\/2022\/03\/Vignette_3Basiliques_1200x800px-1.jpg"},{"@type":"BreadcrumbList","@id":"https:\/\/www.lourdes-france.org\/pt-br\/3-basilicas\/#breadcrumb","itemListElement":[{"@type":"ListItem","position":1,"name":"Accueil","item":"https:\/\/www.lourdes-france.org\/"},{"@type":"ListItem","position":2,"name":"As 3 bas\u00edlicas de Lourdes"}]},{"@type":"WebSite","@id":"https:\/\/preprod-lourdes.cawita.com\/#website","url":"https:\/\/preprod-lourdes.cawita.com\/","name":"Soutenir le Sanctuaire Notre-Dame de Lourdes","description":"","potentialAction":[{"@type":"SearchAction","target":{"@type":"EntryPoint","urlTemplate":"https:\/\/preprod-lourdes.cawita.com\/?s={search_term_string}"},"query-input":{"@type":"PropertyValueSpecification","valueRequired":true,"valueName":"search_term_string"}}],"inLanguage":"pt-BR"}]}},"_links":{"self":[{"href":"https:\/\/www.lourdes-france.org\/pt-br\/wp-json\/wp\/v2\/pages\/899398","targetHints":{"allow":["GET"]}}],"collection":[{"href":"https:\/\/www.lourdes-france.org\/pt-br\/wp-json\/wp\/v2\/pages"}],"about":[{"href":"https:\/\/www.lourdes-france.org\/pt-br\/wp-json\/wp\/v2\/types\/page"}],"author":[{"embeddable":true,"href":"https:\/\/www.lourdes-france.org\/pt-br\/wp-json\/wp\/v2\/users\/7"}],"replies":[{"embeddable":true,"href":"https:\/\/www.lourdes-france.org\/pt-br\/wp-json\/wp\/v2\/comments?post=899398"}],"version-history":[{"count":3,"href":"https:\/\/www.lourdes-france.org\/pt-br\/wp-json\/wp\/v2\/pages\/899398\/revisions"}],"predecessor-version":[{"id":899402,"href":"https:\/\/www.lourdes-france.org\/pt-br\/wp-json\/wp\/v2\/pages\/899398\/revisions\/899402"}],"wp:attachment":[{"href":"https:\/\/www.lourdes-france.org\/pt-br\/wp-json\/wp\/v2\/media?parent=899398"}],"curies":[{"name":"wp","href":"https:\/\/api.w.org\/{rel}","templated":true}]}}